{"id":1187,"date":"2019-12-13T14:42:32","date_gmt":"2019-12-13T13:42:32","guid":{"rendered":"https:\/\/www.itsmybike.de\/?page_id=1187"},"modified":"2021-03-08T11:21:18","modified_gmt":"2021-03-08T10:21:18","slug":"news","status":"publish","type":"page","link":"https:\/\/itsmybike.com\/en\/news\/","title":{"rendered":"News"},"content":{"rendered":"<div class=\"wpb-content-wrapper\"><p>[vc_row full_height=&#8221;yes&#8221; columns_placement=&#8221;top&#8221; css=&#8221;.vc_custom_1576252725273{padding-top: 80px !important;padding-bottom: 140px !important;}&#8221;][vc_column]<style type=\"text\/css\" data-type=\"the7_shortcodes-inline-css\">.blog-shortcode.blog-list-shortcode-id-aef4293b36630a9629c5d6f6ecd8d956.dividers-on.classic-layout-list article {\n  margin-top: 50px;\n  padding-top: 0;\n  border-color: rgba(87,87,87,0.46);\n}\n.blog-shortcode.blog-list-shortcode-id-aef4293b36630a9629c5d6f6ecd8d956.dividers-on.classic-layout-list article:first-of-type {\n  margin-top: 0;\n  padding-top: 0;\n}\n.blog-shortcode.blog-list-shortcode-id-aef4293b36630a9629c5d6f6ecd8d956.classic-layout-list.mode-list .post-thumbnail-wrap {\n  width: 40%;\n}\n.blog-shortcode.blog-list-shortcode-id-aef4293b36630a9629c5d6f6ecd8d956.classic-layout-list.mode-list .post-entry-content {\n  width: calc(100% - 40%);\n}\n.blog-shortcode.blog-list-shortcode-id-aef4293b36630a9629c5d6f6ecd8d956.classic-layout-list.mode-list .no-img .post-entry-content {\n  width: 100%;\n}\n.blog-shortcode.blog-list-shortcode-id-aef4293b36630a9629c5d6f6ecd8d956 .filter a,\n.blog-shortcode.blog-list-shortcode-id-aef4293b36630a9629c5d6f6ecd8d956 .filter a * {\n  color: #575757;\n}\n.blog-shortcode.blog-list-shortcode-id-aef4293b36630a9629c5d6f6ecd8d956 .paginator a,\n.blog-shortcode.blog-list-shortcode-id-aef4293b36630a9629c5d6f6ecd8d956 .paginator a * {\n  color: #575757;\n}\n.blog-shortcode.blog-list-shortcode-id-aef4293b36630a9629c5d6f6ecd8d956 .paginator .button-load-more {\n  border-color: rgba(87,87,87,0.1);\n}\n.blog-shortcode.blog-list-shortcode-id-aef4293b36630a9629c5d6f6ecd8d956 .paginator .button-load-more:hover {\n  border-color: rgba(87,87,87,0.21);\n}\n.blog-shortcode.blog-list-shortcode-id-aef4293b36630a9629c5d6f6ecd8d956 .filter:not(.filter-bg-decoration):not(.filter-underline-decoration) .filter-categories a:hover,\n.blog-shortcode.blog-list-shortcode-id-aef4293b36630a9629c5d6f6ecd8d956 .filter:not(.filter-bg-decoration):not(.filter-underline-decoration) .filter-categories a.act {\n  color: #fdc300;\n  background: none;\n}\n.blog-shortcode.blog-list-shortcode-id-aef4293b36630a9629c5d6f6ecd8d956 .filter-bg-decoration .filter-categories a:not(.act):hover {\n  color: #fdc300;\n  background: none;\n}\n.blog-shortcode.blog-list-shortcode-id-aef4293b36630a9629c5d6f6ecd8d956 .filter-bg-decoration .filter-categories a.act {\n  color: #fff;\n}\n.blog-shortcode.blog-list-shortcode-id-aef4293b36630a9629c5d6f6ecd8d956 .filter-bg-decoration .filter-categories a.act:after {\n  background: #fdc300;\n}\n.blog-shortcode.blog-list-shortcode-id-aef4293b36630a9629c5d6f6ecd8d956 .filter-underline-decoration .filter-categories a:after {\n  background: #fdc300;\n}\n.blog-shortcode.blog-list-shortcode-id-aef4293b36630a9629c5d6f6ecd8d956 .paginator:not(.paginator-more-button) a:after {\n  background: #fdc300;\n}\n#page .blog-shortcode.blog-list-shortcode-id-aef4293b36630a9629c5d6f6ecd8d956 .filter-switch {\n  background: rgba(253,195,0,0.2);\n}\n.blog-shortcode.blog-list-shortcode-id-aef4293b36630a9629c5d6f6ecd8d956 .filter-switch-toggle {\n  background: #fdc300;\n}\n.blog-shortcode.blog-list-shortcode-id-aef4293b36630a9629c5d6f6ecd8d956:not(.mode-masonry) article {\n  margin-top: 50px;\n}\n.blog-shortcode.blog-list-shortcode-id-aef4293b36630a9629c5d6f6ecd8d956:not(.mode-masonry) article:first-of-type,\n.blog-shortcode.blog-list-shortcode-id-aef4293b36630a9629c5d6f6ecd8d956:not(.mode-masonry) article.visible.first:not(.product) {\n  margin-top: 0;\n}\n.blog-shortcode.blog-list-shortcode-id-aef4293b36630a9629c5d6f6ecd8d956.dividers-on:not(.mode-masonry) article {\n  margin-top: 0;\n  padding-top: 50px;\n}\n.blog-shortcode.blog-list-shortcode-id-aef4293b36630a9629c5d6f6ecd8d956.dividers-on:not(.mode-masonry) article:first-of-type,\n.blog-shortcode.blog-list-shortcode-id-aef4293b36630a9629c5d6f6ecd8d956.dividers-on:not(.mode-masonry) article.visible.first:not(.product) {\n  margin-top: 0;\n  padding-top: 0;\n}\n.blog-shortcode.blog-list-shortcode-id-aef4293b36630a9629c5d6f6ecd8d956 .post-thumbnail-wrap {\n  padding: 0px 0px 50px 0px;\n}\n.blog-shortcode.blog-list-shortcode-id-aef4293b36630a9629c5d6f6ecd8d956.enable-bg-rollover .post-thumbnail-rollover:after {\n  background: -webkit-linear-gradient();\n  background: linear-gradient();\n}\n.blog-shortcode.blog-list-shortcode-id-aef4293b36630a9629c5d6f6ecd8d956 .gallery-zoom-ico {\n  width: 44px;\n  height: 44px;\n  line-height: 44px;\n  border-radius: 100px;\n  margin: -22px 0 0 -22px;\n  border-width: 0px;\n  color: #ffffff;\n}\n.bottom-overlap-layout-list.blog-shortcode.blog-list-shortcode-id-aef4293b36630a9629c5d6f6ecd8d956 .gallery-zoom-ico {\n  margin-top: -22px;\n}\n.gradient-overlay-layout-list.blog-shortcode.blog-list-shortcode-id-aef4293b36630a9629c5d6f6ecd8d956 .gallery-zoom-ico,\n.content-rollover-layout-list.blog-shortcode.blog-list-shortcode-id-aef4293b36630a9629c5d6f6ecd8d956 .gallery-zoom-ico {\n  margin: 0 0 10px;\n}\n.content-align-center.gradient-overlay-layout-list.blog-shortcode.blog-list-shortcode-id-aef4293b36630a9629c5d6f6ecd8d956 .gallery-zoom-ico,\n.content-align-center.content-rollover-layout-list.blog-shortcode.blog-list-shortcode-id-aef4293b36630a9629c5d6f6ecd8d956 .gallery-zoom-ico {\n  margin: 0 auto 10px;\n}\n.dt-icon-bg-on.blog-shortcode.blog-list-shortcode-id-aef4293b36630a9629c5d6f6ecd8d956 .gallery-zoom-ico {\n  background: rgba(255,255,255,0.3);\n  box-shadow: none;\n}\n.blog-shortcode.blog-list-shortcode-id-aef4293b36630a9629c5d6f6ecd8d956 .gallery-zoom-ico > span,\n.blog-shortcode.blog-list-shortcode-id-aef4293b36630a9629c5d6f6ecd8d956 .gallery-zoom-ico:before {\n  font-size: 32px;\n  line-height: 44px;\n}\n.blog-shortcode.blog-list-shortcode-id-aef4293b36630a9629c5d6f6ecd8d956 .gallery-zoom-ico > span,\n.blog-shortcode.blog-list-shortcode-id-aef4293b36630a9629c5d6f6ecd8d956 .gallery-zoom-ico:before {\n  color: #ffffff;\n}\n.blog-shortcode.blog-list-shortcode-id-aef4293b36630a9629c5d6f6ecd8d956 .fancy-date a {\n  background: #ffffff;\n  box-shadow: none;\n}\n.blog-shortcode.blog-list-shortcode-id-aef4293b36630a9629c5d6f6ecd8d956 .fancy-date a * {\n  color: #2d2d2d;\n}\n.blog-shortcode.blog-list-shortcode-id-aef4293b36630a9629c5d6f6ecd8d956 .entry-title,\n.blog-shortcode.blog-list-shortcode-id-aef4293b36630a9629c5d6f6ecd8d956.owl-carousel .entry-title {\n  margin-bottom: 10px;\n  font-size: 35px;\n  font-weight: bold;\n}\n.blog-shortcode.blog-list-shortcode-id-aef4293b36630a9629c5d6f6ecd8d956 .entry-title a,\n.blog-shortcode.blog-list-shortcode-id-aef4293b36630a9629c5d6f6ecd8d956.owl-carousel .entry-title a {\n  color: #fdc300;\n}\n.blog-shortcode.blog-list-shortcode-id-aef4293b36630a9629c5d6f6ecd8d956 .entry-meta {\n  margin-bottom: 20px;\n}\n.blog-shortcode.blog-list-shortcode-id-aef4293b36630a9629c5d6f6ecd8d956 .entry-meta * {\n  color: #ffffff;\n}\n.blog-shortcode.blog-list-shortcode-id-aef4293b36630a9629c5d6f6ecd8d956 .portfolio-categories {\n  margin-bottom: 20px;\n}\n.blog-shortcode.blog-list-shortcode-id-aef4293b36630a9629c5d6f6ecd8d956 .entry-meta > a:after,\n.blog-shortcode.blog-list-shortcode-id-aef4293b36630a9629c5d6f6ecd8d956 .entry-meta > span:after {\n  background: #ffffff;\n  box-shadow: none;\n}\n.blog-shortcode.blog-list-shortcode-id-aef4293b36630a9629c5d6f6ecd8d956 .entry-excerpt {\n  margin-bottom: 20px;\n}\n.blog-shortcode.blog-list-shortcode-id-aef4293b36630a9629c5d6f6ecd8d956:not(.centered-layout-list) .post-entry-content {\n  padding: 0px 0px 0px 50px;\n}\n.blog-shortcode.blog-list-shortcode-id-aef4293b36630a9629c5d6f6ecd8d956:not(.centered-layout-list):not(.content-bg-on):not(.mode-list) .no-img .post-entry-content {\n  padding: 0;\n}\n.blog-shortcode.blog-list-shortcode-id-aef4293b36630a9629c5d6f6ecd8d956 .post-details.details-type-link,\n.blog-shortcode.blog-list-shortcode-id-aef4293b36630a9629c5d6f6ecd8d956 .post-details.details-type-link * {\n  color: #fdc300;\n}\n@media screen and (max-width: 768px) {\n  .blog-shortcode.blog-list-shortcode-id-aef4293b36630a9629c5d6f6ecd8d956 article {\n    -ms-flex-flow: column nowrap;\n    flex-flow: column nowrap;\n    margin-top: 20px;\n  }\n  .blog-shortcode.blog-list-shortcode-id-aef4293b36630a9629c5d6f6ecd8d956.dividers-on article {\n    border: none;\n  }\n  .blog-shortcode.blog-list-shortcode-id-aef4293b36630a9629c5d6f6ecd8d956.content-bg-on.centered-layout-list article {\n    padding: 0;\n  }\n  .blog-shortcode.blog-list-shortcode-id-aef4293b36630a9629c5d6f6ecd8d956.blog-shortcode.dividers-on article,\n  .blog-shortcode.blog-list-shortcode-id-aef4293b36630a9629c5d6f6ecd8d956.dividers-on.classic-layout-list article {\n    margin-top: 20px;\n    padding: 0;\n  }\n  .blog-shortcode.blog-list-shortcode-id-aef4293b36630a9629c5d6f6ecd8d956.blog-shortcode.dividers-on article:first-of-type,\n  .blog-shortcode.blog-list-shortcode-id-aef4293b36630a9629c5d6f6ecd8d956.dividers-on.classic-layout-list article:first-of-type {\n    padding: 0;\n  }\n  #page .blog-shortcode.blog-list-shortcode-id-aef4293b36630a9629c5d6f6ecd8d956 .post-thumbnail-wrap,\n  #page .blog-shortcode.blog-list-shortcode-id-aef4293b36630a9629c5d6f6ecd8d956 .post-entry-content {\n    width: 100%;\n    margin: 0;\n    top: 0;\n  }\n  #page .blog-shortcode.blog-list-shortcode-id-aef4293b36630a9629c5d6f6ecd8d956 .post-thumbnail-wrap {\n    padding: 0;\n  }\n  #page .blog-shortcode.blog-list-shortcode-id-aef4293b36630a9629c5d6f6ecd8d956 .post-entry-content:after {\n    display: none;\n  }\n  #page .blog-shortcode.blog-list-shortcode-id-aef4293b36630a9629c5d6f6ecd8d956 .project-even .post-thumbnail-wrap,\n  #page .blog-shortcode.blog-list-shortcode-id-aef4293b36630a9629c5d6f6ecd8d956.centered-layout-list .post-thumbnail-wrap {\n    -ms-flex-order: 0;\n    order: 0;\n  }\n  #page .blog-shortcode.blog-list-shortcode-id-aef4293b36630a9629c5d6f6ecd8d956.centered-layout-list .post-entry-title-content {\n    -ms-flex-order: 1;\n    order: 1;\n    width: 100%;\n    padding: 20px 20px 0;\n  }\n  #page .blog-shortcode.blog-list-shortcode-id-aef4293b36630a9629c5d6f6ecd8d956.centered-layout-list .post-entry-content {\n    -ms-flex-order: 2;\n    order: 2;\n    padding-top: 0;\n  }\n  #page .blog-shortcode.blog-list-shortcode-id-aef4293b36630a9629c5d6f6ecd8d956 .fancy-categories {\n    top: 10px;\n    left: 10px;\n    bottom: auto;\n    right: auto;\n  }\n  #page .blog-shortcode.blog-list-shortcode-id-aef4293b36630a9629c5d6f6ecd8d956 .fancy-date a {\n    top: 10px;\n    right: 10px;\n    left: auto;\n    bottom: auto;\n  }\n  #page .blog-shortcode.blog-list-shortcode-id-aef4293b36630a9629c5d6f6ecd8d956 .post-entry-content {\n    padding: 20px;\n  }\n  #page .blog-shortcode.blog-list-shortcode-id-aef4293b36630a9629c5d6f6ecd8d956 .entry-title {\n    margin: 3px 0 5px;\n    font-size: 20px;\n    line-height: 26px;\n  }\n  #page .blog-shortcode.blog-list-shortcode-id-aef4293b36630a9629c5d6f6ecd8d956 .entry-meta {\n    margin: 5px 0 5px;\n  }\n  #page .blog-shortcode.blog-list-shortcode-id-aef4293b36630a9629c5d6f6ecd8d956 .entry-excerpt {\n    margin: 15px 0 0;\n  }\n  #page .blog-shortcode.blog-list-shortcode-id-aef4293b36630a9629c5d6f6ecd8d956 .post-details {\n    margin: 5px 0 10px;\n  }\n  #page .blog-shortcode.blog-list-shortcode-id-aef4293b36630a9629c5d6f6ecd8d956 .post-details.details-type-link {\n    margin-bottom: 2px;\n  }\n}\n<\/style><div class=\"articles-list blog-shortcode mode-list blog-list-shortcode-id-aef4293b36630a9629c5d6f6ecd8d956 classic-layout-list dividers-on jquery-filter scale-img dt-icon-bg-off loading-effect-fade-in\" data-cur-page=\"1\" data-post-limit=\"-1\" data-pagination-mode=\"none\"><article class=\"post project-odd visible post-9143 type-post status-publish format-standard has-post-thumbnail hentry category-success-stories category-38 description-off\" data-name=\"E-bike theft in France: recovered in under two hours\" data-date=\"2026-04-16T09:00:39+02:00\">\n\n<div class=\"post-thumbnail-wrap\">\n\t<div class=\"post-thumbnail\">\n\n\t\t\n\t\t\n\t\t<a href=\"https:\/\/itsmybike.com\/en\/e-bike-theft-in-france-recovered-in-under-two-hours\/\" class=\"post-thumbnail-rollover\" ><img loading=\"lazy\" decoding=\"async\" class=\"preload-me aspect\" src=\"https:\/\/itsmybike.com\/wp-content\/uploads\/2024\/04\/AdobeStock_469923402-scaled-768x768.jpeg\" srcset=\"https:\/\/itsmybike.com\/wp-content\/uploads\/2024\/04\/AdobeStock_469923402-scaled-768x768.jpeg 768w, https:\/\/itsmybike.com\/wp-content\/uploads\/2024\/04\/AdobeStock_469923402-scaled-922x922.jpeg 922w\" style=\"--ratio: 768 \/ 768\" sizes=\"auto, (max-width: 768px) 100vw, 768px\" alt=\"\" title=\"Road bike parked on a beautiful road sunset, warm light with cop\" width=\"768\" height=\"768\"  \/><\/a>\n\t<\/div>\n<\/div>\n\n\n<div class=\"post-entry-content\">\n\n\t<h3 class=\"entry-title\">\n\t\t<a href=\"https:\/\/itsmybike.com\/en\/e-bike-theft-in-france-recovered-in-under-two-hours\/\" title=\"E-bike theft in France: recovered in under two hours\" rel=\"bookmark\">E-bike theft in France: recovered in under two hours<\/a>\n\t<\/h3>\n\n\t<div class=\"entry-meta\"><span class=\"category-link\"><a href=\"https:\/\/itsmybike.com\/en\/category\/success-stories\/\" >Success stories<\/a><\/span><a href=\"https:\/\/itsmybike.com\/en\/2026\/04\/16\/\" title=\"9:00\" class=\"data-link\" rel=\"bookmark\"><time class=\"entry-date updated\" datetime=\"2026-04-16T09:00:39+02:00\">16. April 2026<\/time><\/a><\/div>\n\t<div class=\"entry-excerpt\"><p>At the end of March, Carolin M. returned to her e-bike, which she had left at Loz\u00e8re station. But it had disappeared. Just a few hours later, however, thanks to&hellip;<\/p>\n<\/div>\n\t\n<a href=\"https:\/\/itsmybike.com\/en\/e-bike-theft-in-france-recovered-in-under-two-hours\/\" class=\"dt-btn-s dt-btn post-details details-type-btn\" aria-label=\"Read more about E-bike theft in France: recovered in under two hours\">Read more<i class=\"dt-icon-the7-arrow-03\" aria-hidden=\"true\"><\/i><\/a>\n\n<\/div><\/article><article class=\"post project-odd visible post-9125 type-post status-publish format-standard has-post-thumbnail hentry category-success-stories category-38 description-off\" data-name=\"GPS tracker leads to success: Stolen E-bike recovered in Bremen\" data-date=\"2026-04-08T09:00:33+02:00\">\n\n<div class=\"post-thumbnail-wrap\">\n\t<div class=\"post-thumbnail\">\n\n\t\t\n\t\t\n\t\t<a href=\"https:\/\/itsmybike.com\/en\/gps-tracker-leads-to-success-stolen-e-bike-recovered-in-bremen\/\" class=\"post-thumbnail-rollover\" ><img loading=\"lazy\" decoding=\"async\" class=\"preload-me aspect\" src=\"https:\/\/itsmybike.com\/wp-content\/uploads\/2023\/10\/AdobeStock_141941378-scaled-768x768.jpeg\" srcset=\"https:\/\/itsmybike.com\/wp-content\/uploads\/2023\/10\/AdobeStock_141941378-scaled-768x768.jpeg 768w, https:\/\/itsmybike.com\/wp-content\/uploads\/2023\/10\/AdobeStock_141941378-scaled-1306x1306.jpeg 1306w\" style=\"--ratio: 768 \/ 768\" sizes=\"auto, (max-width: 768px) 100vw, 768px\" alt=\"\" title=\"an underground garage\" width=\"768\" height=\"768\"  \/><\/a>\n\t<\/div>\n<\/div>\n\n\n<div class=\"post-entry-content\">\n\n\t<h3 class=\"entry-title\">\n\t\t<a href=\"https:\/\/itsmybike.com\/en\/gps-tracker-leads-to-success-stolen-e-bike-recovered-in-bremen\/\" title=\"GPS tracker leads to success: Stolen E-bike recovered in Bremen\" rel=\"bookmark\">GPS tracker leads to success: Stolen E-bike recovered in Bremen<\/a>\n\t<\/h3>\n\n\t<div class=\"entry-meta\"><span class=\"category-link\"><a href=\"https:\/\/itsmybike.com\/en\/category\/success-stories\/\" >Success stories<\/a><\/span><a href=\"https:\/\/itsmybike.com\/en\/2026\/04\/08\/\" title=\"9:00\" class=\"data-link\" rel=\"bookmark\"><time class=\"entry-date updated\" datetime=\"2026-04-08T09:00:33+02:00\">8. April 2026<\/time><\/a><\/div>\n\t<div class=\"entry-excerpt\"><p>It is mid-February. Jens V.* had only just been sitting in a restaurant when he returned home to find that his E-bike had been stolen. Weeks of anxiety followed, but&hellip;<\/p>\n<\/div>\n\t\n<a href=\"https:\/\/itsmybike.com\/en\/gps-tracker-leads-to-success-stolen-e-bike-recovered-in-bremen\/\" class=\"dt-btn-s dt-btn post-details details-type-btn\" aria-label=\"Read more about GPS tracker leads to success: Stolen E-bike recovered in Bremen\">Read more<i class=\"dt-icon-the7-arrow-03\" aria-hidden=\"true\"><\/i><\/a>\n\n<\/div><\/article><article class=\"post project-odd visible post-9094 type-post status-publish format-standard has-post-thumbnail hentry category-success-stories category-38 description-off\" data-name=\"IT&#8217;S MY BIKE employee robbed: GPS tracker ensures quick recovery\" data-date=\"2026-03-25T09:00:41+01:00\">\n\n<div class=\"post-thumbnail-wrap\">\n\t<div class=\"post-thumbnail\">\n\n\t\t\n\t\t\n\t\t<a href=\"https:\/\/itsmybike.com\/en\/its-my-bike-employee-robbed-gps-tracker-ensures-quick-recovery\/\" class=\"post-thumbnail-rollover\" ><img loading=\"lazy\" decoding=\"async\" class=\"preload-me aspect\" src=\"https:\/\/itsmybike.com\/wp-content\/uploads\/2026\/03\/Bild_Fabian-768x768.jpeg\" srcset=\"https:\/\/itsmybike.com\/wp-content\/uploads\/2026\/03\/Bild_Fabian-768x768.jpeg 768w, https:\/\/itsmybike.com\/wp-content\/uploads\/2026\/03\/Bild_Fabian-1167x1167.jpeg 1167w\" style=\"--ratio: 768 \/ 768\" sizes=\"auto, (max-width: 768px) 100vw, 768px\" alt=\"\" title=\"Mann steht mit Fahrrad vor Bahnhof\" width=\"768\" height=\"768\"  \/><\/a>\n\t<\/div>\n<\/div>\n\n\n<div class=\"post-entry-content\">\n\n\t<h3 class=\"entry-title\">\n\t\t<a href=\"https:\/\/itsmybike.com\/en\/its-my-bike-employee-robbed-gps-tracker-ensures-quick-recovery\/\" title=\"IT&#8217;S MY BIKE employee robbed: GPS tracker ensures quick recovery\" rel=\"bookmark\">IT&#8217;S MY BIKE employee robbed: GPS tracker ensures quick recovery<\/a>\n\t<\/h3>\n\n\t<div class=\"entry-meta\"><span class=\"category-link\"><a href=\"https:\/\/itsmybike.com\/en\/category\/success-stories\/\" >Success stories<\/a><\/span><a href=\"https:\/\/itsmybike.com\/en\/2026\/03\/25\/\" title=\"9:00\" class=\"data-link\" rel=\"bookmark\"><time class=\"entry-date updated\" datetime=\"2026-03-25T09:00:41+01:00\">25. March 2026<\/time><\/a><\/div>\n\t<div class=\"entry-excerpt\"><p>At the beginning of March, Fabian&#8217;s e-bike was stolen from Cologne Central Station while he was attending a meeting in Darmstadt. The IT&#8217;S MY BIKE app immediately sounded the alarm.<\/p>\n<\/div>\n\t\n<a href=\"https:\/\/itsmybike.com\/en\/its-my-bike-employee-robbed-gps-tracker-ensures-quick-recovery\/\" class=\"dt-btn-s dt-btn post-details details-type-btn\" aria-label=\"Read more about IT&#8217;S MY BIKE employee robbed: GPS tracker ensures quick recovery\">Read more<i class=\"dt-icon-the7-arrow-03\" aria-hidden=\"true\"><\/i><\/a>\n\n<\/div><\/article><article class=\"post project-odd visible post-9027 type-post status-publish format-standard has-post-thumbnail hentry category-success-stories category-38 description-off\" data-name=\"Outboard motors recovered in Poland. GPS tracker reveals organised theft\" data-date=\"2026-02-25T14:03:10+01:00\">\n\n<div class=\"post-thumbnail-wrap\">\n\t<div class=\"post-thumbnail\">\n\n\t\t\n\t\t\n\t\t<a href=\"https:\/\/itsmybike.com\/en\/outboard-motors-recovered-in-poland-gps-tracker-reveals-organised-theft\/\" class=\"post-thumbnail-rollover\" ><img loading=\"lazy\" decoding=\"async\" class=\"preload-me aspect\" src=\"https:\/\/itsmybike.com\/wp-content\/uploads\/2026\/02\/Aussenbordmotoren-768x768.jpg\" srcset=\"https:\/\/itsmybike.com\/wp-content\/uploads\/2026\/02\/Aussenbordmotoren-768x768.jpg 768w, https:\/\/itsmybike.com\/wp-content\/uploads\/2026\/02\/Aussenbordmotoren-1280x1280.jpg 1280w\" style=\"--ratio: 768 \/ 768\" sizes=\"auto, (max-width: 768px) 100vw, 768px\" alt=\"\" title=\"Outboard motors\" width=\"768\" height=\"768\"  \/><\/a>\n\t<\/div>\n<\/div>\n\n\n<div class=\"post-entry-content\">\n\n\t<h3 class=\"entry-title\">\n\t\t<a href=\"https:\/\/itsmybike.com\/en\/outboard-motors-recovered-in-poland-gps-tracker-reveals-organised-theft\/\" title=\"Outboard motors recovered in Poland. GPS tracker reveals organised theft\" rel=\"bookmark\">Outboard motors recovered in Poland. GPS tracker reveals organised theft<\/a>\n\t<\/h3>\n\n\t<div class=\"entry-meta\"><span class=\"category-link\"><a href=\"https:\/\/itsmybike.com\/en\/category\/success-stories\/\" >Success stories<\/a><\/span><a href=\"https:\/\/itsmybike.com\/en\/2026\/02\/25\/\" title=\"14:03\" class=\"data-link\" rel=\"bookmark\"><time class=\"entry-date updated\" datetime=\"2026-02-25T14:03:10+01:00\">25. February 2026<\/time><\/a><\/div>\n\t<div class=\"entry-excerpt\"><p>Last autumn, Karola G. left two of her boats at a boatyard near R\u00f6bel an der M\u00fcritz for the winter. She did not expect to find them in a different&hellip;<\/p>\n<\/div>\n\t\n<a href=\"https:\/\/itsmybike.com\/en\/outboard-motors-recovered-in-poland-gps-tracker-reveals-organised-theft\/\" class=\"dt-btn-s dt-btn post-details details-type-btn\" aria-label=\"Read more about Outboard motors recovered in Poland. GPS tracker reveals organised theft\">Read more<i class=\"dt-icon-the7-arrow-03\" aria-hidden=\"true\"><\/i><\/a>\n\n<\/div><\/article><article class=\"post project-odd visible post-8900 type-post status-publish format-standard has-post-thumbnail hentry category-success-stories category-38 description-off\" data-name=\"Thanks to IT&#8217;S MY BIKE and the police! E-bike stolen from outside retirement home in Halle (Saale) recovered.\" data-date=\"2025-10-16T09:00:30+02:00\">\n\n<div class=\"post-thumbnail-wrap\">\n\t<div class=\"post-thumbnail\">\n\n\t\t\n\t\t\n\t\t<a href=\"https:\/\/itsmybike.com\/en\/thanks-to-its-my-bike-and-the-police-e-bike-stolen-from-outside-retirement-home-in-halle-saale-recovered\/\" class=\"post-thumbnail-rollover\" ><img loading=\"lazy\" decoding=\"async\" class=\"preload-me aspect\" src=\"https:\/\/itsmybike.com\/wp-content\/uploads\/2025\/06\/AdobeStock_164495492-scaled-768x768.jpeg\" srcset=\"https:\/\/itsmybike.com\/wp-content\/uploads\/2025\/06\/AdobeStock_164495492-scaled-768x768.jpeg 768w, https:\/\/itsmybike.com\/wp-content\/uploads\/2025\/06\/AdobeStock_164495492-scaled-1306x1306.jpeg 1306w\" style=\"--ratio: 768 \/ 768\" sizes=\"auto, (max-width: 768px) 100vw, 768px\" alt=\"\" title=\"Metall bicycle parking lot in the city\" width=\"768\" height=\"768\"  \/><\/a>\n\t<\/div>\n<\/div>\n\n\n<div class=\"post-entry-content\">\n\n\t<h3 class=\"entry-title\">\n\t\t<a href=\"https:\/\/itsmybike.com\/en\/thanks-to-its-my-bike-and-the-police-e-bike-stolen-from-outside-retirement-home-in-halle-saale-recovered\/\" title=\"Thanks to IT&#8217;S MY BIKE and the police! E-bike stolen from outside retirement home in Halle (Saale) recovered.\" rel=\"bookmark\">Thanks to IT&#8217;S MY BIKE and the police! E-bike stolen from outside retirement home in Halle (Saale) recovered.<\/a>\n\t<\/h3>\n\n\t<div class=\"entry-meta\"><span class=\"category-link\"><a href=\"https:\/\/itsmybike.com\/en\/category\/success-stories\/\" >Success stories<\/a><\/span><a href=\"https:\/\/itsmybike.com\/en\/2025\/10\/16\/\" title=\"9:00\" class=\"data-link\" rel=\"bookmark\"><time class=\"entry-date updated\" datetime=\"2025-10-16T09:00:30+02:00\">16. October 2025<\/time><\/a><\/div>\n\t<div class=\"entry-excerpt\"><p>At the end of August, Rainer M.* from Halle (Saale) left his e-bike outside his home after work, only for it to disappear without a trace. However, thanks to the&hellip;<\/p>\n<\/div>\n\t\n<a href=\"https:\/\/itsmybike.com\/en\/thanks-to-its-my-bike-and-the-police-e-bike-stolen-from-outside-retirement-home-in-halle-saale-recovered\/\" class=\"dt-btn-s dt-btn post-details details-type-btn\" aria-label=\"Read more about Thanks to IT&#8217;S MY BIKE and the police! E-bike stolen from outside retirement home in Halle (Saale) recovered.\">Read more<i class=\"dt-icon-the7-arrow-03\" aria-hidden=\"true\"><\/i><\/a>\n\n<\/div><\/article><article class=\"post project-odd visible post-8885 type-post status-publish format-standard has-post-thumbnail hentry category-success-stories category-38 description-off\" data-name=\"Theft in Munich-Riem: GPS tracker leads police to exhibition grounds.\" data-date=\"2025-10-09T10:00:51+02:00\">\n\n<div class=\"post-thumbnail-wrap\">\n\t<div class=\"post-thumbnail\">\n\n\t\t\n\t\t\n\t\t<a href=\"https:\/\/itsmybike.com\/en\/theft-in-munich-riem-gps-tracker-leads-police-to-exhibition-grounds\/\" class=\"post-thumbnail-rollover\" ><img loading=\"lazy\" decoding=\"async\" class=\"preload-me aspect\" src=\"https:\/\/itsmybike.com\/wp-content\/uploads\/2023\/03\/336430063_767247094598418_5949188613692312782_n-399x399.jpg\" srcset=\"https:\/\/itsmybike.com\/wp-content\/uploads\/2023\/03\/336430063_767247094598418_5949188613692312782_n-399x399.jpg 399w\" style=\"--ratio: 399 \/ 399\" sizes=\"auto, (max-width: 399px) 100vw, 399px\" alt=\"Fahrr\u00e4der stehen im Keller\" title=\"336430063_767247094598418_5949188613692312782_n\" width=\"399\" height=\"399\"  \/><\/a>\n\t<\/div>\n<\/div>\n\n\n<div class=\"post-entry-content\">\n\n\t<h3 class=\"entry-title\">\n\t\t<a href=\"https:\/\/itsmybike.com\/en\/theft-in-munich-riem-gps-tracker-leads-police-to-exhibition-grounds\/\" title=\"Theft in Munich-Riem: GPS tracker leads police to exhibition grounds.\" rel=\"bookmark\">Theft in Munich-Riem: GPS tracker leads police to exhibition grounds.<\/a>\n\t<\/h3>\n\n\t<div class=\"entry-meta\"><span class=\"category-link\"><a href=\"https:\/\/itsmybike.com\/en\/category\/success-stories\/\" >Success stories<\/a><\/span><a href=\"https:\/\/itsmybike.com\/en\/2025\/10\/09\/\" title=\"10:00\" class=\"data-link\" rel=\"bookmark\"><time class=\"entry-date updated\" datetime=\"2025-10-09T10:00:51+02:00\">9. October 2025<\/time><\/a><\/div>\n\t<div class=\"entry-excerpt\"><p>A theft right on the doorstep: Mark H.&#8217;*s bicycle was stolen in the evening in mid-June, east of Munich city centre. Bike Hunter and the police are alerted immediately and&hellip;<\/p>\n<\/div>\n\t\n<a href=\"https:\/\/itsmybike.com\/en\/theft-in-munich-riem-gps-tracker-leads-police-to-exhibition-grounds\/\" class=\"dt-btn-s dt-btn post-details details-type-btn\" aria-label=\"Read more about Theft in Munich-Riem: GPS tracker leads police to exhibition grounds.\">Read more<i class=\"dt-icon-the7-arrow-03\" aria-hidden=\"true\"><\/i><\/a>\n\n<\/div><\/article><article class=\"post project-odd visible post-8876 type-post status-publish format-standard has-post-thumbnail hentry category-success-stories category-38 description-off\" data-name=\"E-bike theft within our own ranks: a bike was stolen from an IT&#8217;S MY BIKE employee.\" data-date=\"2025-09-30T09:00:29+02:00\">\n\n<div class=\"post-thumbnail-wrap\">\n\t<div class=\"post-thumbnail\">\n\n\t\t\n\t\t\n\t\t<a href=\"https:\/\/itsmybike.com\/en\/e-bike-theft-within-our-own-ranks-a-bike-was-stolen-from-an-its-my-bike-employee\/\" class=\"post-thumbnail-rollover\" ><img loading=\"lazy\" decoding=\"async\" class=\"preload-me aspect\" src=\"https:\/\/itsmybike.com\/wp-content\/uploads\/2024\/03\/AdobeStock_511445439-scaled-768x768.jpeg\" srcset=\"https:\/\/itsmybike.com\/wp-content\/uploads\/2024\/03\/AdobeStock_511445439-scaled-768x768.jpeg 768w, https:\/\/itsmybike.com\/wp-content\/uploads\/2024\/03\/AdobeStock_511445439-scaled-1152x1152.jpeg 1152w\" style=\"--ratio: 768 \/ 768\" sizes=\"auto, (max-width: 768px) 100vw, 768px\" alt=\"\" title=\"AdobeStock_511445439\" width=\"768\" height=\"768\"  \/><\/a>\n\t<\/div>\n<\/div>\n\n\n<div class=\"post-entry-content\">\n\n\t<h3 class=\"entry-title\">\n\t\t<a href=\"https:\/\/itsmybike.com\/en\/e-bike-theft-within-our-own-ranks-a-bike-was-stolen-from-an-its-my-bike-employee\/\" title=\"E-bike theft within our own ranks: a bike was stolen from an IT&#8217;S MY BIKE employee.\" rel=\"bookmark\">E-bike theft within our own ranks: a bike was stolen from an IT&#8217;S MY BIKE employee.<\/a>\n\t<\/h3>\n\n\t<div class=\"entry-meta\"><span class=\"category-link\"><a href=\"https:\/\/itsmybike.com\/en\/category\/success-stories\/\" >Success stories<\/a><\/span><a href=\"https:\/\/itsmybike.com\/en\/2025\/09\/30\/\" title=\"9:00\" class=\"data-link\" rel=\"bookmark\"><time class=\"entry-date updated\" datetime=\"2025-09-30T09:00:29+02:00\">30. September 2025<\/time><\/a><\/div>\n\t<div class=\"entry-excerpt\"><p>Despite double security measures, an e-bike disappears in Darmstadt. Thanks to a quick response and close cooperation with the police, it was found undamaged a short time later.<\/p>\n<\/div>\n\t\n<a href=\"https:\/\/itsmybike.com\/en\/e-bike-theft-within-our-own-ranks-a-bike-was-stolen-from-an-its-my-bike-employee\/\" class=\"dt-btn-s dt-btn post-details details-type-btn\" aria-label=\"Read more about E-bike theft within our own ranks: a bike was stolen from an IT&#8217;S MY BIKE employee.\">Read more<i class=\"dt-icon-the7-arrow-03\" aria-hidden=\"true\"><\/i><\/a>\n\n<\/div><\/article><article class=\"post project-odd visible post-8827 type-post status-publish format-standard has-post-thumbnail hentry category-success-stories category-38 description-off\" data-name=\"GPS tracker helps to return stolen e-bike to Paris\" data-date=\"2025-09-03T09:00:49+02:00\">\n\n<div class=\"post-thumbnail-wrap\">\n\t<div class=\"post-thumbnail\">\n\n\t\t\n\t\t\n\t\t<a href=\"https:\/\/itsmybike.com\/en\/gps-tracker-helps-to-return-stolen-e-bike-to-paris\/\" class=\"post-thumbnail-rollover\" ><img loading=\"lazy\" decoding=\"async\" class=\"preload-me aspect\" src=\"https:\/\/itsmybike.com\/wp-content\/uploads\/2023\/07\/AdobeStock_224370289-scaled-768x768.jpeg\" srcset=\"https:\/\/itsmybike.com\/wp-content\/uploads\/2023\/07\/AdobeStock_224370289-scaled-768x768.jpeg 768w, https:\/\/itsmybike.com\/wp-content\/uploads\/2023\/07\/AdobeStock_224370289-scaled-1306x1306.jpeg 1306w\" style=\"--ratio: 768 \/ 768\" sizes=\"auto, (max-width: 768px) 100vw, 768px\" alt=\"Diebstahl Paris - Dance\" title=\"Bike lane by Seine river with world famous Tour Eiffel on the ba\" width=\"768\" height=\"768\"  \/><\/a>\n\t<\/div>\n<\/div>\n\n\n<div class=\"post-entry-content\">\n\n\t<h3 class=\"entry-title\">\n\t\t<a href=\"https:\/\/itsmybike.com\/en\/gps-tracker-helps-to-return-stolen-e-bike-to-paris\/\" title=\"GPS tracker helps to return stolen e-bike to Paris\" rel=\"bookmark\">GPS tracker helps to return stolen e-bike to Paris<\/a>\n\t<\/h3>\n\n\t<div class=\"entry-meta\"><span class=\"category-link\"><a href=\"https:\/\/itsmybike.com\/en\/category\/success-stories\/\" >Success stories<\/a><\/span><a href=\"https:\/\/itsmybike.com\/en\/2025\/09\/03\/\" title=\"9:00\" class=\"data-link\" rel=\"bookmark\"><time class=\"entry-date updated\" datetime=\"2025-09-03T09:00:49+02:00\">3. September 2025<\/time><\/a><\/div>\n\t<div class=\"entry-excerpt\"><p>At the end of June, a seemingly securely parked e-bike suddenly disappears in Paris. The Bike Hunters from IT&#8217;S MY BIKE responded immediately, tracked the GPS signal, and helped the&hellip;<\/p>\n<\/div>\n\t\n<a href=\"https:\/\/itsmybike.com\/en\/gps-tracker-helps-to-return-stolen-e-bike-to-paris\/\" class=\"dt-btn-s dt-btn post-details details-type-btn\" aria-label=\"Read more about GPS tracker helps to return stolen e-bike to Paris\">Read more<i class=\"dt-icon-the7-arrow-03\" aria-hidden=\"true\"><\/i><\/a>\n\n<\/div><\/article><article class=\"post project-odd visible post-8816 type-post status-publish format-standard has-post-thumbnail hentry category-success-stories category-38 description-off\" data-name=\"GPS tracker helps to safely return stolen e-bike to Frankfurt.\" data-date=\"2025-08-21T09:00:57+02:00\">\n\n<div class=\"post-thumbnail-wrap\">\n\t<div class=\"post-thumbnail\">\n\n\t\t\n\t\t\n\t\t<a href=\"https:\/\/itsmybike.com\/en\/gps-tracker-helps-to-safely-return-stolen-e-bike-to-frankfurt\/\" class=\"post-thumbnail-rollover\" ><img loading=\"lazy\" decoding=\"async\" class=\"preload-me aspect\" src=\"https:\/\/itsmybike.com\/wp-content\/uploads\/2024\/02\/428399910_24760046950307435_6855514316048226197_n-400x400.jpg\" srcset=\"https:\/\/itsmybike.com\/wp-content\/uploads\/2024\/02\/428399910_24760046950307435_6855514316048226197_n-400x400.jpg 400w, https:\/\/itsmybike.com\/wp-content\/uploads\/2024\/02\/428399910_24760046950307435_6855514316048226197_n-399x400.jpg 399w\" style=\"--ratio: 400 \/ 400\" sizes=\"auto, (max-width: 400px) 100vw, 400px\" alt=\"\" title=\"428399910_24760046950307435_6855514316048226197_n\" width=\"400\" height=\"400\"  \/><\/a>\n\t<\/div>\n<\/div>\n\n\n<div class=\"post-entry-content\">\n\n\t<h3 class=\"entry-title\">\n\t\t<a href=\"https:\/\/itsmybike.com\/en\/gps-tracker-helps-to-safely-return-stolen-e-bike-to-frankfurt\/\" title=\"GPS tracker helps to safely return stolen e-bike to Frankfurt.\" rel=\"bookmark\">GPS tracker helps to safely return stolen e-bike to Frankfurt.<\/a>\n\t<\/h3>\n\n\t<div class=\"entry-meta\"><span class=\"category-link\"><a href=\"https:\/\/itsmybike.com\/en\/category\/success-stories\/\" >Success stories<\/a><\/span><a href=\"https:\/\/itsmybike.com\/en\/2025\/08\/21\/\" title=\"9:00\" class=\"data-link\" rel=\"bookmark\"><time class=\"entry-date updated\" datetime=\"2025-08-21T09:00:57+02:00\">21. August 2025<\/time><\/a><\/div>\n\t<div class=\"entry-excerpt\"><p>A night-time theft in Frankfurt at the beginning of June triggered a week-long search for clues. The GPS tracker from IT&#8217;S MY BIKE led the police and bike hunters to&hellip;<\/p>\n<\/div>\n\t\n<a href=\"https:\/\/itsmybike.com\/en\/gps-tracker-helps-to-safely-return-stolen-e-bike-to-frankfurt\/\" class=\"dt-btn-s dt-btn post-details details-type-btn\" aria-label=\"Read more about GPS tracker helps to safely return stolen e-bike to Frankfurt.\">Read more<i class=\"dt-icon-the7-arrow-03\" aria-hidden=\"true\"><\/i><\/a>\n\n<\/div><\/article><article class=\"post project-odd visible post-8806 type-post status-publish format-standard has-post-thumbnail hentry category-success-stories category-38 description-off\" data-name=\"A GPS signal is enough for the return of a stolen bike.\" data-date=\"2025-08-14T09:00:12+02:00\">\n\n<div class=\"post-thumbnail-wrap\">\n\t<div class=\"post-thumbnail\">\n\n\t\t\n\t\t\n\t\t<a href=\"https:\/\/itsmybike.com\/en\/a-gps-signal-is-enough-for-the-return-of-a-stolen-bike\/\" class=\"post-thumbnail-rollover\" ><img loading=\"lazy\" decoding=\"async\" class=\"preload-me aspect\" src=\"https:\/\/itsmybike.com\/wp-content\/uploads\/2023\/03\/336430063_767247094598418_5949188613692312782_n-399x399.jpg\" srcset=\"https:\/\/itsmybike.com\/wp-content\/uploads\/2023\/03\/336430063_767247094598418_5949188613692312782_n-399x399.jpg 399w\" style=\"--ratio: 399 \/ 399\" sizes=\"auto, (max-width: 399px) 100vw, 399px\" alt=\"Fahrr\u00e4der stehen im Keller\" title=\"336430063_767247094598418_5949188613692312782_n\" width=\"399\" height=\"399\"  \/><\/a>\n\t<\/div>\n<\/div>\n\n\n<div class=\"post-entry-content\">\n\n\t<h3 class=\"entry-title\">\n\t\t<a href=\"https:\/\/itsmybike.com\/en\/a-gps-signal-is-enough-for-the-return-of-a-stolen-bike\/\" title=\"A GPS signal is enough for the return of a stolen bike.\" rel=\"bookmark\">A GPS signal is enough for the return of a stolen bike.<\/a>\n\t<\/h3>\n\n\t<div class=\"entry-meta\"><span class=\"category-link\"><a href=\"https:\/\/itsmybike.com\/en\/category\/success-stories\/\" >Success stories<\/a><\/span><a href=\"https:\/\/itsmybike.com\/en\/2025\/08\/14\/\" title=\"9:00\" class=\"data-link\" rel=\"bookmark\"><time class=\"entry-date updated\" datetime=\"2025-08-14T09:00:12+02:00\">14. August 2025<\/time><\/a><\/div>\n\t<div class=\"entry-excerpt\"><p>At the beginning of June, Nika B.&#8217;s bike was stolen from her locked yard in Berlin at night. The police and Bike Hunters managed to recover it on the same&hellip;<\/p>\n<\/div>\n\t\n<a href=\"https:\/\/itsmybike.com\/en\/a-gps-signal-is-enough-for-the-return-of-a-stolen-bike\/\" class=\"dt-btn-s dt-btn post-details details-type-btn\" aria-label=\"Read more about A GPS signal is enough for the return of a stolen bike.\">Read more<i class=\"dt-icon-the7-arrow-03\" aria-hidden=\"true\"><\/i><\/a>\n\n<\/div><\/article><article class=\"post project-odd visible post-8795 type-post status-publish format-standard has-post-thumbnail hentry category-success-stories category-38 description-off\" data-name=\"Bike hunter pursues e-bike thief on campsite, almost like 007\" data-date=\"2025-07-31T09:00:12+02:00\">\n\n<div class=\"post-thumbnail-wrap\">\n\t<div class=\"post-thumbnail\">\n\n\t\t\n\t\t\n\t\t<a href=\"https:\/\/itsmybike.com\/en\/bike-hunter-pursues-e-bike-thief-on-campsite-almost-like-007\/\" class=\"post-thumbnail-rollover\" ><img loading=\"lazy\" decoding=\"async\" class=\"preload-me aspect\" src=\"https:\/\/itsmybike.com\/wp-content\/uploads\/2025\/07\/AdobeStock_299951215-scaled-768x768.jpeg\" srcset=\"https:\/\/itsmybike.com\/wp-content\/uploads\/2025\/07\/AdobeStock_299951215-scaled-768x768.jpeg 768w, https:\/\/itsmybike.com\/wp-content\/uploads\/2025\/07\/AdobeStock_299951215-scaled-1306x1306.jpeg 1306w\" style=\"--ratio: 768 \/ 768\" sizes=\"auto, (max-width: 768px) 100vw, 768px\" alt=\"\" title=\"Aerial view of campground in rural area in Europe with many caravans. Concept of adventure and outdoor tourism in Europe.\" width=\"768\" height=\"768\"  \/><\/a>\n\t<\/div>\n<\/div>\n\n\n<div class=\"post-entry-content\">\n\n\t<h3 class=\"entry-title\">\n\t\t<a href=\"https:\/\/itsmybike.com\/en\/bike-hunter-pursues-e-bike-thief-on-campsite-almost-like-007\/\" title=\"Bike hunter pursues e-bike thief on campsite, almost like 007\" rel=\"bookmark\">Bike hunter pursues e-bike thief on campsite, almost like 007<\/a>\n\t<\/h3>\n\n\t<div class=\"entry-meta\"><span class=\"category-link\"><a href=\"https:\/\/itsmybike.com\/en\/category\/success-stories\/\" >Success stories<\/a><\/span><a href=\"https:\/\/itsmybike.com\/en\/2025\/07\/31\/\" title=\"9:00\" class=\"data-link\" rel=\"bookmark\"><time class=\"entry-date updated\" datetime=\"2025-07-31T09:00:12+02:00\">31. July 2025<\/time><\/a><\/div>\n\t<div class=\"entry-excerpt\"><p>It is early June in Colmar. Herbert S.* is sitting unsuspectingly in his camper van enjoying a coffee. After breakfast, he discovers that his e-bike has been stolen. Fortunately, it&hellip;<\/p>\n<\/div>\n\t\n<a href=\"https:\/\/itsmybike.com\/en\/bike-hunter-pursues-e-bike-thief-on-campsite-almost-like-007\/\" class=\"dt-btn-s dt-btn post-details details-type-btn\" aria-label=\"Read more about Bike hunter pursues e-bike thief on campsite, almost like 007\">Read more<i class=\"dt-icon-the7-arrow-03\" aria-hidden=\"true\"><\/i><\/a>\n\n<\/div><\/article><article class=\"post project-odd visible post-8748 type-post status-publish format-standard has-post-thumbnail hentry category-success-stories category-38 description-off\" data-name=\"Night-time theft on Lake Constance: bike hunters track down e-bikes.\" data-date=\"2025-07-22T09:00:18+02:00\">\n\n<div class=\"post-thumbnail-wrap\">\n\t<div class=\"post-thumbnail\">\n\n\t\t\n\t\t\n\t\t<a href=\"https:\/\/itsmybike.com\/en\/night-time-theft-on-lake-constance-bike-hunters-track-down-e-bikes\/\" class=\"post-thumbnail-rollover\" ><img loading=\"lazy\" decoding=\"async\" class=\"preload-me aspect\" src=\"https:\/\/itsmybike.com\/wp-content\/uploads\/2025\/06\/AdobeStock_465348461-scaled-768x768.jpeg\" srcset=\"https:\/\/itsmybike.com\/wp-content\/uploads\/2025\/06\/AdobeStock_465348461-scaled-768x768.jpeg 768w, https:\/\/itsmybike.com\/wp-content\/uploads\/2025\/06\/AdobeStock_465348461-scaled-1306x1306.jpeg 1306w\" style=\"--ratio: 768 \/ 768\" sizes=\"auto, (max-width: 768px) 100vw, 768px\" alt=\"\" title=\"Neugieriger Spatz auf dem Gel\u00e4nder zwischen Fahrr\u00e4dern. Friedrichshafen &#8211; Bodensee\" width=\"768\" height=\"768\"  \/><\/a>\n\t<\/div>\n<\/div>\n\n\n<div class=\"post-entry-content\">\n\n\t<h3 class=\"entry-title\">\n\t\t<a href=\"https:\/\/itsmybike.com\/en\/night-time-theft-on-lake-constance-bike-hunters-track-down-e-bikes\/\" title=\"Night-time theft on Lake Constance: bike hunters track down e-bikes.\" rel=\"bookmark\">Night-time theft on Lake Constance: bike hunters track down e-bikes.<\/a>\n\t<\/h3>\n\n\t<div class=\"entry-meta\"><span class=\"category-link\"><a href=\"https:\/\/itsmybike.com\/en\/category\/success-stories\/\" >Success stories<\/a><\/span><a href=\"https:\/\/itsmybike.com\/en\/2025\/07\/22\/\" title=\"9:00\" class=\"data-link\" rel=\"bookmark\"><time class=\"entry-date updated\" datetime=\"2025-07-22T09:00:18+02:00\">22. July 2025<\/time><\/a><\/div>\n\t<div class=\"entry-excerpt\"><p>At the end of May, Mia M.&#8217;s e-bike was stolen from outside a restaurant in Bregenz on Lake Constance. However, thanks to GPS trackers, bike hunters and the police, it&hellip;<\/p>\n<\/div>\n\t\n<a href=\"https:\/\/itsmybike.com\/en\/night-time-theft-on-lake-constance-bike-hunters-track-down-e-bikes\/\" class=\"dt-btn-s dt-btn post-details details-type-btn\" aria-label=\"Read more about Night-time theft on Lake Constance: bike hunters track down e-bikes.\">Read more<i class=\"dt-icon-the7-arrow-03\" aria-hidden=\"true\"><\/i><\/a>\n\n<\/div><\/article><article class=\"post project-odd visible post-8740 type-post status-publish format-standard has-post-thumbnail hentry category-success-stories category-38 description-off\" data-name=\"Stolen e-bike found in record time!\" data-date=\"2025-07-10T09:00:17+02:00\">\n\n<div class=\"post-thumbnail-wrap\">\n\t<div class=\"post-thumbnail\">\n\n\t\t\n\t\t\n\t\t<a href=\"https:\/\/itsmybike.com\/en\/stolen-e-bike-found-in-record-time\/\" class=\"post-thumbnail-rollover\" ><img loading=\"lazy\" decoding=\"async\" class=\"preload-me aspect\" src=\"https:\/\/itsmybike.com\/wp-content\/uploads\/2025\/06\/AdobeStock_355975193-scaled-768x768.jpeg\" srcset=\"https:\/\/itsmybike.com\/wp-content\/uploads\/2025\/06\/AdobeStock_355975193-scaled-768x768.jpeg 768w, https:\/\/itsmybike.com\/wp-content\/uploads\/2025\/06\/AdobeStock_355975193-scaled-1306x1306.jpeg 1306w\" style=\"--ratio: 768 \/ 768\" sizes=\"auto, (max-width: 768px) 100vw, 768px\" alt=\"\" title=\"e-bike battery mounted on frame\" width=\"768\" height=\"768\"  \/><\/a>\n\t<\/div>\n<\/div>\n\n\n<div class=\"post-entry-content\">\n\n\t<h3 class=\"entry-title\">\n\t\t<a href=\"https:\/\/itsmybike.com\/en\/stolen-e-bike-found-in-record-time\/\" title=\"Stolen e-bike found in record time!\" rel=\"bookmark\">Stolen e-bike found in record time!<\/a>\n\t<\/h3>\n\n\t<div class=\"entry-meta\"><span class=\"category-link\"><a href=\"https:\/\/itsmybike.com\/en\/category\/success-stories\/\" >Success stories<\/a><\/span><a href=\"https:\/\/itsmybike.com\/en\/2025\/07\/10\/\" title=\"9:00\" class=\"data-link\" rel=\"bookmark\"><time class=\"entry-date updated\" datetime=\"2025-07-10T09:00:17+02:00\">10. July 2025<\/time><\/a><\/div>\n\t<div class=\"entry-excerpt\"><p>In mid-May, Titus M. reported that his GPS-tracked bike had been stolen. Less than an hour later, thanks to the rapid police action, he got his bike back unharmed.<\/p>\n<\/div>\n\t\n<a href=\"https:\/\/itsmybike.com\/en\/stolen-e-bike-found-in-record-time\/\" class=\"dt-btn-s dt-btn post-details details-type-btn\" aria-label=\"Read more about Stolen e-bike found in record time!\">Read more<i class=\"dt-icon-the7-arrow-03\" aria-hidden=\"true\"><\/i><\/a>\n\n<\/div><\/article><article class=\"post project-odd visible post-8724 type-post status-publish format-standard has-post-thumbnail hentry category-success-stories category-38 description-off\" data-name=\"Thanks to the GPS tracker, the police were able to seize the e-bike and other stolen goods.\" data-date=\"2025-06-17T09:00:01+02:00\">\n\n<div class=\"post-thumbnail-wrap\">\n\t<div class=\"post-thumbnail\">\n\n\t\t\n\t\t\n\t\t<a href=\"https:\/\/itsmybike.com\/en\/thanks-to-the-gps-tracker-the-police-were-able-to-seize-the-e-bike-and-other-stolen-goods\/\" class=\"post-thumbnail-rollover\" ><img loading=\"lazy\" decoding=\"async\" class=\"preload-me aspect\" src=\"https:\/\/itsmybike.com\/wp-content\/uploads\/2025\/06\/AdobeStock_164495492-scaled-768x768.jpeg\" srcset=\"https:\/\/itsmybike.com\/wp-content\/uploads\/2025\/06\/AdobeStock_164495492-scaled-768x768.jpeg 768w, https:\/\/itsmybike.com\/wp-content\/uploads\/2025\/06\/AdobeStock_164495492-scaled-1306x1306.jpeg 1306w\" style=\"--ratio: 768 \/ 768\" sizes=\"auto, (max-width: 768px) 100vw, 768px\" alt=\"\" title=\"Metall bicycle parking lot in the city\" width=\"768\" height=\"768\"  \/><\/a>\n\t<\/div>\n<\/div>\n\n\n<div class=\"post-entry-content\">\n\n\t<h3 class=\"entry-title\">\n\t\t<a href=\"https:\/\/itsmybike.com\/en\/thanks-to-the-gps-tracker-the-police-were-able-to-seize-the-e-bike-and-other-stolen-goods\/\" title=\"Thanks to the GPS tracker, the police were able to seize the e-bike and other stolen goods.\" rel=\"bookmark\">Thanks to the GPS tracker, the police were able to seize the e-bike and other stolen goods.<\/a>\n\t<\/h3>\n\n\t<div class=\"entry-meta\"><span class=\"category-link\"><a href=\"https:\/\/itsmybike.com\/en\/category\/success-stories\/\" >Success stories<\/a><\/span><a href=\"https:\/\/itsmybike.com\/en\/2025\/06\/17\/\" title=\"9:00\" class=\"data-link\" rel=\"bookmark\"><time class=\"entry-date updated\" datetime=\"2025-06-17T09:00:01+02:00\">17. June 2025<\/time><\/a><\/div>\n\t<div class=\"entry-excerpt\"><p>A stolen e-bike is found in Wolfsburg in mid-April. Two weeks later, it was found near Weddendorf. But it&#8217;s not just one bike.<\/p>\n<\/div>\n\t\n<a href=\"https:\/\/itsmybike.com\/en\/thanks-to-the-gps-tracker-the-police-were-able-to-seize-the-e-bike-and-other-stolen-goods\/\" class=\"dt-btn-s dt-btn post-details details-type-btn\" aria-label=\"Read more about Thanks to the GPS tracker, the police were able to seize the e-bike and other stolen goods.\">Read more<i class=\"dt-icon-the7-arrow-03\" aria-hidden=\"true\"><\/i><\/a>\n\n<\/div><\/article><article class=\"post project-odd visible post-8665 type-post status-publish format-standard has-post-thumbnail hentry category-success-stories category-38 description-off\" data-name=\"Brazen theft hits Hamburg bicycle dealer: Bike hunter gives chase to\" data-date=\"2025-05-08T09:00:44+02:00\">\n\n<div class=\"post-thumbnail-wrap\">\n\t<div class=\"post-thumbnail\">\n\n\t\t\n\t\t\n\t\t<a href=\"https:\/\/itsmybike.com\/en\/brazen-theft-hits-hamburg-bicycle-dealer-bike-hunter-gives-chase-to\/\" class=\"post-thumbnail-rollover\" ><img loading=\"lazy\" decoding=\"async\" class=\"preload-me aspect\" src=\"https:\/\/itsmybike.com\/wp-content\/uploads\/2023\/03\/332986841_161455656703646_6991123392538827544_n-403x403.jpg\" srcset=\"https:\/\/itsmybike.com\/wp-content\/uploads\/2023\/03\/332986841_161455656703646_6991123392538827544_n-403x403.jpg 403w\" style=\"--ratio: 403 \/ 403\" sizes=\"auto, (max-width: 403px) 100vw, 403px\" alt=\"Fahrr\u00e4der stehen im Keller\" title=\"332986841_161455656703646_6991123392538827544_n\" width=\"403\" height=\"403\"  \/><\/a>\n\t<\/div>\n<\/div>\n\n\n<div class=\"post-entry-content\">\n\n\t<h3 class=\"entry-title\">\n\t\t<a href=\"https:\/\/itsmybike.com\/en\/brazen-theft-hits-hamburg-bicycle-dealer-bike-hunter-gives-chase-to\/\" title=\"Brazen theft hits Hamburg bicycle dealer: Bike hunter gives chase to\" rel=\"bookmark\">Brazen theft hits Hamburg bicycle dealer: Bike hunter gives chase to<\/a>\n\t<\/h3>\n\n\t<div class=\"entry-meta\"><span class=\"category-link\"><a href=\"https:\/\/itsmybike.com\/en\/category\/success-stories\/\" >Success stories<\/a><\/span><a href=\"https:\/\/itsmybike.com\/en\/2025\/05\/08\/\" title=\"9:00\" class=\"data-link\" rel=\"bookmark\"><time class=\"entry-date updated\" datetime=\"2025-05-08T09:00:44+02:00\">8. May 2025<\/time><\/a><\/div>\n\t<div class=\"entry-excerpt\"><p>Three high quality e-bikes are stolen from a bike shop in Hamburg. Thanks to a GPS tracker and the Bike Hunter team, a suspect is quickly found.<\/p>\n<\/div>\n\t\n<a href=\"https:\/\/itsmybike.com\/en\/brazen-theft-hits-hamburg-bicycle-dealer-bike-hunter-gives-chase-to\/\" class=\"dt-btn-s dt-btn post-details details-type-btn\" aria-label=\"Read more about Brazen theft hits Hamburg bicycle dealer: Bike hunter gives chase to\">Read more<i class=\"dt-icon-the7-arrow-03\" aria-hidden=\"true\"><\/i><\/a>\n\n<\/div><\/article><article class=\"post project-odd visible post-8640 type-post status-publish format-standard has-post-thumbnail hentry category-success-stories category-38 description-off\" data-name=\"Double success: police find stolen e-bike and catch e-scooter thief\" data-date=\"2025-04-10T09:00:36+02:00\">\n\n<div class=\"post-thumbnail-wrap\">\n\t<div class=\"post-thumbnail\">\n\n\t\t\n\t\t\n\t\t<a href=\"https:\/\/itsmybike.com\/en\/double-success-police-find-stolen-e-bike-and-catch-e-scooter-thief\/\" class=\"post-thumbnail-rollover\" ><img loading=\"lazy\" decoding=\"async\" class=\"preload-me aspect\" src=\"https:\/\/itsmybike.com\/wp-content\/uploads\/2022\/12\/Diebstahl_Kiel_Foto-1-scaled-768x768.jpeg\" srcset=\"https:\/\/itsmybike.com\/wp-content\/uploads\/2022\/12\/Diebstahl_Kiel_Foto-1-scaled-768x768.jpeg 768w, https:\/\/itsmybike.com\/wp-content\/uploads\/2022\/12\/Diebstahl_Kiel_Foto-1-scaled-1306x1306.jpeg 1306w\" style=\"--ratio: 768 \/ 768\" sizes=\"auto, (max-width: 768px) 100vw, 768px\" alt=\"Fahrraddieb an Fahrrad\" title=\"\u81ea\u8ee2\u8eca\u3092\u7269\u8272\u3059\u308b\u7537\" width=\"768\" height=\"768\"  \/><\/a>\n\t<\/div>\n<\/div>\n\n\n<div class=\"post-entry-content\">\n\n\t<h3 class=\"entry-title\">\n\t\t<a href=\"https:\/\/itsmybike.com\/en\/double-success-police-find-stolen-e-bike-and-catch-e-scooter-thief\/\" title=\"Double success: police find stolen e-bike and catch e-scooter thief\" rel=\"bookmark\">Double success: police find stolen e-bike and catch e-scooter thief<\/a>\n\t<\/h3>\n\n\t<div class=\"entry-meta\"><span class=\"category-link\"><a href=\"https:\/\/itsmybike.com\/en\/category\/success-stories\/\" >Success stories<\/a><\/span><a href=\"https:\/\/itsmybike.com\/en\/2025\/04\/10\/\" title=\"9:00\" class=\"data-link\" rel=\"bookmark\"><time class=\"entry-date updated\" datetime=\"2025-04-10T09:00:36+02:00\">10. April 2025<\/time><\/a><\/div>\n\t<div class=\"entry-excerpt\"><p>Thanks to the GPS tracker from IT&#8217;S MY BIKE, an e-bike stolen in Darmstadt, Germany, was recovered just a few hours after it was reported stolen in mid-March. But that&#8217;s&hellip;<\/p>\n<\/div>\n\t\n<a href=\"https:\/\/itsmybike.com\/en\/double-success-police-find-stolen-e-bike-and-catch-e-scooter-thief\/\" class=\"dt-btn-s dt-btn post-details details-type-btn\" aria-label=\"Read more about Double success: police find stolen e-bike and catch e-scooter thief\">Read more<i class=\"dt-icon-the7-arrow-03\" aria-hidden=\"true\"><\/i><\/a>\n\n<\/div><\/article><article class=\"post project-odd visible post-8631 type-post status-publish format-standard has-post-thumbnail hentry category-press-releases category-26 description-off\" data-name=\"IoT Venture and Ananda: intelligent networking meets expertise in eDrive systems\" data-date=\"2025-03-25T09:00:42+01:00\">\n\n<div class=\"post-thumbnail-wrap\">\n\t<div class=\"post-thumbnail\">\n\n\t\t\n\t\t\n\t\t<a href=\"https:\/\/itsmybike.com\/en\/iot-venture-and-ananda-intelligent-networking-meets-expertise-in-edrive-systems\/\" class=\"post-thumbnail-rollover\" ><img loading=\"lazy\" decoding=\"async\" class=\"preload-me aspect\" src=\"https:\/\/itsmybike.com\/wp-content\/uploads\/2025\/03\/M5000-Enviolo-Lyon-22-768x768.jpg\" srcset=\"https:\/\/itsmybike.com\/wp-content\/uploads\/2025\/03\/M5000-Enviolo-Lyon-22-768x768.jpg 768w, https:\/\/itsmybike.com\/wp-content\/uploads\/2025\/03\/M5000-Enviolo-Lyon-22-1306x1306.jpg 1306w\" style=\"--ratio: 768 \/ 768\" sizes=\"auto, (max-width: 768px) 100vw, 768px\" alt=\"\" title=\"M5000-Enviolo-Lyon-22\" width=\"768\" height=\"768\"  \/><\/a>\n\t<\/div>\n<\/div>\n\n\n<div class=\"post-entry-content\">\n\n\t<h3 class=\"entry-title\">\n\t\t<a href=\"https:\/\/itsmybike.com\/en\/iot-venture-and-ananda-intelligent-networking-meets-expertise-in-edrive-systems\/\" title=\"IoT Venture and Ananda: intelligent networking meets expertise in eDrive systems\" rel=\"bookmark\">IoT Venture and Ananda: intelligent networking meets expertise in eDrive systems<\/a>\n\t<\/h3>\n\n\t<div class=\"entry-meta\"><span class=\"category-link\"><a href=\"https:\/\/itsmybike.com\/en\/category\/press-releases\/\" >Press releases<\/a><\/span><a href=\"https:\/\/itsmybike.com\/en\/2025\/03\/25\/\" title=\"9:00\" class=\"data-link\" rel=\"bookmark\"><time class=\"entry-date updated\" datetime=\"2025-03-25T09:00:42+01:00\">25. March 2025<\/time><\/a><\/div>\n\t<div class=\"entry-excerpt\"><p>IoT Venture is working with Ananda Drive Technology, a Shanghai-based specialist in electric drive systems.<\/p>\n<\/div>\n\t\n<a href=\"https:\/\/itsmybike.com\/en\/iot-venture-and-ananda-intelligent-networking-meets-expertise-in-edrive-systems\/\" class=\"dt-btn-s dt-btn post-details details-type-btn\" aria-label=\"Read more about IoT Venture and Ananda: intelligent networking meets expertise in eDrive systems\">Read more<i class=\"dt-icon-the7-arrow-03\" aria-hidden=\"true\"><\/i><\/a>\n\n<\/div><\/article><article class=\"post project-odd visible post-8560 type-post status-publish format-standard has-post-thumbnail hentry category-press-releases category-26 description-off\" data-name=\"IoT Venture and Decathlon make your bike secure: digital anti-theft from March 2025\" data-date=\"2025-03-20T08:30:13+01:00\">\n\n<div class=\"post-thumbnail-wrap\">\n\t<div class=\"post-thumbnail\">\n\n\t\t\n\t\t\n\t\t<a href=\"https:\/\/itsmybike.com\/en\/decathlon-and-iot-venture-make-your-bike-secure-digital-anti-theft-from-march-2025\/\" class=\"post-thumbnail-rollover\" ><img loading=\"lazy\" decoding=\"async\" class=\"preload-me aspect\" src=\"https:\/\/itsmybike.com\/wp-content\/uploads\/2025\/03\/Pressebild_Decathlon-scaled-768x768.jpeg\" srcset=\"https:\/\/itsmybike.com\/wp-content\/uploads\/2025\/03\/Pressebild_Decathlon-scaled-768x768.jpeg 768w, https:\/\/itsmybike.com\/wp-content\/uploads\/2025\/03\/Pressebild_Decathlon-scaled-1306x1306.jpeg 1306w\" style=\"--ratio: 768 \/ 768\" sizes=\"auto, (max-width: 768px) 100vw, 768px\" alt=\"\" title=\"Pressebild_Decathlon\" width=\"768\" height=\"768\"  \/><\/a>\n\t<\/div>\n<\/div>\n\n\n<div class=\"post-entry-content\">\n\n\t<h3 class=\"entry-title\">\n\t\t<a href=\"https:\/\/itsmybike.com\/en\/decathlon-and-iot-venture-make-your-bike-secure-digital-anti-theft-from-march-2025\/\" title=\"IoT Venture and Decathlon make your bike secure: digital anti-theft from March 2025\" rel=\"bookmark\">IoT Venture and Decathlon make your bike secure: digital anti-theft from March 2025<\/a>\n\t<\/h3>\n\n\t<div class=\"entry-meta\"><span class=\"category-link\"><a href=\"https:\/\/itsmybike.com\/en\/category\/press-releases\/\" >Press releases<\/a><\/span><a href=\"https:\/\/itsmybike.com\/en\/2025\/03\/20\/\" title=\"8:30\" class=\"data-link\" rel=\"bookmark\"><time class=\"entry-date updated\" datetime=\"2025-03-20T08:30:13+01:00\">20. March 2025<\/time><\/a><\/div>\n\t<div class=\"entry-excerpt\"><p>Darmstadt, 20 March 2025 &#8211; IoT Venture GmbH, a leading provider of IoT solutions, announces its partnership with Decathlon, one of the world&#8217;s largest sporting goods manufacturers and retailers.<\/p>\n<\/div>\n\t\n<a href=\"https:\/\/itsmybike.com\/en\/decathlon-and-iot-venture-make-your-bike-secure-digital-anti-theft-from-march-2025\/\" class=\"dt-btn-s dt-btn post-details details-type-btn\" aria-label=\"Read more about IoT Venture and Decathlon make your bike secure: digital anti-theft from March 2025\">Read more<i class=\"dt-icon-the7-arrow-03\" aria-hidden=\"true\"><\/i><\/a>\n\n<\/div><\/article><article class=\"post project-odd visible post-8477 type-post status-publish format-standard has-post-thumbnail hentry category-success-stories category-38 description-off\" data-name=\"Stolen and moved across Leipzig &#8211; e-bike discovered on lorry via GPS tracking\" data-date=\"2025-03-11T08:00:20+01:00\">\n\n<div class=\"post-thumbnail-wrap\">\n\t<div class=\"post-thumbnail\">\n\n\t\t\n\t\t\n\t\t<a href=\"https:\/\/itsmybike.com\/en\/stolen-and-moved-across-leipzig-e-bike-discovered-on-lorry-via-gps-tracking\/\" class=\"post-thumbnail-rollover\" ><img loading=\"lazy\" decoding=\"async\" class=\"preload-me aspect\" src=\"https:\/\/itsmybike.com\/wp-content\/uploads\/2024\/01\/411442386_3901767026717367_2298911203388976156_n-403x403.jpg\" srcset=\"https:\/\/itsmybike.com\/wp-content\/uploads\/2024\/01\/411442386_3901767026717367_2298911203388976156_n-403x403.jpg 403w\" style=\"--ratio: 403 \/ 403\" sizes=\"auto, (max-width: 403px) 100vw, 403px\" alt=\"\" title=\"411442386_3901767026717367_2298911203388976156_n\" width=\"403\" height=\"403\"  \/><\/a>\n\t<\/div>\n<\/div>\n\n\n<div class=\"post-entry-content\">\n\n\t<h3 class=\"entry-title\">\n\t\t<a href=\"https:\/\/itsmybike.com\/en\/stolen-and-moved-across-leipzig-e-bike-discovered-on-lorry-via-gps-tracking\/\" title=\"Stolen and moved across Leipzig &#8211; e-bike discovered on lorry via GPS tracking\" rel=\"bookmark\">Stolen and moved across Leipzig &#8211; e-bike discovered on lorry via GPS tracking<\/a>\n\t<\/h3>\n\n\t<div class=\"entry-meta\"><span class=\"category-link\"><a href=\"https:\/\/itsmybike.com\/en\/category\/success-stories\/\" >Success stories<\/a><\/span><a href=\"https:\/\/itsmybike.com\/en\/2025\/03\/11\/\" title=\"8:00\" class=\"data-link\" rel=\"bookmark\"><time class=\"entry-date updated\" datetime=\"2025-03-11T08:00:20+01:00\">11. March 2025<\/time><\/a><\/div>\n\t<div class=\"entry-excerpt\"><p>At the end of November 2024, a GPS-equipped cargo bike was stolen in Leipzig-Plagwitz, moved around the city for months, and finally recovered on a truck near a car park.<\/p>\n<\/div>\n\t\n<a href=\"https:\/\/itsmybike.com\/en\/stolen-and-moved-across-leipzig-e-bike-discovered-on-lorry-via-gps-tracking\/\" class=\"dt-btn-s dt-btn post-details details-type-btn\" aria-label=\"Read more about Stolen and moved across Leipzig &#8211; e-bike discovered on lorry via GPS tracking\">Read more<i class=\"dt-icon-the7-arrow-03\" aria-hidden=\"true\"><\/i><\/a>\n\n<\/div><\/article><article class=\"post project-odd visible post-8313 type-post status-publish format-standard has-post-thumbnail hentry category-success-stories category-38 description-off\" data-name=\"Stolen from a shed: Thief strikes early in the morning in Achim\" data-date=\"2025-02-13T09:00:52+01:00\">\n\n<div class=\"post-thumbnail-wrap\">\n\t<div class=\"post-thumbnail\">\n\n\t\t\n\t\t\n\t\t<a href=\"https:\/\/itsmybike.com\/en\/stolen-from-a-shed-thief-strikes-early-in-the-morning-in-achim\/\" class=\"post-thumbnail-rollover\" ><img loading=\"lazy\" decoding=\"async\" class=\"preload-me aspect\" src=\"https:\/\/itsmybike.com\/wp-content\/uploads\/2020\/11\/AdobeStock_88829591-scaled-768x768.jpeg\" srcset=\"https:\/\/itsmybike.com\/wp-content\/uploads\/2020\/11\/AdobeStock_88829591-scaled-768x768.jpeg 768w, https:\/\/itsmybike.com\/wp-content\/uploads\/2020\/11\/AdobeStock_88829591-scaled-1306x1306.jpeg 1306w\" style=\"--ratio: 768 \/ 768\" sizes=\"auto, (max-width: 768px) 100vw, 768px\" alt=\"Person in schwarzer Kleidung tr\u00e4gt ein Fahrrad davon \" title=\"Bike Theft\" width=\"768\" height=\"768\"  \/><\/a>\n\t<\/div>\n<\/div>\n\n\n<div class=\"post-entry-content\">\n\n\t<h3 class=\"entry-title\">\n\t\t<a href=\"https:\/\/itsmybike.com\/en\/stolen-from-a-shed-thief-strikes-early-in-the-morning-in-achim\/\" title=\"Stolen from a shed: Thief strikes early in the morning in Achim\" rel=\"bookmark\">Stolen from a shed: Thief strikes early in the morning in Achim<\/a>\n\t<\/h3>\n\n\t<div class=\"entry-meta\"><span class=\"category-link\"><a href=\"https:\/\/itsmybike.com\/en\/category\/success-stories\/\" >Success stories<\/a><\/span><a href=\"https:\/\/itsmybike.com\/en\/2025\/02\/13\/\" title=\"9:00\" class=\"data-link\" rel=\"bookmark\"><time class=\"entry-date updated\" datetime=\"2025-02-13T09:00:52+01:00\">13. February 2025<\/time><\/a><\/div>\n\t<div class=\"entry-excerpt\"><p>At the end of January, a high-quality e-bike was stolen in Uphusen, near Bremen. Thanks to the built-in GPS tracker from IT&#8217;S MY BIKE, the e-bike is found within a&hellip;<\/p>\n<\/div>\n\t\n<a href=\"https:\/\/itsmybike.com\/en\/stolen-from-a-shed-thief-strikes-early-in-the-morning-in-achim\/\" class=\"dt-btn-s dt-btn post-details details-type-btn\" aria-label=\"Read more about Stolen from a shed: Thief strikes early in the morning in Achim\">Read more<i class=\"dt-icon-the7-arrow-03\" aria-hidden=\"true\"><\/i><\/a>\n\n<\/div><\/article><article class=\"post project-odd visible post-8277 type-post status-publish format-standard has-post-thumbnail hentry category-success-stories category-38 description-off\" data-name=\"E-bike thief caught: GPS tracker leads police straight to culprit\" data-date=\"2025-01-28T09:00:39+01:00\">\n\n<div class=\"post-thumbnail-wrap\">\n\t<div class=\"post-thumbnail\">\n\n\t\t\n\t\t\n\t\t<a href=\"https:\/\/itsmybike.com\/en\/e-bike-thief-caught-gps-tracker-leads-police-straight-to-culprit\/\" class=\"post-thumbnail-rollover\" ><img loading=\"lazy\" decoding=\"async\" class=\"preload-me aspect\" src=\"https:\/\/itsmybike.com\/wp-content\/uploads\/2024\/07\/452217197_410570328105516_6765038760175378728_n-403x403.jpg\" srcset=\"https:\/\/itsmybike.com\/wp-content\/uploads\/2024\/07\/452217197_410570328105516_6765038760175378728_n-403x403.jpg 403w\" style=\"--ratio: 403 \/ 403\" sizes=\"auto, (max-width: 403px) 100vw, 403px\" alt=\"\" title=\"452217197_410570328105516_6765038760175378728_n\" width=\"403\" height=\"403\"  \/><\/a>\n\t<\/div>\n<\/div>\n\n\n<div class=\"post-entry-content\">\n\n\t<h3 class=\"entry-title\">\n\t\t<a href=\"https:\/\/itsmybike.com\/en\/e-bike-thief-caught-gps-tracker-leads-police-straight-to-culprit\/\" title=\"E-bike thief caught: GPS tracker leads police straight to culprit\" rel=\"bookmark\">E-bike thief caught: GPS tracker leads police straight to culprit<\/a>\n\t<\/h3>\n\n\t<div class=\"entry-meta\"><span class=\"category-link\"><a href=\"https:\/\/itsmybike.com\/en\/category\/success-stories\/\" >Success stories<\/a><\/span><a href=\"https:\/\/itsmybike.com\/en\/2025\/01\/28\/\" title=\"9:00\" class=\"data-link\" rel=\"bookmark\"><time class=\"entry-date updated\" datetime=\"2025-01-28T09:00:39+01:00\">28. January 2025<\/time><\/a><\/div>\n\t<div class=\"entry-excerpt\"><p>On 2 November 2024, Ulf T.*&#8217;s e-bike is stolen while he is at his son&#8217;s football match. Thanks to the GPS tracker and the quick cooperation between IT&#8217;S MY BIKE&hellip;<\/p>\n<\/div>\n\t\n<a href=\"https:\/\/itsmybike.com\/en\/e-bike-thief-caught-gps-tracker-leads-police-straight-to-culprit\/\" class=\"dt-btn-s dt-btn post-details details-type-btn\" aria-label=\"Read more about E-bike thief caught: GPS tracker leads police straight to culprit\">Read more<i class=\"dt-icon-the7-arrow-03\" aria-hidden=\"true\"><\/i><\/a>\n\n<\/div><\/article><article class=\"post project-odd visible post-8209 type-post status-publish format-standard has-post-thumbnail hentry category-success-stories category-38 description-off\" data-name=\"Frankfurt: GPS tracker leads thief into trap\" data-date=\"2025-01-09T09:00:53+01:00\">\n\n<div class=\"post-thumbnail-wrap\">\n\t<div class=\"post-thumbnail\">\n\n\t\t\n\t\t\n\t\t<a href=\"https:\/\/itsmybike.com\/en\/frankfurt-gps-tracker-leads-thief-into-trap\/\" class=\"post-thumbnail-rollover\" ><img loading=\"lazy\" decoding=\"async\" class=\"preload-me aspect\" src=\"https:\/\/itsmybike.com\/wp-content\/uploads\/2024\/12\/428399910_24760046950307435_6855514316048226197_n-400x400.jpg\" srcset=\"https:\/\/itsmybike.com\/wp-content\/uploads\/2024\/12\/428399910_24760046950307435_6855514316048226197_n-400x400.jpg 400w, https:\/\/itsmybike.com\/wp-content\/uploads\/2024\/12\/428399910_24760046950307435_6855514316048226197_n-399x400.jpg 399w\" style=\"--ratio: 400 \/ 400\" sizes=\"auto, (max-width: 400px) 100vw, 400px\" alt=\"\" title=\"428399910_24760046950307435_6855514316048226197_n\" width=\"400\" height=\"400\"  \/><\/a>\n\t<\/div>\n<\/div>\n\n\n<div class=\"post-entry-content\">\n\n\t<h3 class=\"entry-title\">\n\t\t<a href=\"https:\/\/itsmybike.com\/en\/frankfurt-gps-tracker-leads-thief-into-trap\/\" title=\"Frankfurt: GPS tracker leads thief into trap\" rel=\"bookmark\">Frankfurt: GPS tracker leads thief into trap<\/a>\n\t<\/h3>\n\n\t<div class=\"entry-meta\"><span class=\"category-link\"><a href=\"https:\/\/itsmybike.com\/en\/category\/success-stories\/\" >Success stories<\/a><\/span><a href=\"https:\/\/itsmybike.com\/en\/2025\/01\/09\/\" title=\"9:00\" class=\"data-link\" rel=\"bookmark\"><time class=\"entry-date updated\" datetime=\"2025-01-09T09:00:53+01:00\">9. January 2025<\/time><\/a><\/div>\n\t<div class=\"entry-excerpt\"><p>A nightmare for every bike owner: Linus W.*&#8217;s e-bike is stolen in the middle of the night from a bike cellar in Frankfurt.<\/p>\n<\/div>\n\t\n<a href=\"https:\/\/itsmybike.com\/en\/frankfurt-gps-tracker-leads-thief-into-trap\/\" class=\"dt-btn-s dt-btn post-details details-type-btn\" aria-label=\"Read more about Frankfurt: GPS tracker leads thief into trap\">Read more<i class=\"dt-icon-the7-arrow-03\" aria-hidden=\"true\"><\/i><\/a>\n\n<\/div><\/article><article class=\"post project-odd visible post-8253 type-post status-publish format-standard has-post-thumbnail hentry category-press-releases category-26 description-off\" data-name=\"IoT Venture and Bizbike launch smart partnership\" data-date=\"2025-01-08T08:30:42+01:00\">\n\n<div class=\"post-thumbnail-wrap\">\n\t<div class=\"post-thumbnail\">\n\n\t\t\n\t\t\n\t\t<a href=\"https:\/\/itsmybike.com\/en\/iot-venture-and-bizbike-launch-smart-partnership\/\" class=\"post-thumbnail-rollover\" ><img loading=\"lazy\" decoding=\"async\" class=\"preload-me aspect\" src=\"https:\/\/itsmybike.com\/wp-content\/uploads\/2025\/01\/solid-plus-hires_-scaled-768x768.jpg\" srcset=\"https:\/\/itsmybike.com\/wp-content\/uploads\/2025\/01\/solid-plus-hires_-scaled-768x768.jpg 768w, https:\/\/itsmybike.com\/wp-content\/uploads\/2025\/01\/solid-plus-hires_-scaled-1306x1306.jpg 1306w\" style=\"--ratio: 768 \/ 768\" sizes=\"auto, (max-width: 768px) 100vw, 768px\" alt=\"\" title=\"solid plus hires_\" width=\"768\" height=\"768\"  \/><\/a>\n\t<\/div>\n<\/div>\n\n\n<div class=\"post-entry-content\">\n\n\t<h3 class=\"entry-title\">\n\t\t<a href=\"https:\/\/itsmybike.com\/en\/iot-venture-and-bizbike-launch-smart-partnership\/\" title=\"IoT Venture and Bizbike launch smart partnership\" rel=\"bookmark\">IoT Venture and Bizbike launch smart partnership<\/a>\n\t<\/h3>\n\n\t<div class=\"entry-meta\"><span class=\"category-link\"><a href=\"https:\/\/itsmybike.com\/en\/category\/press-releases\/\" >Press releases<\/a><\/span><a href=\"https:\/\/itsmybike.com\/en\/2025\/01\/08\/\" title=\"8:30\" class=\"data-link\" rel=\"bookmark\"><time class=\"entry-date updated\" datetime=\"2025-01-08T08:30:42+01:00\">8. January 2025<\/time><\/a><\/div>\n\t<div class=\"entry-excerpt\"><p>IoT Venture GmbH, a technology expert from Darmstadt, Germany, and Belgian e-bike manufacturer Bizbike are joining forces: from 2026, IoT Venture&#8217;s tracking technology will be integrated directly into Bizbike&#8217;s e-bikes.<\/p>\n<\/div>\n\t\n<a href=\"https:\/\/itsmybike.com\/en\/iot-venture-and-bizbike-launch-smart-partnership\/\" class=\"dt-btn-s dt-btn post-details details-type-btn\" aria-label=\"Read more about IoT Venture and Bizbike launch smart partnership\">Read more<i class=\"dt-icon-the7-arrow-03\" aria-hidden=\"true\"><\/i><\/a>\n\n<\/div><\/article><article class=\"post project-odd visible post-8236 type-post status-publish format-standard has-post-thumbnail hentry category-press-releases category-26 description-off\" data-name=\"IoT Venture tracking module makes e-bikes eligible for compulsory insurance in the Netherlands\" data-date=\"2024-12-11T09:37:40+01:00\">\n\n<div class=\"post-thumbnail-wrap\">\n\t<div class=\"post-thumbnail\">\n\n\t\t\n\t\t\n\t\t<a href=\"https:\/\/itsmybike.com\/en\/iot-venture-tracking-module-makes-e-bikes-eligible-for-compulsory-insurance-in-the-netherlands\/\" class=\"post-thumbnail-rollover\" ><img loading=\"lazy\" decoding=\"async\" class=\"preload-me aspect\" src=\"https:\/\/itsmybike.com\/wp-content\/uploads\/2024\/12\/Pressebild_IoT-Venture_Tracking-Modul_Niederlande-768x768.jpg\" srcset=\"https:\/\/itsmybike.com\/wp-content\/uploads\/2024\/12\/Pressebild_IoT-Venture_Tracking-Modul_Niederlande-768x768.jpg 768w, https:\/\/itsmybike.com\/wp-content\/uploads\/2024\/12\/Pressebild_IoT-Venture_Tracking-Modul_Niederlande-1306x1306.jpg 1306w\" style=\"--ratio: 768 \/ 768\" sizes=\"auto, (max-width: 768px) 100vw, 768px\" alt=\"\" title=\"Pressebild_IoT Venture_Tracking-Modul_Niederlande\" width=\"768\" height=\"768\"  \/><\/a>\n\t<\/div>\n<\/div>\n\n\n<div class=\"post-entry-content\">\n\n\t<h3 class=\"entry-title\">\n\t\t<a href=\"https:\/\/itsmybike.com\/en\/iot-venture-tracking-module-makes-e-bikes-eligible-for-compulsory-insurance-in-the-netherlands\/\" title=\"IoT Venture tracking module makes e-bikes eligible for compulsory insurance in the Netherlands\" rel=\"bookmark\">IoT Venture tracking module makes e-bikes eligible for compulsory insurance in the Netherlands<\/a>\n\t<\/h3>\n\n\t<div class=\"entry-meta\"><span class=\"category-link\"><a href=\"https:\/\/itsmybike.com\/en\/category\/press-releases\/\" >Press releases<\/a><\/span><a href=\"https:\/\/itsmybike.com\/en\/2024\/12\/11\/\" title=\"9:37\" class=\"data-link\" rel=\"bookmark\"><time class=\"entry-date updated\" datetime=\"2024-12-11T09:37:40+01:00\">11. December 2024<\/time><\/a><\/div>\n\t<div class=\"entry-excerpt\"><p>The IT&#8217;S MY BIKE tracking module from Darmstadt-based technology experts IoT Venture offers a reliable solution that meets all the requirements of the new compulsory insurance for e-bikes in the&hellip;<\/p>\n<\/div>\n\t\n<a href=\"https:\/\/itsmybike.com\/en\/iot-venture-tracking-module-makes-e-bikes-eligible-for-compulsory-insurance-in-the-netherlands\/\" class=\"dt-btn-s dt-btn post-details details-type-btn\" aria-label=\"Read more about IoT Venture tracking module makes e-bikes eligible for compulsory insurance in the Netherlands\">Read more<i class=\"dt-icon-the7-arrow-03\" aria-hidden=\"true\"><\/i><\/a>\n\n<\/div><\/article><article class=\"post project-odd visible post-8182 type-post status-publish format-standard has-post-thumbnail hentry category-success-stories category-38 description-off\" data-name=\"Bicycle thieves caught red-handed on Cologne tram\" data-date=\"2024-12-05T12:56:51+01:00\">\n\n<div class=\"post-thumbnail-wrap\">\n\t<div class=\"post-thumbnail\">\n\n\t\t\n\t\t\n\t\t<a href=\"https:\/\/itsmybike.com\/en\/bicycle-thieves-caught-red-handed-on-cologne-tram\/\" class=\"post-thumbnail-rollover\" ><img loading=\"lazy\" decoding=\"async\" class=\"preload-me aspect\" src=\"https:\/\/itsmybike.com\/wp-content\/uploads\/2022\/09\/AdobeStock_292323266-scaled-768x768.jpeg\" srcset=\"https:\/\/itsmybike.com\/wp-content\/uploads\/2022\/09\/AdobeStock_292323266-scaled-768x768.jpeg 768w, https:\/\/itsmybike.com\/wp-content\/uploads\/2022\/09\/AdobeStock_292323266-scaled-1306x1306.jpeg 1306w\" style=\"--ratio: 768 \/ 768\" sizes=\"auto, (max-width: 768px) 100vw, 768px\" alt=\"E-bike thief caught\" title=\"E-bike thief caught by police\" width=\"768\" height=\"768\"  \/><\/a>\n\t<\/div>\n<\/div>\n\n\n<div class=\"post-entry-content\">\n\n\t<h3 class=\"entry-title\">\n\t\t<a href=\"https:\/\/itsmybike.com\/en\/bicycle-thieves-caught-red-handed-on-cologne-tram\/\" title=\"Bicycle thieves caught red-handed on Cologne tram\" rel=\"bookmark\">Bicycle thieves caught red-handed on Cologne tram<\/a>\n\t<\/h3>\n\n\t<div class=\"entry-meta\"><span class=\"category-link\"><a href=\"https:\/\/itsmybike.com\/en\/category\/success-stories\/\" >Success stories<\/a><\/span><a href=\"https:\/\/itsmybike.com\/en\/2024\/12\/05\/\" title=\"12:56\" class=\"data-link\" rel=\"bookmark\"><time class=\"entry-date updated\" datetime=\"2024-12-05T12:56:51+01:00\">5. December 2024<\/time><\/a><\/div>\n\t<div class=\"entry-excerpt\"><p>When Tim P*&#8217;s e-bike was stolen in the middle of the night in early October, he thought he would never see it again. But he&#8217;s not losing hope.<\/p>\n<\/div>\n\t\n<a href=\"https:\/\/itsmybike.com\/en\/bicycle-thieves-caught-red-handed-on-cologne-tram\/\" class=\"dt-btn-s dt-btn post-details details-type-btn\" aria-label=\"Read more about Bicycle thieves caught red-handed on Cologne tram\">Read more<i class=\"dt-icon-the7-arrow-03\" aria-hidden=\"true\"><\/i><\/a>\n\n<\/div><\/article><article class=\"post project-odd visible post-8161 type-post status-publish format-standard has-post-thumbnail hentry category-success-stories category-38 description-off\" data-name=\"No escape thanks to GPS tracker: E-bike theft foiled in Raschau\" data-date=\"2024-11-26T09:00:05+01:00\">\n\n<div class=\"post-thumbnail-wrap\">\n\t<div class=\"post-thumbnail\">\n\n\t\t\n\t\t\n\t\t<a href=\"https:\/\/itsmybike.com\/en\/no-escape-thanks-to-gps-tracker-e-bike-theft-foiled-in-raschau\/\" class=\"post-thumbnail-rollover\" ><img loading=\"lazy\" decoding=\"async\" class=\"preload-me aspect\" src=\"https:\/\/itsmybike.com\/wp-content\/uploads\/2022\/08\/Diebstahlfall_Halle-Saale-scaled-768x768.jpg\" srcset=\"https:\/\/itsmybike.com\/wp-content\/uploads\/2022\/08\/Diebstahlfall_Halle-Saale-scaled-768x768.jpg 768w, https:\/\/itsmybike.com\/wp-content\/uploads\/2022\/08\/Diebstahlfall_Halle-Saale-scaled-1306x1306.jpg 1306w\" style=\"--ratio: 768 \/ 768\" sizes=\"auto, (max-width: 768px) 100vw, 768px\" alt=\"E-bike recovered after over two weeks\" title=\"Diebstahlfall_Halle-Saale\" width=\"768\" height=\"768\"  \/><\/a>\n\t<\/div>\n<\/div>\n\n\n<div class=\"post-entry-content\">\n\n\t<h3 class=\"entry-title\">\n\t\t<a href=\"https:\/\/itsmybike.com\/en\/no-escape-thanks-to-gps-tracker-e-bike-theft-foiled-in-raschau\/\" title=\"No escape thanks to GPS tracker: E-bike theft foiled in Raschau\" rel=\"bookmark\">No escape thanks to GPS tracker: E-bike theft foiled in Raschau<\/a>\n\t<\/h3>\n\n\t<div class=\"entry-meta\"><span class=\"category-link\"><a href=\"https:\/\/itsmybike.com\/en\/category\/success-stories\/\" >Success stories<\/a><\/span><a href=\"https:\/\/itsmybike.com\/en\/2024\/11\/26\/\" title=\"9:00\" class=\"data-link\" rel=\"bookmark\"><time class=\"entry-date updated\" datetime=\"2024-11-26T09:00:05+01:00\">26. November 2024<\/time><\/a><\/div>\n\t<div class=\"entry-excerpt\"><p>At the end of September, Mark T.* reported the theft of his high-quality e-bike in Raschau. Unfortunately, he hadn&#8217;t locked his bike properly, so the thief had an easy time&hellip;<\/p>\n<\/div>\n\t\n<a href=\"https:\/\/itsmybike.com\/en\/no-escape-thanks-to-gps-tracker-e-bike-theft-foiled-in-raschau\/\" class=\"dt-btn-s dt-btn post-details details-type-btn\" aria-label=\"Read more about No escape thanks to GPS tracker: E-bike theft foiled in Raschau\">Read more<i class=\"dt-icon-the7-arrow-03\" aria-hidden=\"true\"><\/i><\/a>\n\n<\/div><\/article><article class=\"post project-odd visible post-8120 type-post status-publish format-standard has-post-thumbnail hentry category-success-stories category-38 description-off\" data-name=\"E-bike stolen twice in one month in T\u00fcbingen &#8211; offenders caught\" data-date=\"2024-11-14T09:00:25+01:00\">\n\n<div class=\"post-thumbnail-wrap\">\n\t<div class=\"post-thumbnail\">\n\n\t\t\n\t\t\n\t\t<a href=\"https:\/\/itsmybike.com\/en\/e-bike-stolen-twice-in-one-month-in-tuebingen-offenders-caught\/\" class=\"post-thumbnail-rollover\" ><img loading=\"lazy\" decoding=\"async\" class=\"preload-me aspect\" src=\"https:\/\/itsmybike.com\/wp-content\/uploads\/2024\/01\/418733251_1837891516643356_6723229929307642259_n-400x400.jpg\" srcset=\"https:\/\/itsmybike.com\/wp-content\/uploads\/2024\/01\/418733251_1837891516643356_6723229929307642259_n-400x400.jpg 400w, https:\/\/itsmybike.com\/wp-content\/uploads\/2024\/01\/418733251_1837891516643356_6723229929307642259_n-399x400.jpg 399w\" style=\"--ratio: 400 \/ 400\" sizes=\"auto, (max-width: 400px) 100vw, 400px\" alt=\"\" title=\"418733251_1837891516643356_6723229929307642259_n\" width=\"400\" height=\"400\"  \/><\/a>\n\t<\/div>\n<\/div>\n\n\n<div class=\"post-entry-content\">\n\n\t<h3 class=\"entry-title\">\n\t\t<a href=\"https:\/\/itsmybike.com\/en\/e-bike-stolen-twice-in-one-month-in-tuebingen-offenders-caught\/\" title=\"E-bike stolen twice in one month in T\u00fcbingen &#8211; offenders caught\" rel=\"bookmark\">E-bike stolen twice in one month in T\u00fcbingen &#8211; offenders caught<\/a>\n\t<\/h3>\n\n\t<div class=\"entry-meta\"><span class=\"category-link\"><a href=\"https:\/\/itsmybike.com\/en\/category\/success-stories\/\" >Success stories<\/a><\/span><a href=\"https:\/\/itsmybike.com\/en\/2024\/11\/14\/\" title=\"9:00\" class=\"data-link\" rel=\"bookmark\"><time class=\"entry-date updated\" datetime=\"2024-11-14T09:00:25+01:00\">14. November 2024<\/time><\/a><\/div>\n\t<div class=\"entry-excerpt\"><p>A stroke of luck: the same e-bike was stolen twice in the space of a month in T\u00fcbingen, Germany. Thanks to the GPS tracker and the bike hunters from IT&#8217;S&hellip;<\/p>\n<\/div>\n\t\n<a href=\"https:\/\/itsmybike.com\/en\/e-bike-stolen-twice-in-one-month-in-tuebingen-offenders-caught\/\" class=\"dt-btn-s dt-btn post-details details-type-btn\" aria-label=\"Read more about E-bike stolen twice in one month in T\u00fcbingen &#8211; offenders caught\">Read more<i class=\"dt-icon-the7-arrow-03\" aria-hidden=\"true\"><\/i><\/a>\n\n<\/div><\/article><article class=\"post project-odd visible post-8144 type-post status-publish format-standard has-post-thumbnail hentry category-press-releases category-26 description-off\" data-name=\"Smart lock integration for e-bikes: IoT Venture and VELO DE VILLE set new standards\" data-date=\"2024-11-04T15:23:39+01:00\">\n\n<div class=\"post-thumbnail-wrap\">\n\t<div class=\"post-thumbnail\">\n\n\t\t\n\t\t\n\t\t<a href=\"https:\/\/itsmybike.com\/en\/smart-lock-integration-for-e-bikes-iot-venture-and-velo-de-ville-set-new-standards\/\" class=\"post-thumbnail-rollover\" ><img loading=\"lazy\" decoding=\"async\" class=\"preload-me aspect\" src=\"https:\/\/itsmybike.com\/wp-content\/uploads\/2024\/11\/Smarte-Schloss-Integration-fuer-E-Bikes_IoT-Venture-und-VELO-DE-VILLE-scaled-768x768.jpg\" srcset=\"https:\/\/itsmybike.com\/wp-content\/uploads\/2024\/11\/Smarte-Schloss-Integration-fuer-E-Bikes_IoT-Venture-und-VELO-DE-VILLE-scaled-768x768.jpg 768w, https:\/\/itsmybike.com\/wp-content\/uploads\/2024\/11\/Smarte-Schloss-Integration-fuer-E-Bikes_IoT-Venture-und-VELO-DE-VILLE-scaled-1306x1306.jpg 1306w\" style=\"--ratio: 768 \/ 768\" sizes=\"auto, (max-width: 768px) 100vw, 768px\" alt=\"\" title=\"Smarte Schloss-Integration f\u00fcr E-Bikes_IoT Venture und VELO DE VILLE\" width=\"768\" height=\"768\"  \/><\/a>\n\t<\/div>\n<\/div>\n\n\n<div class=\"post-entry-content\">\n\n\t<h3 class=\"entry-title\">\n\t\t<a href=\"https:\/\/itsmybike.com\/en\/smart-lock-integration-for-e-bikes-iot-venture-and-velo-de-ville-set-new-standards\/\" title=\"Smart lock integration for e-bikes: IoT Venture and VELO DE VILLE set new standards\" rel=\"bookmark\">Smart lock integration for e-bikes: IoT Venture and VELO DE VILLE set new standards<\/a>\n\t<\/h3>\n\n\t<div class=\"entry-meta\"><span class=\"category-link\"><a href=\"https:\/\/itsmybike.com\/en\/category\/press-releases\/\" >Press releases<\/a><\/span><a href=\"https:\/\/itsmybike.com\/en\/2024\/11\/04\/\" title=\"15:23\" class=\"data-link\" rel=\"bookmark\"><time class=\"entry-date updated\" datetime=\"2024-11-04T15:23:39+01:00\">4. November 2024<\/time><\/a><\/div>\n\t<div class=\"entry-excerpt\"><p>IoT Venture and VELO DE VILLE make e-bikes even safer thanks to smart lock technology &#8211; in partnership with I LOCK IT!<\/p>\n<\/div>\n\t\n<a href=\"https:\/\/itsmybike.com\/en\/smart-lock-integration-for-e-bikes-iot-venture-and-velo-de-ville-set-new-standards\/\" class=\"dt-btn-s dt-btn post-details details-type-btn\" aria-label=\"Read more about Smart lock integration for e-bikes: IoT Venture and VELO DE VILLE set new standards\">Read more<i class=\"dt-icon-the7-arrow-03\" aria-hidden=\"true\"><\/i><\/a>\n\n<\/div><\/article><article class=\"post project-odd visible post-8091 type-post status-publish format-standard has-post-thumbnail hentry category-success-stories category-38 description-off\" data-name=\"Bicycle thief flees on suburban train &#8211; GPS tracker leads to successful location\" data-date=\"2024-10-29T09:00:01+01:00\">\n\n<div class=\"post-thumbnail-wrap\">\n\t<div class=\"post-thumbnail\">\n\n\t\t\n\t\t\n\t\t<a href=\"https:\/\/itsmybike.com\/en\/bicycle-thief-flees-on-suburban-train-gps-tracker-leads-to-successful-location\/\" class=\"post-thumbnail-rollover\" ><img loading=\"lazy\" decoding=\"async\" class=\"preload-me aspect\" src=\"https:\/\/itsmybike.com\/wp-content\/uploads\/2023\/07\/358441707_184011764427830_7967192977166472085_n-400x400.jpg\" srcset=\"https:\/\/itsmybike.com\/wp-content\/uploads\/2023\/07\/358441707_184011764427830_7967192977166472085_n-400x400.jpg 400w, https:\/\/itsmybike.com\/wp-content\/uploads\/2023\/07\/358441707_184011764427830_7967192977166472085_n-399x400.jpg 399w\" style=\"--ratio: 400 \/ 400\" sizes=\"auto, (max-width: 400px) 100vw, 400px\" alt=\"Diebstahl Frankfurt am Main\" title=\"358441707_184011764427830_7967192977166472085_n\" width=\"400\" height=\"400\"  \/><\/a>\n\t<\/div>\n<\/div>\n\n\n<div class=\"post-entry-content\">\n\n\t<h3 class=\"entry-title\">\n\t\t<a href=\"https:\/\/itsmybike.com\/en\/bicycle-thief-flees-on-suburban-train-gps-tracker-leads-to-successful-location\/\" title=\"Bicycle thief flees on suburban train &#8211; GPS tracker leads to successful location\" rel=\"bookmark\">Bicycle thief flees on suburban train &#8211; GPS tracker leads to successful location<\/a>\n\t<\/h3>\n\n\t<div class=\"entry-meta\"><span class=\"category-link\"><a href=\"https:\/\/itsmybike.com\/en\/category\/success-stories\/\" >Success stories<\/a><\/span><a href=\"https:\/\/itsmybike.com\/en\/2024\/10\/29\/\" title=\"9:00\" class=\"data-link\" rel=\"bookmark\"><time class=\"entry-date updated\" datetime=\"2024-10-29T09:00:01+01:00\">29. October 2024<\/time><\/a><\/div>\n\t<div class=\"entry-excerpt\"><p>In mid-September, Otto K.&#8217;s e-bike is stolen from the underground car park of his workplace near Hamburg. The thief sets off in the early hours of the morning in the&hellip;<\/p>\n<\/div>\n\t\n<a href=\"https:\/\/itsmybike.com\/en\/bicycle-thief-flees-on-suburban-train-gps-tracker-leads-to-successful-location\/\" class=\"dt-btn-s dt-btn post-details details-type-btn\" aria-label=\"Read more about Bicycle thief flees on suburban train &#8211; GPS tracker leads to successful location\">Read more<i class=\"dt-icon-the7-arrow-03\" aria-hidden=\"true\"><\/i><\/a>\n\n<\/div><\/article><article class=\"post project-odd visible post-8066 type-post status-publish format-standard has-post-thumbnail hentry category-success-stories category-38 description-off\" data-name=\"Supermarket car park becomes crime scene &#8211; GPS tracker saves stolen e-bike\" data-date=\"2024-10-17T09:00:54+02:00\">\n\n<div class=\"post-thumbnail-wrap\">\n\t<div class=\"post-thumbnail\">\n\n\t\t\n\t\t\n\t\t<a href=\"https:\/\/itsmybike.com\/en\/supermarket-car-park-becomes-crime-scene-gps-tracker-saves-stolen-e-bike\/\" class=\"post-thumbnail-rollover\" ><img loading=\"lazy\" decoding=\"async\" class=\"preload-me aspect\" src=\"https:\/\/itsmybike.com\/wp-content\/uploads\/2024\/10\/Bild-768x768.png\" srcset=\"https:\/\/itsmybike.com\/wp-content\/uploads\/2024\/10\/Bild-768x768.png 768w, https:\/\/itsmybike.com\/wp-content\/uploads\/2024\/10\/Bild-1306x1306.png 1306w\" style=\"--ratio: 768 \/ 768\" sizes=\"auto, (max-width: 768px) 100vw, 768px\" alt=\"\" title=\"Bild\" width=\"768\" height=\"768\"  \/><\/a>\n\t<\/div>\n<\/div>\n\n\n<div class=\"post-entry-content\">\n\n\t<h3 class=\"entry-title\">\n\t\t<a href=\"https:\/\/itsmybike.com\/en\/supermarket-car-park-becomes-crime-scene-gps-tracker-saves-stolen-e-bike\/\" title=\"Supermarket car park becomes crime scene &#8211; GPS tracker saves stolen e-bike\" rel=\"bookmark\">Supermarket car park becomes crime scene &#8211; GPS tracker saves stolen e-bike<\/a>\n\t<\/h3>\n\n\t<div class=\"entry-meta\"><span class=\"category-link\"><a href=\"https:\/\/itsmybike.com\/en\/category\/success-stories\/\" >Success stories<\/a><\/span><a href=\"https:\/\/itsmybike.com\/en\/2024\/10\/17\/\" title=\"9:00\" class=\"data-link\" rel=\"bookmark\"><time class=\"entry-date updated\" datetime=\"2024-10-17T09:00:54+02:00\">17. October 2024<\/time><\/a><\/div>\n\t<div class=\"entry-excerpt\"><p>At the beginning of September, Claudio B. was the victim of a theft: during the day, his two bicycles disappeared without a trace from a supermarket car park in the&hellip;<\/p>\n<\/div>\n\t\n<a href=\"https:\/\/itsmybike.com\/en\/supermarket-car-park-becomes-crime-scene-gps-tracker-saves-stolen-e-bike\/\" class=\"dt-btn-s dt-btn post-details details-type-btn\" aria-label=\"Read more about Supermarket car park becomes crime scene &#8211; GPS tracker saves stolen e-bike\">Read more<i class=\"dt-icon-the7-arrow-03\" aria-hidden=\"true\"><\/i><\/a>\n\n<\/div><\/article><article class=\"post project-odd visible post-8035 type-post status-publish format-standard has-post-thumbnail hentry category-press-releases category-26 description-off\" data-name=\"More security on three wheels: Hopper installs GPS tracker from IoT Venture\" data-date=\"2024-10-08T16:31:45+02:00\">\n\n<div class=\"post-thumbnail-wrap\">\n\t<div class=\"post-thumbnail\">\n\n\t\t\n\t\t\n\t\t<a href=\"https:\/\/itsmybike.com\/en\/more-security-on-three-wheels-hopper-installs-gps-tracker-from-iot-venture\/\" class=\"post-thumbnail-rollover\" ><img loading=\"lazy\" decoding=\"async\" class=\"preload-me aspect\" src=\"https:\/\/itsmybike.com\/wp-content\/uploads\/2024\/10\/Hopper_5Farben-scaled-768x768.jpg\" srcset=\"https:\/\/itsmybike.com\/wp-content\/uploads\/2024\/10\/Hopper_5Farben-scaled-768x768.jpg 768w, https:\/\/itsmybike.com\/wp-content\/uploads\/2024\/10\/Hopper_5Farben-scaled-1306x1306.jpg 1306w\" style=\"--ratio: 768 \/ 768\" sizes=\"auto, (max-width: 768px) 100vw, 768px\" alt=\"\" title=\"Hopper_5Farben\" width=\"768\" height=\"768\"  \/><\/a>\n\t<\/div>\n<\/div>\n\n\n<div class=\"post-entry-content\">\n\n\t<h3 class=\"entry-title\">\n\t\t<a href=\"https:\/\/itsmybike.com\/en\/more-security-on-three-wheels-hopper-installs-gps-tracker-from-iot-venture\/\" title=\"More security on three wheels: Hopper installs GPS tracker from IoT Venture\" rel=\"bookmark\">More security on three wheels: Hopper installs GPS tracker from IoT Venture<\/a>\n\t<\/h3>\n\n\t<div class=\"entry-meta\"><span class=\"category-link\"><a href=\"https:\/\/itsmybike.com\/en\/category\/press-releases\/\" >Press releases<\/a><\/span><a href=\"https:\/\/itsmybike.com\/en\/2024\/10\/08\/\" title=\"16:31\" class=\"data-link\" rel=\"bookmark\"><time class=\"entry-date updated\" datetime=\"2024-10-08T16:31:45+02:00\">8. October 2024<\/time><\/a><\/div>\n\t<div class=\"entry-excerpt\"><p>Hopper x IoT Venture collaboration: Hopper Mobility has teamed up with IoT Venture GmbH to offer its customers complete security.<\/p>\n<\/div>\n\t\n<a href=\"https:\/\/itsmybike.com\/en\/more-security-on-three-wheels-hopper-installs-gps-tracker-from-iot-venture\/\" class=\"dt-btn-s dt-btn post-details details-type-btn\" aria-label=\"Read more about More security on three wheels: Hopper installs GPS tracker from IoT Venture\">Read more<i class=\"dt-icon-the7-arrow-03\" aria-hidden=\"true\"><\/i><\/a>\n\n<\/div><\/article><article class=\"post project-odd visible post-8014 type-post status-publish format-standard has-post-thumbnail hentry category-press-releases category-26 description-off\" data-name=\"IoT Venture and SMARTV\u00c9LO start cooperation: More safety and efficiency for e-bike fleets in delivery services\" data-date=\"2024-09-30T13:43:02+02:00\">\n\n<div class=\"post-thumbnail-wrap\">\n\t<div class=\"post-thumbnail\">\n\n\t\t\n\t\t\n\t\t<a href=\"https:\/\/itsmybike.com\/en\/iot-venture-and-smartvelo-start-cooperation-more-safety-and-efficiency-for-e-bike-fleets-in-delivery-services\/\" class=\"post-thumbnail-rollover\" ><img loading=\"lazy\" decoding=\"async\" class=\"preload-me aspect\" src=\"https:\/\/itsmybike.com\/wp-content\/uploads\/2024\/09\/SMARTVELO_STUDIO_EDITV1-6-scaled-768x768.jpg\" srcset=\"https:\/\/itsmybike.com\/wp-content\/uploads\/2024\/09\/SMARTVELO_STUDIO_EDITV1-6-scaled-768x768.jpg 768w, https:\/\/itsmybike.com\/wp-content\/uploads\/2024\/09\/SMARTVELO_STUDIO_EDITV1-6-scaled-1306x1306.jpg 1306w\" style=\"--ratio: 768 \/ 768\" sizes=\"auto, (max-width: 768px) 100vw, 768px\" alt=\"\" title=\"SMARTVELO_STUDIO_EDITV1-6\" width=\"768\" height=\"768\"  \/><\/a>\n\t<\/div>\n<\/div>\n\n\n<div class=\"post-entry-content\">\n\n\t<h3 class=\"entry-title\">\n\t\t<a href=\"https:\/\/itsmybike.com\/en\/iot-venture-and-smartvelo-start-cooperation-more-safety-and-efficiency-for-e-bike-fleets-in-delivery-services\/\" title=\"IoT Venture and SMARTV\u00c9LO start cooperation: More safety and efficiency for e-bike fleets in delivery services\" rel=\"bookmark\">IoT Venture and SMARTV\u00c9LO start cooperation: More safety and efficiency for e-bike fleets in delivery services<\/a>\n\t<\/h3>\n\n\t<div class=\"entry-meta\"><span class=\"category-link\"><a href=\"https:\/\/itsmybike.com\/en\/category\/press-releases\/\" >Press releases<\/a><\/span><a href=\"https:\/\/itsmybike.com\/en\/2024\/09\/30\/\" title=\"13:43\" class=\"data-link\" rel=\"bookmark\"><time class=\"entry-date updated\" datetime=\"2024-09-30T13:43:02+02:00\">30. September 2024<\/time><\/a><\/div>\n\t<div class=\"entry-excerpt\"><p>Darmstadt, 30 September 2024: IoT Venture GmbH and SMARTV\u00c9LO announce their strategic cooperation.<\/p>\n<\/div>\n\t\n<a href=\"https:\/\/itsmybike.com\/en\/iot-venture-and-smartvelo-start-cooperation-more-safety-and-efficiency-for-e-bike-fleets-in-delivery-services\/\" class=\"dt-btn-s dt-btn post-details details-type-btn\" aria-label=\"Read more about IoT Venture and SMARTV\u00c9LO start cooperation: More safety and efficiency for e-bike fleets in delivery services\">Read more<i class=\"dt-icon-the7-arrow-03\" aria-hidden=\"true\"><\/i><\/a>\n\n<\/div><\/article><article class=\"post project-odd visible post-7991 type-post status-publish format-standard has-post-thumbnail hentry category-success-stories category-38 description-off\" data-name=\"Stolen e-bike found in Hamburg: &#8216;Without a tracker, my bike would have disappeared&#8217;.\" data-date=\"2024-09-25T09:00:22+02:00\">\n\n<div class=\"post-thumbnail-wrap\">\n\t<div class=\"post-thumbnail\">\n\n\t\t\n\t\t\n\t\t<a href=\"https:\/\/itsmybike.com\/en\/stolen-e-bike-found-in-hamburg-without-a-tracker-my-bike-would-have-disappeared\/\" class=\"post-thumbnail-rollover\" ><img loading=\"lazy\" decoding=\"async\" class=\"preload-me aspect\" src=\"https:\/\/itsmybike.com\/wp-content\/uploads\/2024\/09\/AdobeStock_613254946-scaled-768x768.jpeg\" srcset=\"https:\/\/itsmybike.com\/wp-content\/uploads\/2024\/09\/AdobeStock_613254946-scaled-768x768.jpeg 768w, https:\/\/itsmybike.com\/wp-content\/uploads\/2024\/09\/AdobeStock_613254946-scaled-1306x1306.jpeg 1306w\" style=\"--ratio: 768 \/ 768\" sizes=\"auto, (max-width: 768px) 100vw, 768px\" alt=\"\" title=\"AdobeStock_613254946\" width=\"768\" height=\"768\"  \/><\/a>\n\t<\/div>\n<\/div>\n\n\n<div class=\"post-entry-content\">\n\n\t<h3 class=\"entry-title\">\n\t\t<a href=\"https:\/\/itsmybike.com\/en\/stolen-e-bike-found-in-hamburg-without-a-tracker-my-bike-would-have-disappeared\/\" title=\"Stolen e-bike found in Hamburg: &#8216;Without a tracker, my bike would have disappeared&#8217;.\" rel=\"bookmark\">Stolen e-bike found in Hamburg: &#8216;Without a tracker, my bike would have disappeared&#8217;.<\/a>\n\t<\/h3>\n\n\t<div class=\"entry-meta\"><span class=\"category-link\"><a href=\"https:\/\/itsmybike.com\/en\/category\/success-stories\/\" >Success stories<\/a><\/span><a href=\"https:\/\/itsmybike.com\/en\/2024\/09\/25\/\" title=\"9:00\" class=\"data-link\" rel=\"bookmark\"><time class=\"entry-date updated\" datetime=\"2024-09-25T09:00:22+02:00\">25. September 2024<\/time><\/a><\/div>\n\t<div class=\"entry-excerpt\"><p>At the end of August, Natascha N. is shocked to discover that her beloved e-bike has disappeared while she was at work.<\/p>\n<\/div>\n\t\n<a href=\"https:\/\/itsmybike.com\/en\/stolen-e-bike-found-in-hamburg-without-a-tracker-my-bike-would-have-disappeared\/\" class=\"dt-btn-s dt-btn post-details details-type-btn\" aria-label=\"Read more about Stolen e-bike found in Hamburg: &#8216;Without a tracker, my bike would have disappeared&#8217;.\">Read more<i class=\"dt-icon-the7-arrow-03\" aria-hidden=\"true\"><\/i><\/a>\n\n<\/div><\/article><article class=\"post project-odd visible post-7973 type-post status-publish format-standard has-post-thumbnail hentry category-success-stories category-38 description-off\" data-name=\"Tireless search for clues: e-bike recovered after three months thanks to GPS tracker\" data-date=\"2024-09-12T10:36:57+02:00\">\n\n<div class=\"post-thumbnail-wrap\">\n\t<div class=\"post-thumbnail\">\n\n\t\t\n\t\t\n\t\t<a href=\"https:\/\/itsmybike.com\/en\/tireless-search-for-clues-e-bike-recovered-after-three-months-thanks-to-gps-tracker\/\" class=\"post-thumbnail-rollover\" ><img loading=\"lazy\" decoding=\"async\" class=\"preload-me aspect\" src=\"https:\/\/itsmybike.com\/wp-content\/uploads\/2024\/09\/456696727_493968769928171_4582313352688659721_n-403x403.jpg\" srcset=\"https:\/\/itsmybike.com\/wp-content\/uploads\/2024\/09\/456696727_493968769928171_4582313352688659721_n-403x403.jpg 403w\" style=\"--ratio: 403 \/ 403\" sizes=\"auto, (max-width: 403px) 100vw, 403px\" alt=\"\" title=\"456696727_493968769928171_4582313352688659721_n\" width=\"403\" height=\"403\"  \/><\/a>\n\t<\/div>\n<\/div>\n\n\n<div class=\"post-entry-content\">\n\n\t<h3 class=\"entry-title\">\n\t\t<a href=\"https:\/\/itsmybike.com\/en\/tireless-search-for-clues-e-bike-recovered-after-three-months-thanks-to-gps-tracker\/\" title=\"Tireless search for clues: e-bike recovered after three months thanks to GPS tracker\" rel=\"bookmark\">Tireless search for clues: e-bike recovered after three months thanks to GPS tracker<\/a>\n\t<\/h3>\n\n\t<div class=\"entry-meta\"><span class=\"category-link\"><a href=\"https:\/\/itsmybike.com\/en\/category\/success-stories\/\" >Success stories<\/a><\/span><a href=\"https:\/\/itsmybike.com\/en\/2024\/09\/12\/\" title=\"10:36\" class=\"data-link\" rel=\"bookmark\"><time class=\"entry-date updated\" datetime=\"2024-09-12T10:36:57+02:00\">12. September 2024<\/time><\/a><\/div>\n\t<div class=\"entry-excerpt\"><p>At the end of April, a thief sneaks into Mirko J.*&#8217;s cellar in Berlin and steals his valuable e-bike. But the built-in GPS tracker from IT&#8217;S MY BIKE discreetly transmits&hellip;<\/p>\n<\/div>\n\t\n<a href=\"https:\/\/itsmybike.com\/en\/tireless-search-for-clues-e-bike-recovered-after-three-months-thanks-to-gps-tracker\/\" class=\"dt-btn-s dt-btn post-details details-type-btn\" aria-label=\"Read more about Tireless search for clues: e-bike recovered after three months thanks to GPS tracker\">Read more<i class=\"dt-icon-the7-arrow-03\" aria-hidden=\"true\"><\/i><\/a>\n\n<\/div><\/article><article class=\"post project-odd visible post-7950 type-post status-publish format-standard has-post-thumbnail hentry category-success-stories category-38 description-off\" data-name=\"Bike thieves strike again in Krefeld \u2013 an e-bike disappears without trace\" data-date=\"2024-08-30T11:14:42+02:00\">\n\n<div class=\"post-thumbnail-wrap\">\n\t<div class=\"post-thumbnail\">\n\n\t\t\n\t\t\n\t\t<a href=\"https:\/\/itsmybike.com\/en\/bike-thieves-strike-again-in-krefeld-an-e-bike-disappears-without-trace\/\" class=\"post-thumbnail-rollover\" ><img loading=\"lazy\" decoding=\"async\" class=\"preload-me aspect\" src=\"https:\/\/itsmybike.com\/wp-content\/uploads\/2024\/07\/452217197_410570328105516_6765038760175378728_n-403x403.jpg\" srcset=\"https:\/\/itsmybike.com\/wp-content\/uploads\/2024\/07\/452217197_410570328105516_6765038760175378728_n-403x403.jpg 403w\" style=\"--ratio: 403 \/ 403\" sizes=\"auto, (max-width: 403px) 100vw, 403px\" alt=\"\" title=\"452217197_410570328105516_6765038760175378728_n\" width=\"403\" height=\"403\"  \/><\/a>\n\t<\/div>\n<\/div>\n\n\n<div class=\"post-entry-content\">\n\n\t<h3 class=\"entry-title\">\n\t\t<a href=\"https:\/\/itsmybike.com\/en\/bike-thieves-strike-again-in-krefeld-an-e-bike-disappears-without-trace\/\" title=\"Bike thieves strike again in Krefeld \u2013 an e-bike disappears without trace\" rel=\"bookmark\">Bike thieves strike again in Krefeld \u2013 an e-bike disappears without trace<\/a>\n\t<\/h3>\n\n\t<div class=\"entry-meta\"><span class=\"category-link\"><a href=\"https:\/\/itsmybike.com\/en\/category\/success-stories\/\" >Success stories<\/a><\/span><a href=\"https:\/\/itsmybike.com\/en\/2024\/08\/30\/\" title=\"11:14\" class=\"data-link\" rel=\"bookmark\"><time class=\"entry-date updated\" datetime=\"2024-08-30T11:14:42+02:00\">30. August 2024<\/time><\/a><\/div>\n\t<div class=\"entry-excerpt\"><p>In early July, a bicycle thief steals Elias S\u2019s* e-bike from his home in Krefeld.<\/p>\n<\/div>\n\t\n<a href=\"https:\/\/itsmybike.com\/en\/bike-thieves-strike-again-in-krefeld-an-e-bike-disappears-without-trace\/\" class=\"dt-btn-s dt-btn post-details details-type-btn\" aria-label=\"Read more about Bike thieves strike again in Krefeld \u2013 an e-bike disappears without trace\">Read more<i class=\"dt-icon-the7-arrow-03\" aria-hidden=\"true\"><\/i><\/a>\n\n<\/div><\/article><article class=\"post project-odd visible post-7944 type-post status-publish format-standard has-post-thumbnail hentry category-success-stories category-38 description-off\" data-name=\"GPS tracker leads to the find: e-bike in Magdeburg returned after theft\" data-date=\"2024-08-13T11:04:54+02:00\">\n\n<div class=\"post-thumbnail-wrap\">\n\t<div class=\"post-thumbnail\">\n\n\t\t\n\t\t\n\t\t<a href=\"https:\/\/itsmybike.com\/en\/gps-tracker-leads-to-the-find-e-bike-in-magdeburg-returned-after-theft\/\" class=\"post-thumbnail-rollover\" ><img loading=\"lazy\" decoding=\"async\" class=\"preload-me aspect\" src=\"https:\/\/itsmybike.com\/wp-content\/uploads\/2024\/08\/452157287_471732075644302_1555215621856452015_n-2-400x400.jpg\" srcset=\"https:\/\/itsmybike.com\/wp-content\/uploads\/2024\/08\/452157287_471732075644302_1555215621856452015_n-2-400x400.jpg 400w, https:\/\/itsmybike.com\/wp-content\/uploads\/2024\/08\/452157287_471732075644302_1555215621856452015_n-2-399x400.jpg 399w\" style=\"--ratio: 400 \/ 400\" sizes=\"auto, (max-width: 400px) 100vw, 400px\" alt=\"\" title=\"452157287_471732075644302_1555215621856452015_n-2\" width=\"400\" height=\"400\"  \/><\/a>\n\t<\/div>\n<\/div>\n\n\n<div class=\"post-entry-content\">\n\n\t<h3 class=\"entry-title\">\n\t\t<a href=\"https:\/\/itsmybike.com\/en\/gps-tracker-leads-to-the-find-e-bike-in-magdeburg-returned-after-theft\/\" title=\"GPS tracker leads to the find: e-bike in Magdeburg returned after theft\" rel=\"bookmark\">GPS tracker leads to the find: e-bike in Magdeburg returned after theft<\/a>\n\t<\/h3>\n\n\t<div class=\"entry-meta\"><span class=\"category-link\"><a href=\"https:\/\/itsmybike.com\/en\/category\/success-stories\/\" >Success stories<\/a><\/span><a href=\"https:\/\/itsmybike.com\/en\/2024\/08\/13\/\" title=\"11:04\" class=\"data-link\" rel=\"bookmark\"><time class=\"entry-date updated\" datetime=\"2024-08-13T11:04:54+02:00\">13. August 2024<\/time><\/a><\/div>\n\t<div class=\"entry-excerpt\"><p>In mid-July, a bicycle thief makes away with Tanja K\u2019s* e-bike right outside the window of her office. Her e-bike\u2019s motion sensor alarm is disabled. But this doesn\u2019t stop the&hellip;<\/p>\n<\/div>\n\t\n<a href=\"https:\/\/itsmybike.com\/en\/gps-tracker-leads-to-the-find-e-bike-in-magdeburg-returned-after-theft\/\" class=\"dt-btn-s dt-btn post-details details-type-btn\" aria-label=\"Read more about GPS tracker leads to the find: e-bike in Magdeburg returned after theft\">Read more<i class=\"dt-icon-the7-arrow-03\" aria-hidden=\"true\"><\/i><\/a>\n\n<\/div><\/article><article class=\"post project-odd visible post-7938 type-post status-publish format-standard has-post-thumbnail hentry category-success-stories category-38 description-off\" data-name=\"Bicycle recovered in Poland: GPS tracker catches thieves\" data-date=\"2024-08-06T10:59:52+02:00\">\n\n<div class=\"post-thumbnail-wrap\">\n\t<div class=\"post-thumbnail\">\n\n\t\t\n\t\t\n\t\t<a href=\"https:\/\/itsmybike.com\/en\/bicycle-recovered-in-poland-gps-tracker-catches-thieves\/\" class=\"post-thumbnail-rollover\" ><img loading=\"lazy\" decoding=\"async\" class=\"preload-me aspect\" src=\"https:\/\/itsmybike.com\/wp-content\/uploads\/2024\/07\/451446897_1763928217474090_3419385603242165380_n-400x400.jpg\" srcset=\"https:\/\/itsmybike.com\/wp-content\/uploads\/2024\/07\/451446897_1763928217474090_3419385603242165380_n-400x400.jpg 400w, https:\/\/itsmybike.com\/wp-content\/uploads\/2024\/07\/451446897_1763928217474090_3419385603242165380_n-399x400.jpg 399w\" style=\"--ratio: 400 \/ 400\" sizes=\"auto, (max-width: 400px) 100vw, 400px\" alt=\"\" title=\"451446897_1763928217474090_3419385603242165380_n\" width=\"400\" height=\"400\"  \/><\/a>\n\t<\/div>\n<\/div>\n\n\n<div class=\"post-entry-content\">\n\n\t<h3 class=\"entry-title\">\n\t\t<a href=\"https:\/\/itsmybike.com\/en\/bicycle-recovered-in-poland-gps-tracker-catches-thieves\/\" title=\"Bicycle recovered in Poland: GPS tracker catches thieves\" rel=\"bookmark\">Bicycle recovered in Poland: GPS tracker catches thieves<\/a>\n\t<\/h3>\n\n\t<div class=\"entry-meta\"><span class=\"category-link\"><a href=\"https:\/\/itsmybike.com\/en\/category\/success-stories\/\" >Success stories<\/a><\/span><a href=\"https:\/\/itsmybike.com\/en\/2024\/08\/06\/\" title=\"10:59\" class=\"data-link\" rel=\"bookmark\"><time class=\"entry-date updated\" datetime=\"2024-08-06T10:59:52+02:00\">6. August 2024<\/time><\/a><\/div>\n\t<div class=\"entry-excerpt\"><p>One midday at the end of June, George A.* notices the theft of his e-bike west of Cottbus. He immediately reports the theft via the IT\u2019S MY BIKE app.<\/p>\n<\/div>\n\t\n<a href=\"https:\/\/itsmybike.com\/en\/bicycle-recovered-in-poland-gps-tracker-catches-thieves\/\" class=\"dt-btn-s dt-btn post-details details-type-btn\" aria-label=\"Read more about Bicycle recovered in Poland: GPS tracker catches thieves\">Read more<i class=\"dt-icon-the7-arrow-03\" aria-hidden=\"true\"><\/i><\/a>\n\n<\/div><\/article><article class=\"post project-odd visible post-7932 type-post status-publish format-standard has-post-thumbnail hentry category-success-stories category-38 description-off\" data-name=\"E-bike recovered in Berlin: GPS tracker leads police to the crime scene\" data-date=\"2024-07-17T10:55:35+02:00\">\n\n<div class=\"post-thumbnail-wrap\">\n\t<div class=\"post-thumbnail\">\n\n\t\t\n\t\t\n\t\t<a href=\"https:\/\/itsmybike.com\/en\/e-bike-recovered-in-berlin-gps-tracker-leads-police-to-the-crime-scene\/\" class=\"post-thumbnail-rollover\" ><img loading=\"lazy\" decoding=\"async\" class=\"preload-me aspect\" src=\"https:\/\/itsmybike.com\/wp-content\/uploads\/2024\/07\/449078088_989565702905978_1756720468322556232_n-403x403.jpg\" srcset=\"https:\/\/itsmybike.com\/wp-content\/uploads\/2024\/07\/449078088_989565702905978_1756720468322556232_n-403x403.jpg 403w\" style=\"--ratio: 403 \/ 403\" sizes=\"auto, (max-width: 403px) 100vw, 403px\" alt=\"\" title=\"449078088_989565702905978_1756720468322556232_n\" width=\"403\" height=\"403\"  \/><\/a>\n\t<\/div>\n<\/div>\n\n\n<div class=\"post-entry-content\">\n\n\t<h3 class=\"entry-title\">\n\t\t<a href=\"https:\/\/itsmybike.com\/en\/e-bike-recovered-in-berlin-gps-tracker-leads-police-to-the-crime-scene\/\" title=\"E-bike recovered in Berlin: GPS tracker leads police to the crime scene\" rel=\"bookmark\">E-bike recovered in Berlin: GPS tracker leads police to the crime scene<\/a>\n\t<\/h3>\n\n\t<div class=\"entry-meta\"><span class=\"category-link\"><a href=\"https:\/\/itsmybike.com\/en\/category\/success-stories\/\" >Success stories<\/a><\/span><a href=\"https:\/\/itsmybike.com\/en\/2024\/07\/17\/\" title=\"10:55\" class=\"data-link\" rel=\"bookmark\"><time class=\"entry-date updated\" datetime=\"2024-07-17T10:55:35+02:00\">17. July 2024<\/time><\/a><\/div>\n\t<div class=\"entry-excerpt\"><p>At the end of April, a bicycle thief steals Yvonne K*\u2019s e-bike east of the borough of Berlin-Mitte. Luckily for her, it\u2019s fitted with a GPS tracker.<\/p>\n<\/div>\n\t\n<a href=\"https:\/\/itsmybike.com\/en\/e-bike-recovered-in-berlin-gps-tracker-leads-police-to-the-crime-scene\/\" class=\"dt-btn-s dt-btn post-details details-type-btn\" aria-label=\"Read more about E-bike recovered in Berlin: GPS tracker leads police to the crime scene\">Read more<i class=\"dt-icon-the7-arrow-03\" aria-hidden=\"true\"><\/i><\/a>\n\n<\/div><\/article><article class=\"post project-odd visible post-7862 type-post status-publish format-standard has-post-thumbnail hentry category-success-stories category-38 description-off\" data-name=\"Instant success thanks to GPS tracker: stolen e-bike recovered in M\u00fcnster\" data-date=\"2024-05-28T11:31:13+02:00\">\n\n<div class=\"post-thumbnail-wrap\">\n\t<div class=\"post-thumbnail\">\n\n\t\t\n\t\t\n\t\t<a href=\"https:\/\/itsmybike.com\/en\/instant-success-thanks-to-gps-tracker-stolen-e-bike-recovered-in-muenster\/\" class=\"post-thumbnail-rollover\" ><img loading=\"lazy\" decoding=\"async\" class=\"preload-me aspect\" src=\"https:\/\/itsmybike.com\/wp-content\/uploads\/2024\/05\/440957518_805771204517635_7473841681568854275_n-400x400.jpg\" srcset=\"https:\/\/itsmybike.com\/wp-content\/uploads\/2024\/05\/440957518_805771204517635_7473841681568854275_n-400x400.jpg 400w, https:\/\/itsmybike.com\/wp-content\/uploads\/2024\/05\/440957518_805771204517635_7473841681568854275_n-399x400.jpg 399w\" style=\"--ratio: 400 \/ 400\" sizes=\"auto, (max-width: 400px) 100vw, 400px\" alt=\"\" title=\"muenster promenade with bikes and motion blur\" width=\"400\" height=\"400\"  \/><\/a>\n\t<\/div>\n<\/div>\n\n\n<div class=\"post-entry-content\">\n\n\t<h3 class=\"entry-title\">\n\t\t<a href=\"https:\/\/itsmybike.com\/en\/instant-success-thanks-to-gps-tracker-stolen-e-bike-recovered-in-muenster\/\" title=\"Instant success thanks to GPS tracker: stolen e-bike recovered in M\u00fcnster\" rel=\"bookmark\">Instant success thanks to GPS tracker: stolen e-bike recovered in M\u00fcnster<\/a>\n\t<\/h3>\n\n\t<div class=\"entry-meta\"><span class=\"category-link\"><a href=\"https:\/\/itsmybike.com\/en\/category\/success-stories\/\" >Success stories<\/a><\/span><a href=\"https:\/\/itsmybike.com\/en\/2024\/05\/28\/\" title=\"11:31\" class=\"data-link\" rel=\"bookmark\"><time class=\"entry-date updated\" datetime=\"2024-05-28T11:31:13+02:00\">28. May 2024<\/time><\/a><\/div>\n\t<div class=\"entry-excerpt\"><p>A bike thief stole Bernd Schr\u00f6der\u2019s e-bike in late April. Luckily for Bernd, it was fitted with a GPS tracker.<\/p>\n<\/div>\n\t\n<a href=\"https:\/\/itsmybike.com\/en\/instant-success-thanks-to-gps-tracker-stolen-e-bike-recovered-in-muenster\/\" class=\"dt-btn-s dt-btn post-details details-type-btn\" aria-label=\"Read more about Instant success thanks to GPS tracker: stolen e-bike recovered in M\u00fcnster\">Read more<i class=\"dt-icon-the7-arrow-03\" aria-hidden=\"true\"><\/i><\/a>\n\n<\/div><\/article><article class=\"post project-odd visible post-7856 type-post status-publish format-standard has-post-thumbnail hentry category-success-stories category-38 description-off\" data-name=\"Brazen theft uncovered: dismantled e-bike found in box, wrapped in foil\" data-date=\"2024-05-08T11:26:53+02:00\">\n\n<div class=\"post-thumbnail-wrap\">\n\t<div class=\"post-thumbnail\">\n\n\t\t\n\t\t\n\t\t<a href=\"https:\/\/itsmybike.com\/en\/brazen-theft-uncovered-dismantled-e-bike-found-in-box-wrapped-in-foil\/\" class=\"post-thumbnail-rollover\" ><img loading=\"lazy\" decoding=\"async\" class=\"preload-me aspect\" src=\"https:\/\/itsmybike.com\/wp-content\/uploads\/2024\/04\/AdobeStock_415196535-scaled-768x768.jpeg\" srcset=\"https:\/\/itsmybike.com\/wp-content\/uploads\/2024\/04\/AdobeStock_415196535-scaled-768x768.jpeg 768w, https:\/\/itsmybike.com\/wp-content\/uploads\/2024\/04\/AdobeStock_415196535-scaled-1215x1215.jpeg 1215w\" style=\"--ratio: 768 \/ 768\" sizes=\"auto, (max-width: 768px) 100vw, 768px\" alt=\"\" title=\"Many people in the city center in the pedestrian zone\rwho walk on foot and by bicycle\" width=\"768\" height=\"768\"  \/><\/a>\n\t<\/div>\n<\/div>\n\n\n<div class=\"post-entry-content\">\n\n\t<h3 class=\"entry-title\">\n\t\t<a href=\"https:\/\/itsmybike.com\/en\/brazen-theft-uncovered-dismantled-e-bike-found-in-box-wrapped-in-foil\/\" title=\"Brazen theft uncovered: dismantled e-bike found in box, wrapped in foil\" rel=\"bookmark\">Brazen theft uncovered: dismantled e-bike found in box, wrapped in foil<\/a>\n\t<\/h3>\n\n\t<div class=\"entry-meta\"><span class=\"category-link\"><a href=\"https:\/\/itsmybike.com\/en\/category\/success-stories\/\" >Success stories<\/a><\/span><a href=\"https:\/\/itsmybike.com\/en\/2024\/05\/08\/\" title=\"11:26\" class=\"data-link\" rel=\"bookmark\"><time class=\"entry-date updated\" datetime=\"2024-05-08T11:26:53+02:00\">8. May 2024<\/time><\/a><\/div>\n\t<div class=\"entry-excerpt\"><p>An e-bike disappeared from outside a Leipzig citizens\u2019 centre. Police found it a short time later wrapped in aluminium foil.<\/p>\n<\/div>\n\t\n<a href=\"https:\/\/itsmybike.com\/en\/brazen-theft-uncovered-dismantled-e-bike-found-in-box-wrapped-in-foil\/\" class=\"dt-btn-s dt-btn post-details details-type-btn\" aria-label=\"Read more about Brazen theft uncovered: dismantled e-bike found in box, wrapped in foil\">Read more<i class=\"dt-icon-the7-arrow-03\" aria-hidden=\"true\"><\/i><\/a>\n\n<\/div><\/article><article class=\"post project-odd visible post-7850 type-post status-publish format-standard has-post-thumbnail hentry category-success-stories category-38 description-off\" data-name=\"Big find in Leipzig: more than 30 stolen e-bikes intercepted thanks to a GPS tracker\" data-date=\"2024-04-30T11:19:09+02:00\">\n\n<div class=\"post-thumbnail-wrap\">\n\t<div class=\"post-thumbnail\">\n\n\t\t\n\t\t\n\t\t<a href=\"https:\/\/itsmybike.com\/en\/big-find-in-leipzig-more-than-30-stolen-e-bikes-intercepted-thanks-to-a-gps-tracker\/\" class=\"post-thumbnail-rollover\" ><img loading=\"lazy\" decoding=\"async\" class=\"preload-me aspect\" src=\"https:\/\/itsmybike.com\/wp-content\/uploads\/2024\/04\/AdobeStock_469923402-scaled-768x768.jpeg\" srcset=\"https:\/\/itsmybike.com\/wp-content\/uploads\/2024\/04\/AdobeStock_469923402-scaled-768x768.jpeg 768w, https:\/\/itsmybike.com\/wp-content\/uploads\/2024\/04\/AdobeStock_469923402-scaled-922x922.jpeg 922w\" style=\"--ratio: 768 \/ 768\" sizes=\"auto, (max-width: 768px) 100vw, 768px\" alt=\"\" title=\"Road bike parked on a beautiful road sunset, warm light with cop\" width=\"768\" height=\"768\"  \/><\/a>\n\t<\/div>\n<\/div>\n\n\n<div class=\"post-entry-content\">\n\n\t<h3 class=\"entry-title\">\n\t\t<a href=\"https:\/\/itsmybike.com\/en\/big-find-in-leipzig-more-than-30-stolen-e-bikes-intercepted-thanks-to-a-gps-tracker\/\" title=\"Big find in Leipzig: more than 30 stolen e-bikes intercepted thanks to a GPS tracker\" rel=\"bookmark\">Big find in Leipzig: more than 30 stolen e-bikes intercepted thanks to a GPS tracker<\/a>\n\t<\/h3>\n\n\t<div class=\"entry-meta\"><span class=\"category-link\"><a href=\"https:\/\/itsmybike.com\/en\/category\/success-stories\/\" >Success stories<\/a><\/span><a href=\"https:\/\/itsmybike.com\/en\/2024\/04\/30\/\" title=\"11:19\" class=\"data-link\" rel=\"bookmark\"><time class=\"entry-date updated\" datetime=\"2024-04-30T11:19:09+02:00\">30. April 2024<\/time><\/a><\/div>\n\t<div class=\"entry-excerpt\"><p>In late March, a bike thief appropriated Sandra Z.\u2019s* bike in the very centre of Leipzig. But the police discovered much more than expected when they found her bike.<\/p>\n<\/div>\n\t\n<a href=\"https:\/\/itsmybike.com\/en\/big-find-in-leipzig-more-than-30-stolen-e-bikes-intercepted-thanks-to-a-gps-tracker\/\" class=\"dt-btn-s dt-btn post-details details-type-btn\" aria-label=\"Read more about Big find in Leipzig: more than 30 stolen e-bikes intercepted thanks to a GPS tracker\">Read more<i class=\"dt-icon-the7-arrow-03\" aria-hidden=\"true\"><\/i><\/a>\n\n<\/div><\/article><article class=\"post project-odd visible post-7737 type-post status-publish format-standard has-post-thumbnail hentry category-success-stories category-38 description-off\" data-name=\"Petty criminal known to police steals e-bike in Rostock\" data-date=\"2024-04-09T10:20:01+02:00\">\n\n<div class=\"post-thumbnail-wrap\">\n\t<div class=\"post-thumbnail\">\n\n\t\t\n\t\t\n\t\t<a href=\"https:\/\/itsmybike.com\/en\/petty-criminal-known-to-police-steals-e-bike-in-rostock\/\" class=\"post-thumbnail-rollover\" ><img loading=\"lazy\" decoding=\"async\" class=\"preload-me aspect\" src=\"https:\/\/itsmybike.com\/wp-content\/uploads\/2024\/03\/AdobeStock_511445439-scaled-768x768.jpeg\" srcset=\"https:\/\/itsmybike.com\/wp-content\/uploads\/2024\/03\/AdobeStock_511445439-scaled-768x768.jpeg 768w, https:\/\/itsmybike.com\/wp-content\/uploads\/2024\/03\/AdobeStock_511445439-scaled-1152x1152.jpeg 1152w\" style=\"--ratio: 768 \/ 768\" sizes=\"auto, (max-width: 768px) 100vw, 768px\" alt=\"\" title=\"AdobeStock_511445439\" width=\"768\" height=\"768\"  \/><\/a>\n\t<\/div>\n<\/div>\n\n\n<div class=\"post-entry-content\">\n\n\t<h3 class=\"entry-title\">\n\t\t<a href=\"https:\/\/itsmybike.com\/en\/petty-criminal-known-to-police-steals-e-bike-in-rostock\/\" title=\"Petty criminal known to police steals e-bike in Rostock\" rel=\"bookmark\">Petty criminal known to police steals e-bike in Rostock<\/a>\n\t<\/h3>\n\n\t<div class=\"entry-meta\"><span class=\"category-link\"><a href=\"https:\/\/itsmybike.com\/en\/category\/success-stories\/\" >Success stories<\/a><\/span><a href=\"https:\/\/itsmybike.com\/en\/2024\/04\/09\/\" title=\"10:20\" class=\"data-link\" rel=\"bookmark\"><time class=\"entry-date updated\" datetime=\"2024-04-09T10:20:01+02:00\">9. April 2024<\/time><\/a><\/div>\n\t<div class=\"entry-excerpt\"><p>In late February, a small-time thief snatched Dina F.\u2019s* bike right from the entrance to her building in Rostock.<\/p>\n<\/div>\n\t\n<a href=\"https:\/\/itsmybike.com\/en\/petty-criminal-known-to-police-steals-e-bike-in-rostock\/\" class=\"dt-btn-s dt-btn post-details details-type-btn\" aria-label=\"Read more about Petty criminal known to police steals e-bike in Rostock\">Read more<i class=\"dt-icon-the7-arrow-03\" aria-hidden=\"true\"><\/i><\/a>\n\n<\/div><\/article><article class=\"post project-odd visible post-7759 type-post status-publish format-standard has-post-thumbnail hentry category-press-releases category-26 description-off\" data-name=\"Cooperative partnership to increase bike security: IoT Venture and LinuZ agree on collaboration\" data-date=\"2024-03-12T10:23:56+01:00\">\n\n<div class=\"post-thumbnail-wrap\">\n\t<div class=\"post-thumbnail\">\n\n\t\t\n\t\t\n\t\t<a href=\"https:\/\/itsmybike.com\/en\/cooperative-partnership-to-increase-bike-security-iot-venture-and-linuz-agree-on-collaboration\/\" class=\"post-thumbnail-rollover\" ><img loading=\"lazy\" decoding=\"async\" class=\"preload-me aspect\" src=\"https:\/\/itsmybike.com\/wp-content\/uploads\/2024\/03\/LinuZ_SOEE-CYCLE-722x722.jpeg\" srcset=\"https:\/\/itsmybike.com\/wp-content\/uploads\/2024\/03\/LinuZ_SOEE-CYCLE-722x722.jpeg 722w\" style=\"--ratio: 722 \/ 722\" sizes=\"auto, (max-width: 722px) 100vw, 722px\" alt=\"\" title=\"LinuZ_SOEE CYCLE\" width=\"722\" height=\"722\"  \/><\/a>\n\t<\/div>\n<\/div>\n\n\n<div class=\"post-entry-content\">\n\n\t<h3 class=\"entry-title\">\n\t\t<a href=\"https:\/\/itsmybike.com\/en\/cooperative-partnership-to-increase-bike-security-iot-venture-and-linuz-agree-on-collaboration\/\" title=\"Cooperative partnership to increase bike security: IoT Venture and LinuZ agree on collaboration\" rel=\"bookmark\">Cooperative partnership to increase bike security: IoT Venture and LinuZ agree on collaboration<\/a>\n\t<\/h3>\n\n\t<div class=\"entry-meta\"><span class=\"category-link\"><a href=\"https:\/\/itsmybike.com\/en\/category\/press-releases\/\" >Press releases<\/a><\/span><a href=\"https:\/\/itsmybike.com\/en\/2024\/03\/12\/\" title=\"10:23\" class=\"data-link\" rel=\"bookmark\"><time class=\"entry-date updated\" datetime=\"2024-03-12T10:23:56+01:00\">12. March 2024<\/time><\/a><\/div>\n\t<div class=\"entry-excerpt\"><p>[vc_row el_class=&#8221;blogpost-imb&#8221;][vc_column][vc_column_text el_class=&#8221;teaser-imb&#8221; css=&#8221;.vc_custom_1710163905895{padding-bottom: 20px !important;}&#8221;] IoT Venture GmbH now has another strong partner at its side in LinuZ GmbH. Based in Baden-W\u00fcrttemberg, the company brings together three brands under&hellip;<\/p>\n<\/div>\n\t\n<a href=\"https:\/\/itsmybike.com\/en\/cooperative-partnership-to-increase-bike-security-iot-venture-and-linuz-agree-on-collaboration\/\" class=\"dt-btn-s dt-btn post-details details-type-btn\" aria-label=\"Read more about Cooperative partnership to increase bike security: IoT Venture and LinuZ agree on collaboration\">Read more<i class=\"dt-icon-the7-arrow-03\" aria-hidden=\"true\"><\/i><\/a>\n\n<\/div><\/article><article class=\"post project-odd visible post-7731 type-post status-publish format-standard has-post-thumbnail hentry category-success-stories category-38 description-off\" data-name=\"E-bike with GPS tracker stolen in Cologne\" data-date=\"2024-03-07T10:15:56+01:00\">\n\n<div class=\"post-thumbnail-wrap\">\n\t<div class=\"post-thumbnail\">\n\n\t\t\n\t\t\n\t\t<a href=\"https:\/\/itsmybike.com\/en\/e-bike-with-gps-tracker-stolen-in-cologne\/\" class=\"post-thumbnail-rollover\" ><img loading=\"lazy\" decoding=\"async\" class=\"preload-me aspect\" src=\"https:\/\/itsmybike.com\/wp-content\/uploads\/2024\/02\/428399910_24760046950307435_6855514316048226197_n-400x400.jpg\" srcset=\"https:\/\/itsmybike.com\/wp-content\/uploads\/2024\/02\/428399910_24760046950307435_6855514316048226197_n-400x400.jpg 400w, https:\/\/itsmybike.com\/wp-content\/uploads\/2024\/02\/428399910_24760046950307435_6855514316048226197_n-399x400.jpg 399w\" style=\"--ratio: 400 \/ 400\" sizes=\"auto, (max-width: 400px) 100vw, 400px\" alt=\"\" title=\"428399910_24760046950307435_6855514316048226197_n\" width=\"400\" height=\"400\"  \/><\/a>\n\t<\/div>\n<\/div>\n\n\n<div class=\"post-entry-content\">\n\n\t<h3 class=\"entry-title\">\n\t\t<a href=\"https:\/\/itsmybike.com\/en\/e-bike-with-gps-tracker-stolen-in-cologne\/\" title=\"E-bike with GPS tracker stolen in Cologne\" rel=\"bookmark\">E-bike with GPS tracker stolen in Cologne<\/a>\n\t<\/h3>\n\n\t<div class=\"entry-meta\"><span class=\"category-link\"><a href=\"https:\/\/itsmybike.com\/en\/category\/success-stories\/\" >Success stories<\/a><\/span><a href=\"https:\/\/itsmybike.com\/en\/2024\/03\/07\/\" title=\"10:15\" class=\"data-link\" rel=\"bookmark\"><time class=\"entry-date updated\" datetime=\"2024-03-07T10:15:56+01:00\">7. March 2024<\/time><\/a><\/div>\n\t<div class=\"entry-excerpt\"><p>A bike thief stole Peter R.\u2019s bike from his stairway in Cologne in early February. Luckily, it was fitted with a GPS tracker.<\/p>\n<\/div>\n\t\n<a href=\"https:\/\/itsmybike.com\/en\/e-bike-with-gps-tracker-stolen-in-cologne\/\" class=\"dt-btn-s dt-btn post-details details-type-btn\" aria-label=\"Read more about E-bike with GPS tracker stolen in Cologne\">Read more<i class=\"dt-icon-the7-arrow-03\" aria-hidden=\"true\"><\/i><\/a>\n\n<\/div><\/article><article class=\"post project-odd visible post-7609 type-post status-publish format-standard has-post-thumbnail hentry category-press-releases category-26 description-off\" data-name=\"More efficient e-bike insurance through GPS tracking: IoT Venture cooperates with Laka\" data-date=\"2024-03-06T11:55:38+01:00\">\n\n<div class=\"post-thumbnail-wrap\">\n\t<div class=\"post-thumbnail\">\n\n\t\t\n\t\t\n\t\t<a href=\"https:\/\/itsmybike.com\/en\/more-efficient-e-bike-insurance-through-gps-tracking-iot-venture-cooperates-with-laka\/\" class=\"post-thumbnail-rollover\" ><img loading=\"lazy\" decoding=\"async\" class=\"preload-me aspect\" src=\"https:\/\/itsmybike.com\/wp-content\/uploads\/2024\/03\/Laka-Header-Image-768x768.jpg\" srcset=\"https:\/\/itsmybike.com\/wp-content\/uploads\/2024\/03\/Laka-Header-Image-768x768.jpg 768w, https:\/\/itsmybike.com\/wp-content\/uploads\/2024\/03\/Laka-Header-Image-1115x1115.jpg 1115w\" style=\"--ratio: 768 \/ 768\" sizes=\"auto, (max-width: 768px) 100vw, 768px\" alt=\"\" title=\"Laka Header Image\" width=\"768\" height=\"768\"  \/><\/a>\n\t<\/div>\n<\/div>\n\n\n<div class=\"post-entry-content\">\n\n\t<h3 class=\"entry-title\">\n\t\t<a href=\"https:\/\/itsmybike.com\/en\/more-efficient-e-bike-insurance-through-gps-tracking-iot-venture-cooperates-with-laka\/\" title=\"More efficient e-bike insurance through GPS tracking: IoT Venture cooperates with Laka\" rel=\"bookmark\">More efficient e-bike insurance through GPS tracking: IoT Venture cooperates with Laka<\/a>\n\t<\/h3>\n\n\t<div class=\"entry-meta\"><span class=\"category-link\"><a href=\"https:\/\/itsmybike.com\/en\/category\/press-releases\/\" >Press releases<\/a><\/span><a href=\"https:\/\/itsmybike.com\/en\/2024\/03\/06\/\" title=\"11:55\" class=\"data-link\" rel=\"bookmark\"><time class=\"entry-date updated\" datetime=\"2024-03-06T11:55:38+01:00\">6. March 2024<\/time><\/a><\/div>\n\t<div class=\"entry-excerpt\"><p>Since this year, the Darmstadt-based expert in the field of connected bikes has been supporting the UK-based insurance provider Laka in the recovery of stolen e-bikes.<\/p>\n<\/div>\n\t\n<a href=\"https:\/\/itsmybike.com\/en\/more-efficient-e-bike-insurance-through-gps-tracking-iot-venture-cooperates-with-laka\/\" class=\"dt-btn-s dt-btn post-details details-type-btn\" aria-label=\"Read more about More efficient e-bike insurance through GPS tracking: IoT Venture cooperates with Laka\">Read more<i class=\"dt-icon-the7-arrow-03\" aria-hidden=\"true\"><\/i><\/a>\n\n<\/div><\/article><article class=\"post project-odd visible post-7725 type-post status-publish format-standard has-post-thumbnail hentry category-success-stories category-38 description-off\" data-name=\"Cargo bike stolen in Hamburg retrieved within three hours\" data-date=\"2024-02-20T10:11:43+01:00\">\n\n<div class=\"post-thumbnail-wrap\">\n\t<div class=\"post-thumbnail\">\n\n\t\t\n\t\t\n\t\t<a href=\"https:\/\/itsmybike.com\/en\/cargo-bike-stolen-in-hamburg-retrieved-within-three-hours\/\" class=\"post-thumbnail-rollover\" ><img loading=\"lazy\" decoding=\"async\" class=\"preload-me aspect\" src=\"https:\/\/itsmybike.com\/wp-content\/uploads\/2024\/01\/418733251_1837891516643356_6723229929307642259_n-400x400.jpg\" srcset=\"https:\/\/itsmybike.com\/wp-content\/uploads\/2024\/01\/418733251_1837891516643356_6723229929307642259_n-400x400.jpg 400w, https:\/\/itsmybike.com\/wp-content\/uploads\/2024\/01\/418733251_1837891516643356_6723229929307642259_n-399x400.jpg 399w\" style=\"--ratio: 400 \/ 400\" sizes=\"auto, (max-width: 400px) 100vw, 400px\" alt=\"\" title=\"418733251_1837891516643356_6723229929307642259_n\" width=\"400\" height=\"400\"  \/><\/a>\n\t<\/div>\n<\/div>\n\n\n<div class=\"post-entry-content\">\n\n\t<h3 class=\"entry-title\">\n\t\t<a href=\"https:\/\/itsmybike.com\/en\/cargo-bike-stolen-in-hamburg-retrieved-within-three-hours\/\" title=\"Cargo bike stolen in Hamburg retrieved within three hours\" rel=\"bookmark\">Cargo bike stolen in Hamburg retrieved within three hours<\/a>\n\t<\/h3>\n\n\t<div class=\"entry-meta\"><span class=\"category-link\"><a href=\"https:\/\/itsmybike.com\/en\/category\/success-stories\/\" >Success stories<\/a><\/span><a href=\"https:\/\/itsmybike.com\/en\/2024\/02\/20\/\" title=\"10:11\" class=\"data-link\" rel=\"bookmark\"><time class=\"entry-date updated\" datetime=\"2024-02-20T10:11:43+01:00\">20. February 2024<\/time><\/a><\/div>\n\t<div class=\"entry-excerpt\"><p>A Hamburg bike thief appropriated two bikes belonging to Phil S* in mid-January.<\/p>\n<\/div>\n\t\n<a href=\"https:\/\/itsmybike.com\/en\/cargo-bike-stolen-in-hamburg-retrieved-within-three-hours\/\" class=\"dt-btn-s dt-btn post-details details-type-btn\" aria-label=\"Read more about Cargo bike stolen in Hamburg retrieved within three hours\">Read more<i class=\"dt-icon-the7-arrow-03\" aria-hidden=\"true\"><\/i><\/a>\n\n<\/div><\/article><article class=\"post project-odd visible post-7719 type-post status-publish format-standard has-post-thumbnail hentry category-success-stories category-38 description-off\" data-name=\"Own innovation in action: two bikes stolen from own company recovered\" data-date=\"2024-01-25T10:07:26+01:00\">\n\n<div class=\"post-thumbnail-wrap\">\n\t<div class=\"post-thumbnail\">\n\n\t\t\n\t\t\n\t\t<a href=\"https:\/\/itsmybike.com\/en\/own-innovation-in-action-two-bikes-stolen-from-own-company-recovered\/\" class=\"post-thumbnail-rollover\" ><img loading=\"lazy\" decoding=\"async\" class=\"preload-me aspect\" src=\"https:\/\/itsmybike.com\/wp-content\/uploads\/2024\/01\/IMG_2061-scaled-768x768.jpg\" srcset=\"https:\/\/itsmybike.com\/wp-content\/uploads\/2024\/01\/IMG_2061-scaled-768x768.jpg 768w, https:\/\/itsmybike.com\/wp-content\/uploads\/2024\/01\/IMG_2061-scaled-1306x1306.jpg 1306w\" style=\"--ratio: 768 \/ 768\" sizes=\"auto, (max-width: 768px) 100vw, 768px\" alt=\"\" title=\"IMG_2061\" width=\"768\" height=\"768\"  \/><\/a>\n\t<\/div>\n<\/div>\n\n\n<div class=\"post-entry-content\">\n\n\t<h3 class=\"entry-title\">\n\t\t<a href=\"https:\/\/itsmybike.com\/en\/own-innovation-in-action-two-bikes-stolen-from-own-company-recovered\/\" title=\"Own innovation in action: two bikes stolen from own company recovered\" rel=\"bookmark\">Own innovation in action: two bikes stolen from own company recovered<\/a>\n\t<\/h3>\n\n\t<div class=\"entry-meta\"><span class=\"category-link\"><a href=\"https:\/\/itsmybike.com\/en\/category\/success-stories\/\" >Success stories<\/a><\/span><a href=\"https:\/\/itsmybike.com\/en\/2024\/01\/25\/\" title=\"10:07\" class=\"data-link\" rel=\"bookmark\"><time class=\"entry-date updated\" datetime=\"2024-01-25T10:07:26+01:00\">25. January 2024<\/time><\/a><\/div>\n\t<div class=\"entry-excerpt\"><p>Not just one but two e-bikes were stolen in succession from IT\u2019S MY BIKE in early December.<\/p>\n<\/div>\n\t\n<a href=\"https:\/\/itsmybike.com\/en\/own-innovation-in-action-two-bikes-stolen-from-own-company-recovered\/\" class=\"dt-btn-s dt-btn post-details details-type-btn\" aria-label=\"Read more about Own innovation in action: two bikes stolen from own company recovered\">Read more<i class=\"dt-icon-the7-arrow-03\" aria-hidden=\"true\"><\/i><\/a>\n\n<\/div><\/article><article class=\"post project-odd visible post-7571 type-post status-publish format-standard has-post-thumbnail hentry category-success-stories category-38 description-off\" data-name=\"Bike worth 10,000 euros stolen in Kiel discovered in van\" data-date=\"2024-01-16T09:00:20+01:00\">\n\n<div class=\"post-thumbnail-wrap\">\n\t<div class=\"post-thumbnail\">\n\n\t\t\n\t\t\n\t\t<a href=\"https:\/\/itsmybike.com\/en\/bike-worth-10000-euros-stolen-in-kiel-discovered-in-van\/\" class=\"post-thumbnail-rollover\" ><img loading=\"lazy\" decoding=\"async\" class=\"preload-me aspect\" src=\"https:\/\/itsmybike.com\/wp-content\/uploads\/2024\/01\/411442386_3901767026717367_2298911203388976156_n-403x403.jpg\" srcset=\"https:\/\/itsmybike.com\/wp-content\/uploads\/2024\/01\/411442386_3901767026717367_2298911203388976156_n-403x403.jpg 403w\" style=\"--ratio: 403 \/ 403\" sizes=\"auto, (max-width: 403px) 100vw, 403px\" alt=\"\" title=\"411442386_3901767026717367_2298911203388976156_n\" width=\"403\" height=\"403\"  \/><\/a>\n\t<\/div>\n<\/div>\n\n\n<div class=\"post-entry-content\">\n\n\t<h3 class=\"entry-title\">\n\t\t<a href=\"https:\/\/itsmybike.com\/en\/bike-worth-10000-euros-stolen-in-kiel-discovered-in-van\/\" title=\"Bike worth 10,000 euros stolen in Kiel discovered in van\" rel=\"bookmark\">Bike worth 10,000 euros stolen in Kiel discovered in van<\/a>\n\t<\/h3>\n\n\t<div class=\"entry-meta\"><span class=\"category-link\"><a href=\"https:\/\/itsmybike.com\/en\/category\/success-stories\/\" >Success stories<\/a><\/span><a href=\"https:\/\/itsmybike.com\/en\/2024\/01\/16\/\" title=\"9:00\" class=\"data-link\" rel=\"bookmark\"><time class=\"entry-date updated\" datetime=\"2024-01-16T09:00:20+01:00\">16. January 2024<\/time><\/a><\/div>\n\t<div class=\"entry-excerpt\"><p>A thief made off with Chris B.\u2019s e-bike from his Kiel holiday apartment in mid-November.<\/p>\n<\/div>\n\t\n<a href=\"https:\/\/itsmybike.com\/en\/bike-worth-10000-euros-stolen-in-kiel-discovered-in-van\/\" class=\"dt-btn-s dt-btn post-details details-type-btn\" aria-label=\"Read more about Bike worth 10,000 euros stolen in Kiel discovered in van\">Read more<i class=\"dt-icon-the7-arrow-03\" aria-hidden=\"true\"><\/i><\/a>\n\n<\/div><\/article><article class=\"post project-odd visible post-7517 type-post status-publish format-standard has-post-thumbnail hentry category-success-stories category-38 description-off\" data-name=\"E-bike stolen in Aachen appears in Cologne\" data-date=\"2023-11-23T09:00:01+01:00\">\n\n<div class=\"post-thumbnail-wrap\">\n\t<div class=\"post-thumbnail\">\n\n\t\t\n\t\t\n\t\t<a href=\"https:\/\/itsmybike.com\/en\/e-bike-stolen-in-aachen-appears-in-cologne\/\" class=\"post-thumbnail-rollover\" ><img loading=\"lazy\" decoding=\"async\" class=\"preload-me aspect\" src=\"https:\/\/itsmybike.com\/wp-content\/uploads\/2023\/10\/370252906_1162673851360661_1581235252558657485_n-400x400.jpg\" srcset=\"https:\/\/itsmybike.com\/wp-content\/uploads\/2023\/10\/370252906_1162673851360661_1581235252558657485_n-400x400.jpg 400w, https:\/\/itsmybike.com\/wp-content\/uploads\/2023\/10\/370252906_1162673851360661_1581235252558657485_n-399x400.jpg 399w\" style=\"--ratio: 400 \/ 400\" sizes=\"auto, (max-width: 400px) 100vw, 400px\" alt=\"\" title=\"Symbolbild Streifenwagen der Autobahnpolizei im Einsatz auf Autobahn\" width=\"400\" height=\"400\"  \/><\/a>\n\t<\/div>\n<\/div>\n\n\n<div class=\"post-entry-content\">\n\n\t<h3 class=\"entry-title\">\n\t\t<a href=\"https:\/\/itsmybike.com\/en\/e-bike-stolen-in-aachen-appears-in-cologne\/\" title=\"E-bike stolen in Aachen appears in Cologne\" rel=\"bookmark\">E-bike stolen in Aachen appears in Cologne<\/a>\n\t<\/h3>\n\n\t<div class=\"entry-meta\"><span class=\"category-link\"><a href=\"https:\/\/itsmybike.com\/en\/category\/success-stories\/\" >Success stories<\/a><\/span><a href=\"https:\/\/itsmybike.com\/en\/2023\/11\/23\/\" title=\"9:00\" class=\"data-link\" rel=\"bookmark\"><time class=\"entry-date updated\" datetime=\"2023-11-23T09:00:01+01:00\">23. November 2023<\/time><\/a><\/div>\n\t<div class=\"entry-excerpt\"><p>A thief made off with Nele N.\u2019s e-bike in mid-July while she was on holiday. She didn\u2019t notice the loss until a few days later.<\/p>\n<\/div>\n\t\n<a href=\"https:\/\/itsmybike.com\/en\/e-bike-stolen-in-aachen-appears-in-cologne\/\" class=\"dt-btn-s dt-btn post-details details-type-btn\" aria-label=\"Read more about E-bike stolen in Aachen appears in Cologne\">Read more<i class=\"dt-icon-the7-arrow-03\" aria-hidden=\"true\"><\/i><\/a>\n\n<\/div><\/article><article class=\"post project-odd visible post-7511 type-post status-publish format-standard has-post-thumbnail hentry category-success-stories category-38 description-off\" data-name=\"E-bike with child trailer stolen in Aachen\" data-date=\"2023-11-02T10:55:40+01:00\">\n\n<div class=\"post-thumbnail-wrap\">\n\t<div class=\"post-thumbnail\">\n\n\t\t\n\t\t\n\t\t<a href=\"https:\/\/itsmybike.com\/en\/e-bike-with-child-trailer-stolen-in-aachen\/\" class=\"post-thumbnail-rollover\" ><img loading=\"lazy\" decoding=\"async\" class=\"preload-me aspect\" src=\"https:\/\/itsmybike.com\/wp-content\/uploads\/2023\/10\/370291489_345774461462630_1518662119827478304_n-400x400.jpg\" srcset=\"https:\/\/itsmybike.com\/wp-content\/uploads\/2023\/10\/370291489_345774461462630_1518662119827478304_n-400x400.jpg 400w, https:\/\/itsmybike.com\/wp-content\/uploads\/2023\/10\/370291489_345774461462630_1518662119827478304_n-399x400.jpg 399w\" style=\"--ratio: 400 \/ 400\" sizes=\"auto, (max-width: 400px) 100vw, 400px\" alt=\"\" title=\"370291489_345774461462630_1518662119827478304_n\" width=\"400\" height=\"400\"  \/><\/a>\n\t<\/div>\n<\/div>\n\n\n<div class=\"post-entry-content\">\n\n\t<h3 class=\"entry-title\">\n\t\t<a href=\"https:\/\/itsmybike.com\/en\/e-bike-with-child-trailer-stolen-in-aachen\/\" title=\"E-bike with child trailer stolen in Aachen\" rel=\"bookmark\">E-bike with child trailer stolen in Aachen<\/a>\n\t<\/h3>\n\n\t<div class=\"entry-meta\"><span class=\"category-link\"><a href=\"https:\/\/itsmybike.com\/en\/category\/success-stories\/\" >Success stories<\/a><\/span><a href=\"https:\/\/itsmybike.com\/en\/2023\/11\/02\/\" title=\"10:55\" class=\"data-link\" rel=\"bookmark\"><time class=\"entry-date updated\" datetime=\"2023-11-02T10:55:40+01:00\">2. November 2023<\/time><\/a><\/div>\n\t<div class=\"entry-excerpt\"><p>A thief made off with Andre M\u2019s e-bike in early October. Unfortunately, he didn\u2019t notice his beloved bike had been stolen until the next morning.<\/p>\n<\/div>\n\t\n<a href=\"https:\/\/itsmybike.com\/en\/e-bike-with-child-trailer-stolen-in-aachen\/\" class=\"dt-btn-s dt-btn post-details details-type-btn\" aria-label=\"Read more about E-bike with child trailer stolen in Aachen\">Read more<i class=\"dt-icon-the7-arrow-03\" aria-hidden=\"true\"><\/i><\/a>\n\n<\/div><\/article><article class=\"post project-odd visible post-7505 type-post status-publish format-standard has-post-thumbnail hentry category-success-stories category-38 description-off\" data-name=\"Bike thieves apprehended thanks to GPS tracker\" data-date=\"2023-10-24T10:47:57+02:00\">\n\n<div class=\"post-thumbnail-wrap\">\n\t<div class=\"post-thumbnail\">\n\n\t\t\n\t\t\n\t\t<a href=\"https:\/\/itsmybike.com\/en\/bike-thieves-apprehended-thanks-to-gps-tracker\/\" class=\"post-thumbnail-rollover\" ><img loading=\"lazy\" decoding=\"async\" class=\"preload-me aspect\" src=\"https:\/\/itsmybike.com\/wp-content\/uploads\/2023\/10\/AdobeStock_141941378-scaled-768x768.jpeg\" srcset=\"https:\/\/itsmybike.com\/wp-content\/uploads\/2023\/10\/AdobeStock_141941378-scaled-768x768.jpeg 768w, https:\/\/itsmybike.com\/wp-content\/uploads\/2023\/10\/AdobeStock_141941378-scaled-1306x1306.jpeg 1306w\" style=\"--ratio: 768 \/ 768\" sizes=\"auto, (max-width: 768px) 100vw, 768px\" alt=\"\" title=\"an underground garage\" width=\"768\" height=\"768\"  \/><\/a>\n\t<\/div>\n<\/div>\n\n\n<div class=\"post-entry-content\">\n\n\t<h3 class=\"entry-title\">\n\t\t<a href=\"https:\/\/itsmybike.com\/en\/bike-thieves-apprehended-thanks-to-gps-tracker\/\" title=\"Bike thieves apprehended thanks to GPS tracker\" rel=\"bookmark\">Bike thieves apprehended thanks to GPS tracker<\/a>\n\t<\/h3>\n\n\t<div class=\"entry-meta\"><span class=\"category-link\"><a href=\"https:\/\/itsmybike.com\/en\/category\/success-stories\/\" >Success stories<\/a><\/span><a href=\"https:\/\/itsmybike.com\/en\/2023\/10\/24\/\" title=\"10:47\" class=\"data-link\" rel=\"bookmark\"><time class=\"entry-date updated\" datetime=\"2023-10-24T10:47:57+02:00\">24. October 2023<\/time><\/a><\/div>\n\t<div class=\"entry-excerpt\"><p>It was late September. For many, it was just a regular workday, but not for Eric K. as it turned out, because a thief had targeted his bicycle during the&hellip;<\/p>\n<\/div>\n\t\n<a href=\"https:\/\/itsmybike.com\/en\/bike-thieves-apprehended-thanks-to-gps-tracker\/\" class=\"dt-btn-s dt-btn post-details details-type-btn\" aria-label=\"Read more about Bike thieves apprehended thanks to GPS tracker\">Read more<i class=\"dt-icon-the7-arrow-03\" aria-hidden=\"true\"><\/i><\/a>\n\n<\/div><\/article><article class=\"post project-odd visible post-7550 type-post status-publish format-standard has-post-thumbnail hentry category-press-releases category-26 description-off\" data-name=\"A strong partnership: Dance and IoT Venture intensify their collaboration\" data-date=\"2023-10-11T12:27:58+02:00\">\n\n<div class=\"post-thumbnail-wrap\">\n\t<div class=\"post-thumbnail\">\n\n\t\t\n\t\t\n\t\t<a href=\"https:\/\/itsmybike.com\/en\/a-strong-partnership-dance-and-iot-venture-intensify-their-collaboration\/\" class=\"post-thumbnail-rollover\" ><img loading=\"lazy\" decoding=\"async\" class=\"preload-me aspect\" src=\"https:\/\/itsmybike.com\/wp-content\/uploads\/2023\/10\/DANCE_0010-2-768x768.webp\" srcset=\"https:\/\/itsmybike.com\/wp-content\/uploads\/2023\/10\/DANCE_0010-2-768x768.webp 768w, https:\/\/itsmybike.com\/wp-content\/uploads\/2023\/10\/DANCE_0010-2-933x933.webp 933w\" style=\"--ratio: 768 \/ 768\" sizes=\"auto, (max-width: 768px) 100vw, 768px\" alt=\"\" title=\"DANCE_0010-2\" width=\"768\" height=\"768\"  \/><\/a>\n\t<\/div>\n<\/div>\n\n\n<div class=\"post-entry-content\">\n\n\t<h3 class=\"entry-title\">\n\t\t<a href=\"https:\/\/itsmybike.com\/en\/a-strong-partnership-dance-and-iot-venture-intensify-their-collaboration\/\" title=\"A strong partnership: Dance and IoT Venture intensify their collaboration\" rel=\"bookmark\">A strong partnership: Dance and IoT Venture intensify their collaboration<\/a>\n\t<\/h3>\n\n\t<div class=\"entry-meta\"><span class=\"category-link\"><a href=\"https:\/\/itsmybike.com\/en\/category\/press-releases\/\" >Press releases<\/a><\/span><a href=\"https:\/\/itsmybike.com\/en\/2023\/10\/11\/\" title=\"12:27\" class=\"data-link\" rel=\"bookmark\"><time class=\"entry-date updated\" datetime=\"2023-10-11T12:27:58+02:00\">11. October 2023<\/time><\/a><\/div>\n\t<div class=\"entry-excerpt\"><p>IoT Venture and Dance have been working together since the beginning of the year. They are now expanding their collaboration in the area of data signatures.<\/p>\n<\/div>\n\t\n<a href=\"https:\/\/itsmybike.com\/en\/a-strong-partnership-dance-and-iot-venture-intensify-their-collaboration\/\" class=\"dt-btn-s dt-btn post-details details-type-btn\" aria-label=\"Read more about A strong partnership: Dance and IoT Venture intensify their collaboration\">Read more<i class=\"dt-icon-the7-arrow-03\" aria-hidden=\"true\"><\/i><\/a>\n\n<\/div><\/article><article class=\"post project-odd visible post-7542 type-post status-publish format-standard has-post-thumbnail hentry category-press-releases category-26 description-off\" data-name=\"Connected Bikes: IoT Venture and Waldbike start working together\" data-date=\"2023-10-04T12:14:33+02:00\">\n\n<div class=\"post-thumbnail-wrap\">\n\t<div class=\"post-thumbnail\">\n\n\t\t\n\t\t\n\t\t<a href=\"https:\/\/itsmybike.com\/en\/connected-bikes-iot-venture-and-waldbike-start-working-together\/\" class=\"post-thumbnail-rollover\" ><img loading=\"lazy\" decoding=\"async\" class=\"preload-me aspect\" src=\"https:\/\/itsmybike.com\/wp-content\/uploads\/2023\/09\/AM2A3093-768x768.jpg\" srcset=\"https:\/\/itsmybike.com\/wp-content\/uploads\/2023\/09\/AM2A3093-768x768.jpg 768w, https:\/\/itsmybike.com\/wp-content\/uploads\/2023\/09\/AM2A3093-1306x1306.jpg 1306w\" style=\"--ratio: 768 \/ 768\" sizes=\"auto, (max-width: 768px) 100vw, 768px\" alt=\"Kooperation zwischen Waldbike und IoT Venture\" title=\"AM2A3093\" width=\"768\" height=\"768\"  \/><\/a>\n\t<\/div>\n<\/div>\n\n\n<div class=\"post-entry-content\">\n\n\t<h3 class=\"entry-title\">\n\t\t<a href=\"https:\/\/itsmybike.com\/en\/connected-bikes-iot-venture-and-waldbike-start-working-together\/\" title=\"Connected Bikes: IoT Venture and Waldbike start working together\" rel=\"bookmark\">Connected Bikes: IoT Venture and Waldbike start working together<\/a>\n\t<\/h3>\n\n\t<div class=\"entry-meta\"><span class=\"category-link\"><a href=\"https:\/\/itsmybike.com\/en\/category\/press-releases\/\" >Press releases<\/a><\/span><a href=\"https:\/\/itsmybike.com\/en\/2023\/10\/04\/\" title=\"12:14\" class=\"data-link\" rel=\"bookmark\"><time class=\"entry-date updated\" datetime=\"2023-10-04T12:14:33+02:00\">4. October 2023<\/time><\/a><\/div>\n\t<div class=\"entry-excerpt\"><p>IoT Venture is now cooperating with Waldbike GmbH &#038; Co. KG. Waldbike is expanding its offering to include digital theft protection, relying on the expertise of IoT Venture.<\/p>\n<\/div>\n\t\n<a href=\"https:\/\/itsmybike.com\/en\/connected-bikes-iot-venture-and-waldbike-start-working-together\/\" class=\"dt-btn-s dt-btn post-details details-type-btn\" aria-label=\"Read more about Connected Bikes: IoT Venture and Waldbike start working together\">Read more<i class=\"dt-icon-the7-arrow-03\" aria-hidden=\"true\"><\/i><\/a>\n\n<\/div><\/article><article class=\"post project-odd visible post-7465 type-post status-publish format-standard has-post-thumbnail hentry category-success-stories category-38 description-off\" data-name=\"Stolen e-bike is tracked right across Berlin\" data-date=\"2023-10-02T10:06:11+02:00\">\n\n<div class=\"post-thumbnail-wrap\">\n\t<div class=\"post-thumbnail\">\n\n\t\t\n\t\t\n\t\t<a href=\"https:\/\/itsmybike.com\/en\/stolen-e-bike-is-tracked-right-across-berlin\/\" class=\"post-thumbnail-rollover\" ><img loading=\"lazy\" decoding=\"async\" class=\"preload-me aspect\" src=\"https:\/\/itsmybike.com\/wp-content\/uploads\/2022\/07\/Diebstahlfall_Halle-Saale-scaled-768x768.jpg\" srcset=\"https:\/\/itsmybike.com\/wp-content\/uploads\/2022\/07\/Diebstahlfall_Halle-Saale-scaled-768x768.jpg 768w, https:\/\/itsmybike.com\/wp-content\/uploads\/2022\/07\/Diebstahlfall_Halle-Saale-scaled-1306x1306.jpg 1306w\" style=\"--ratio: 768 \/ 768\" sizes=\"auto, (max-width: 768px) 100vw, 768px\" alt=\"Fahrradschloss an Vorderrad wird mit Zange geknackt\" title=\"Diebstahlfall_Halle-Saale\" width=\"768\" height=\"768\"  \/><\/a>\n\t<\/div>\n<\/div>\n\n\n<div class=\"post-entry-content\">\n\n\t<h3 class=\"entry-title\">\n\t\t<a href=\"https:\/\/itsmybike.com\/en\/stolen-e-bike-is-tracked-right-across-berlin\/\" title=\"Stolen e-bike is tracked right across Berlin\" rel=\"bookmark\">Stolen e-bike is tracked right across Berlin<\/a>\n\t<\/h3>\n\n\t<div class=\"entry-meta\"><span class=\"category-link\"><a href=\"https:\/\/itsmybike.com\/en\/category\/success-stories\/\" >Success stories<\/a><\/span><a href=\"https:\/\/itsmybike.com\/en\/2023\/10\/02\/\" title=\"10:06\" class=\"data-link\" rel=\"bookmark\"><time class=\"entry-date updated\" datetime=\"2023-10-02T10:06:11+02:00\">2. October 2023<\/time><\/a><\/div>\n\t<div class=\"entry-excerpt\"><p>At the beginning of September, a thief tries to steal Franz M.&#8217;s e-bike in the middle of the night. The bike hunters from IT&#8217;S MY BIKE take up the chase.<\/p>\n<\/div>\n\t\n<a href=\"https:\/\/itsmybike.com\/en\/stolen-e-bike-is-tracked-right-across-berlin\/\" class=\"dt-btn-s dt-btn post-details details-type-btn\" aria-label=\"Read more about Stolen e-bike is tracked right across Berlin\">Read more<i class=\"dt-icon-the7-arrow-03\" aria-hidden=\"true\"><\/i><\/a>\n\n<\/div><\/article><article class=\"post project-odd visible post-7385 type-post status-publish format-standard has-post-thumbnail hentry category-success-stories category-38 description-off\" data-name=\"Bike theft in the heart of Paris\" data-date=\"2023-09-27T08:48:43+02:00\">\n\n<div class=\"post-thumbnail-wrap\">\n\t<div class=\"post-thumbnail\">\n\n\t\t\n\t\t\n\t\t<a href=\"https:\/\/itsmybike.com\/en\/bike-theft-in-the-heart-of-paris\/\" class=\"post-thumbnail-rollover\" ><img loading=\"lazy\" decoding=\"async\" class=\"preload-me aspect\" src=\"https:\/\/itsmybike.com\/wp-content\/uploads\/2023\/07\/AdobeStock_224370289-scaled-768x768.jpeg\" srcset=\"https:\/\/itsmybike.com\/wp-content\/uploads\/2023\/07\/AdobeStock_224370289-scaled-768x768.jpeg 768w, https:\/\/itsmybike.com\/wp-content\/uploads\/2023\/07\/AdobeStock_224370289-scaled-1306x1306.jpeg 1306w\" style=\"--ratio: 768 \/ 768\" sizes=\"auto, (max-width: 768px) 100vw, 768px\" alt=\"Diebstahl Paris - Dance\" title=\"Bike lane by Seine river with world famous Tour Eiffel on the ba\" width=\"768\" height=\"768\"  \/><\/a>\n\t<\/div>\n<\/div>\n\n\n<div class=\"post-entry-content\">\n\n\t<h3 class=\"entry-title\">\n\t\t<a href=\"https:\/\/itsmybike.com\/en\/bike-theft-in-the-heart-of-paris\/\" title=\"Bike theft in the heart of Paris\" rel=\"bookmark\">Bike theft in the heart of Paris<\/a>\n\t<\/h3>\n\n\t<div class=\"entry-meta\"><span class=\"category-link\"><a href=\"https:\/\/itsmybike.com\/en\/category\/success-stories\/\" >Success stories<\/a><\/span><a href=\"https:\/\/itsmybike.com\/en\/2023\/09\/27\/\" title=\"8:48\" class=\"data-link\" rel=\"bookmark\"><time class=\"entry-date updated\" datetime=\"2023-09-27T08:48:43+02:00\">27. September 2023<\/time><\/a><\/div>\n\t<div class=\"entry-excerpt\"><p>[vc_row el_class=&#8221;blogpost-imb&#8221;][vc_column][vc_column_text el_class=&#8221;teaser-imb&#8221; css=&#8221;.vc_custom_1695210691485{padding-bottom: 20px !important;}&#8221;]In Paris, bike thefts are no rarity. And so it\u2019s no surprise when, at the end of June, another e-bike disappears. This time, it belongs&hellip;<\/p>\n<\/div>\n\t\n<a href=\"https:\/\/itsmybike.com\/en\/bike-theft-in-the-heart-of-paris\/\" class=\"dt-btn-s dt-btn post-details details-type-btn\" aria-label=\"Read more about Bike theft in the heart of Paris\">Read more<i class=\"dt-icon-the7-arrow-03\" aria-hidden=\"true\"><\/i><\/a>\n\n<\/div><\/article><article class=\"post project-odd visible post-7459 type-post status-publish format-standard has-post-thumbnail hentry category-success-stories category-38 description-off\" data-name=\"Krefeld: GPS tracker finds a stolen e-bike in a vehicle\" data-date=\"2023-09-07T10:00:31+02:00\">\n\n<div class=\"post-thumbnail-wrap\">\n\t<div class=\"post-thumbnail\">\n\n\t\t\n\t\t\n\t\t<a href=\"https:\/\/itsmybike.com\/en\/krefeld-gps-tracker-finds-a-stolen-e-bike-in-a-vehicle\/\" class=\"post-thumbnail-rollover\" ><img loading=\"lazy\" decoding=\"async\" class=\"preload-me aspect\" src=\"https:\/\/itsmybike.com\/wp-content\/uploads\/2023\/08\/AdobeStock_335621020-scaled-768x768.jpeg\" srcset=\"https:\/\/itsmybike.com\/wp-content\/uploads\/2023\/08\/AdobeStock_335621020-scaled-768x768.jpeg 768w, https:\/\/itsmybike.com\/wp-content\/uploads\/2023\/08\/AdobeStock_335621020-scaled-1306x1306.jpeg 1306w\" style=\"--ratio: 768 \/ 768\" sizes=\"auto, (max-width: 768px) 100vw, 768px\" alt=\"\" title=\"Detail view of e bike\" width=\"768\" height=\"768\"  \/><\/a>\n\t<\/div>\n<\/div>\n\n\n<div class=\"post-entry-content\">\n\n\t<h3 class=\"entry-title\">\n\t\t<a href=\"https:\/\/itsmybike.com\/en\/krefeld-gps-tracker-finds-a-stolen-e-bike-in-a-vehicle\/\" title=\"Krefeld: GPS tracker finds a stolen e-bike in a vehicle\" rel=\"bookmark\">Krefeld: GPS tracker finds a stolen e-bike in a vehicle<\/a>\n\t<\/h3>\n\n\t<div class=\"entry-meta\"><span class=\"category-link\"><a href=\"https:\/\/itsmybike.com\/en\/category\/success-stories\/\" >Success stories<\/a><\/span><a href=\"https:\/\/itsmybike.com\/en\/2023\/09\/07\/\" title=\"10:00\" class=\"data-link\" rel=\"bookmark\"><time class=\"entry-date updated\" datetime=\"2023-09-07T10:00:31+02:00\">7. September 2023<\/time><\/a><\/div>\n\t<div class=\"entry-excerpt\"><p>[vc_row el_class=&#8221;blogpost-imb&#8221;][vc_column][vc_column_text el_class=&#8221;teaser-imb&#8221; css=&#8221;.vc_custom_1692969605704{padding-bottom: 20px !important;}&#8221;] In early August, Florian Demuth locks his e-bike in front of his block in Krefeld. That evening, he is shocked to discover that his&hellip;<\/p>\n<\/div>\n\t\n<a href=\"https:\/\/itsmybike.com\/en\/krefeld-gps-tracker-finds-a-stolen-e-bike-in-a-vehicle\/\" class=\"dt-btn-s dt-btn post-details details-type-btn\" aria-label=\"Read more about Krefeld: GPS tracker finds a stolen e-bike in a vehicle\">Read more<i class=\"dt-icon-the7-arrow-03\" aria-hidden=\"true\"><\/i><\/a>\n\n<\/div><\/article><article class=\"post project-odd visible post-7352 type-post status-publish format-standard has-post-thumbnail hentry category-press-releases category-26 description-off\" data-name=\"IoT Venture cooperates with B2B providers of the CYCLE e-mobility platform\" data-date=\"2023-09-05T09:00:54+02:00\">\n\n<div class=\"post-thumbnail-wrap\">\n\t<div class=\"post-thumbnail\">\n\n\t\t\n\t\t\n\t\t<a href=\"https:\/\/itsmybike.com\/en\/iot-venture-cooperates-with-b2b-providers-of-the-cycle-e-mobility-platform\/\" class=\"post-thumbnail-rollover\" ><img loading=\"lazy\" decoding=\"async\" class=\"preload-me aspect\" src=\"https:\/\/itsmybike.com\/wp-content\/uploads\/2023\/08\/20fifty-scaled-768x768.jpeg\" srcset=\"https:\/\/itsmybike.com\/wp-content\/uploads\/2023\/08\/20fifty-scaled-768x768.jpeg 768w, https:\/\/itsmybike.com\/wp-content\/uploads\/2023\/08\/20fifty-scaled-1306x1306.jpeg 1306w\" style=\"--ratio: 768 \/ 768\" sizes=\"auto, (max-width: 768px) 100vw, 768px\" alt=\"\" title=\"20fifty\" width=\"768\" height=\"768\"  \/><\/a>\n\t<\/div>\n<\/div>\n\n\n<div class=\"post-entry-content\">\n\n\t<h3 class=\"entry-title\">\n\t\t<a href=\"https:\/\/itsmybike.com\/en\/iot-venture-cooperates-with-b2b-providers-of-the-cycle-e-mobility-platform\/\" title=\"IoT Venture cooperates with B2B providers of the CYCLE e-mobility platform\" rel=\"bookmark\">IoT Venture cooperates with B2B providers of the CYCLE e-mobility platform<\/a>\n\t<\/h3>\n\n\t<div class=\"entry-meta\"><span class=\"category-link\"><a href=\"https:\/\/itsmybike.com\/en\/category\/press-releases\/\" >Press releases<\/a><\/span><a href=\"https:\/\/itsmybike.com\/en\/2023\/09\/05\/\" title=\"9:00\" class=\"data-link\" rel=\"bookmark\"><time class=\"entry-date updated\" datetime=\"2023-09-05T09:00:54+02:00\">5. September 2023<\/time><\/a><\/div>\n\t<div class=\"entry-excerpt\"><p>Making life easier for courier services thanks to e-bikes: that&#8217;s exactly what CYCLE, the full-service mobility solution for delivery services and couriers, does.<\/p>\n<\/div>\n\t\n<a href=\"https:\/\/itsmybike.com\/en\/iot-venture-cooperates-with-b2b-providers-of-the-cycle-e-mobility-platform\/\" class=\"dt-btn-s dt-btn post-details details-type-btn\" aria-label=\"Read more about IoT Venture cooperates with B2B providers of the CYCLE e-mobility platform\">Read more<i class=\"dt-icon-the7-arrow-03\" aria-hidden=\"true\"><\/i><\/a>\n\n<\/div><\/article><article class=\"post project-odd visible post-7313 type-post status-publish format-standard has-post-thumbnail hentry category-success-stories category-38 description-off\" data-name=\"Hildesheim: Bicycle theft in the pedestrian zone\" data-date=\"2023-08-24T09:19:34+02:00\">\n\n<div class=\"post-thumbnail-wrap\">\n\t<div class=\"post-thumbnail\">\n\n\t\t\n\t\t\n\t\t<a href=\"https:\/\/itsmybike.com\/en\/hildesheim-bicycle-theft-in-the-pedestrian-zone\/\" class=\"post-thumbnail-rollover\" ><img loading=\"lazy\" decoding=\"async\" class=\"preload-me aspect\" src=\"https:\/\/itsmybike.com\/wp-content\/uploads\/2023\/08\/366234225_1373759503349460_244018682488992439_n-403x403.jpg\" srcset=\"https:\/\/itsmybike.com\/wp-content\/uploads\/2023\/08\/366234225_1373759503349460_244018682488992439_n-403x403.jpg 403w\" style=\"--ratio: 403 \/ 403\" sizes=\"auto, (max-width: 403px) 100vw, 403px\" alt=\"Diebstahl Hildesheim\" title=\"366234225_1373759503349460_244018682488992439_n\" width=\"403\" height=\"403\"  \/><\/a>\n\t<\/div>\n<\/div>\n\n\n<div class=\"post-entry-content\">\n\n\t<h3 class=\"entry-title\">\n\t\t<a href=\"https:\/\/itsmybike.com\/en\/hildesheim-bicycle-theft-in-the-pedestrian-zone\/\" title=\"Hildesheim: Bicycle theft in the pedestrian zone\" rel=\"bookmark\">Hildesheim: Bicycle theft in the pedestrian zone<\/a>\n\t<\/h3>\n\n\t<div class=\"entry-meta\"><span class=\"category-link\"><a href=\"https:\/\/itsmybike.com\/en\/category\/success-stories\/\" >Success stories<\/a><\/span><a href=\"https:\/\/itsmybike.com\/en\/2023\/08\/24\/\" title=\"9:19\" class=\"data-link\" rel=\"bookmark\"><time class=\"entry-date updated\" datetime=\"2023-08-24T09:19:34+02:00\">24. August 2023<\/time><\/a><\/div>\n\t<div class=\"entry-excerpt\"><p>In mid-August, Babette K. parks her e-bike in Hildesheim city centre. After just a short time, it disappears. The bike hunters at IT\u2019S MY BIKE begin tracking.<\/p>\n<\/div>\n\t\n<a href=\"https:\/\/itsmybike.com\/en\/hildesheim-bicycle-theft-in-the-pedestrian-zone\/\" class=\"dt-btn-s dt-btn post-details details-type-btn\" aria-label=\"Read more about Hildesheim: Bicycle theft in the pedestrian zone\">Read more<i class=\"dt-icon-the7-arrow-03\" aria-hidden=\"true\"><\/i><\/a>\n\n<\/div><\/article><article class=\"post project-odd visible post-7077 type-post status-publish format-standard has-post-thumbnail hentry category-success-stories category-38 description-off\" data-name=\"Theft: e-bike missing for eight hours in G\u00f6ttingen\" data-date=\"2023-07-27T09:00:46+02:00\">\n\n<div class=\"post-thumbnail-wrap\">\n\t<div class=\"post-thumbnail\">\n\n\t\t\n\t\t\n\t\t<a href=\"https:\/\/itsmybike.com\/en\/theft-e-bike-missing-for-eight-hours-in-goettingen\/\" class=\"post-thumbnail-rollover\" ><img loading=\"lazy\" decoding=\"async\" class=\"preload-me aspect\" src=\"https:\/\/itsmybike.com\/wp-content\/uploads\/2023\/07\/358869612_243698888438220_8529026184187489928_n-400x400.jpg\" srcset=\"https:\/\/itsmybike.com\/wp-content\/uploads\/2023\/07\/358869612_243698888438220_8529026184187489928_n-400x400.jpg 400w, https:\/\/itsmybike.com\/wp-content\/uploads\/2023\/07\/358869612_243698888438220_8529026184187489928_n-399x400.jpg 399w\" style=\"--ratio: 400 \/ 400\" sizes=\"auto, (max-width: 400px) 100vw, 400px\" alt=\"Diebstahl G\u00f6ttingen\" title=\"Blurred photo of the park. Green bush and bicycle in the park on a summer day.\" width=\"400\" height=\"400\"  \/><\/a>\n\t<\/div>\n<\/div>\n\n\n<div class=\"post-entry-content\">\n\n\t<h3 class=\"entry-title\">\n\t\t<a href=\"https:\/\/itsmybike.com\/en\/theft-e-bike-missing-for-eight-hours-in-goettingen\/\" title=\"Theft: e-bike missing for eight hours in G\u00f6ttingen\" rel=\"bookmark\">Theft: e-bike missing for eight hours in G\u00f6ttingen<\/a>\n\t<\/h3>\n\n\t<div class=\"entry-meta\"><span class=\"category-link\"><a href=\"https:\/\/itsmybike.com\/en\/category\/success-stories\/\" >Success stories<\/a><\/span><a href=\"https:\/\/itsmybike.com\/en\/2023\/07\/27\/\" title=\"9:00\" class=\"data-link\" rel=\"bookmark\"><time class=\"entry-date updated\" datetime=\"2023-07-27T09:00:46+02:00\">27. July 2023<\/time><\/a><\/div>\n\t<div class=\"entry-excerpt\"><p>At the beginning of May, Paula O. discovers that her beloved e-bike has been stolen from her home, but the thief does not get far.<\/p>\n<\/div>\n\t\n<a href=\"https:\/\/itsmybike.com\/en\/theft-e-bike-missing-for-eight-hours-in-goettingen\/\" class=\"dt-btn-s dt-btn post-details details-type-btn\" aria-label=\"Read more about Theft: e-bike missing for eight hours in G\u00f6ttingen\">Read more<i class=\"dt-icon-the7-arrow-03\" aria-hidden=\"true\"><\/i><\/a>\n\n<\/div><\/article><article class=\"post project-odd visible post-7071 type-post status-publish format-standard has-post-thumbnail hentry category-success-stories category-38 description-off\" data-name=\"\u201cJust like a crime story\u201d \u2013 e-bike located in Frankfurt with GPS tracker\" data-date=\"2023-07-11T09:44:56+02:00\">\n\n<div class=\"post-thumbnail-wrap\">\n\t<div class=\"post-thumbnail\">\n\n\t\t\n\t\t\n\t\t<a href=\"https:\/\/itsmybike.com\/en\/just-like-a-crime-story-e-bike-located-in-frankfurt-with-gps-tracker\/\" class=\"post-thumbnail-rollover\" ><img loading=\"lazy\" decoding=\"async\" class=\"preload-me aspect\" src=\"https:\/\/itsmybike.com\/wp-content\/uploads\/2023\/07\/358441707_184011764427830_7967192977166472085_n-400x400.jpg\" srcset=\"https:\/\/itsmybike.com\/wp-content\/uploads\/2023\/07\/358441707_184011764427830_7967192977166472085_n-400x400.jpg 400w, https:\/\/itsmybike.com\/wp-content\/uploads\/2023\/07\/358441707_184011764427830_7967192977166472085_n-399x400.jpg 399w\" style=\"--ratio: 400 \/ 400\" sizes=\"auto, (max-width: 400px) 100vw, 400px\" alt=\"Diebstahl Frankfurt am Main\" title=\"358441707_184011764427830_7967192977166472085_n\" width=\"400\" height=\"400\"  \/><\/a>\n\t<\/div>\n<\/div>\n\n\n<div class=\"post-entry-content\">\n\n\t<h3 class=\"entry-title\">\n\t\t<a href=\"https:\/\/itsmybike.com\/en\/just-like-a-crime-story-e-bike-located-in-frankfurt-with-gps-tracker\/\" title=\"\u201cJust like a crime story\u201d \u2013 e-bike located in Frankfurt with GPS tracker\" rel=\"bookmark\">\u201cJust like a crime story\u201d \u2013 e-bike located in Frankfurt with GPS tracker<\/a>\n\t<\/h3>\n\n\t<div class=\"entry-meta\"><span class=\"category-link\"><a href=\"https:\/\/itsmybike.com\/en\/category\/success-stories\/\" >Success stories<\/a><\/span><a href=\"https:\/\/itsmybike.com\/en\/2023\/07\/11\/\" title=\"9:44\" class=\"data-link\" rel=\"bookmark\"><time class=\"entry-date updated\" datetime=\"2023-07-11T09:44:56+02:00\">11. July 2023<\/time><\/a><\/div>\n\t<div class=\"entry-excerpt\"><p>At the beginning of March, Julia S.* notices the theft of her e-bike. It was stolen from her courtyard near the G\u00fcnthersburgpark in Frankfurt.<\/p>\n<\/div>\n\t\n<a href=\"https:\/\/itsmybike.com\/en\/just-like-a-crime-story-e-bike-located-in-frankfurt-with-gps-tracker\/\" class=\"dt-btn-s dt-btn post-details details-type-btn\" aria-label=\"Read more about \u201cJust like a crime story\u201d \u2013 e-bike located in Frankfurt with GPS tracker\">Read more<i class=\"dt-icon-the7-arrow-03\" aria-hidden=\"true\"><\/i><\/a>\n\n<\/div><\/article><article class=\"post project-odd visible post-7103 type-post status-publish format-standard has-post-thumbnail hentry category-press-releases category-26 description-off\" data-name=\"EUROBIKE 2023: IT\u2019S MY BIKE presents expansion stages for connected bikes\" data-date=\"2023-06-20T12:12:06+02:00\">\n\n<div class=\"post-thumbnail-wrap\">\n\t<div class=\"post-thumbnail\">\n\n\t\t\n\t\t\n\t\t<a href=\"https:\/\/itsmybike.com\/en\/eurobike-2023-its-my-bike-presents-expansion-stages-for-connected-bikes\/\" class=\"post-thumbnail-rollover\" ><img loading=\"lazy\" decoding=\"async\" class=\"preload-me aspect\" src=\"https:\/\/itsmybike.com\/wp-content\/uploads\/2023\/06\/DSC02504_ITSMYBIKE-scaled-768x768.jpg\" srcset=\"https:\/\/itsmybike.com\/wp-content\/uploads\/2023\/06\/DSC02504_ITSMYBIKE-scaled-768x768.jpg 768w, https:\/\/itsmybike.com\/wp-content\/uploads\/2023\/06\/DSC02504_ITSMYBIKE-scaled-1306x1306.jpg 1306w\" style=\"--ratio: 768 \/ 768\" sizes=\"auto, (max-width: 768px) 100vw, 768px\" alt=\"\" title=\"DSC02504_ITSMYBIKE\" width=\"768\" height=\"768\"  \/><\/a>\n\t<\/div>\n<\/div>\n\n\n<div class=\"post-entry-content\">\n\n\t<h3 class=\"entry-title\">\n\t\t<a href=\"https:\/\/itsmybike.com\/en\/eurobike-2023-its-my-bike-presents-expansion-stages-for-connected-bikes\/\" title=\"EUROBIKE 2023: IT\u2019S MY BIKE presents expansion stages for connected bikes\" rel=\"bookmark\">EUROBIKE 2023: IT\u2019S MY BIKE presents expansion stages for connected bikes<\/a>\n\t<\/h3>\n\n\t<div class=\"entry-meta\"><span class=\"category-link\"><a href=\"https:\/\/itsmybike.com\/en\/category\/press-releases\/\" >Press releases<\/a><\/span><a href=\"https:\/\/itsmybike.com\/en\/2023\/06\/20\/\" title=\"12:12\" class=\"data-link\" rel=\"bookmark\"><time class=\"entry-date updated\" datetime=\"2023-06-20T12:12:06+02:00\">20. June 2023<\/time><\/a><\/div>\n\t<div class=\"entry-excerpt\"><p>This year will be the fifth time that IT\u2019S MY BIKE, an IoT Venture GmbH brand, is showcasing its operations at EUROBIKE, the leading bicycle trade fair. A new concept&hellip;<\/p>\n<\/div>\n\t\n<a href=\"https:\/\/itsmybike.com\/en\/eurobike-2023-its-my-bike-presents-expansion-stages-for-connected-bikes\/\" class=\"dt-btn-s dt-btn post-details details-type-btn\" aria-label=\"Read more about EUROBIKE 2023: IT\u2019S MY BIKE presents expansion stages for connected bikes\">Read more<i class=\"dt-icon-the7-arrow-03\" aria-hidden=\"true\"><\/i><\/a>\n\n<\/div><\/article><article class=\"post project-odd visible post-7065 type-post status-publish format-standard has-post-thumbnail hentry category-success-stories category-38 description-off\" data-name=\"Stolen e-bike reappears in Prague\" data-date=\"2023-06-05T09:39:16+02:00\">\n\n<div class=\"post-thumbnail-wrap\">\n\t<div class=\"post-thumbnail\">\n\n\t\t\n\t\t\n\t\t<a href=\"https:\/\/itsmybike.com\/en\/stolen-e-bike-reappears-in-prague\/\" class=\"post-thumbnail-rollover\" ><img loading=\"lazy\" decoding=\"async\" class=\"preload-me aspect\" src=\"https:\/\/itsmybike.com\/wp-content\/uploads\/2023\/06\/AdobeStock_223045342-scaled-768x768.jpeg\" srcset=\"https:\/\/itsmybike.com\/wp-content\/uploads\/2023\/06\/AdobeStock_223045342-scaled-768x768.jpeg 768w, https:\/\/itsmybike.com\/wp-content\/uploads\/2023\/06\/AdobeStock_223045342-scaled-1306x1306.jpeg 1306w\" style=\"--ratio: 768 \/ 768\" sizes=\"auto, (max-width: 768px) 100vw, 768px\" alt=\"Fahrraddiebstahl in Prag\" title=\"walk to Prague\" width=\"768\" height=\"768\"  \/><\/a>\n\t<\/div>\n<\/div>\n\n\n<div class=\"post-entry-content\">\n\n\t<h3 class=\"entry-title\">\n\t\t<a href=\"https:\/\/itsmybike.com\/en\/stolen-e-bike-reappears-in-prague\/\" title=\"Stolen e-bike reappears in Prague\" rel=\"bookmark\">Stolen e-bike reappears in Prague<\/a>\n\t<\/h3>\n\n\t<div class=\"entry-meta\"><span class=\"category-link\"><a href=\"https:\/\/itsmybike.com\/en\/category\/success-stories\/\" >Success stories<\/a><\/span><a href=\"https:\/\/itsmybike.com\/en\/2023\/06\/05\/\" title=\"9:39\" class=\"data-link\" rel=\"bookmark\"><time class=\"entry-date updated\" datetime=\"2023-06-05T09:39:16+02:00\">5. June 2023<\/time><\/a><\/div>\n\t<div class=\"entry-excerpt\"><p>On the last day of his holiday, at the end of May, Ralf S.*&#8217;s e-bike is stolen in front of a hotel in Prague. The bike is located only a&hellip;<\/p>\n<\/div>\n\t\n<a href=\"https:\/\/itsmybike.com\/en\/stolen-e-bike-reappears-in-prague\/\" class=\"dt-btn-s dt-btn post-details details-type-btn\" aria-label=\"Read more about Stolen e-bike reappears in Prague\">Read more<i class=\"dt-icon-the7-arrow-03\" aria-hidden=\"true\"><\/i><\/a>\n\n<\/div><\/article><article class=\"post project-odd visible post-6984 type-post status-publish format-standard has-post-thumbnail hentry category-success-stories category-38 description-off\" data-name=\"Bicycle theft in F\u00fcrth: bike seized back on motorway\" data-date=\"2023-05-12T11:13:14+02:00\">\n\n<div class=\"post-thumbnail-wrap\">\n\t<div class=\"post-thumbnail\">\n\n\t\t\n\t\t\n\t\t<a href=\"https:\/\/itsmybike.com\/en\/bicycle-theft-in-fuerth-bike-seized-back-on-motorway\/\" class=\"post-thumbnail-rollover\" ><img loading=\"lazy\" decoding=\"async\" class=\"preload-me aspect\" src=\"https:\/\/itsmybike.com\/wp-content\/uploads\/2023\/04\/336445114_544164244510551_5709778280919971080_n-400x400.jpg\" srcset=\"https:\/\/itsmybike.com\/wp-content\/uploads\/2023\/04\/336445114_544164244510551_5709778280919971080_n-400x400.jpg 400w, https:\/\/itsmybike.com\/wp-content\/uploads\/2023\/04\/336445114_544164244510551_5709778280919971080_n-399x400.jpg 399w\" style=\"--ratio: 400 \/ 400\" sizes=\"auto, (max-width: 400px) 100vw, 400px\" alt=\"Autos fahren auf Autobahn\" title=\"336445114_544164244510551_5709778280919971080_n\" width=\"400\" height=\"400\"  \/><\/a>\n\t<\/div>\n<\/div>\n\n\n<div class=\"post-entry-content\">\n\n\t<h3 class=\"entry-title\">\n\t\t<a href=\"https:\/\/itsmybike.com\/en\/bicycle-theft-in-fuerth-bike-seized-back-on-motorway\/\" title=\"Bicycle theft in F\u00fcrth: bike seized back on motorway\" rel=\"bookmark\">Bicycle theft in F\u00fcrth: bike seized back on motorway<\/a>\n\t<\/h3>\n\n\t<div class=\"entry-meta\"><span class=\"category-link\"><a href=\"https:\/\/itsmybike.com\/en\/category\/success-stories\/\" >Success stories<\/a><\/span><a href=\"https:\/\/itsmybike.com\/en\/2023\/05\/12\/\" title=\"11:13\" class=\"data-link\" rel=\"bookmark\"><time class=\"entry-date updated\" datetime=\"2023-05-12T11:13:14+02:00\">12. May 2023<\/time><\/a><\/div>\n\t<div class=\"entry-excerpt\"><p>Dennis N.&#8217;s e-bike disappears from a courtyard near the city centre of F\u00fcrth. The victim reports the theft to IT&#8217;S MY BIKE.<\/p>\n<\/div>\n\t\n<a href=\"https:\/\/itsmybike.com\/en\/bicycle-theft-in-fuerth-bike-seized-back-on-motorway\/\" class=\"dt-btn-s dt-btn post-details details-type-btn\" aria-label=\"Read more about Bicycle theft in F\u00fcrth: bike seized back on motorway\">Read more<i class=\"dt-icon-the7-arrow-03\" aria-hidden=\"true\"><\/i><\/a>\n\n<\/div><\/article><article class=\"post project-odd visible post-6999 type-post status-publish format-standard has-post-thumbnail hentry category-press-releases category-26 description-off\" data-name=\"Collaboration: IoT Venture equips Advanced Bikes with GPS trackers\" data-date=\"2023-05-04T14:03:42+02:00\">\n\n<div class=\"post-thumbnail-wrap\">\n\t<div class=\"post-thumbnail\">\n\n\t\t\n\t\t\n\t\t<a href=\"https:\/\/itsmybike.com\/en\/collaboration-iot-venture-equips-advanced-bikes-with-gps-trackers\/\" class=\"post-thumbnail-rollover\" ><img loading=\"lazy\" decoding=\"async\" class=\"preload-me aspect\" src=\"https:\/\/itsmybike.com\/wp-content\/uploads\/2023\/05\/20230414_Advanced_Reco_1-768x768.jpg\" srcset=\"https:\/\/itsmybike.com\/wp-content\/uploads\/2023\/05\/20230414_Advanced_Reco_1-768x768.jpg 768w, https:\/\/itsmybike.com\/wp-content\/uploads\/2023\/05\/20230414_Advanced_Reco_1-1306x1306.jpg 1306w\" style=\"--ratio: 768 \/ 768\" sizes=\"auto, (max-width: 768px) 100vw, 768px\" alt=\"Advanced Reco Bike Outside\" title=\"20230414_Advanced_Reco_1\" width=\"768\" height=\"768\"  \/><\/a>\n\t<\/div>\n<\/div>\n\n\n<div class=\"post-entry-content\">\n\n\t<h3 class=\"entry-title\">\n\t\t<a href=\"https:\/\/itsmybike.com\/en\/collaboration-iot-venture-equips-advanced-bikes-with-gps-trackers\/\" title=\"Collaboration: IoT Venture equips Advanced Bikes with GPS trackers\" rel=\"bookmark\">Collaboration: IoT Venture equips Advanced Bikes with GPS trackers<\/a>\n\t<\/h3>\n\n\t<div class=\"entry-meta\"><span class=\"category-link\"><a href=\"https:\/\/itsmybike.com\/en\/category\/press-releases\/\" >Press releases<\/a><\/span><a href=\"https:\/\/itsmybike.com\/en\/2023\/05\/04\/\" title=\"14:03\" class=\"data-link\" rel=\"bookmark\"><time class=\"entry-date updated\" datetime=\"2023-05-04T14:03:42+02:00\">4. May 2023<\/time><\/a><\/div>\n\t<div class=\"entry-excerpt\"><p>They are pursuing a clear vision: E BIKE Advanced Technologies GmbH wants to be the first climate-neutral e-bike brand by 2025. The topic of sustainability also shapes the new cooperation&hellip;<\/p>\n<\/div>\n\t\n<a href=\"https:\/\/itsmybike.com\/en\/collaboration-iot-venture-equips-advanced-bikes-with-gps-trackers\/\" class=\"dt-btn-s dt-btn post-details details-type-btn\" aria-label=\"Read more about Collaboration: IoT Venture equips Advanced Bikes with GPS trackers\">Read more<i class=\"dt-icon-the7-arrow-03\" aria-hidden=\"true\"><\/i><\/a>\n\n<\/div><\/article><article class=\"post project-odd visible post-6938 type-post status-publish format-standard has-post-thumbnail hentry category-success-stories category-38 description-off\" data-name=\"E-bike theft in England: successful chase\" data-date=\"2023-04-28T09:00:17+02:00\">\n\n<div class=\"post-thumbnail-wrap\">\n\t<div class=\"post-thumbnail\">\n\n\t\t\n\t\t\n\t\t<a href=\"https:\/\/itsmybike.com\/en\/e-bike-theft-in-england-successful-chase\/\" class=\"post-thumbnail-rollover\" ><img loading=\"lazy\" decoding=\"async\" class=\"preload-me aspect\" src=\"https:\/\/itsmybike.com\/wp-content\/uploads\/2023\/04\/339639914_177524088043163_6819949219324415890_n-768x768.jpg\" srcset=\"https:\/\/itsmybike.com\/wp-content\/uploads\/2023\/04\/339639914_177524088043163_6819949219324415890_n-768x768.jpg 768w, https:\/\/itsmybike.com\/wp-content\/uploads\/2023\/04\/339639914_177524088043163_6819949219324415890_n-1306x1306.jpg 1306w\" style=\"--ratio: 768 \/ 768\" sizes=\"auto, (max-width: 768px) 100vw, 768px\" alt=\"E-Bike steht an einer Mauer\" title=\"339639914_177524088043163_6819949219324415890_n\" width=\"768\" height=\"768\"  \/><\/a>\n\t<\/div>\n<\/div>\n\n\n<div class=\"post-entry-content\">\n\n\t<h3 class=\"entry-title\">\n\t\t<a href=\"https:\/\/itsmybike.com\/en\/e-bike-theft-in-england-successful-chase\/\" title=\"E-bike theft in England: successful chase\" rel=\"bookmark\">E-bike theft in England: successful chase<\/a>\n\t<\/h3>\n\n\t<div class=\"entry-meta\"><span class=\"category-link\"><a href=\"https:\/\/itsmybike.com\/en\/category\/success-stories\/\" >Success stories<\/a><\/span><a href=\"https:\/\/itsmybike.com\/en\/2023\/04\/28\/\" title=\"9:00\" class=\"data-link\" rel=\"bookmark\"><time class=\"entry-date updated\" datetime=\"2023-04-28T09:00:17+02:00\">28. April 2023<\/time><\/a><\/div>\n\t<div class=\"entry-excerpt\"><p>Gravesend in England. An e-bike is stolen in a suburb of London at the beginning of January and only reported a few weeks later.<\/p>\n<\/div>\n\t\n<a href=\"https:\/\/itsmybike.com\/en\/e-bike-theft-in-england-successful-chase\/\" class=\"dt-btn-s dt-btn post-details details-type-btn\" aria-label=\"Read more about E-bike theft in England: successful chase\">Read more<i class=\"dt-icon-the7-arrow-03\" aria-hidden=\"true\"><\/i><\/a>\n\n<\/div><\/article><article class=\"post project-odd visible post-6923 type-post status-publish format-standard has-post-thumbnail hentry category-success-stories category-38 description-off\" data-name=\"Littlehampton: stolen e-bike recovered within a day\" data-date=\"2023-04-11T09:00:26+02:00\">\n\n<div class=\"post-thumbnail-wrap\">\n\t<div class=\"post-thumbnail\">\n\n\t\t\n\t\t\n\t\t<a href=\"https:\/\/itsmybike.com\/en\/littlehampton-stolen-e-bike-recovered-within-a-day\/\" class=\"post-thumbnail-rollover\" ><img loading=\"lazy\" decoding=\"async\" class=\"preload-me aspect\" src=\"https:\/\/itsmybike.com\/wp-content\/uploads\/2023\/04\/337976927_1216704659233474_3382197234562264616_n-768x768.jpg\" srcset=\"https:\/\/itsmybike.com\/wp-content\/uploads\/2023\/04\/337976927_1216704659233474_3382197234562264616_n-768x768.jpg 768w, https:\/\/itsmybike.com\/wp-content\/uploads\/2023\/04\/337976927_1216704659233474_3382197234562264616_n-1306x1306.jpg 1306w\" style=\"--ratio: 768 \/ 768\" sizes=\"auto, (max-width: 768px) 100vw, 768px\" alt=\"E-Bike Fahrrad\" title=\"337976927_1216704659233474_3382197234562264616_n\" width=\"768\" height=\"768\"  \/><\/a>\n\t<\/div>\n<\/div>\n\n\n<div class=\"post-entry-content\">\n\n\t<h3 class=\"entry-title\">\n\t\t<a href=\"https:\/\/itsmybike.com\/en\/littlehampton-stolen-e-bike-recovered-within-a-day\/\" title=\"Littlehampton: stolen e-bike recovered within a day\" rel=\"bookmark\">Littlehampton: stolen e-bike recovered within a day<\/a>\n\t<\/h3>\n\n\t<div class=\"entry-meta\"><span class=\"category-link\"><a href=\"https:\/\/itsmybike.com\/en\/category\/success-stories\/\" >Success stories<\/a><\/span><a href=\"https:\/\/itsmybike.com\/en\/2023\/04\/11\/\" title=\"9:00\" class=\"data-link\" rel=\"bookmark\"><time class=\"entry-date updated\" datetime=\"2023-04-11T09:00:26+02:00\">11. April 2023<\/time><\/a><\/div>\n\t<div class=\"entry-excerpt\"><p>Littlehampton in England. The e-bike of a fast food restaurant in Littlehampton is parked within sight, but not locked. A bike thief takes advantage of this circumstance and disappears with&hellip;<\/p>\n<\/div>\n\t\n<a href=\"https:\/\/itsmybike.com\/en\/littlehampton-stolen-e-bike-recovered-within-a-day\/\" class=\"dt-btn-s dt-btn post-details details-type-btn\" aria-label=\"Read more about Littlehampton: stolen e-bike recovered within a day\">Read more<i class=\"dt-icon-the7-arrow-03\" aria-hidden=\"true\"><\/i><\/a>\n\n<\/div><\/article><article class=\"post project-odd visible post-6910 type-post status-publish format-standard has-post-thumbnail hentry category-success-stories category-38 description-off\" data-name=\"E-bike stolen from basement in M\u00fcnster\" data-date=\"2023-03-30T09:37:13+02:00\">\n\n<div class=\"post-thumbnail-wrap\">\n\t<div class=\"post-thumbnail\">\n\n\t\t\n\t\t\n\t\t<a href=\"https:\/\/itsmybike.com\/en\/e-bike-stolen-from-basement-in-muenster\/\" class=\"post-thumbnail-rollover\" ><img loading=\"lazy\" decoding=\"async\" class=\"preload-me aspect\" src=\"https:\/\/itsmybike.com\/wp-content\/uploads\/2023\/03\/336430063_767247094598418_5949188613692312782_n-399x399.jpg\" srcset=\"https:\/\/itsmybike.com\/wp-content\/uploads\/2023\/03\/336430063_767247094598418_5949188613692312782_n-399x399.jpg 399w\" style=\"--ratio: 399 \/ 399\" sizes=\"auto, (max-width: 399px) 100vw, 399px\" alt=\"Fahrr\u00e4der stehen im Keller\" title=\"336430063_767247094598418_5949188613692312782_n\" width=\"399\" height=\"399\"  \/><\/a>\n\t<\/div>\n<\/div>\n\n\n<div class=\"post-entry-content\">\n\n\t<h3 class=\"entry-title\">\n\t\t<a href=\"https:\/\/itsmybike.com\/en\/e-bike-stolen-from-basement-in-muenster\/\" title=\"E-bike stolen from basement in M\u00fcnster\" rel=\"bookmark\">E-bike stolen from basement in M\u00fcnster<\/a>\n\t<\/h3>\n\n\t<div class=\"entry-meta\"><span class=\"category-link\"><a href=\"https:\/\/itsmybike.com\/en\/category\/success-stories\/\" >Success stories<\/a><\/span><a href=\"https:\/\/itsmybike.com\/en\/2023\/03\/30\/\" title=\"9:37\" class=\"data-link\" rel=\"bookmark\"><time class=\"entry-date updated\" datetime=\"2023-03-30T09:37:13+02:00\">30. March 2023<\/time><\/a><\/div>\n\t<div class=\"entry-excerpt\"><p>Lena S. discovers that her bike has been stolen from her cellar, even though she had her bike permanently locked there. She immediately reports it in the IT&#8217;S MY BIKE&hellip;<\/p>\n<\/div>\n\t\n<a href=\"https:\/\/itsmybike.com\/en\/e-bike-stolen-from-basement-in-muenster\/\" class=\"dt-btn-s dt-btn post-details details-type-btn\" aria-label=\"Read more about E-bike stolen from basement in M\u00fcnster\">Read more<i class=\"dt-icon-the7-arrow-03\" aria-hidden=\"true\"><\/i><\/a>\n\n<\/div><\/article><article class=\"post project-odd visible post-6903 type-post status-publish format-standard has-post-thumbnail hentry category-success-stories category-38 description-off\" data-name=\"M\u00fcnster: Bicycle thieves break into basement garage\" data-date=\"2023-03-17T09:33:44+01:00\">\n\n<div class=\"post-thumbnail-wrap\">\n\t<div class=\"post-thumbnail\">\n\n\t\t\n\t\t\n\t\t<a href=\"https:\/\/itsmybike.com\/en\/muenster-bicycle-thieves-break-into-basement-garage\/\" class=\"post-thumbnail-rollover\" ><img loading=\"lazy\" decoding=\"async\" class=\"preload-me aspect\" src=\"https:\/\/itsmybike.com\/wp-content\/uploads\/2023\/03\/332986841_161455656703646_6991123392538827544_n-403x403.jpg\" srcset=\"https:\/\/itsmybike.com\/wp-content\/uploads\/2023\/03\/332986841_161455656703646_6991123392538827544_n-403x403.jpg 403w\" style=\"--ratio: 403 \/ 403\" sizes=\"auto, (max-width: 403px) 100vw, 403px\" alt=\"Fahrr\u00e4der stehen im Keller\" title=\"332986841_161455656703646_6991123392538827544_n\" width=\"403\" height=\"403\"  \/><\/a>\n\t<\/div>\n<\/div>\n\n\n<div class=\"post-entry-content\">\n\n\t<h3 class=\"entry-title\">\n\t\t<a href=\"https:\/\/itsmybike.com\/en\/muenster-bicycle-thieves-break-into-basement-garage\/\" title=\"M\u00fcnster: Bicycle thieves break into basement garage\" rel=\"bookmark\">M\u00fcnster: Bicycle thieves break into basement garage<\/a>\n\t<\/h3>\n\n\t<div class=\"entry-meta\"><span class=\"category-link\"><a href=\"https:\/\/itsmybike.com\/en\/category\/success-stories\/\" >Success stories<\/a><\/span><a href=\"https:\/\/itsmybike.com\/en\/2023\/03\/17\/\" title=\"9:33\" class=\"data-link\" rel=\"bookmark\"><time class=\"entry-date updated\" datetime=\"2023-03-17T09:33:44+01:00\">17. March 2023<\/time><\/a><\/div>\n\t<div class=\"entry-excerpt\"><p>Rosa H. locks her bike in her underground garage at home as usual. She does not expect this: Only a short time later, her bike has disappeared.<\/p>\n<\/div>\n\t\n<a href=\"https:\/\/itsmybike.com\/en\/muenster-bicycle-thieves-break-into-basement-garage\/\" class=\"dt-btn-s dt-btn post-details details-type-btn\" aria-label=\"Read more about M\u00fcnster: Bicycle thieves break into basement garage\">Read more<i class=\"dt-icon-the7-arrow-03\" aria-hidden=\"true\"><\/i><\/a>\n\n<\/div><\/article><article class=\"post project-odd visible post-6758 type-post status-publish format-standard has-post-thumbnail hentry category-success-stories category-38 description-off\" data-name=\"E-bike theft in Berlin solved thanks to GPS tracker\" data-date=\"2023-03-03T08:39:52+01:00\">\n\n<div class=\"post-thumbnail-wrap\">\n\t<div class=\"post-thumbnail\">\n\n\t\t\n\t\t\n\t\t<a href=\"https:\/\/itsmybike.com\/en\/e-bike-theft-in-berlin-solved-thanks-to-gps-tracker-2\/\" class=\"post-thumbnail-rollover\" ><img loading=\"lazy\" decoding=\"async\" class=\"preload-me aspect\" src=\"https:\/\/itsmybike.com\/wp-content\/uploads\/2023\/01\/AdobeStock_118895982-scaled-768x768.jpeg\" srcset=\"https:\/\/itsmybike.com\/wp-content\/uploads\/2023\/01\/AdobeStock_118895982-scaled-768x768.jpeg 768w, https:\/\/itsmybike.com\/wp-content\/uploads\/2023\/01\/AdobeStock_118895982-scaled-1306x1306.jpeg 1306w\" style=\"--ratio: 768 \/ 768\" sizes=\"auto, (max-width: 768px) 100vw, 768px\" alt=\"Fahrraddiebstahl in Berlin aufgekl\u00e4rt\" title=\"Fahrrad Sattel\" width=\"768\" height=\"768\"  \/><\/a>\n\t<\/div>\n<\/div>\n\n\n<div class=\"post-entry-content\">\n\n\t<h3 class=\"entry-title\">\n\t\t<a href=\"https:\/\/itsmybike.com\/en\/e-bike-theft-in-berlin-solved-thanks-to-gps-tracker-2\/\" title=\"E-bike theft in Berlin solved thanks to GPS tracker\" rel=\"bookmark\">E-bike theft in Berlin solved thanks to GPS tracker<\/a>\n\t<\/h3>\n\n\t<div class=\"entry-meta\"><span class=\"category-link\"><a href=\"https:\/\/itsmybike.com\/en\/category\/success-stories\/\" >Success stories<\/a><\/span><a href=\"https:\/\/itsmybike.com\/en\/2023\/03\/03\/\" title=\"8:39\" class=\"data-link\" rel=\"bookmark\"><time class=\"entry-date updated\" datetime=\"2023-03-03T08:39:52+01:00\">3. March 2023<\/time><\/a><\/div>\n\t<div class=\"entry-excerpt\"><p>Maria B. connects her e-bike in Berlin-Spandau. Only a short time later, the bike has disappeared &#8211; it is only a few kilometres away from where it was originally parked.<\/p>\n<\/div>\n\t\n<a href=\"https:\/\/itsmybike.com\/en\/e-bike-theft-in-berlin-solved-thanks-to-gps-tracker-2\/\" class=\"dt-btn-s dt-btn post-details details-type-btn\" aria-label=\"Read more about E-bike theft in Berlin solved thanks to GPS tracker\">Read more<i class=\"dt-icon-the7-arrow-03\" aria-hidden=\"true\"><\/i><\/a>\n\n<\/div><\/article><article class=\"post project-odd visible post-6703 type-post status-publish format-standard has-post-thumbnail hentry category-success-stories category-38 description-off\" data-name=\"Stolen e-bike recovered at flea market\" data-date=\"2023-02-17T10:44:08+01:00\">\n\n<div class=\"post-thumbnail-wrap\">\n\t<div class=\"post-thumbnail\">\n\n\t\t\n\t\t\n\t\t<a href=\"https:\/\/itsmybike.com\/en\/stolen-e-bike-recovered-at-flea-market\/\" class=\"post-thumbnail-rollover\" ><img loading=\"lazy\" decoding=\"async\" class=\"preload-me aspect\" src=\"https:\/\/itsmybike.com\/wp-content\/uploads\/2023\/01\/AdobeStock_98763802-scaled-768x768.jpeg\" srcset=\"https:\/\/itsmybike.com\/wp-content\/uploads\/2023\/01\/AdobeStock_98763802-scaled-768x768.jpeg 768w, https:\/\/itsmybike.com\/wp-content\/uploads\/2023\/01\/AdobeStock_98763802-scaled-1306x1306.jpeg 1306w\" style=\"--ratio: 768 \/ 768\" sizes=\"auto, (max-width: 768px) 100vw, 768px\" alt=\"Polizei Auto f\u00e4hrt auf der Autobahn\" title=\"Polizei\" width=\"768\" height=\"768\"  \/><\/a>\n\t<\/div>\n<\/div>\n\n\n<div class=\"post-entry-content\">\n\n\t<h3 class=\"entry-title\">\n\t\t<a href=\"https:\/\/itsmybike.com\/en\/stolen-e-bike-recovered-at-flea-market\/\" title=\"Stolen e-bike recovered at flea market\" rel=\"bookmark\">Stolen e-bike recovered at flea market<\/a>\n\t<\/h3>\n\n\t<div class=\"entry-meta\"><span class=\"category-link\"><a href=\"https:\/\/itsmybike.com\/en\/category\/success-stories\/\" >Success stories<\/a><\/span><a href=\"https:\/\/itsmybike.com\/en\/2023\/02\/17\/\" title=\"10:44\" class=\"data-link\" rel=\"bookmark\"><time class=\"entry-date updated\" datetime=\"2023-02-17T10:44:08+01:00\">17. February 2023<\/time><\/a><\/div>\n\t<div class=\"entry-excerpt\"><p>For Marcus K., not a good start to the new year. At night Marcus leaves his bike secured at the station, but when he returns in the morning it is&hellip;<\/p>\n<\/div>\n\t\n<a href=\"https:\/\/itsmybike.com\/en\/stolen-e-bike-recovered-at-flea-market\/\" class=\"dt-btn-s dt-btn post-details details-type-btn\" aria-label=\"Read more about Stolen e-bike recovered at flea market\">Read more<i class=\"dt-icon-the7-arrow-03\" aria-hidden=\"true\"><\/i><\/a>\n\n<\/div><\/article><article class=\"post project-odd visible post-6715 type-post status-publish format-standard has-post-thumbnail hentry category-success-stories category-38 description-off\" data-name=\"Bremerhaven: e-bike stolen from carport\" data-date=\"2023-02-06T09:44:00+01:00\">\n\n<div class=\"post-thumbnail-wrap\">\n\t<div class=\"post-thumbnail\">\n\n\t\t\n\t\t\n\t\t<a href=\"https:\/\/itsmybike.com\/en\/bremerhaven-e-bike-stolen-from-carport\/\" class=\"post-thumbnail-rollover\" ><img loading=\"lazy\" decoding=\"async\" class=\"preload-me aspect\" src=\"https:\/\/itsmybike.com\/wp-content\/uploads\/2022\/12\/320212732_610680417529629_3102735689348683357_n-403x403.jpg\" srcset=\"https:\/\/itsmybike.com\/wp-content\/uploads\/2022\/12\/320212732_610680417529629_3102735689348683357_n-403x403.jpg 403w\" style=\"--ratio: 403 \/ 403\" sizes=\"auto, (max-width: 403px) 100vw, 403px\" alt=\"\" title=\"einbrecher hebeln garagentor auf\" width=\"403\" height=\"403\"  \/><\/a>\n\t<\/div>\n<\/div>\n\n\n<div class=\"post-entry-content\">\n\n\t<h3 class=\"entry-title\">\n\t\t<a href=\"https:\/\/itsmybike.com\/en\/bremerhaven-e-bike-stolen-from-carport\/\" title=\"Bremerhaven: e-bike stolen from carport\" rel=\"bookmark\">Bremerhaven: e-bike stolen from carport<\/a>\n\t<\/h3>\n\n\t<div class=\"entry-meta\"><span class=\"category-link\"><a href=\"https:\/\/itsmybike.com\/en\/category\/success-stories\/\" >Success stories<\/a><\/span><a href=\"https:\/\/itsmybike.com\/en\/2023\/02\/06\/\" title=\"9:44\" class=\"data-link\" rel=\"bookmark\"><time class=\"entry-date updated\" datetime=\"2023-02-06T09:44:00+01:00\">6. February 2023<\/time><\/a><\/div>\n\t<div class=\"entry-excerpt\"><p>As usual, Birgit T. parks her bike in the carport at home. But that does not stop the bike thieves from breaking open the locked parking space and stealing the&hellip;<\/p>\n<\/div>\n\t\n<a href=\"https:\/\/itsmybike.com\/en\/bremerhaven-e-bike-stolen-from-carport\/\" class=\"dt-btn-s dt-btn post-details details-type-btn\" aria-label=\"Read more about Bremerhaven: e-bike stolen from carport\">Read more<i class=\"dt-icon-the7-arrow-03\" aria-hidden=\"true\"><\/i><\/a>\n\n<\/div><\/article><article class=\"post project-odd visible post-6620 type-post status-publish format-standard has-post-thumbnail hentry category-press-releases category-26 description-off\" data-name=\"IoT Venture enters into partnership with e-mobility enterprise Dance\" data-date=\"2023-01-11T12:31:59+01:00\">\n\n<div class=\"post-thumbnail-wrap\">\n\t<div class=\"post-thumbnail\">\n\n\t\t\n\t\t\n\t\t<a href=\"https:\/\/itsmybike.com\/en\/iot-venture-enters-into-partnership-with-e-mobility-enterprise-dance\/\" class=\"post-thumbnail-rollover\" ><img loading=\"lazy\" decoding=\"async\" class=\"preload-me aspect\" src=\"https:\/\/itsmybike.com\/wp-content\/uploads\/2023\/01\/Dance-Low-Step-scaled-768x768.jpg\" srcset=\"https:\/\/itsmybike.com\/wp-content\/uploads\/2023\/01\/Dance-Low-Step-scaled-768x768.jpg 768w, https:\/\/itsmybike.com\/wp-content\/uploads\/2023\/01\/Dance-Low-Step-scaled-1306x1306.jpg 1306w\" style=\"--ratio: 768 \/ 768\" sizes=\"auto, (max-width: 768px) 100vw, 768px\" alt=\"Kooperation IoT Venture und Dance\" title=\"Processed with VSCO with m6 preset\" width=\"768\" height=\"768\"  \/><\/a>\n\t<\/div>\n<\/div>\n\n\n<div class=\"post-entry-content\">\n\n\t<h3 class=\"entry-title\">\n\t\t<a href=\"https:\/\/itsmybike.com\/en\/iot-venture-enters-into-partnership-with-e-mobility-enterprise-dance\/\" title=\"IoT Venture enters into partnership with e-mobility enterprise Dance\" rel=\"bookmark\">IoT Venture enters into partnership with e-mobility enterprise Dance<\/a>\n\t<\/h3>\n\n\t<div class=\"entry-meta\"><span class=\"category-link\"><a href=\"https:\/\/itsmybike.com\/en\/category\/press-releases\/\" >Press releases<\/a><\/span><a href=\"https:\/\/itsmybike.com\/en\/2023\/01\/11\/\" title=\"12:31\" class=\"data-link\" rel=\"bookmark\"><time class=\"entry-date updated\" datetime=\"2023-01-11T12:31:59+01:00\">11. January 2023<\/time><\/a><\/div>\n\t<div class=\"entry-excerpt\"><p>Subscribe instead of buy: this is the concept of the Berlin start-up Dance. In order to protect the bicycles in the event of theft, the young company is now cooperating&hellip;<\/p>\n<\/div>\n\t\n<a href=\"https:\/\/itsmybike.com\/en\/iot-venture-enters-into-partnership-with-e-mobility-enterprise-dance\/\" class=\"dt-btn-s dt-btn post-details details-type-btn\" aria-label=\"Read more about IoT Venture enters into partnership with e-mobility enterprise Dance\">Read more<i class=\"dt-icon-the7-arrow-03\" aria-hidden=\"true\"><\/i><\/a>\n\n<\/div><\/article><article class=\"post project-odd visible post-6631 type-post status-publish format-standard has-post-thumbnail hentry category-success-stories category-38 description-off\" data-name=\"Theft in Leipzig \u2013 not one stolen bike but seven\" data-date=\"2023-01-10T09:41:17+01:00\">\n\n<div class=\"post-thumbnail-wrap\">\n\t<div class=\"post-thumbnail\">\n\n\t\t\n\t\t\n\t\t<a href=\"https:\/\/itsmybike.com\/en\/theft-in-leipzig-not-one-stolen-bike-but-seven\/\" class=\"post-thumbnail-rollover\" ><img loading=\"lazy\" decoding=\"async\" class=\"preload-me aspect\" src=\"https:\/\/itsmybike.com\/wp-content\/uploads\/2022\/12\/318640650_686204472942036_2781529073145822134_n-400x400.jpg\" srcset=\"https:\/\/itsmybike.com\/wp-content\/uploads\/2022\/12\/318640650_686204472942036_2781529073145822134_n-400x400.jpg 400w, https:\/\/itsmybike.com\/wp-content\/uploads\/2022\/12\/318640650_686204472942036_2781529073145822134_n-399x400.jpg 399w\" style=\"--ratio: 400 \/ 400\" sizes=\"auto, (max-width: 400px) 100vw, 400px\" alt=\"Transporte f\u00e4hrt auf der Stra\u00dfe\" title=\"318640650_686204472942036_2781529073145822134_n\" width=\"400\" height=\"400\"  \/><\/a>\n\t<\/div>\n<\/div>\n\n\n<div class=\"post-entry-content\">\n\n\t<h3 class=\"entry-title\">\n\t\t<a href=\"https:\/\/itsmybike.com\/en\/theft-in-leipzig-not-one-stolen-bike-but-seven\/\" title=\"Theft in Leipzig \u2013 not one stolen bike but seven\" rel=\"bookmark\">Theft in Leipzig \u2013 not one stolen bike but seven<\/a>\n\t<\/h3>\n\n\t<div class=\"entry-meta\"><span class=\"category-link\"><a href=\"https:\/\/itsmybike.com\/en\/category\/success-stories\/\" >Success stories<\/a><\/span><a href=\"https:\/\/itsmybike.com\/en\/2023\/01\/10\/\" title=\"9:41\" class=\"data-link\" rel=\"bookmark\"><time class=\"entry-date updated\" datetime=\"2023-01-10T09:41:17+01:00\">10. January 2023<\/time><\/a><\/div>\n\t<div class=\"entry-excerpt\"><p>With the thought of having his bicycle securely locked to a bicycle hanger, Christian B.* parks his bicycle in a street in Leipzig with a clear conscience &#8211; but when&hellip;<\/p>\n<\/div>\n\t\n<a href=\"https:\/\/itsmybike.com\/en\/theft-in-leipzig-not-one-stolen-bike-but-seven\/\" class=\"dt-btn-s dt-btn post-details details-type-btn\" aria-label=\"Read more about Theft in Leipzig \u2013 not one stolen bike but seven\">Read more<i class=\"dt-icon-the7-arrow-03\" aria-hidden=\"true\"><\/i><\/a>\n\n<\/div><\/article><article class=\"post project-odd visible post-6634 type-post status-publish format-standard has-post-thumbnail hentry category-success-stories category-38 description-off\" data-name=\"Trafficking point uncovered thanks to GPS tracker\" data-date=\"2022-12-16T09:45:19+01:00\">\n\n<div class=\"post-thumbnail-wrap\">\n\t<div class=\"post-thumbnail\">\n\n\t\t\n\t\t\n\t\t<a href=\"https:\/\/itsmybike.com\/en\/trafficking-point-uncovered-thanks-to-gps-tracker\/\" class=\"post-thumbnail-rollover\" ><img loading=\"lazy\" decoding=\"async\" class=\"preload-me aspect\" src=\"https:\/\/itsmybike.com\/wp-content\/uploads\/2022\/12\/Diebstahl_Kiel_Foto-1-scaled-768x768.jpeg\" srcset=\"https:\/\/itsmybike.com\/wp-content\/uploads\/2022\/12\/Diebstahl_Kiel_Foto-1-scaled-768x768.jpeg 768w, https:\/\/itsmybike.com\/wp-content\/uploads\/2022\/12\/Diebstahl_Kiel_Foto-1-scaled-1306x1306.jpeg 1306w\" style=\"--ratio: 768 \/ 768\" sizes=\"auto, (max-width: 768px) 100vw, 768px\" alt=\"Fahrraddieb an Fahrrad\" title=\"\u81ea\u8ee2\u8eca\u3092\u7269\u8272\u3059\u308b\u7537\" width=\"768\" height=\"768\"  \/><\/a>\n\t<\/div>\n<\/div>\n\n\n<div class=\"post-entry-content\">\n\n\t<h3 class=\"entry-title\">\n\t\t<a href=\"https:\/\/itsmybike.com\/en\/trafficking-point-uncovered-thanks-to-gps-tracker\/\" title=\"Trafficking point uncovered thanks to GPS tracker\" rel=\"bookmark\">Trafficking point uncovered thanks to GPS tracker<\/a>\n\t<\/h3>\n\n\t<div class=\"entry-meta\"><span class=\"category-link\"><a href=\"https:\/\/itsmybike.com\/en\/category\/success-stories\/\" >Success stories<\/a><\/span><a href=\"https:\/\/itsmybike.com\/en\/2022\/12\/16\/\" title=\"9:45\" class=\"data-link\" rel=\"bookmark\"><time class=\"entry-date updated\" datetime=\"2022-12-16T09:45:19+01:00\">16. December 2022<\/time><\/a><\/div>\n\t<div class=\"entry-excerpt\"><p>In the middle of the night, a thief tampers with Markus Busche&#8217;s e-bike and only a short time later races across the motorway with the stolen goods.<\/p>\n<\/div>\n\t\n<a href=\"https:\/\/itsmybike.com\/en\/trafficking-point-uncovered-thanks-to-gps-tracker\/\" class=\"dt-btn-s dt-btn post-details details-type-btn\" aria-label=\"Read more about Trafficking point uncovered thanks to GPS tracker\">Read more<i class=\"dt-icon-the7-arrow-03\" aria-hidden=\"true\"><\/i><\/a>\n\n<\/div><\/article><article class=\"post project-odd visible post-6440 type-post status-publish format-standard has-post-thumbnail hentry category-success-stories category-38 description-off\" data-name=\"Premium e-bike stolen while owner was at work\" data-date=\"2022-11-08T11:13:47+01:00\">\n\n<div class=\"post-thumbnail-wrap\">\n\t<div class=\"post-thumbnail\">\n\n\t\t\n\t\t\n\t\t<a href=\"https:\/\/itsmybike.com\/en\/premium-e-bike-stolen-while-owner-was-at-work\/\" class=\"post-thumbnail-rollover\" ><img loading=\"lazy\" decoding=\"async\" class=\"preload-me aspect\" src=\"https:\/\/itsmybike.com\/wp-content\/uploads\/2020\/07\/AdobeStock_212481571-scaled-768x768.jpeg\" srcset=\"https:\/\/itsmybike.com\/wp-content\/uploads\/2020\/07\/AdobeStock_212481571-scaled-768x768.jpeg 768w, https:\/\/itsmybike.com\/wp-content\/uploads\/2020\/07\/AdobeStock_212481571-scaled-1306x1306.jpeg 1306w\" style=\"--ratio: 768 \/ 768\" sizes=\"auto, (max-width: 768px) 100vw, 768px\" alt=\"Nahaufnahme Blaulicht eines Polizeiautos\" title=\"Close up blue light police car\" width=\"768\" height=\"768\"  \/><\/a>\n\t<\/div>\n<\/div>\n\n\n<div class=\"post-entry-content\">\n\n\t<h3 class=\"entry-title\">\n\t\t<a href=\"https:\/\/itsmybike.com\/en\/premium-e-bike-stolen-while-owner-was-at-work\/\" title=\"Premium e-bike stolen while owner was at work\" rel=\"bookmark\">Premium e-bike stolen while owner was at work<\/a>\n\t<\/h3>\n\n\t<div class=\"entry-meta\"><span class=\"category-link\"><a href=\"https:\/\/itsmybike.com\/en\/category\/success-stories\/\" >Success stories<\/a><\/span><a href=\"https:\/\/itsmybike.com\/en\/2022\/11\/08\/\" title=\"11:13\" class=\"data-link\" rel=\"bookmark\"><time class=\"entry-date updated\" datetime=\"2022-11-08T11:13:47+01:00\">8. November 2022<\/time><\/a><\/div>\n\t<div class=\"entry-excerpt\"><p>On the day in question, Lukas* intended to go to and from work on his e-bike just as he did every day. He didn\u2019t realise that things might not go&hellip;<\/p>\n<\/div>\n\t\n<a href=\"https:\/\/itsmybike.com\/en\/premium-e-bike-stolen-while-owner-was-at-work\/\" class=\"dt-btn-s dt-btn post-details details-type-btn\" aria-label=\"Read more about Premium e-bike stolen while owner was at work\">Read more<i class=\"dt-icon-the7-arrow-03\" aria-hidden=\"true\"><\/i><\/a>\n\n<\/div><\/article><article class=\"post project-odd visible post-6444 type-post status-publish format-standard has-post-thumbnail hentry category-press-releases category-26 description-off\" data-name=\"IT\u2019S MY BIKE and VELO DE VILLE join forces to deliver a smart  e-bike\" data-date=\"2022-11-03T13:52:28+01:00\">\n\n<div class=\"post-thumbnail-wrap\">\n\t<div class=\"post-thumbnail\">\n\n\t\t\n\t\t\n\t\t<a href=\"https:\/\/itsmybike.com\/en\/its-my-bike-and-velo-de-ville-join-forces-to-deliver-a-smart-e-bike\/\" class=\"post-thumbnail-rollover\" ><img loading=\"lazy\" decoding=\"async\" class=\"preload-me aspect\" src=\"https:\/\/itsmybike.com\/wp-content\/uploads\/2022\/11\/Neu_VeloDeVille_Pressemeldung_IT\u00b4S-MY-BIKE-768x768.jpg\" srcset=\"https:\/\/itsmybike.com\/wp-content\/uploads\/2022\/11\/Neu_VeloDeVille_Pressemeldung_IT\u00b4S-MY-BIKE-768x768.jpg 768w, https:\/\/itsmybike.com\/wp-content\/uploads\/2022\/11\/Neu_VeloDeVille_Pressemeldung_IT\u00b4S-MY-BIKE-1142x1142.jpg 1142w\" style=\"--ratio: 768 \/ 768\" sizes=\"auto, (max-width: 768px) 100vw, 768px\" alt=\"\" title=\"Neu_VeloDeVille_Pressemeldung_IT\u00b4S MY BIKE\" width=\"768\" height=\"768\"  \/><\/a>\n\t<\/div>\n<\/div>\n\n\n<div class=\"post-entry-content\">\n\n\t<h3 class=\"entry-title\">\n\t\t<a href=\"https:\/\/itsmybike.com\/en\/its-my-bike-and-velo-de-ville-join-forces-to-deliver-a-smart-e-bike\/\" title=\"IT\u2019S MY BIKE and VELO DE VILLE join forces to deliver a smart  e-bike\" rel=\"bookmark\">IT\u2019S MY BIKE and VELO DE VILLE join forces to deliver a smart  e-bike<\/a>\n\t<\/h3>\n\n\t<div class=\"entry-meta\"><span class=\"category-link\"><a href=\"https:\/\/itsmybike.com\/en\/category\/press-releases\/\" >Press releases<\/a><\/span><a href=\"https:\/\/itsmybike.com\/en\/2022\/11\/03\/\" title=\"13:52\" class=\"data-link\" rel=\"bookmark\"><time class=\"entry-date updated\" datetime=\"2022-11-03T13:52:28+01:00\">3. November 2022<\/time><\/a><\/div>\n\t<div class=\"entry-excerpt\"><p>[vc_row el_class=&#8221;blogpost-imb&#8221;][vc_column][vc_column_text el_class=&#8221;teaser-imb&#8221; css=&#8221;.vc_custom_1667402276424{padding-bottom: 20px !important;}&#8221;]Bike manufacturer VELO DE VILLE, based in North Rhine-Westphalia, has entered into a cooperative partnership with Darmstadt\u2019s IoT Venture GmbH to offer its customers even&hellip;<\/p>\n<\/div>\n\t\n<a href=\"https:\/\/itsmybike.com\/en\/its-my-bike-and-velo-de-ville-join-forces-to-deliver-a-smart-e-bike\/\" class=\"dt-btn-s dt-btn post-details details-type-btn\" aria-label=\"Read more about IT\u2019S MY BIKE and VELO DE VILLE join forces to deliver a smart  e-bike\">Read more<i class=\"dt-icon-the7-arrow-03\" aria-hidden=\"true\"><\/i><\/a>\n\n<\/div><\/article><article class=\"post project-odd visible post-6434 type-post status-publish format-standard has-post-thumbnail hentry category-success-stories category-38 description-off\" data-name=\"Family cargo bike stolen\" data-date=\"2022-11-01T11:06:01+01:00\">\n\n<div class=\"post-thumbnail-wrap\">\n\t<div class=\"post-thumbnail\">\n\n\t\t\n\t\t\n\t\t<a href=\"https:\/\/itsmybike.com\/en\/family-cargo-bike-stolen\/\" class=\"post-thumbnail-rollover\" ><img loading=\"lazy\" decoding=\"async\" class=\"preload-me aspect\" src=\"https:\/\/itsmybike.com\/wp-content\/uploads\/2022\/10\/307248381_617511166724413_9065871923189777793_n-scaled-768x768.jpg\" srcset=\"https:\/\/itsmybike.com\/wp-content\/uploads\/2022\/10\/307248381_617511166724413_9065871923189777793_n-scaled-768x768.jpg 768w, https:\/\/itsmybike.com\/wp-content\/uploads\/2022\/10\/307248381_617511166724413_9065871923189777793_n-scaled-1306x1306.jpg 1306w\" style=\"--ratio: 768 \/ 768\" sizes=\"auto, (max-width: 768px) 100vw, 768px\" alt=\"Lastenrad\" title=\"307248381_617511166724413_9065871923189777793_n\" width=\"768\" height=\"768\"  \/><\/a>\n\t<\/div>\n<\/div>\n\n\n<div class=\"post-entry-content\">\n\n\t<h3 class=\"entry-title\">\n\t\t<a href=\"https:\/\/itsmybike.com\/en\/family-cargo-bike-stolen\/\" title=\"Family cargo bike stolen\" rel=\"bookmark\">Family cargo bike stolen<\/a>\n\t<\/h3>\n\n\t<div class=\"entry-meta\"><span class=\"category-link\"><a href=\"https:\/\/itsmybike.com\/en\/category\/success-stories\/\" >Success stories<\/a><\/span><a href=\"https:\/\/itsmybike.com\/en\/2022\/11\/01\/\" title=\"11:06\" class=\"data-link\" rel=\"bookmark\"><time class=\"entry-date updated\" datetime=\"2022-11-01T11:06:01+01:00\">1. November 2022<\/time><\/a><\/div>\n\t<div class=\"entry-excerpt\"><p>A Hamburg family was promptly greeted with highly unwelcome news as they rose early Saturday morning: their premium cargo bike had been stolen. Its built-in GPS tracker trailed the bike&hellip;<\/p>\n<\/div>\n\t\n<a href=\"https:\/\/itsmybike.com\/en\/family-cargo-bike-stolen\/\" class=\"dt-btn-s dt-btn post-details details-type-btn\" aria-label=\"Read more about Family cargo bike stolen\">Read more<i class=\"dt-icon-the7-arrow-03\" aria-hidden=\"true\"><\/i><\/a>\n\n<\/div><\/article><article class=\"post project-odd visible post-6428 type-post status-publish format-standard has-post-thumbnail hentry category-success-stories category-38 description-off\" data-name=\"E-bike stolen in Switzerland, retrieved in Germany\" data-date=\"2022-10-25T10:56:29+02:00\">\n\n<div class=\"post-thumbnail-wrap\">\n\t<div class=\"post-thumbnail\">\n\n\t\t\n\t\t\n\t\t<a href=\"https:\/\/itsmybike.com\/en\/e-bike-stolen-in-switzerland-retrieved-in-germany\/\" class=\"post-thumbnail-rollover\" ><img loading=\"lazy\" decoding=\"async\" class=\"preload-me aspect\" src=\"https:\/\/itsmybike.com\/wp-content\/uploads\/2022\/10\/AdobeStock_292323295-scaled-768x768.jpeg\" srcset=\"https:\/\/itsmybike.com\/wp-content\/uploads\/2022\/10\/AdobeStock_292323295-scaled-768x768.jpeg 768w, https:\/\/itsmybike.com\/wp-content\/uploads\/2022\/10\/AdobeStock_292323295-scaled-1306x1306.jpeg 1306w\" style=\"--ratio: 768 \/ 768\" sizes=\"auto, (max-width: 768px) 100vw, 768px\" alt=\"Fahrraddieb beim Farraddiebstahl\" title=\"Schloss knacken beim Fahrraddiebstahl\" width=\"768\" height=\"768\"  \/><\/a>\n\t<\/div>\n<\/div>\n\n\n<div class=\"post-entry-content\">\n\n\t<h3 class=\"entry-title\">\n\t\t<a href=\"https:\/\/itsmybike.com\/en\/e-bike-stolen-in-switzerland-retrieved-in-germany\/\" title=\"E-bike stolen in Switzerland, retrieved in Germany\" rel=\"bookmark\">E-bike stolen in Switzerland, retrieved in Germany<\/a>\n\t<\/h3>\n\n\t<div class=\"entry-meta\"><span class=\"category-link\"><a href=\"https:\/\/itsmybike.com\/en\/category\/success-stories\/\" >Success stories<\/a><\/span><a href=\"https:\/\/itsmybike.com\/en\/2022\/10\/25\/\" title=\"10:56\" class=\"data-link\" rel=\"bookmark\"><time class=\"entry-date updated\" datetime=\"2022-10-25T10:56:29+02:00\">25. October 2022<\/time><\/a><\/div>\n\t<div class=\"entry-excerpt\"><p>An e-bike was stolen in Switzerland close to the German border. The stolen bike was intercepted in Germany thanks to a GPS tracker.<\/p>\n<\/div>\n\t\n<a href=\"https:\/\/itsmybike.com\/en\/e-bike-stolen-in-switzerland-retrieved-in-germany\/\" class=\"dt-btn-s dt-btn post-details details-type-btn\" aria-label=\"Read more about E-bike stolen in Switzerland, retrieved in Germany\">Read more<i class=\"dt-icon-the7-arrow-03\" aria-hidden=\"true\"><\/i><\/a>\n\n<\/div><\/article><article class=\"post project-odd visible post-6298 type-post status-publish format-standard has-post-thumbnail hentry category-erfolgsgeschichten category-news category-success-stories category-37 category-29 category-38 description-off\" data-name=\"Bike stolen during shopping trip \u2013 successfully recovered thanks to tracker\" data-date=\"2022-10-10T13:23:01+02:00\">\n\n<div class=\"post-thumbnail-wrap\">\n\t<div class=\"post-thumbnail\">\n\n\t\t\n\t\t\n\t\t<a href=\"https:\/\/itsmybike.com\/en\/bike-stolen-during-shopping-trip-successfully-recovered-thanks-to-tracker\/\" class=\"post-thumbnail-rollover\" ><img loading=\"lazy\" decoding=\"async\" class=\"preload-me aspect\" src=\"https:\/\/itsmybike.com\/wp-content\/uploads\/2022\/09\/AdobeStock_292323266-scaled-768x768.jpeg\" srcset=\"https:\/\/itsmybike.com\/wp-content\/uploads\/2022\/09\/AdobeStock_292323266-scaled-768x768.jpeg 768w, https:\/\/itsmybike.com\/wp-content\/uploads\/2022\/09\/AdobeStock_292323266-scaled-1306x1306.jpeg 1306w\" style=\"--ratio: 768 \/ 768\" sizes=\"auto, (max-width: 768px) 100vw, 768px\" alt=\"E-bike thief caught\" title=\"E-bike thief caught by police\" width=\"768\" height=\"768\"  \/><\/a>\n\t<\/div>\n<\/div>\n\n\n<div class=\"post-entry-content\">\n\n\t<h3 class=\"entry-title\">\n\t\t<a href=\"https:\/\/itsmybike.com\/en\/bike-stolen-during-shopping-trip-successfully-recovered-thanks-to-tracker\/\" title=\"Bike stolen during shopping trip \u2013 successfully recovered thanks to tracker\" rel=\"bookmark\">Bike stolen during shopping trip \u2013 successfully recovered thanks to tracker<\/a>\n\t<\/h3>\n\n\t<div class=\"entry-meta\"><span class=\"category-link\"><a href=\"https:\/\/itsmybike.com\/category\/erfolgsgeschichten\/\" >Erfolgsgeschichten<\/a>, <a href=\"https:\/\/itsmybike.com\/category\/news\/\" >News<\/a>, <a href=\"https:\/\/itsmybike.com\/en\/category\/success-stories\/\" >Success stories<\/a><\/span><a href=\"https:\/\/itsmybike.com\/en\/2022\/10\/10\/\" title=\"13:23\" class=\"data-link\" rel=\"bookmark\"><time class=\"entry-date updated\" datetime=\"2022-10-10T13:23:01+02:00\">10. October 2022<\/time><\/a><\/div>\n\t<div class=\"entry-excerpt\"><p>Detmold resident Ulrich P.* simply wanted to buy a few things and then continue on his way. However, things didn&#8217;t quite go to plan.<\/p>\n<\/div>\n\t\n<a href=\"https:\/\/itsmybike.com\/en\/bike-stolen-during-shopping-trip-successfully-recovered-thanks-to-tracker\/\" class=\"dt-btn-s dt-btn post-details details-type-btn\" aria-label=\"Read more about Bike stolen during shopping trip \u2013 successfully recovered thanks to tracker\">Read more<i class=\"dt-icon-the7-arrow-03\" aria-hidden=\"true\"><\/i><\/a>\n\n<\/div><\/article><article class=\"post project-odd visible post-6288 type-post status-publish format-standard has-post-thumbnail hentry category-erfolgsgeschichten category-news category-37 category-29 description-off\" data-name=\"Thieves get cold feet: stolen e-bike returned\" data-date=\"2022-10-10T13:02:16+02:00\">\n\n<div class=\"post-thumbnail-wrap\">\n\t<div class=\"post-thumbnail\">\n\n\t\t\n\t\t\n\t\t<a href=\"https:\/\/itsmybike.com\/en\/thieves-get-cold-feet-stolen-e-bike-returned\/\" class=\"post-thumbnail-rollover\" ><img loading=\"lazy\" decoding=\"async\" class=\"preload-me aspect\" src=\"https:\/\/itsmybike.com\/wp-content\/uploads\/2022\/09\/AdobeStock_338639028_E-Bike-Diebstahl_Berlin-scaled-768x768.jpeg\" srcset=\"https:\/\/itsmybike.com\/wp-content\/uploads\/2022\/09\/AdobeStock_338639028_E-Bike-Diebstahl_Berlin-scaled-768x768.jpeg 768w, https:\/\/itsmybike.com\/wp-content\/uploads\/2022\/09\/AdobeStock_338639028_E-Bike-Diebstahl_Berlin-scaled-1152x1152.jpeg 1152w\" style=\"--ratio: 768 \/ 768\" sizes=\"auto, (max-width: 768px) 100vw, 768px\" alt=\"E-bike theft Berlin - tracker receives GPS\" title=\"E-bike theft Berlin &#8211; tracker receives GPS\" width=\"768\" height=\"768\"  \/><\/a>\n\t<\/div>\n<\/div>\n\n\n<div class=\"post-entry-content\">\n\n\t<h3 class=\"entry-title\">\n\t\t<a href=\"https:\/\/itsmybike.com\/en\/thieves-get-cold-feet-stolen-e-bike-returned\/\" title=\"Thieves get cold feet: stolen e-bike returned\" rel=\"bookmark\">Thieves get cold feet: stolen e-bike returned<\/a>\n\t<\/h3>\n\n\t<div class=\"entry-meta\"><span class=\"category-link\"><a href=\"https:\/\/itsmybike.com\/category\/erfolgsgeschichten\/\" >Erfolgsgeschichten<\/a>, <a href=\"https:\/\/itsmybike.com\/category\/news\/\" >News<\/a><\/span><a href=\"https:\/\/itsmybike.com\/en\/2022\/10\/10\/\" title=\"13:02\" class=\"data-link\" rel=\"bookmark\"><time class=\"entry-date updated\" datetime=\"2022-10-10T13:02:16+02:00\">10. October 2022<\/time><\/a><\/div>\n\t<div class=\"entry-excerpt\"><p>Despite a good GPS signal, police were unable to locate a stolen e-bike, but they did manage to scare the thieves.<\/p>\n<\/div>\n\t\n<a href=\"https:\/\/itsmybike.com\/en\/thieves-get-cold-feet-stolen-e-bike-returned\/\" class=\"dt-btn-s dt-btn post-details details-type-btn\" aria-label=\"Read more about Thieves get cold feet: stolen e-bike returned\">Read more<i class=\"dt-icon-the7-arrow-03\" aria-hidden=\"true\"><\/i><\/a>\n\n<\/div><\/article><article class=\"post project-odd visible post-6282 type-post status-publish format-standard has-post-thumbnail hentry category-erfolgsgeschichten category-news category-37 category-29 description-off\" data-name=\"Recovered: e-bike theft at school in Geilenkirchen\" data-date=\"2022-10-10T12:53:42+02:00\">\n\n<div class=\"post-thumbnail-wrap\">\n\t<div class=\"post-thumbnail\">\n\n\t\t\n\t\t\n\t\t<a href=\"https:\/\/itsmybike.com\/en\/recovered-e-bike-theft-at-school-in-geilenkirchen\/\" class=\"post-thumbnail-rollover\" ><img loading=\"lazy\" decoding=\"async\" class=\"preload-me aspect\" src=\"https:\/\/itsmybike.com\/wp-content\/uploads\/2022\/09\/AdobeStock_424543319-scaled-768x768.jpeg\" srcset=\"https:\/\/itsmybike.com\/wp-content\/uploads\/2022\/09\/AdobeStock_424543319-scaled-768x768.jpeg 768w, https:\/\/itsmybike.com\/wp-content\/uploads\/2022\/09\/AdobeStock_424543319-scaled-1306x1306.jpeg 1306w\" style=\"--ratio: 768 \/ 768\" sizes=\"auto, (max-width: 768px) 100vw, 768px\" alt=\"e-bike theft at school in Geilenkirchen\" title=\"Fahrradst\u00e4nder vor dem Gymnasium\" width=\"768\" height=\"768\"  \/><\/a>\n\t<\/div>\n<\/div>\n\n\n<div class=\"post-entry-content\">\n\n\t<h3 class=\"entry-title\">\n\t\t<a href=\"https:\/\/itsmybike.com\/en\/recovered-e-bike-theft-at-school-in-geilenkirchen\/\" title=\"Recovered: e-bike theft at school in Geilenkirchen\" rel=\"bookmark\">Recovered: e-bike theft at school in Geilenkirchen<\/a>\n\t<\/h3>\n\n\t<div class=\"entry-meta\"><span class=\"category-link\"><a href=\"https:\/\/itsmybike.com\/category\/erfolgsgeschichten\/\" >Erfolgsgeschichten<\/a>, <a href=\"https:\/\/itsmybike.com\/category\/news\/\" >News<\/a><\/span><a href=\"https:\/\/itsmybike.com\/en\/2022\/10\/10\/\" title=\"12:53\" class=\"data-link\" rel=\"bookmark\"><time class=\"entry-date updated\" datetime=\"2022-10-10T12:53:42+02:00\">10. October 2022<\/time><\/a><\/div>\n\t<div class=\"entry-excerpt\"><p>One bike among many others at a school \u2013 a sturdy lock should have been enough to protect it. Think again. Still, things didn\u2019t turn out quite so badly in&hellip;<\/p>\n<\/div>\n\t\n<a href=\"https:\/\/itsmybike.com\/en\/recovered-e-bike-theft-at-school-in-geilenkirchen\/\" class=\"dt-btn-s dt-btn post-details details-type-btn\" aria-label=\"Read more about Recovered: e-bike theft at school in Geilenkirchen\">Read more<i class=\"dt-icon-the7-arrow-03\" aria-hidden=\"true\"><\/i><\/a>\n\n<\/div><\/article><article class=\"post project-odd visible post-6274 type-post status-publish format-standard has-post-thumbnail hentry category-erfolgsgeschichten category-news category-37 category-29 description-off\" data-name=\"E-bike recovered after over two weeks\" data-date=\"2022-10-10T12:45:04+02:00\">\n\n<div class=\"post-thumbnail-wrap\">\n\t<div class=\"post-thumbnail\">\n\n\t\t\n\t\t\n\t\t<a href=\"https:\/\/itsmybike.com\/en\/e-bike-recovered-after-over-two-weeks\/\" class=\"post-thumbnail-rollover\" ><img loading=\"lazy\" decoding=\"async\" class=\"preload-me aspect\" src=\"https:\/\/itsmybike.com\/wp-content\/uploads\/2022\/08\/Diebstahlfall_Halle-Saale-scaled-768x768.jpg\" srcset=\"https:\/\/itsmybike.com\/wp-content\/uploads\/2022\/08\/Diebstahlfall_Halle-Saale-scaled-768x768.jpg 768w, https:\/\/itsmybike.com\/wp-content\/uploads\/2022\/08\/Diebstahlfall_Halle-Saale-scaled-1306x1306.jpg 1306w\" style=\"--ratio: 768 \/ 768\" sizes=\"auto, (max-width: 768px) 100vw, 768px\" alt=\"E-bike recovered after over two weeks\" title=\"Diebstahlfall_Halle-Saale\" width=\"768\" height=\"768\"  \/><\/a>\n\t<\/div>\n<\/div>\n\n\n<div class=\"post-entry-content\">\n\n\t<h3 class=\"entry-title\">\n\t\t<a href=\"https:\/\/itsmybike.com\/en\/e-bike-recovered-after-over-two-weeks\/\" title=\"E-bike recovered after over two weeks\" rel=\"bookmark\">E-bike recovered after over two weeks<\/a>\n\t<\/h3>\n\n\t<div class=\"entry-meta\"><span class=\"category-link\"><a href=\"https:\/\/itsmybike.com\/category\/erfolgsgeschichten\/\" >Erfolgsgeschichten<\/a>, <a href=\"https:\/\/itsmybike.com\/category\/news\/\" >News<\/a><\/span><a href=\"https:\/\/itsmybike.com\/en\/2022\/10\/10\/\" title=\"12:45\" class=\"data-link\" rel=\"bookmark\"><time class=\"entry-date updated\" datetime=\"2022-10-10T12:45:04+02:00\">10. October 2022<\/time><\/a><\/div>\n\t<div class=\"entry-excerpt\"><p>The e-bike was recovered with help from the police in Halle (Saale) after more than two weeks.<\/p>\n<\/div>\n\t\n<a href=\"https:\/\/itsmybike.com\/en\/e-bike-recovered-after-over-two-weeks\/\" class=\"dt-btn-s dt-btn post-details details-type-btn\" aria-label=\"Read more about E-bike recovered after over two weeks\">Read more<i class=\"dt-icon-the7-arrow-03\" aria-hidden=\"true\"><\/i><\/a>\n\n<\/div><\/article><article class=\"post project-odd visible post-6213 type-post status-publish format-standard has-post-thumbnail hentry category-erfolgsgeschichten category-news category-success-stories category-37 category-29 category-38 description-off\" data-name=\"E-bike theft: pursuit on motorway\" data-date=\"2022-08-08T11:32:14+02:00\">\n\n<div class=\"post-thumbnail-wrap\">\n\t<div class=\"post-thumbnail\">\n\n\t\t\n\t\t\n\t\t<a href=\"https:\/\/itsmybike.com\/en\/e-bike-theft-pursuit-on-motorway\/\" class=\"post-thumbnail-rollover\" ><img loading=\"lazy\" decoding=\"async\" class=\"preload-me aspect\" src=\"https:\/\/itsmybike.com\/wp-content\/uploads\/2022\/08\/Diebstahlfall_Krefeld-scaled-768x768.jpg\" srcset=\"https:\/\/itsmybike.com\/wp-content\/uploads\/2022\/08\/Diebstahlfall_Krefeld-scaled-768x768.jpg 768w, https:\/\/itsmybike.com\/wp-content\/uploads\/2022\/08\/Diebstahlfall_Krefeld-scaled-1306x1306.jpg 1306w\" style=\"--ratio: 768 \/ 768\" sizes=\"auto, (max-width: 768px) 100vw, 768px\" alt=\"E-Bike Diebstahl: Verfolgung \u00fcber die Autobahn\" title=\"Diebstahlfall_Krefeld\" width=\"768\" height=\"768\"  \/><\/a>\n\t<\/div>\n<\/div>\n\n\n<div class=\"post-entry-content\">\n\n\t<h3 class=\"entry-title\">\n\t\t<a href=\"https:\/\/itsmybike.com\/en\/e-bike-theft-pursuit-on-motorway\/\" title=\"E-bike theft: pursuit on motorway\" rel=\"bookmark\">E-bike theft: pursuit on motorway<\/a>\n\t<\/h3>\n\n\t<div class=\"entry-meta\"><span class=\"category-link\"><a href=\"https:\/\/itsmybike.com\/category\/erfolgsgeschichten\/\" >Erfolgsgeschichten<\/a>, <a href=\"https:\/\/itsmybike.com\/category\/news\/\" >News<\/a>, <a href=\"https:\/\/itsmybike.com\/en\/category\/success-stories\/\" >Success stories<\/a><\/span><a href=\"https:\/\/itsmybike.com\/en\/2022\/08\/08\/\" title=\"11:32\" class=\"data-link\" rel=\"bookmark\"><time class=\"entry-date updated\" datetime=\"2022-08-08T11:32:14+02:00\">8. August 2022<\/time><\/a><\/div>\n\t<div class=\"entry-excerpt\"><p>An e-bike was found again after a pursuit on the motorway between Krefeld and Duisburg.<\/p>\n<\/div>\n\t\n<a href=\"https:\/\/itsmybike.com\/en\/e-bike-theft-pursuit-on-motorway\/\" class=\"dt-btn-s dt-btn post-details details-type-btn\" aria-label=\"Read more about E-bike theft: pursuit on motorway\">Read more<i class=\"dt-icon-the7-arrow-03\" aria-hidden=\"true\"><\/i><\/a>\n\n<\/div><\/article><article class=\"post project-odd visible post-6206 type-post status-publish format-standard has-post-thumbnail hentry category-success-stories category-38 description-off\" data-name=\"Premium e-bike recovered two days after theft\" data-date=\"2022-08-01T15:23:09+02:00\">\n\n<div class=\"post-thumbnail-wrap\">\n\t<div class=\"post-thumbnail\">\n\n\t\t\n\t\t\n\t\t<a href=\"https:\/\/itsmybike.com\/en\/premium-e-bike-recovered-two-days-after-theft\/\" class=\"post-thumbnail-rollover\" ><img loading=\"lazy\" decoding=\"async\" class=\"preload-me aspect\" src=\"https:\/\/itsmybike.com\/wp-content\/uploads\/2022\/08\/Diebstahlfall_Gelsenkirchen_RM-scaled-768x768.jpg\" srcset=\"https:\/\/itsmybike.com\/wp-content\/uploads\/2022\/08\/Diebstahlfall_Gelsenkirchen_RM-scaled-768x768.jpg 768w, https:\/\/itsmybike.com\/wp-content\/uploads\/2022\/08\/Diebstahlfall_Gelsenkirchen_RM-scaled-1306x1306.jpg 1306w\" style=\"--ratio: 768 \/ 768\" sizes=\"auto, (max-width: 768px) 100vw, 768px\" alt=\"Premium E-Bike zwei Tage nach \" title=\"Diebstahlfall_Gelsenkirchen_R&#038;M\" width=\"768\" height=\"768\"  \/><\/a>\n\t<\/div>\n<\/div>\n\n\n<div class=\"post-entry-content\">\n\n\t<h3 class=\"entry-title\">\n\t\t<a href=\"https:\/\/itsmybike.com\/en\/premium-e-bike-recovered-two-days-after-theft\/\" title=\"Premium e-bike recovered two days after theft\" rel=\"bookmark\">Premium e-bike recovered two days after theft<\/a>\n\t<\/h3>\n\n\t<div class=\"entry-meta\"><span class=\"category-link\"><a href=\"https:\/\/itsmybike.com\/en\/category\/success-stories\/\" >Success stories<\/a><\/span><a href=\"https:\/\/itsmybike.com\/en\/2022\/08\/01\/\" title=\"15:23\" class=\"data-link\" rel=\"bookmark\"><time class=\"entry-date updated\" datetime=\"2022-08-01T15:23:09+02:00\">1. August 2022<\/time><\/a><\/div>\n\t<div class=\"entry-excerpt\"><p>Although the theft went unnoticed for two days, the stolen premium bike was recovered on the same day the theft was reported thanks to its GPS tracker.<\/p>\n<\/div>\n\t\n<a href=\"https:\/\/itsmybike.com\/en\/premium-e-bike-recovered-two-days-after-theft\/\" class=\"dt-btn-s dt-btn post-details details-type-btn\" aria-label=\"Read more about Premium e-bike recovered two days after theft\">Read more<i class=\"dt-icon-the7-arrow-03\" aria-hidden=\"true\"><\/i><\/a>\n\n<\/div><\/article><article class=\"post project-odd visible post-6201 type-post status-publish format-standard has-post-thumbnail hentry category-presse category-23 description-off\" data-name=\"FIT e-bike system, new IT\u2019S MY BIKE partner\" data-date=\"2022-07-19T15:59:47+02:00\">\n\n<div class=\"post-thumbnail-wrap\">\n\t<div class=\"post-thumbnail\">\n\n\t\t\n\t\t\n\t\t<a href=\"https:\/\/itsmybike.com\/en\/fit-e-bike-system-new-its-my-bike-partner\/\" class=\"post-thumbnail-rollover\" ><img loading=\"lazy\" decoding=\"async\" class=\"preload-me aspect\" src=\"https:\/\/itsmybike.com\/wp-content\/uploads\/2022\/06\/FIT_Key_Visual_E-Bike_Tracker_20211125_klein-4-768x768.jpg\" srcset=\"https:\/\/itsmybike.com\/wp-content\/uploads\/2022\/06\/FIT_Key_Visual_E-Bike_Tracker_20211125_klein-4-768x768.jpg 768w, https:\/\/itsmybike.com\/wp-content\/uploads\/2022\/06\/FIT_Key_Visual_E-Bike_Tracker_20211125_klein-4-1000x1000.jpg 1000w\" style=\"--ratio: 768 \/ 768\" sizes=\"auto, (max-width: 768px) 100vw, 768px\" alt=\"FIT Tracker\" title=\"FIT_Key_Visual_E-Bike_Tracker_20211125_klein\" width=\"768\" height=\"768\"  \/><\/a>\n\t<\/div>\n<\/div>\n\n\n<div class=\"post-entry-content\">\n\n\t<h3 class=\"entry-title\">\n\t\t<a href=\"https:\/\/itsmybike.com\/en\/fit-e-bike-system-new-its-my-bike-partner\/\" title=\"FIT e-bike system, new IT\u2019S MY BIKE partner\" rel=\"bookmark\">FIT e-bike system, new IT\u2019S MY BIKE partner<\/a>\n\t<\/h3>\n\n\t<div class=\"entry-meta\"><span class=\"category-link\"><a href=\"https:\/\/itsmybike.com\/category\/presse\/\" >Pressemeldungen<\/a><\/span><a href=\"https:\/\/itsmybike.com\/en\/2022\/07\/19\/\" title=\"15:59\" class=\"data-link\" rel=\"bookmark\"><time class=\"entry-date updated\" datetime=\"2022-07-19T15:59:47+02:00\">19. July 2022<\/time><\/a><\/div>\n\t<div class=\"entry-excerpt\"><p>Darmstadt\/ Huttwil. IT\u2019S MY BIKE\/IoT Venture GmbH\u2019s latest cooperation partner is the FIT E-Bike System Integration brand (Biketec GmbH).<\/p>\n<\/div>\n\t\n<a href=\"https:\/\/itsmybike.com\/en\/fit-e-bike-system-new-its-my-bike-partner\/\" class=\"dt-btn-s dt-btn post-details details-type-btn\" aria-label=\"Read more about FIT e-bike system, new IT\u2019S MY BIKE partner\">Read more<i class=\"dt-icon-the7-arrow-03\" aria-hidden=\"true\"><\/i><\/a>\n\n<\/div><\/article><article class=\"post project-odd visible post-6192 type-post status-publish format-standard has-post-thumbnail hentry category-erfolgsgeschichten category-news category-37 category-29 description-off\" data-name=\"Berlin: Stolen e-bike recovered within one hour\" data-date=\"2022-07-19T15:48:05+02:00\">\n\n<div class=\"post-thumbnail-wrap\">\n\t<div class=\"post-thumbnail\">\n\n\t\t\n\t\t\n\t\t<a href=\"https:\/\/itsmybike.com\/en\/berlin-stolen-e-bike-recovered-within-one-hour\/\" class=\"post-thumbnail-rollover\" ><img loading=\"lazy\" decoding=\"async\" class=\"preload-me aspect\" src=\"https:\/\/itsmybike.com\/wp-content\/uploads\/2022\/07\/Diebstahlfall_Berlin-scaled-768x768.jpg\" srcset=\"https:\/\/itsmybike.com\/wp-content\/uploads\/2022\/07\/Diebstahlfall_Berlin-scaled-768x768.jpg 768w, https:\/\/itsmybike.com\/wp-content\/uploads\/2022\/07\/Diebstahlfall_Berlin-scaled-1306x1306.jpg 1306w\" style=\"--ratio: 768 \/ 768\" sizes=\"auto, (max-width: 768px) 100vw, 768px\" alt=\"Radfahrer f\u00e4hrt in Berlin an der Siegess\u00e4ule schnell \u00fcber eine Stra\u00dfe\" title=\"Diebstahlfall_Berlin\" width=\"768\" height=\"768\"  \/><\/a>\n\t<\/div>\n<\/div>\n\n\n<div class=\"post-entry-content\">\n\n\t<h3 class=\"entry-title\">\n\t\t<a href=\"https:\/\/itsmybike.com\/en\/berlin-stolen-e-bike-recovered-within-one-hour\/\" title=\"Berlin: Stolen e-bike recovered within one hour\" rel=\"bookmark\">Berlin: Stolen e-bike recovered within one hour<\/a>\n\t<\/h3>\n\n\t<div class=\"entry-meta\"><span class=\"category-link\"><a href=\"https:\/\/itsmybike.com\/category\/erfolgsgeschichten\/\" >Erfolgsgeschichten<\/a>, <a href=\"https:\/\/itsmybike.com\/category\/news\/\" >News<\/a><\/span><a href=\"https:\/\/itsmybike.com\/en\/2022\/07\/19\/\" title=\"15:48\" class=\"data-link\" rel=\"bookmark\"><time class=\"entry-date updated\" datetime=\"2022-07-19T15:48:05+02:00\">19. July 2022<\/time><\/a><\/div>\n\t<div class=\"entry-excerpt\"><p>A stolen e-bike was seized back within an hour thanks to its GPS tracker. This case stands out due to the owner\u2019s rapid response and effective cooperation with the local&hellip;<\/p>\n<\/div>\n\t\n<a href=\"https:\/\/itsmybike.com\/en\/berlin-stolen-e-bike-recovered-within-one-hour\/\" class=\"dt-btn-s dt-btn post-details details-type-btn\" aria-label=\"Read more about Berlin: Stolen e-bike recovered within one hour\">Read more<i class=\"dt-icon-the7-arrow-03\" aria-hidden=\"true\"><\/i><\/a>\n\n<\/div><\/article><article class=\"post project-odd visible post-6183 type-post status-publish format-standard has-post-thumbnail hentry category-press-releases category-26 description-off\" data-name=\"Eurobike 2022: IT\u2019S MY BIKE continues apace with innovation\" data-date=\"2022-07-19T15:39:23+02:00\">\n\n<div class=\"post-thumbnail-wrap\">\n\t<div class=\"post-thumbnail\">\n\n\t\t\n\t\t\n\t\t<a href=\"https:\/\/itsmybike.com\/en\/eurobike-2022-its-my-bike-continues-apace-with-innovation\/\" class=\"post-thumbnail-rollover\" ><img loading=\"lazy\" decoding=\"async\" class=\"preload-me aspect\" src=\"https:\/\/itsmybike.com\/wp-content\/uploads\/2022\/07\/ITS-MY-BIKE_Eurobike-768x768.png\" srcset=\"https:\/\/itsmybike.com\/wp-content\/uploads\/2022\/07\/ITS-MY-BIKE_Eurobike-768x768.png 768w, https:\/\/itsmybike.com\/wp-content\/uploads\/2022\/07\/ITS-MY-BIKE_Eurobike-900x900.png 900w\" style=\"--ratio: 768 \/ 768\" sizes=\"auto, (max-width: 768px) 100vw, 768px\" alt=\"IT&#039;S MY BIKE Team in IT&#039;S MY BIKE Shirts auf der Eurobike\" title=\"IT&#8217;S MY BIKE_Eurobike\" width=\"768\" height=\"768\"  \/><\/a>\n\t<\/div>\n<\/div>\n\n\n<div class=\"post-entry-content\">\n\n\t<h3 class=\"entry-title\">\n\t\t<a href=\"https:\/\/itsmybike.com\/en\/eurobike-2022-its-my-bike-continues-apace-with-innovation\/\" title=\"Eurobike 2022: IT\u2019S MY BIKE continues apace with innovation\" rel=\"bookmark\">Eurobike 2022: IT\u2019S MY BIKE continues apace with innovation<\/a>\n\t<\/h3>\n\n\t<div class=\"entry-meta\"><span class=\"category-link\"><a href=\"https:\/\/itsmybike.com\/en\/category\/press-releases\/\" >Press releases<\/a><\/span><a href=\"https:\/\/itsmybike.com\/en\/2022\/07\/19\/\" title=\"15:39\" class=\"data-link\" rel=\"bookmark\"><time class=\"entry-date updated\" datetime=\"2022-07-19T15:39:23+02:00\">19. July 2022<\/time><\/a><\/div>\n\t<div class=\"entry-excerpt\"><p>[vc_row el_class=&#8221;blogpost-imb&#8221;][vc_column][vc_column_text el_class=&#8221;teaser-imb&#8221; css=&#8221;.vc_custom_1657194225573{padding-bottom: 20px !important;}&#8221;] Frankfurt, July 2022. IT\u2019S MY BIKE will be presenting its GPS anti-theft protection for e-bikes and innovative expansion stages between 13 and 17 July&hellip;<\/p>\n<\/div>\n\t\n<a href=\"https:\/\/itsmybike.com\/en\/eurobike-2022-its-my-bike-continues-apace-with-innovation\/\" class=\"dt-btn-s dt-btn post-details details-type-btn\" aria-label=\"Read more about Eurobike 2022: IT\u2019S MY BIKE continues apace with innovation\">Read more<i class=\"dt-icon-the7-arrow-03\" aria-hidden=\"true\"><\/i><\/a>\n\n<\/div><\/article><article class=\"post project-odd visible post-6053 type-post status-publish format-standard has-post-thumbnail hentry category-success-stories category-38 description-off\" data-name=\"Bike recovered: e-bike theft in central Frankfurt\" data-date=\"2022-06-07T16:03:38+02:00\">\n\n<div class=\"post-thumbnail-wrap\">\n\t<div class=\"post-thumbnail\">\n\n\t\t\n\t\t\n\t\t<a href=\"https:\/\/itsmybike.com\/en\/bike-recovered-e-bike-theft-in-central-frankfurt\/\" class=\"post-thumbnail-rollover\" ><img loading=\"lazy\" decoding=\"async\" class=\"preload-me aspect\" src=\"https:\/\/itsmybike.com\/wp-content\/uploads\/2022\/06\/Diebstahlfall-Frankfurt-scaled-768x768.jpeg\" srcset=\"https:\/\/itsmybike.com\/wp-content\/uploads\/2022\/06\/Diebstahlfall-Frankfurt-scaled-768x768.jpeg 768w, https:\/\/itsmybike.com\/wp-content\/uploads\/2022\/06\/Diebstahlfall-Frankfurt-scaled-1306x1306.jpeg 1306w\" style=\"--ratio: 768 \/ 768\" sizes=\"auto, (max-width: 768px) 100vw, 768px\" alt=\"Blaulicht auf Dach eines Polizeiautos leuchtet, im Hintergrund Stra\u00dfenbeleuchtung und Verkehrsbeleuchtung\" title=\"Blue light flasher atop of a police car. City lights on the back\" width=\"768\" height=\"768\"  \/><\/a>\n\t<\/div>\n<\/div>\n\n\n<div class=\"post-entry-content\">\n\n\t<h3 class=\"entry-title\">\n\t\t<a href=\"https:\/\/itsmybike.com\/en\/bike-recovered-e-bike-theft-in-central-frankfurt\/\" title=\"Bike recovered: e-bike theft in central Frankfurt\" rel=\"bookmark\">Bike recovered: e-bike theft in central Frankfurt<\/a>\n\t<\/h3>\n\n\t<div class=\"entry-meta\"><span class=\"category-link\"><a href=\"https:\/\/itsmybike.com\/en\/category\/success-stories\/\" >Success stories<\/a><\/span><a href=\"https:\/\/itsmybike.com\/en\/2022\/06\/07\/\" title=\"16:03\" class=\"data-link\" rel=\"bookmark\"><time class=\"entry-date updated\" datetime=\"2022-06-07T16:03:38+02:00\">7. June 2022<\/time><\/a><\/div>\n\t<div class=\"entry-excerpt\"><p>Frankfurt, 10 May 2022. A pedelec was stolen close to Frankfurt\u2019s city hall, the famed R\u00f6mer building. Its built-in GPS tracker meant the e-bike could be tracked and recovered more&hellip;<\/p>\n<\/div>\n\t\n<a href=\"https:\/\/itsmybike.com\/en\/bike-recovered-e-bike-theft-in-central-frankfurt\/\" class=\"dt-btn-s dt-btn post-details details-type-btn\" aria-label=\"Read more about Bike recovered: e-bike theft in central Frankfurt\">Read more<i class=\"dt-icon-the7-arrow-03\" aria-hidden=\"true\"><\/i><\/a>\n\n<\/div><\/article><article class=\"post project-odd visible post-5922 type-post status-publish format-standard has-post-thumbnail hentry category-press-releases category-26 description-off\" data-name=\"IT\u2019S MY BIKE enters into partnership with bamboo bike manufacturer my Boo\" data-date=\"2022-01-18T16:09:13+01:00\">\n\n<div class=\"post-thumbnail-wrap\">\n\t<div class=\"post-thumbnail\">\n\n\t\t\n\t\t\n\t\t<a href=\"https:\/\/itsmybike.com\/en\/its-my-bike-enters-into-partnership-with-bamboo-bike-manufacturer-my-boo\/\" class=\"post-thumbnail-rollover\" ><img loading=\"lazy\" decoding=\"async\" class=\"preload-me aspect\" src=\"https:\/\/itsmybike.com\/wp-content\/uploads\/2022\/01\/my-Ashanti-EP8-CreditsRobertStrehler_my_Boo-scaled-768x768.jpg\" srcset=\"https:\/\/itsmybike.com\/wp-content\/uploads\/2022\/01\/my-Ashanti-EP8-CreditsRobertStrehler_my_Boo-scaled-768x768.jpg 768w, https:\/\/itsmybike.com\/wp-content\/uploads\/2022\/01\/my-Ashanti-EP8-CreditsRobertStrehler_my_Boo-scaled-1306x1306.jpg 1306w\" style=\"--ratio: 768 \/ 768\" sizes=\"auto, (max-width: 768px) 100vw, 768px\" alt=\"MyBoo Bambus Bike\" title=\"press photo: my Boo-Model &#8220;my Ashanti EP8&#8221;\" width=\"768\" height=\"768\"  \/><\/a>\n\t<\/div>\n<\/div>\n\n\n<div class=\"post-entry-content\">\n\n\t<h3 class=\"entry-title\">\n\t\t<a href=\"https:\/\/itsmybike.com\/en\/its-my-bike-enters-into-partnership-with-bamboo-bike-manufacturer-my-boo\/\" title=\"IT\u2019S MY BIKE enters into partnership with bamboo bike manufacturer my Boo\" rel=\"bookmark\">IT\u2019S MY BIKE enters into partnership with bamboo bike manufacturer my Boo<\/a>\n\t<\/h3>\n\n\t<div class=\"entry-meta\"><span class=\"category-link\"><a href=\"https:\/\/itsmybike.com\/en\/category\/press-releases\/\" >Press releases<\/a><\/span><a href=\"https:\/\/itsmybike.com\/en\/2022\/01\/18\/\" title=\"16:09\" class=\"data-link\" rel=\"bookmark\"><time class=\"entry-date updated\" datetime=\"2022-01-18T16:09:13+01:00\">18. January 2022<\/time><\/a><\/div>\n\t<div class=\"entry-excerpt\"><p>[vc_row el_class=&#8221;blogpost-imb&#8221;][vc_column][vc_column_text el_class=&#8221;teaser-imb&#8221; css=&#8221;.vc_custom_1642429323288{padding-bottom: 20px !important;}&#8221;] IT\u2019S MY BIKE now works with my Boo, a Kiel-based bike manufacturer, which mainly manufactures bikes with bamboo. The company sources this renewable raw&hellip;<\/p>\n<\/div>\n\t\n<a href=\"https:\/\/itsmybike.com\/en\/its-my-bike-enters-into-partnership-with-bamboo-bike-manufacturer-my-boo\/\" class=\"dt-btn-s dt-btn post-details details-type-btn\" aria-label=\"Read more about IT\u2019S MY BIKE enters into partnership with bamboo bike manufacturer my Boo\">Read more<i class=\"dt-icon-the7-arrow-03\" aria-hidden=\"true\"><\/i><\/a>\n\n<\/div><\/article><article class=\"post project-odd visible post-5688 type-post status-publish format-standard has-post-thumbnail hentry category-erfolgsgeschichten category-37 description-off\" data-name=\"In pursuit of e-bike thieves\" data-date=\"2021-11-22T15:21:00+01:00\">\n\n<div class=\"post-thumbnail-wrap\">\n\t<div class=\"post-thumbnail\">\n\n\t\t\n\t\t\n\t\t<a href=\"https:\/\/itsmybike.com\/en\/in-pursuit-of-e-bike-thieves\/\" class=\"post-thumbnail-rollover\" ><img loading=\"lazy\" decoding=\"async\" class=\"preload-me aspect\" src=\"https:\/\/itsmybike.com\/wp-content\/uploads\/2021\/11\/IMG_0066-scaled-768x768.jpg\" srcset=\"https:\/\/itsmybike.com\/wp-content\/uploads\/2021\/11\/IMG_0066-scaled-768x768.jpg 768w, https:\/\/itsmybike.com\/wp-content\/uploads\/2021\/11\/IMG_0066-scaled-1306x1306.jpg 1306w\" style=\"--ratio: 768 \/ 768\" sizes=\"auto, (max-width: 768px) 100vw, 768px\" alt=\"Arbeitsplatz Sebastian Stoll\" title=\"IMG_0066\" width=\"768\" height=\"768\"  \/><\/a>\n\t<\/div>\n<\/div>\n\n\n<div class=\"post-entry-content\">\n\n\t<h3 class=\"entry-title\">\n\t\t<a href=\"https:\/\/itsmybike.com\/en\/in-pursuit-of-e-bike-thieves\/\" title=\"In pursuit of e-bike thieves\" rel=\"bookmark\">In pursuit of e-bike thieves<\/a>\n\t<\/h3>\n\n\t<div class=\"entry-meta\"><span class=\"category-link\"><a href=\"https:\/\/itsmybike.com\/category\/erfolgsgeschichten\/\" >Erfolgsgeschichten<\/a><\/span><a href=\"https:\/\/itsmybike.com\/en\/2021\/11\/22\/\" title=\"15:21\" class=\"data-link\" rel=\"bookmark\"><time class=\"entry-date updated\" datetime=\"2021-11-22T15:21:00+01:00\">22. November 2021<\/time><\/a><\/div>\n\t<div class=\"entry-excerpt\"><p>When the phone rings at IT&#8217;S MY BIKE customer service, victims are at the right address and thieves have to dress warmly.<\/p>\n<\/div>\n\t\n<a href=\"https:\/\/itsmybike.com\/en\/in-pursuit-of-e-bike-thieves\/\" class=\"dt-btn-s dt-btn post-details details-type-btn\" aria-label=\"Read more about In pursuit of e-bike thieves\">Read more<i class=\"dt-icon-the7-arrow-03\" aria-hidden=\"true\"><\/i><\/a>\n\n<\/div><\/article><article class=\"post project-odd visible post-5682 type-post status-publish format-standard has-post-thumbnail hentry category-success-stories category-38 description-off\" data-name=\"GPS tracker leads to big find\" data-date=\"2021-11-22T15:11:04+01:00\">\n\n<div class=\"post-thumbnail-wrap\">\n\t<div class=\"post-thumbnail\">\n\n\t\t\n\t\t\n\t\t<a href=\"https:\/\/itsmybike.com\/en\/gps-tracker-leads-to-big-find\/\" class=\"post-thumbnail-rollover\" ><img loading=\"lazy\" decoding=\"async\" class=\"preload-me aspect\" src=\"https:\/\/itsmybike.com\/wp-content\/uploads\/2021\/11\/Bulls_2048x1365-2-768x768.png\" srcset=\"https:\/\/itsmybike.com\/wp-content\/uploads\/2021\/11\/Bulls_2048x1365-2-768x768.png 768w, https:\/\/itsmybike.com\/wp-content\/uploads\/2021\/11\/Bulls_2048x1365-2-1306x1306.png 1306w\" style=\"--ratio: 768 \/ 768\" sizes=\"auto, (max-width: 768px) 100vw, 768px\" alt=\"schwarzes E-Bike vor wei\u00dfem Hintergrund\" title=\"Bulls_2048x1365\" width=\"768\" height=\"768\"  \/><\/a>\n\t<\/div>\n<\/div>\n\n\n<div class=\"post-entry-content\">\n\n\t<h3 class=\"entry-title\">\n\t\t<a href=\"https:\/\/itsmybike.com\/en\/gps-tracker-leads-to-big-find\/\" title=\"GPS tracker leads to big find\" rel=\"bookmark\">GPS tracker leads to big find<\/a>\n\t<\/h3>\n\n\t<div class=\"entry-meta\"><span class=\"category-link\"><a href=\"https:\/\/itsmybike.com\/en\/category\/success-stories\/\" >Success stories<\/a><\/span><a href=\"https:\/\/itsmybike.com\/en\/2021\/11\/22\/\" title=\"15:11\" class=\"data-link\" rel=\"bookmark\"><time class=\"entry-date updated\" datetime=\"2021-11-22T15:11:04+01:00\">22. November 2021<\/time><\/a><\/div>\n\t<div class=\"entry-excerpt\"><p>Police seize the missing e-bike in a garage along with 20 other stolen bikes.<\/p>\n<\/div>\n\t\n<a href=\"https:\/\/itsmybike.com\/en\/gps-tracker-leads-to-big-find\/\" class=\"dt-btn-s dt-btn post-details details-type-btn\" aria-label=\"Read more about GPS tracker leads to big find\">Read more<i class=\"dt-icon-the7-arrow-03\" aria-hidden=\"true\"><\/i><\/a>\n\n<\/div><\/article><article class=\"post project-odd visible post-5625 type-post status-publish format-standard has-post-thumbnail hentry category-success-stories category-38 description-off\" data-name=\"GPS tracker leads police to a transshipment centre\" data-date=\"2021-11-08T14:31:48+01:00\">\n\n<div class=\"post-thumbnail-wrap\">\n\t<div class=\"post-thumbnail\">\n\n\t\t\n\t\t\n\t\t<a href=\"https:\/\/itsmybike.com\/en\/gps-tracker-leads-police-to-a-transshipment-centre\/\" class=\"post-thumbnail-rollover\" ><img loading=\"lazy\" decoding=\"async\" class=\"preload-me aspect\" src=\"https:\/\/itsmybike.com\/wp-content\/uploads\/2021\/10\/AdobeStock_160300183-scaled-768x768.jpeg\" srcset=\"https:\/\/itsmybike.com\/wp-content\/uploads\/2021\/10\/AdobeStock_160300183-scaled-768x768.jpeg 768w, https:\/\/itsmybike.com\/wp-content\/uploads\/2021\/10\/AdobeStock_160300183-scaled-1306x1306.jpeg 1306w\" style=\"--ratio: 768 \/ 768\" sizes=\"auto, (max-width: 768px) 100vw, 768px\" alt=\"geknacktes Fahrradschloss h\u00e4ngt an Zaun, Fahrrad geklaut\" title=\"Anti-theft device of raped bike. Metaphor : security failure.\" width=\"768\" height=\"768\"  \/><\/a>\n\t<\/div>\n<\/div>\n\n\n<div class=\"post-entry-content\">\n\n\t<h3 class=\"entry-title\">\n\t\t<a href=\"https:\/\/itsmybike.com\/en\/gps-tracker-leads-police-to-a-transshipment-centre\/\" title=\"GPS tracker leads police to a transshipment centre\" rel=\"bookmark\">GPS tracker leads police to a transshipment centre<\/a>\n\t<\/h3>\n\n\t<div class=\"entry-meta\"><span class=\"category-link\"><a href=\"https:\/\/itsmybike.com\/en\/category\/success-stories\/\" >Success stories<\/a><\/span><a href=\"https:\/\/itsmybike.com\/en\/2021\/11\/08\/\" title=\"14:31\" class=\"data-link\" rel=\"bookmark\"><time class=\"entry-date updated\" datetime=\"2021-11-08T14:31:48+01:00\">8. November 2021<\/time><\/a><\/div>\n\t<div class=\"entry-excerpt\"><p>When Arne K. returned from shopping, his bike had disappeared. But that wasn&#8217;t so bad in the end: The GPS tracker from IT&#8217;S MY BIKE quickly sent the police on&hellip;<\/p>\n<\/div>\n\t\n<a href=\"https:\/\/itsmybike.com\/en\/gps-tracker-leads-police-to-a-transshipment-centre\/\" class=\"dt-btn-s dt-btn post-details details-type-btn\" aria-label=\"Read more about GPS tracker leads police to a transshipment centre\">Read more<i class=\"dt-icon-the7-arrow-03\" aria-hidden=\"true\"><\/i><\/a>\n\n<\/div><\/article><article class=\"post project-odd visible post-5676 type-post status-publish format-standard has-post-thumbnail hentry category-press-releases category-26 description-off\" data-name=\"IT\u2019S MY BIKE expands team\" data-date=\"2021-11-01T15:07:17+01:00\">\n\n<div class=\"post-thumbnail-wrap\">\n\t<div class=\"post-thumbnail\">\n\n\t\t\n\t\t\n\t\t<a href=\"https:\/\/itsmybike.com\/en\/its-my-bike-expands-team\/\" class=\"post-thumbnail-rollover\" ><img loading=\"lazy\" decoding=\"async\" class=\"preload-me aspect\" src=\"https:\/\/itsmybike.com\/wp-content\/uploads\/2021\/11\/Linkedin_Post_SchmitzHermann_627x627px-scaled-768x768.jpg\" srcset=\"https:\/\/itsmybike.com\/wp-content\/uploads\/2021\/11\/Linkedin_Post_SchmitzHermann_627x627px-scaled-768x768.jpg 768w, https:\/\/itsmybike.com\/wp-content\/uploads\/2021\/11\/Linkedin_Post_SchmitzHermann_627x627px-scaled-1306x1306.jpg 1306w\" style=\"--ratio: 768 \/ 768\" sizes=\"auto, (max-width: 768px) 100vw, 768px\" alt=\"\" title=\"Linkedin_Post_Schmitz:Hermann_627x627px\" width=\"768\" height=\"768\"  \/><\/a>\n\t<\/div>\n<\/div>\n\n\n<div class=\"post-entry-content\">\n\n\t<h3 class=\"entry-title\">\n\t\t<a href=\"https:\/\/itsmybike.com\/en\/its-my-bike-expands-team\/\" title=\"IT\u2019S MY BIKE expands team\" rel=\"bookmark\">IT\u2019S MY BIKE expands team<\/a>\n\t<\/h3>\n\n\t<div class=\"entry-meta\"><span class=\"category-link\"><a href=\"https:\/\/itsmybike.com\/en\/category\/press-releases\/\" >Press releases<\/a><\/span><a href=\"https:\/\/itsmybike.com\/en\/2021\/11\/01\/\" title=\"15:07\" class=\"data-link\" rel=\"bookmark\"><time class=\"entry-date updated\" datetime=\"2021-11-01T15:07:17+01:00\">1. November 2021<\/time><\/a><\/div>\n\t<div class=\"entry-excerpt\"><p>IT&#8217;S MY BIKE continues to expand its team. Mario Schmitz is the new Head of Business Development. Eva Herman strengthens customer service.<\/p>\n<\/div>\n\t\n<a href=\"https:\/\/itsmybike.com\/en\/its-my-bike-expands-team\/\" class=\"dt-btn-s dt-btn post-details details-type-btn\" aria-label=\"Read more about IT\u2019S MY BIKE expands team\">Read more<i class=\"dt-icon-the7-arrow-03\" aria-hidden=\"true\"><\/i><\/a>\n\n<\/div><\/article><article class=\"post project-odd visible post-5595 type-post status-publish format-standard has-post-thumbnail hentry category-news category-29 description-off\" data-name=\"Everything and everyone is connected \u2013 my year at IoT Venture GmbH\" data-date=\"2021-10-26T11:24:42+02:00\">\n\n<div class=\"post-thumbnail-wrap\">\n\t<div class=\"post-thumbnail\">\n\n\t\t\n\t\t\n\t\t<a href=\"https:\/\/itsmybike.com\/en\/everything-and-everyone-is-connected-my-year-at-iot-venture-gmbh\/\" class=\"post-thumbnail-rollover\" ><img loading=\"lazy\" decoding=\"async\" class=\"preload-me aspect\" src=\"https:\/\/itsmybike.com\/wp-content\/uploads\/2021\/10\/IMG_0815-2-768x768.jpg\" srcset=\"https:\/\/itsmybike.com\/wp-content\/uploads\/2021\/10\/IMG_0815-2-768x768.jpg 768w, https:\/\/itsmybike.com\/wp-content\/uploads\/2021\/10\/IMG_0815-2-1017x1016.jpg 1017w\" style=\"--ratio: 768 \/ 768\" sizes=\"auto, (max-width: 768px) 100vw, 768px\" alt=\"Werkstudentin Ann Kristin Kunz auf der Eurobike\" title=\"IMG_0815\" width=\"768\" height=\"768\"  \/><\/a>\n\t<\/div>\n<\/div>\n\n\n<div class=\"post-entry-content\">\n\n\t<h3 class=\"entry-title\">\n\t\t<a href=\"https:\/\/itsmybike.com\/en\/everything-and-everyone-is-connected-my-year-at-iot-venture-gmbh\/\" title=\"Everything and everyone is connected \u2013 my year at IoT Venture GmbH\" rel=\"bookmark\">Everything and everyone is connected \u2013 my year at IoT Venture GmbH<\/a>\n\t<\/h3>\n\n\t<div class=\"entry-meta\"><span class=\"category-link\"><a href=\"https:\/\/itsmybike.com\/category\/news\/\" >News<\/a><\/span><a href=\"https:\/\/itsmybike.com\/en\/2021\/10\/26\/\" title=\"11:24\" class=\"data-link\" rel=\"bookmark\"><time class=\"entry-date updated\" datetime=\"2021-10-26T11:24:42+02:00\">26. October 2021<\/time><\/a><\/div>\n\t<div class=\"entry-excerpt\"><p>Exciting, diverse and creative. This is how I would sum up my 12 months as an intern in Corporate Communications at IoT Venture GmbH and its retail brand IT\u2019S MY&hellip;<\/p>\n<\/div>\n\t\n<a href=\"https:\/\/itsmybike.com\/en\/everything-and-everyone-is-connected-my-year-at-iot-venture-gmbh\/\" class=\"dt-btn-s dt-btn post-details details-type-btn\" aria-label=\"Read more about Everything and everyone is connected \u2013 my year at IoT Venture GmbH\">Read more<i class=\"dt-icon-the7-arrow-03\" aria-hidden=\"true\"><\/i><\/a>\n\n<\/div><\/article><article class=\"post project-odd visible post-5546 type-post status-publish format-standard has-post-thumbnail hentry category-success-stories category-38 description-off\" data-name=\"Theft prevented thanks to GPS tracking\" data-date=\"2021-10-19T09:45:13+02:00\">\n\n<div class=\"post-thumbnail-wrap\">\n\t<div class=\"post-thumbnail\">\n\n\t\t\n\t\t\n\t\t<a href=\"https:\/\/itsmybike.com\/en\/theft-prevented-thanks-to-gps-tracking\/\" class=\"post-thumbnail-rollover\" ><img loading=\"lazy\" decoding=\"async\" class=\"preload-me aspect\" src=\"https:\/\/itsmybike.com\/wp-content\/uploads\/2021\/10\/Bildschirmfoto-2021-10-19-um-14.15.13-768x768.png\" srcset=\"https:\/\/itsmybike.com\/wp-content\/uploads\/2021\/10\/Bildschirmfoto-2021-10-19-um-14.15.13-768x768.png 768w, https:\/\/itsmybike.com\/wp-content\/uploads\/2021\/10\/Bildschirmfoto-2021-10-19-um-14.15.13-1024x1024.png 1024w\" style=\"--ratio: 768 \/ 768\" sizes=\"auto, (max-width: 768px) 100vw, 768px\" alt=\"blaues E-Bike vor wei\u00dfem Hintergrund\" title=\"Bildschirmfoto 2021-10-19 um 14.15.13\" width=\"768\" height=\"768\"  \/><\/a>\n\t<\/div>\n<\/div>\n\n\n<div class=\"post-entry-content\">\n\n\t<h3 class=\"entry-title\">\n\t\t<a href=\"https:\/\/itsmybike.com\/en\/theft-prevented-thanks-to-gps-tracking\/\" title=\"Theft prevented thanks to GPS tracking\" rel=\"bookmark\">Theft prevented thanks to GPS tracking<\/a>\n\t<\/h3>\n\n\t<div class=\"entry-meta\"><span class=\"category-link\"><a href=\"https:\/\/itsmybike.com\/en\/category\/success-stories\/\" >Success stories<\/a><\/span><a href=\"https:\/\/itsmybike.com\/en\/2021\/10\/19\/\" title=\"9:45\" class=\"data-link\" rel=\"bookmark\"><time class=\"entry-date updated\" datetime=\"2021-10-19T09:45:13+02:00\">19. October 2021<\/time><\/a><\/div>\n\t<div class=\"entry-excerpt\"><p>Heike Klein had saved for three years to buy the bike. It was stolen just two weeks later but was quickly recovered thanks to the GPS tracker and help from&hellip;<\/p>\n<\/div>\n\t\n<a href=\"https:\/\/itsmybike.com\/en\/theft-prevented-thanks-to-gps-tracking\/\" class=\"dt-btn-s dt-btn post-details details-type-btn\" aria-label=\"Read more about Theft prevented thanks to GPS tracking\">Read more<i class=\"dt-icon-the7-arrow-03\" aria-hidden=\"true\"><\/i><\/a>\n\n<\/div><\/article><article class=\"post project-odd visible post-5542 type-post status-publish format-standard has-post-thumbnail hentry category-presse category-23 description-off\" data-name=\"IT\u2019S MY BIKE and Alteos expand insurance service (eSurance) for e-bikes\" data-date=\"2021-10-12T09:39:30+02:00\">\n\n<div class=\"post-thumbnail-wrap\">\n\t<div class=\"post-thumbnail\">\n\n\t\t\n\t\t\n\t\t<a href=\"https:\/\/itsmybike.com\/en\/its-my-bike-and-alteos-expand-insurance-service-esurance-for-e-bikes\/\" class=\"post-thumbnail-rollover\" ><img loading=\"lazy\" decoding=\"async\" class=\"preload-me aspect\" src=\"https:\/\/itsmybike.com\/wp-content\/uploads\/2021\/10\/Versicherungsservice-1-scaled-768x768.jpg\" srcset=\"https:\/\/itsmybike.com\/wp-content\/uploads\/2021\/10\/Versicherungsservice-1-scaled-768x768.jpg 768w, https:\/\/itsmybike.com\/wp-content\/uploads\/2021\/10\/Versicherungsservice-1-scaled-1209x1209.jpg 1209w\" style=\"--ratio: 768 \/ 768\" sizes=\"auto, (max-width: 768px) 100vw, 768px\" alt=\"Versicherungsservice der IT&#039;S MY BIKE App auf Smartphone\" title=\"Versicherungsservice\" width=\"768\" height=\"768\"  \/><\/a>\n\t<\/div>\n<\/div>\n\n\n<div class=\"post-entry-content\">\n\n\t<h3 class=\"entry-title\">\n\t\t<a href=\"https:\/\/itsmybike.com\/en\/its-my-bike-and-alteos-expand-insurance-service-esurance-for-e-bikes\/\" title=\"IT\u2019S MY BIKE and Alteos expand insurance service (eSurance) for e-bikes\" rel=\"bookmark\">IT\u2019S MY BIKE and Alteos expand insurance service (eSurance) for e-bikes<\/a>\n\t<\/h3>\n\n\t<div class=\"entry-meta\"><span class=\"category-link\"><a href=\"https:\/\/itsmybike.com\/category\/presse\/\" >Pressemeldungen<\/a><\/span><a href=\"https:\/\/itsmybike.com\/en\/2021\/10\/12\/\" title=\"9:39\" class=\"data-link\" rel=\"bookmark\"><time class=\"entry-date updated\" datetime=\"2021-10-12T09:39:30+02:00\">12. October 2021<\/time><\/a><\/div>\n\t<div class=\"entry-excerpt\"><p>Three new special packages now complement the existing range in the IT&#8217;S MY BIKE app.<\/p>\n<\/div>\n\t\n<a href=\"https:\/\/itsmybike.com\/en\/its-my-bike-and-alteos-expand-insurance-service-esurance-for-e-bikes\/\" class=\"dt-btn-s dt-btn post-details details-type-btn\" aria-label=\"Read more about IT\u2019S MY BIKE and Alteos expand insurance service (eSurance) for e-bikes\">Read more<i class=\"dt-icon-the7-arrow-03\" aria-hidden=\"true\"><\/i><\/a>\n\n<\/div><\/article><article class=\"post project-odd visible post-5539 type-post status-publish format-standard has-post-thumbnail hentry category-press-releases category-26 description-off\" data-name=\"IT\u2019S MY BIKE expands key customer management\" data-date=\"2021-10-01T09:31:27+02:00\">\n\n<div class=\"post-thumbnail-wrap\">\n\t<div class=\"post-thumbnail\">\n\n\t\t\n\t\t\n\t\t<a href=\"https:\/\/itsmybike.com\/en\/its-my-bike-expands-key-customer-management\/\" class=\"post-thumbnail-rollover\" ><img loading=\"lazy\" decoding=\"async\" class=\"preload-me aspect\" src=\"https:\/\/itsmybike.com\/wp-content\/uploads\/2021\/10\/Fabian-Wilde-Bo\u0308cher-Bild-1-768x768.jpg\" srcset=\"https:\/\/itsmybike.com\/wp-content\/uploads\/2021\/10\/Fabian-Wilde-Bo\u0308cher-Bild-1-768x768.jpg 768w, https:\/\/itsmybike.com\/wp-content\/uploads\/2021\/10\/Fabian-Wilde-Bo\u0308cher-Bild-1-848x848.jpg 848w\" style=\"--ratio: 768 \/ 768\" sizes=\"auto, (max-width: 768px) 100vw, 768px\" alt=\"Fabian Wilde-B\u00f6cher\" title=\"Fabian Wilde-Bo\u0308cher &#8211; Bild\" width=\"768\" height=\"768\"  \/><\/a>\n\t<\/div>\n<\/div>\n\n\n<div class=\"post-entry-content\">\n\n\t<h3 class=\"entry-title\">\n\t\t<a href=\"https:\/\/itsmybike.com\/en\/its-my-bike-expands-key-customer-management\/\" title=\"IT\u2019S MY BIKE expands key customer management\" rel=\"bookmark\">IT\u2019S MY BIKE expands key customer management<\/a>\n\t<\/h3>\n\n\t<div class=\"entry-meta\"><span class=\"category-link\"><a href=\"https:\/\/itsmybike.com\/en\/category\/press-releases\/\" >Press releases<\/a><\/span><a href=\"https:\/\/itsmybike.com\/en\/2021\/10\/01\/\" title=\"9:31\" class=\"data-link\" rel=\"bookmark\"><time class=\"entry-date updated\" datetime=\"2021-10-01T09:31:27+02:00\">1. October 2021<\/time><\/a><\/div>\n\t<div class=\"entry-excerpt\"><p>Fabian Wilde-B\u00f6cher has just joined the IT&#8217;S MY BIKE team as Account Manager. In his new position at IT\u2019S MY BIKE, Fabian Wilde-B\u00f6cher is the contact person for bicycle manufacturers&hellip;<\/p>\n<\/div>\n\t\n<a href=\"https:\/\/itsmybike.com\/en\/its-my-bike-expands-key-customer-management\/\" class=\"dt-btn-s dt-btn post-details details-type-btn\" aria-label=\"Read more about IT\u2019S MY BIKE expands key customer management\">Read more<i class=\"dt-icon-the7-arrow-03\" aria-hidden=\"true\"><\/i><\/a>\n\n<\/div><\/article><article class=\"post project-odd visible post-5536 type-post status-publish format-standard has-post-thumbnail hentry category-success-stories category-38 description-off\" data-name=\"Twice stolen, twice recovered\" data-date=\"2021-09-28T09:15:21+02:00\">\n\n<div class=\"post-thumbnail-wrap\">\n\t<div class=\"post-thumbnail\">\n\n\t\t\n\t\t\n\t\t<a href=\"https:\/\/itsmybike.com\/en\/twice-stolen-twice-recovered\/\" class=\"post-thumbnail-rollover\" ><img loading=\"lazy\" decoding=\"async\" class=\"preload-me aspect\" src=\"https:\/\/itsmybike.com\/wp-content\/uploads\/2020\/11\/AdobeStock_88829591-scaled-768x768.jpeg\" srcset=\"https:\/\/itsmybike.com\/wp-content\/uploads\/2020\/11\/AdobeStock_88829591-scaled-768x768.jpeg 768w, https:\/\/itsmybike.com\/wp-content\/uploads\/2020\/11\/AdobeStock_88829591-scaled-1306x1306.jpeg 1306w\" style=\"--ratio: 768 \/ 768\" sizes=\"auto, (max-width: 768px) 100vw, 768px\" alt=\"Person in schwarzer Kleidung tr\u00e4gt ein Fahrrad davon \" title=\"Bike Theft\" width=\"768\" height=\"768\"  \/><\/a>\n\t<\/div>\n<\/div>\n\n\n<div class=\"post-entry-content\">\n\n\t<h3 class=\"entry-title\">\n\t\t<a href=\"https:\/\/itsmybike.com\/en\/twice-stolen-twice-recovered\/\" title=\"Twice stolen, twice recovered\" rel=\"bookmark\">Twice stolen, twice recovered<\/a>\n\t<\/h3>\n\n\t<div class=\"entry-meta\"><span class=\"category-link\"><a href=\"https:\/\/itsmybike.com\/en\/category\/success-stories\/\" >Success stories<\/a><\/span><a href=\"https:\/\/itsmybike.com\/en\/2021\/09\/28\/\" title=\"9:15\" class=\"data-link\" rel=\"bookmark\"><time class=\"entry-date updated\" datetime=\"2021-09-28T09:15:21+02:00\">28. September 2021<\/time><\/a><\/div>\n\t<div class=\"entry-excerpt\"><p>When an e-bike worth almost 7,500 euros is stolen not just once but twice, you might be tempted to panic. Thanks to clear commitment and assistance from the IT\u2019S MY&hellip;<\/p>\n<\/div>\n\t\n<a href=\"https:\/\/itsmybike.com\/en\/twice-stolen-twice-recovered\/\" class=\"dt-btn-s dt-btn post-details details-type-btn\" aria-label=\"Read more about Twice stolen, twice recovered\">Read more<i class=\"dt-icon-the7-arrow-03\" aria-hidden=\"true\"><\/i><\/a>\n\n<\/div><\/article><article class=\"post project-odd visible post-5405 type-post status-publish format-standard has-post-thumbnail hentry category-press-releases category-26 description-off\" data-name=\"Eurobike 2021: IT\u2019S MY BIKE on growth path\" data-date=\"2021-08-29T11:53:16+02:00\">\n\n<div class=\"post-thumbnail-wrap\">\n\t<div class=\"post-thumbnail\">\n\n\t\t\n\t\t\n\t\t<a href=\"https:\/\/itsmybike.com\/en\/eurobike-2021-its-my-bike-on-growth-path\/\" class=\"post-thumbnail-rollover\" ><img loading=\"lazy\" decoding=\"async\" class=\"preload-me aspect\" src=\"https:\/\/itsmybike.com\/wp-content\/uploads\/2021\/08\/IMG_4992-scaled-768x768.jpg\" srcset=\"https:\/\/itsmybike.com\/wp-content\/uploads\/2021\/08\/IMG_4992-scaled-768x768.jpg 768w, https:\/\/itsmybike.com\/wp-content\/uploads\/2021\/08\/IMG_4992-scaled-994x994.jpg 994w\" style=\"--ratio: 768 \/ 768\" sizes=\"auto, (max-width: 768px) 100vw, 768px\" alt=\"IT&#039;S MY BIKE Stand auf der Eurobike 2019\" title=\"IMG_4992\" width=\"768\" height=\"768\"  \/><\/a>\n\t<\/div>\n<\/div>\n\n\n<div class=\"post-entry-content\">\n\n\t<h3 class=\"entry-title\">\n\t\t<a href=\"https:\/\/itsmybike.com\/en\/eurobike-2021-its-my-bike-on-growth-path\/\" title=\"Eurobike 2021: IT\u2019S MY BIKE on growth path\" rel=\"bookmark\">Eurobike 2021: IT\u2019S MY BIKE on growth path<\/a>\n\t<\/h3>\n\n\t<div class=\"entry-meta\"><span class=\"category-link\"><a href=\"https:\/\/itsmybike.com\/en\/category\/press-releases\/\" >Press releases<\/a><\/span><a href=\"https:\/\/itsmybike.com\/en\/2021\/08\/29\/\" title=\"11:53\" class=\"data-link\" rel=\"bookmark\"><time class=\"entry-date updated\" datetime=\"2021-08-29T11:53:16+02:00\">29. August 2021<\/time><\/a><\/div>\n\t<div class=\"entry-excerpt\"><p>IT\u2019S MY BIKE will be presenting its GPS anti-theft protection for e-bikes, its digital emergency assistant and its next expansion steps at the leading bike trade fair Eurobike between 1&hellip;<\/p>\n<\/div>\n\t\n<a href=\"https:\/\/itsmybike.com\/en\/eurobike-2021-its-my-bike-on-growth-path\/\" class=\"dt-btn-s dt-btn post-details details-type-btn\" aria-label=\"Read more about Eurobike 2021: IT\u2019S MY BIKE on growth path\">Read more<i class=\"dt-icon-the7-arrow-03\" aria-hidden=\"true\"><\/i><\/a>\n\n<\/div><\/article><article class=\"post project-odd visible post-5336 type-post status-publish format-standard has-post-thumbnail hentry category-press-releases category-26 description-off\" data-name=\"IT\u2019S MY BIKE and Bafang reach agreement on cooperation\" data-date=\"2021-07-20T16:50:08+02:00\">\n\n<div class=\"post-thumbnail-wrap\">\n\t<div class=\"post-thumbnail\">\n\n\t\t\n\t\t\n\t\t<a href=\"https:\/\/itsmybike.com\/en\/its-my-bike-and-bafang-reach-agreement-on-cooperation\/\" class=\"post-thumbnail-rollover\" ><img loading=\"lazy\" decoding=\"async\" class=\"preload-me aspect\" src=\"https:\/\/itsmybike.com\/wp-content\/uploads\/2021\/07\/M200-drive-system-Kopie-scaled-768x768.jpg\" srcset=\"https:\/\/itsmybike.com\/wp-content\/uploads\/2021\/07\/M200-drive-system-Kopie-scaled-768x768.jpg 768w, https:\/\/itsmybike.com\/wp-content\/uploads\/2021\/07\/M200-drive-system-Kopie-scaled-1306x1306.jpg 1306w\" style=\"--ratio: 768 \/ 768\" sizes=\"auto, (max-width: 768px) 100vw, 768px\" alt=\"Bafang Motor M200\" title=\"M200 drive system Kopie\" width=\"768\" height=\"768\"  \/><\/a>\n\t<\/div>\n<\/div>\n\n\n<div class=\"post-entry-content\">\n\n\t<h3 class=\"entry-title\">\n\t\t<a href=\"https:\/\/itsmybike.com\/en\/its-my-bike-and-bafang-reach-agreement-on-cooperation\/\" title=\"IT\u2019S MY BIKE and Bafang reach agreement on cooperation\" rel=\"bookmark\">IT\u2019S MY BIKE and Bafang reach agreement on cooperation<\/a>\n\t<\/h3>\n\n\t<div class=\"entry-meta\"><span class=\"category-link\"><a href=\"https:\/\/itsmybike.com\/en\/category\/press-releases\/\" >Press releases<\/a><\/span><a href=\"https:\/\/itsmybike.com\/en\/2021\/07\/20\/\" title=\"16:50\" class=\"data-link\" rel=\"bookmark\"><time class=\"entry-date updated\" datetime=\"2021-07-20T16:50:08+02:00\">20. July 2021<\/time><\/a><\/div>\n\t<div class=\"entry-excerpt\"><p>IT\u2019S MY BIKE is now working together with Bafang, one of the world&#8217;s leading manufacturers for mobility components and e-drive systems.<\/p>\n<\/div>\n\t\n<a href=\"https:\/\/itsmybike.com\/en\/its-my-bike-and-bafang-reach-agreement-on-cooperation\/\" class=\"dt-btn-s dt-btn post-details details-type-btn\" aria-label=\"Read more about IT\u2019S MY BIKE and Bafang reach agreement on cooperation\">Read more<i class=\"dt-icon-the7-arrow-03\" aria-hidden=\"true\"><\/i><\/a>\n\n<\/div><\/article><article class=\"post project-odd visible post-5330 type-post status-publish format-standard has-post-thumbnail hentry category-presse category-23 description-off\" data-name=\"Silver FOCUS E-BIKE Innovation Award for IT\u2019S MY BIKE\" data-date=\"2021-07-14T16:37:16+02:00\">\n\n<div class=\"post-thumbnail-wrap\">\n\t<div class=\"post-thumbnail\">\n\n\t\t\n\t\t\n\t\t<a href=\"https:\/\/itsmybike.com\/en\/silver-focus-e-bike-innovation-award-for-its-my-bike\/\" class=\"post-thumbnail-rollover\" ><img loading=\"lazy\" decoding=\"async\" class=\"preload-me aspect\" src=\"https:\/\/itsmybike.com\/wp-content\/uploads\/2021\/07\/2_Gru\u0308nder_Mit_FOCUS_EBIKE_Innovation_Award-768x768.jpg\" srcset=\"https:\/\/itsmybike.com\/wp-content\/uploads\/2021\/07\/2_Gru\u0308nder_Mit_FOCUS_EBIKE_Innovation_Award-768x768.jpg 768w, https:\/\/itsmybike.com\/wp-content\/uploads\/2021\/07\/2_Gru\u0308nder_Mit_FOCUS_EBIKE_Innovation_Award-1306x1306.jpg 1306w\" style=\"--ratio: 768 \/ 768\" sizes=\"auto, (max-width: 768px) 100vw, 768px\" alt=\"Holger Trautmann, J\u00fcrgen Veith und Thomas Ullmann vom IT&#039;S MY BIKE Team\" title=\"2_Gru\u0308nder_Mit_FOCUS_EBIKE_Innovation_Award\" width=\"768\" height=\"768\"  \/><\/a>\n\t<\/div>\n<\/div>\n\n\n<div class=\"post-entry-content\">\n\n\t<h3 class=\"entry-title\">\n\t\t<a href=\"https:\/\/itsmybike.com\/en\/silver-focus-e-bike-innovation-award-for-its-my-bike\/\" title=\"Silver FOCUS E-BIKE Innovation Award for IT\u2019S MY BIKE\" rel=\"bookmark\">Silver FOCUS E-BIKE Innovation Award for IT\u2019S MY BIKE<\/a>\n\t<\/h3>\n\n\t<div class=\"entry-meta\"><span class=\"category-link\"><a href=\"https:\/\/itsmybike.com\/category\/presse\/\" >Pressemeldungen<\/a><\/span><a href=\"https:\/\/itsmybike.com\/en\/2021\/07\/14\/\" title=\"16:37\" class=\"data-link\" rel=\"bookmark\"><time class=\"entry-date updated\" datetime=\"2021-07-14T16:37:16+02:00\">14. July 2021<\/time><\/a><\/div>\n\t<div class=\"entry-excerpt\"><p>The trade brand digital service world has won the Silver FOCUS E-BIKE Innovation Award 2021 in the Connectivity category.<\/p>\n<\/div>\n\t\n<a href=\"https:\/\/itsmybike.com\/en\/silver-focus-e-bike-innovation-award-for-its-my-bike\/\" class=\"dt-btn-s dt-btn post-details details-type-btn\" aria-label=\"Read more about Silver FOCUS E-BIKE Innovation Award for IT\u2019S MY BIKE\">Read more<i class=\"dt-icon-the7-arrow-03\" aria-hidden=\"true\"><\/i><\/a>\n\n<\/div><\/article><article class=\"post project-odd visible post-5186 type-post status-publish format-standard has-post-thumbnail hentry category-success-stories category-38 description-off\" data-name=\"Stolen e-bike seized in Kosovo\" data-date=\"2021-06-30T16:45:41+02:00\">\n\n<div class=\"post-thumbnail-wrap\">\n\t<div class=\"post-thumbnail\">\n\n\t\t\n\t\t\n\t\t<a href=\"https:\/\/itsmybike.com\/en\/stolen-e-bike-seized-in-kosovo\/\" class=\"post-thumbnail-rollover\" ><img loading=\"lazy\" decoding=\"async\" class=\"preload-me aspect\" src=\"https:\/\/itsmybike.com\/wp-content\/uploads\/2021\/06\/GettyImages-1210739512-482x482.jpg\" srcset=\"https:\/\/itsmybike.com\/wp-content\/uploads\/2021\/06\/GettyImages-1210739512-482x482.jpg 482w\" style=\"--ratio: 482 \/ 482\" sizes=\"auto, (max-width: 482px) 100vw, 482px\" alt=\"schneller Radfahrer innerhalb eines Geb\u00e4udes\" title=\"Cyclists in the world&#8217;s largest bicycle parking garage in Utrecht, Holland\" width=\"482\" height=\"482\"  \/><\/a>\n\t<\/div>\n<\/div>\n\n\n<div class=\"post-entry-content\">\n\n\t<h3 class=\"entry-title\">\n\t\t<a href=\"https:\/\/itsmybike.com\/en\/stolen-e-bike-seized-in-kosovo\/\" title=\"Stolen e-bike seized in Kosovo\" rel=\"bookmark\">Stolen e-bike seized in Kosovo<\/a>\n\t<\/h3>\n\n\t<div class=\"entry-meta\"><span class=\"category-link\"><a href=\"https:\/\/itsmybike.com\/en\/category\/success-stories\/\" >Success stories<\/a><\/span><a href=\"https:\/\/itsmybike.com\/en\/2021\/06\/30\/\" title=\"16:45\" class=\"data-link\" rel=\"bookmark\"><time class=\"entry-date updated\" datetime=\"2021-06-30T16:45:41+02:00\">30. June 2021<\/time><\/a><\/div>\n\t<div class=\"entry-excerpt\"><p>GPS trackers offer effective anti-theft protection, even across national borders. In May, local police in the Kosovan town of Podujeva tracked down an e-bike stolen in Berlin. The officers in&hellip;<\/p>\n<\/div>\n\t\n<a href=\"https:\/\/itsmybike.com\/en\/stolen-e-bike-seized-in-kosovo\/\" class=\"dt-btn-s dt-btn post-details details-type-btn\" aria-label=\"Read more about Stolen e-bike seized in Kosovo\">Read more<i class=\"dt-icon-the7-arrow-03\" aria-hidden=\"true\"><\/i><\/a>\n\n<\/div><\/article><article class=\"post project-odd visible post-5193 type-post status-publish format-standard has-post-thumbnail hentry category-press-releases category-26 description-off\" data-name=\"IT\u2019S MY BIKE: digital emergency assistant added to anti-theft protection\" data-date=\"2021-06-07T16:54:29+02:00\">\n\n<div class=\"post-thumbnail-wrap\">\n\t<div class=\"post-thumbnail\">\n\n\t\t\n\t\t\n\t\t<a href=\"https:\/\/itsmybike.com\/en\/its-my-bike-digital-emergency-assistant-added-to-anti-theft-protection\/\" class=\"post-thumbnail-rollover\" ><img loading=\"lazy\" decoding=\"async\" class=\"preload-me aspect\" src=\"https:\/\/itsmybike.com\/wp-content\/uploads\/2021\/06\/DSC_4589-768x768.jpeg\" srcset=\"https:\/\/itsmybike.com\/wp-content\/uploads\/2021\/06\/DSC_4589-768x768.jpeg 768w, https:\/\/itsmybike.com\/wp-content\/uploads\/2021\/06\/DSC_4589-854x854.jpeg 854w\" style=\"--ratio: 768 \/ 768\" sizes=\"auto, (max-width: 768px) 100vw, 768px\" alt=\"\" title=\"DSC_4589\" width=\"768\" height=\"768\"  \/><\/a>\n\t<\/div>\n<\/div>\n\n\n<div class=\"post-entry-content\">\n\n\t<h3 class=\"entry-title\">\n\t\t<a href=\"https:\/\/itsmybike.com\/en\/its-my-bike-digital-emergency-assistant-added-to-anti-theft-protection\/\" title=\"IT\u2019S MY BIKE: digital emergency assistant added to anti-theft protection\" rel=\"bookmark\">IT\u2019S MY BIKE: digital emergency assistant added to anti-theft protection<\/a>\n\t<\/h3>\n\n\t<div class=\"entry-meta\"><span class=\"category-link\"><a href=\"https:\/\/itsmybike.com\/en\/category\/press-releases\/\" >Press releases<\/a><\/span><a href=\"https:\/\/itsmybike.com\/en\/2021\/06\/07\/\" title=\"16:54\" class=\"data-link\" rel=\"bookmark\"><time class=\"entry-date updated\" datetime=\"2021-06-07T16:54:29+02:00\">7. June 2021<\/time><\/a><\/div>\n\t<div class=\"entry-excerpt\"><p>IT\u2019S MY BIKE will be presenting its anti-theft protection for e-bikes, its digital emergency assistant and new cooperative partnerships and projects at ZEG Click &#038; View between 10 and 18&hellip;<\/p>\n<\/div>\n\t\n<a href=\"https:\/\/itsmybike.com\/en\/its-my-bike-digital-emergency-assistant-added-to-anti-theft-protection\/\" class=\"dt-btn-s dt-btn post-details details-type-btn\" aria-label=\"Read more about IT\u2019S MY BIKE: digital emergency assistant added to anti-theft protection\">Read more<i class=\"dt-icon-the7-arrow-03\" aria-hidden=\"true\"><\/i><\/a>\n\n<\/div><\/article><article class=\"post project-odd visible post-5183 type-post status-publish format-standard has-post-thumbnail hentry category-success-stories category-38 description-off\" data-name=\"Successful search in Datteln: police seize back several stolen bikes\" data-date=\"2021-05-26T16:42:15+02:00\">\n\n<div class=\"post-thumbnail-wrap\">\n\t<div class=\"post-thumbnail\">\n\n\t\t\n\t\t\n\t\t<a href=\"https:\/\/itsmybike.com\/en\/successful-search-in-datteln-police-seize-back-several-stolen-bikes\/\" class=\"post-thumbnail-rollover\" ><img loading=\"lazy\" decoding=\"async\" class=\"preload-me aspect\" src=\"https:\/\/itsmybike.com\/wp-content\/uploads\/2020\/07\/AdobeStock_212481571-scaled-768x768.jpeg\" srcset=\"https:\/\/itsmybike.com\/wp-content\/uploads\/2020\/07\/AdobeStock_212481571-scaled-768x768.jpeg 768w, https:\/\/itsmybike.com\/wp-content\/uploads\/2020\/07\/AdobeStock_212481571-scaled-1306x1306.jpeg 1306w\" style=\"--ratio: 768 \/ 768\" sizes=\"auto, (max-width: 768px) 100vw, 768px\" alt=\"Nahaufnahme Blaulicht eines Polizeiautos\" title=\"Close up blue light police car\" width=\"768\" height=\"768\"  \/><\/a>\n\t<\/div>\n<\/div>\n\n\n<div class=\"post-entry-content\">\n\n\t<h3 class=\"entry-title\">\n\t\t<a href=\"https:\/\/itsmybike.com\/en\/successful-search-in-datteln-police-seize-back-several-stolen-bikes\/\" title=\"Successful search in Datteln: police seize back several stolen bikes\" rel=\"bookmark\">Successful search in Datteln: police seize back several stolen bikes<\/a>\n\t<\/h3>\n\n\t<div class=\"entry-meta\"><span class=\"category-link\"><a href=\"https:\/\/itsmybike.com\/en\/category\/success-stories\/\" >Success stories<\/a><\/span><a href=\"https:\/\/itsmybike.com\/en\/2021\/05\/26\/\" title=\"16:42\" class=\"data-link\" rel=\"bookmark\"><time class=\"entry-date updated\" datetime=\"2021-05-26T16:42:15+02:00\">26. May 2021<\/time><\/a><\/div>\n\t<div class=\"entry-excerpt\"><p>The IT\u2019S MY BIKE GPS tracker leads police to hiding place. Policewoman praises the technical gadget.<\/p>\n<\/div>\n\t\n<a href=\"https:\/\/itsmybike.com\/en\/successful-search-in-datteln-police-seize-back-several-stolen-bikes\/\" class=\"dt-btn-s dt-btn post-details details-type-btn\" aria-label=\"Read more about Successful search in Datteln: police seize back several stolen bikes\">Read more<i class=\"dt-icon-the7-arrow-03\" aria-hidden=\"true\"><\/i><\/a>\n\n<\/div><\/article><article class=\"post project-odd visible post-5105 type-post status-publish format-standard has-post-thumbnail hentry category-news category-29 description-off\" data-name=\"IT\u2019S MY BIKE on the Radelbande Youtube channel\" data-date=\"2021-05-25T09:54:59+02:00\">\n\n<div class=\"post-thumbnail-wrap\">\n\t<div class=\"post-thumbnail\">\n\n\t\t\n\t\t\n\t\t<a href=\"https:\/\/itsmybike.com\/en\/its-my-bike-on-the-radelbande-youtube-channel\/\" class=\"post-thumbnail-rollover\" ><img loading=\"lazy\" decoding=\"async\" class=\"preload-me aspect\" src=\"https:\/\/itsmybike.com\/wp-content\/uploads\/2021\/05\/Bildschirmfoto-2021-05-18-um-13.25.25-2-2-768x768.png\" srcset=\"https:\/\/itsmybike.com\/wp-content\/uploads\/2021\/05\/Bildschirmfoto-2021-05-18-um-13.25.25-2-2-768x768.png 768w, https:\/\/itsmybike.com\/wp-content\/uploads\/2021\/05\/Bildschirmfoto-2021-05-18-um-13.25.25-2-2-1174x1174.png 1174w\" style=\"--ratio: 768 \/ 768\" sizes=\"auto, (max-width: 768px) 100vw, 768px\" alt=\"IT&#039;S MY BIKE GPS-Tracker Verpackung von oben\" title=\"Bildschirmfoto 2021-05-18 um 13.25.25 (2)\" width=\"768\" height=\"768\"  \/><\/a>\n\t<\/div>\n<\/div>\n\n\n<div class=\"post-entry-content\">\n\n\t<h3 class=\"entry-title\">\n\t\t<a href=\"https:\/\/itsmybike.com\/en\/its-my-bike-on-the-radelbande-youtube-channel\/\" title=\"IT\u2019S MY BIKE on the Radelbande Youtube channel\" rel=\"bookmark\">IT\u2019S MY BIKE on the Radelbande Youtube channel<\/a>\n\t<\/h3>\n\n\t<div class=\"entry-meta\"><span class=\"category-link\"><a href=\"https:\/\/itsmybike.com\/category\/news\/\" >News<\/a><\/span><a href=\"https:\/\/itsmybike.com\/en\/2021\/05\/25\/\" title=\"9:54\" class=\"data-link\" rel=\"bookmark\"><time class=\"entry-date updated\" datetime=\"2021-05-25T09:54:59+02:00\">25. May 2021<\/time><\/a><\/div>\n\t<div class=\"entry-excerpt\"><p>\u201cThe IT\u2019S MY BIKE solution has shown me what a really good GPS tracker can do,\u201d states Tilman Sander, making his first evaluation of the technical gadget before putting it&hellip;<\/p>\n<\/div>\n\t\n<a href=\"https:\/\/itsmybike.com\/en\/its-my-bike-on-the-radelbande-youtube-channel\/\" class=\"dt-btn-s dt-btn post-details details-type-btn\" aria-label=\"Read more about IT\u2019S MY BIKE on the Radelbande Youtube channel\">Read more<i class=\"dt-icon-the7-arrow-03\" aria-hidden=\"true\"><\/i><\/a>\n\n<\/div><\/article><article class=\"post project-odd visible post-5098 type-post status-publish format-standard has-post-thumbnail hentry category-success-stories category-38 description-off\" data-name=\"Bike theft: \u201cTechnology leads the way\u201d\" data-date=\"2021-05-19T09:47:01+02:00\">\n\n<div class=\"post-thumbnail-wrap\">\n\t<div class=\"post-thumbnail\">\n\n\t\t\n\t\t\n\t\t<a href=\"https:\/\/itsmybike.com\/en\/bike-theft-technology-leads-the-way\/\" class=\"post-thumbnail-rollover\" ><img loading=\"lazy\" decoding=\"async\" class=\"preload-me aspect\" src=\"https:\/\/itsmybike.com\/wp-content\/uploads\/2021\/05\/187431267_2703718159919964_4092246039190014940_n-480x480.jpg\" srcset=\"https:\/\/itsmybike.com\/wp-content\/uploads\/2021\/05\/187431267_2703718159919964_4092246039190014940_n-480x480.jpg 480w\" style=\"--ratio: 480 \/ 480\" sizes=\"auto, (max-width: 480px) 100vw, 480px\" alt=\"Dieb durchschneidet Fahrradschloss mit Flex\" title=\"187431267_2703718159919964_4092246039190014940_n\" width=\"480\" height=\"480\"  \/><\/a>\n\t<\/div>\n<\/div>\n\n\n<div class=\"post-entry-content\">\n\n\t<h3 class=\"entry-title\">\n\t\t<a href=\"https:\/\/itsmybike.com\/en\/bike-theft-technology-leads-the-way\/\" title=\"Bike theft: \u201cTechnology leads the way\u201d\" rel=\"bookmark\">Bike theft: \u201cTechnology leads the way\u201d<\/a>\n\t<\/h3>\n\n\t<div class=\"entry-meta\"><span class=\"category-link\"><a href=\"https:\/\/itsmybike.com\/en\/category\/success-stories\/\" >Success stories<\/a><\/span><a href=\"https:\/\/itsmybike.com\/en\/2021\/05\/19\/\" title=\"9:47\" class=\"data-link\" rel=\"bookmark\"><time class=\"entry-date updated\" datetime=\"2021-05-19T09:47:01+02:00\">19. May 2021<\/time><\/a><\/div>\n\t<div class=\"entry-excerpt\"><p>Police used a digital gadget to arrest a thief. An IT\u2019S MY BIKE GPS tracker built into an e-bike supplied location data.<\/p>\n<\/div>\n\t\n<a href=\"https:\/\/itsmybike.com\/en\/bike-theft-technology-leads-the-way\/\" class=\"dt-btn-s dt-btn post-details details-type-btn\" aria-label=\"Read more about Bike theft: \u201cTechnology leads the way\u201d\">Read more<i class=\"dt-icon-the7-arrow-03\" aria-hidden=\"true\"><\/i><\/a>\n\n<\/div><\/article><article class=\"post project-odd visible post-5087 type-post status-publish format-standard has-post-thumbnail hentry category-success-stories category-38 description-off\" data-name=\"Braunschweig: bike back in record time\" data-date=\"2021-05-10T09:33:35+02:00\">\n\n<div class=\"post-thumbnail-wrap\">\n\t<div class=\"post-thumbnail\">\n\n\t\t\n\t\t\n\t\t<a href=\"https:\/\/itsmybike.com\/en\/braunschweig-bike-back-in-record-time\/\" class=\"post-thumbnail-rollover\" ><img loading=\"lazy\" decoding=\"async\" class=\"preload-me aspect\" src=\"https:\/\/itsmybike.com\/wp-content\/uploads\/2021\/05\/AdobeStock_250900812-scaled-768x768.jpeg\" srcset=\"https:\/\/itsmybike.com\/wp-content\/uploads\/2021\/05\/AdobeStock_250900812-scaled-768x768.jpeg 768w, https:\/\/itsmybike.com\/wp-content\/uploads\/2021\/05\/AdobeStock_250900812-scaled-1306x1306.jpeg 1306w\" style=\"--ratio: 768 \/ 768\" sizes=\"auto, (max-width: 768px) 100vw, 768px\" alt=\"Person schlie\u00dft Fahrrad mit Code-Fahrradschloss an\" title=\"Woman locking bicycle with combination lock\" width=\"768\" height=\"768\"  \/><\/a>\n\t<\/div>\n<\/div>\n\n\n<div class=\"post-entry-content\">\n\n\t<h3 class=\"entry-title\">\n\t\t<a href=\"https:\/\/itsmybike.com\/en\/braunschweig-bike-back-in-record-time\/\" title=\"Braunschweig: bike back in record time\" rel=\"bookmark\">Braunschweig: bike back in record time<\/a>\n\t<\/h3>\n\n\t<div class=\"entry-meta\"><span class=\"category-link\"><a href=\"https:\/\/itsmybike.com\/en\/category\/success-stories\/\" >Success stories<\/a><\/span><a href=\"https:\/\/itsmybike.com\/en\/2021\/05\/10\/\" title=\"9:33\" class=\"data-link\" rel=\"bookmark\"><time class=\"entry-date updated\" datetime=\"2021-05-10T09:33:35+02:00\">10. May 2021<\/time><\/a><\/div>\n\t<div class=\"entry-excerpt\"><p>Instant success thanks to GPS tracker. The police and the IT\u2019S MY BIKE team managed to solve a case together in just one hour after a theft<\/p>\n<\/div>\n\t\n<a href=\"https:\/\/itsmybike.com\/en\/braunschweig-bike-back-in-record-time\/\" class=\"dt-btn-s dt-btn post-details details-type-btn\" aria-label=\"Read more about Braunschweig: bike back in record time\">Read more<i class=\"dt-icon-the7-arrow-03\" aria-hidden=\"true\"><\/i><\/a>\n\n<\/div><\/article><article class=\"post project-odd visible post-5081 type-post status-publish format-standard has-post-thumbnail hentry category-success-stories category-38 description-off\" data-name=\"Bicycle thieves enjoyed spoils fleetingly in M\u00fcnsterland\" data-date=\"2021-05-04T09:17:28+02:00\">\n\n<div class=\"post-thumbnail-wrap\">\n\t<div class=\"post-thumbnail\">\n\n\t\t\n\t\t\n\t\t<a href=\"https:\/\/itsmybike.com\/en\/bicycle-thieves-enjoyed-spoils-fleetingly-in-muensterland\/\" class=\"post-thumbnail-rollover\" ><img loading=\"lazy\" decoding=\"async\" class=\"preload-me aspect\" src=\"https:\/\/itsmybike.com\/wp-content\/uploads\/2021\/05\/AdobeStock_62940100-scaled-768x768.jpeg\" srcset=\"https:\/\/itsmybike.com\/wp-content\/uploads\/2021\/05\/AdobeStock_62940100-scaled-768x768.jpeg 768w, https:\/\/itsmybike.com\/wp-content\/uploads\/2021\/05\/AdobeStock_62940100-scaled-1306x1306.jpeg 1306w\" style=\"--ratio: 768 \/ 768\" sizes=\"auto, (max-width: 768px) 100vw, 768px\" alt=\"Polizeibeamter telefoniert, im Hintergrund Polizeiauto\" title=\"Polizist\" width=\"768\" height=\"768\"  \/><\/a>\n\t<\/div>\n<\/div>\n\n\n<div class=\"post-entry-content\">\n\n\t<h3 class=\"entry-title\">\n\t\t<a href=\"https:\/\/itsmybike.com\/en\/bicycle-thieves-enjoyed-spoils-fleetingly-in-muensterland\/\" title=\"Bicycle thieves enjoyed spoils fleetingly in M\u00fcnsterland\" rel=\"bookmark\">Bicycle thieves enjoyed spoils fleetingly in M\u00fcnsterland<\/a>\n\t<\/h3>\n\n\t<div class=\"entry-meta\"><span class=\"category-link\"><a href=\"https:\/\/itsmybike.com\/en\/category\/success-stories\/\" >Success stories<\/a><\/span><a href=\"https:\/\/itsmybike.com\/en\/2021\/05\/04\/\" title=\"9:17\" class=\"data-link\" rel=\"bookmark\"><time class=\"entry-date updated\" datetime=\"2021-05-04T09:17:28+02:00\">4. May 2021<\/time><\/a><\/div>\n\t<div class=\"entry-excerpt\"><p>Police managed to seize stolen property back within four hours thanks to GPS tracker<\/p>\n<\/div>\n\t\n<a href=\"https:\/\/itsmybike.com\/en\/bicycle-thieves-enjoyed-spoils-fleetingly-in-muensterland\/\" class=\"dt-btn-s dt-btn post-details details-type-btn\" aria-label=\"Read more about Bicycle thieves enjoyed spoils fleetingly in M\u00fcnsterland\">Read more<i class=\"dt-icon-the7-arrow-03\" aria-hidden=\"true\"><\/i><\/a>\n\n<\/div><\/article><article class=\"post project-odd visible post-5071 type-post status-publish format-standard has-post-thumbnail hentry category-success-stories category-38 description-off\" data-name=\"GPS tracker guides police in pursuit of stolen bike\" data-date=\"2021-04-14T09:05:31+02:00\">\n\n<div class=\"post-thumbnail-wrap\">\n\t<div class=\"post-thumbnail\">\n\n\t\t\n\t\t\n\t\t<a href=\"https:\/\/itsmybike.com\/en\/gps-tracker-guides-police-in-pursuit-of-stolen-bike\/\" class=\"post-thumbnail-rollover\" ><img loading=\"lazy\" decoding=\"async\" class=\"preload-me aspect\" src=\"https:\/\/itsmybike.com\/wp-content\/uploads\/2021\/04\/DSC02493_ITSMYBIKE-1-scaled-768x768.jpg\" srcset=\"https:\/\/itsmybike.com\/wp-content\/uploads\/2021\/04\/DSC02493_ITSMYBIKE-1-scaled-768x768.jpg 768w, https:\/\/itsmybike.com\/wp-content\/uploads\/2021\/04\/DSC02493_ITSMYBIKE-1-scaled-1306x1306.jpg 1306w\" style=\"--ratio: 768 \/ 768\" sizes=\"auto, (max-width: 768px) 100vw, 768px\" alt=\"Fahrradschloss an einem E-Bike wird aufgebrochen von einer schwarz gekleideten Person\" title=\"DSC02493_ITSMYBIKE\" width=\"768\" height=\"768\"  \/><\/a>\n\t<\/div>\n<\/div>\n\n\n<div class=\"post-entry-content\">\n\n\t<h3 class=\"entry-title\">\n\t\t<a href=\"https:\/\/itsmybike.com\/en\/gps-tracker-guides-police-in-pursuit-of-stolen-bike\/\" title=\"GPS tracker guides police in pursuit of stolen bike\" rel=\"bookmark\">GPS tracker guides police in pursuit of stolen bike<\/a>\n\t<\/h3>\n\n\t<div class=\"entry-meta\"><span class=\"category-link\"><a href=\"https:\/\/itsmybike.com\/en\/category\/success-stories\/\" >Success stories<\/a><\/span><a href=\"https:\/\/itsmybike.com\/en\/2021\/04\/14\/\" title=\"9:05\" class=\"data-link\" rel=\"bookmark\"><time class=\"entry-date updated\" datetime=\"2021-04-14T09:05:31+02:00\">14. April 2021<\/time><\/a><\/div>\n\t<div class=\"entry-excerpt\"><p>Thanks to the IT\u2019S MY BIKE tracking module, the owner swiftly got her top-end bike back.<\/p>\n<\/div>\n\t\n<a href=\"https:\/\/itsmybike.com\/en\/gps-tracker-guides-police-in-pursuit-of-stolen-bike\/\" class=\"dt-btn-s dt-btn post-details details-type-btn\" aria-label=\"Read more about GPS tracker guides police in pursuit of stolen bike\">Read more<i class=\"dt-icon-the7-arrow-03\" aria-hidden=\"true\"><\/i><\/a>\n\n<\/div><\/article><article class=\"post project-odd visible post-5051 type-post status-publish format-standard has-post-thumbnail hentry category-news category-29 description-off\" data-name=\"&#8220;NB-IoT makes bike trackers from IT&#8217;S MY BIKE shine.&#8221;\" data-date=\"2021-03-23T16:29:18+01:00\">\n\n<div class=\"post-thumbnail-wrap\">\n\t<div class=\"post-thumbnail\">\n\n\t\t\n\t\t\n\t\t<a href=\"https:\/\/itsmybike.com\/en\/nb-iot-makes-bike-trackers-from-its-my-bike-shine\/\" class=\"post-thumbnail-rollover\" ><img loading=\"lazy\" decoding=\"async\" class=\"preload-me aspect\" src=\"https:\/\/itsmybike.com\/wp-content\/uploads\/2021\/03\/Michael-Reinartz_-Director-Innovation_-Consumer-ServicesB_Vodafone_Deutschland-768x768.jpg\" srcset=\"https:\/\/itsmybike.com\/wp-content\/uploads\/2021\/03\/Michael-Reinartz_-Director-Innovation_-Consumer-ServicesB_Vodafone_Deutschland-768x768.jpg 768w, https:\/\/itsmybike.com\/wp-content\/uploads\/2021\/03\/Michael-Reinartz_-Director-Innovation_-Consumer-ServicesB_Vodafone_Deutschland-1082x1082.jpg 1082w\" style=\"--ratio: 768 \/ 768\" sizes=\"auto, (max-width: 768px) 100vw, 768px\" alt=\"Michael Reinartz\" title=\"Michael Reinartz_ Director Innovation_ Consumer ServicesB_Vodafone_Deutschland\" width=\"768\" height=\"768\"  \/><\/a>\n\t<\/div>\n<\/div>\n\n\n<div class=\"post-entry-content\">\n\n\t<h3 class=\"entry-title\">\n\t\t<a href=\"https:\/\/itsmybike.com\/en\/nb-iot-makes-bike-trackers-from-its-my-bike-shine\/\" title=\"&#8220;NB-IoT makes bike trackers from IT&#8217;S MY BIKE shine.&#8221;\" rel=\"bookmark\">&#8220;NB-IoT makes bike trackers from IT&#8217;S MY BIKE shine.&#8221;<\/a>\n\t<\/h3>\n\n\t<div class=\"entry-meta\"><span class=\"category-link\"><a href=\"https:\/\/itsmybike.com\/category\/news\/\" >News<\/a><\/span><a href=\"https:\/\/itsmybike.com\/en\/2021\/03\/23\/\" title=\"16:29\" class=\"data-link\" rel=\"bookmark\"><time class=\"entry-date updated\" datetime=\"2021-03-23T16:29:18+01:00\">23. March 2021<\/time><\/a><\/div>\n\t<div class=\"entry-excerpt\"><p>We spoke to Michael Reinartz, Director of Consumer Services and Innovation at Vodafone Germany, about the Internet of things and the benefits of modern wireless standards in finding stolen e-bikes.<\/p>\n<\/div>\n\t\n<a href=\"https:\/\/itsmybike.com\/en\/nb-iot-makes-bike-trackers-from-its-my-bike-shine\/\" class=\"dt-btn-s dt-btn post-details details-type-btn\" aria-label=\"Read more about &#8220;NB-IoT makes bike trackers from IT&#8217;S MY BIKE shine.&#8221;\">Read more<i class=\"dt-icon-the7-arrow-03\" aria-hidden=\"true\"><\/i><\/a>\n\n<\/div><\/article><article class=\"post project-odd visible post-4608 type-post status-publish format-standard has-post-thumbnail hentry category-press-releases category-26 description-off\" data-name=\"IT&#8217;S MY BIKE working with e-bike manufacturer ZEMO\" data-date=\"2021-03-16T16:03:38+01:00\">\n\n<div class=\"post-thumbnail-wrap\">\n\t<div class=\"post-thumbnail\">\n\n\t\t\n\t\t\n\t\t<a href=\"https:\/\/itsmybike.com\/en\/its-my-bike-working-with-e-bike-manufacturer-zemo\/\" class=\"post-thumbnail-rollover\" ><img loading=\"lazy\" decoding=\"async\" class=\"preload-me aspect\" src=\"https:\/\/itsmybike.com\/wp-content\/uploads\/2021\/03\/App_mit-Hand_Services_ZEMO_FI-scaled-768x768.jpg\" srcset=\"https:\/\/itsmybike.com\/wp-content\/uploads\/2021\/03\/App_mit-Hand_Services_ZEMO_FI-scaled-768x768.jpg 768w, https:\/\/itsmybike.com\/wp-content\/uploads\/2021\/03\/App_mit-Hand_Services_ZEMO_FI-scaled-1306x1306.jpg 1306w\" style=\"--ratio: 768 \/ 768\" sizes=\"auto, (max-width: 768px) 100vw, 768px\" alt=\"ZEMO App Screen\" title=\"App_mit Hand_Services_ZEMO_FI\" width=\"768\" height=\"768\"  \/><\/a>\n\t<\/div>\n<\/div>\n\n\n<div class=\"post-entry-content\">\n\n\t<h3 class=\"entry-title\">\n\t\t<a href=\"https:\/\/itsmybike.com\/en\/its-my-bike-working-with-e-bike-manufacturer-zemo\/\" title=\"IT&#8217;S MY BIKE working with e-bike manufacturer ZEMO\" rel=\"bookmark\">IT&#8217;S MY BIKE working with e-bike manufacturer ZEMO<\/a>\n\t<\/h3>\n\n\t<div class=\"entry-meta\"><span class=\"category-link\"><a href=\"https:\/\/itsmybike.com\/en\/category\/press-releases\/\" >Press releases<\/a><\/span><a href=\"https:\/\/itsmybike.com\/en\/2021\/03\/16\/\" title=\"16:03\" class=\"data-link\" rel=\"bookmark\"><time class=\"entry-date updated\" datetime=\"2021-03-16T16:03:38+01:00\">16. March 2021<\/time><\/a><\/div>\n\t<div class=\"entry-excerpt\"><p>A premium provider to the German ZEG group purchase organisation, ZEMO is now equipping all its series-manufactured bikes with IT\u2019S MY BIKE technology.<\/p>\n<\/div>\n\t\n<a href=\"https:\/\/itsmybike.com\/en\/its-my-bike-working-with-e-bike-manufacturer-zemo\/\" class=\"dt-btn-s dt-btn post-details details-type-btn\" aria-label=\"Read more about IT&#8217;S MY BIKE working with e-bike manufacturer ZEMO\">Read more<i class=\"dt-icon-the7-arrow-03\" aria-hidden=\"true\"><\/i><\/a>\n\n<\/div><\/article><article class=\"post project-odd visible post-4634 type-post status-publish format-standard has-post-thumbnail hentry category-success-stories category-38 description-off\" data-name=\"Essen: police seize some 40 stolen bicycles\" data-date=\"2021-02-22T17:08:14+01:00\">\n\n<div class=\"post-thumbnail-wrap\">\n\t<div class=\"post-thumbnail\">\n\n\t\t\n\t\t\n\t\t<a href=\"https:\/\/itsmybike.com\/en\/essen-police-seize-some-40-stolen-bicycles\/\" class=\"post-thumbnail-rollover\" ><img loading=\"lazy\" decoding=\"async\" class=\"preload-me aspect\" src=\"https:\/\/itsmybike.com\/wp-content\/uploads\/2021\/02\/AdobeStock_128492194-scaled-768x768.jpeg\" srcset=\"https:\/\/itsmybike.com\/wp-content\/uploads\/2021\/02\/AdobeStock_128492194-scaled-768x768.jpeg 768w, https:\/\/itsmybike.com\/wp-content\/uploads\/2021\/02\/AdobeStock_128492194-scaled-1306x1306.jpeg 1306w\" style=\"--ratio: 768 \/ 768\" sizes=\"auto, (max-width: 768px) 100vw, 768px\" alt=\"Person l\u00e4uft mit Zange auf angeschlossenes Fahrrad zu\" title=\"ein Dieb will ein Fahrrad stehlen\" width=\"768\" height=\"768\"  \/><\/a>\n\t<\/div>\n<\/div>\n\n\n<div class=\"post-entry-content\">\n\n\t<h3 class=\"entry-title\">\n\t\t<a href=\"https:\/\/itsmybike.com\/en\/essen-police-seize-some-40-stolen-bicycles\/\" title=\"Essen: police seize some 40 stolen bicycles\" rel=\"bookmark\">Essen: police seize some 40 stolen bicycles<\/a>\n\t<\/h3>\n\n\t<div class=\"entry-meta\"><span class=\"category-link\"><a href=\"https:\/\/itsmybike.com\/en\/category\/success-stories\/\" >Success stories<\/a><\/span><a href=\"https:\/\/itsmybike.com\/en\/2021\/02\/22\/\" title=\"17:08\" class=\"data-link\" rel=\"bookmark\"><time class=\"entry-date updated\" datetime=\"2021-02-22T17:08:14+01:00\">22. February 2021<\/time><\/a><\/div>\n\t<div class=\"entry-excerpt\"><p>IT\u2019S MY BIKE GPS tracker leads officers to carefully camouflaged hiding place.<\/p>\n<\/div>\n\t\n<a href=\"https:\/\/itsmybike.com\/en\/essen-police-seize-some-40-stolen-bicycles\/\" class=\"dt-btn-s dt-btn post-details details-type-btn\" aria-label=\"Read more about Essen: police seize some 40 stolen bicycles\">Read more<i class=\"dt-icon-the7-arrow-03\" aria-hidden=\"true\"><\/i><\/a>\n\n<\/div><\/article><article class=\"post project-odd visible post-4628 type-post status-publish format-standard has-post-thumbnail hentry category-success-stories category-38 description-off\" data-name=\"Thank God for GPS tracker: stolen e-scooter back with owner\" data-date=\"2021-02-01T17:00:42+01:00\">\n\n<div class=\"post-thumbnail-wrap\">\n\t<div class=\"post-thumbnail\">\n\n\t\t\n\t\t\n\t\t<a href=\"https:\/\/itsmybike.com\/en\/thank-god-for-gps-tracker-stolen-e-scooter-back-with-owner\/\" class=\"post-thumbnail-rollover\" ><img loading=\"lazy\" decoding=\"async\" class=\"preload-me aspect\" src=\"https:\/\/itsmybike.com\/wp-content\/uploads\/2021\/02\/AdobeStock_275167146-2-768x768.jpeg\" srcset=\"https:\/\/itsmybike.com\/wp-content\/uploads\/2021\/02\/AdobeStock_275167146-2-768x768.jpeg 768w, https:\/\/itsmybike.com\/wp-content\/uploads\/2021\/02\/AdobeStock_275167146-2-1146x1146.jpeg 1146w\" style=\"--ratio: 768 \/ 768\" sizes=\"auto, (max-width: 768px) 100vw, 768px\" alt=\"Person auf einem Elektro-Roller\" title=\"Close up view of legs of man on electric scooter outdoor\" width=\"768\" height=\"768\"  \/><\/a>\n\t<\/div>\n<\/div>\n\n\n<div class=\"post-entry-content\">\n\n\t<h3 class=\"entry-title\">\n\t\t<a href=\"https:\/\/itsmybike.com\/en\/thank-god-for-gps-tracker-stolen-e-scooter-back-with-owner\/\" title=\"Thank God for GPS tracker: stolen e-scooter back with owner\" rel=\"bookmark\">Thank God for GPS tracker: stolen e-scooter back with owner<\/a>\n\t<\/h3>\n\n\t<div class=\"entry-meta\"><span class=\"category-link\"><a href=\"https:\/\/itsmybike.com\/en\/category\/success-stories\/\" >Success stories<\/a><\/span><a href=\"https:\/\/itsmybike.com\/en\/2021\/02\/01\/\" title=\"17:00\" class=\"data-link\" rel=\"bookmark\"><time class=\"entry-date updated\" datetime=\"2021-02-01T17:00:42+01:00\">1. February 2021<\/time><\/a><\/div>\n\t<div class=\"entry-excerpt\"><p>The IT\u2019S MY BIKE gadget from Germany helps solve theft in Spanish city of Marbella.<\/p>\n<\/div>\n\t\n<a href=\"https:\/\/itsmybike.com\/en\/thank-god-for-gps-tracker-stolen-e-scooter-back-with-owner\/\" class=\"dt-btn-s dt-btn post-details details-type-btn\" aria-label=\"Read more about Thank God for GPS tracker: stolen e-scooter back with owner\">Read more<i class=\"dt-icon-the7-arrow-03\" aria-hidden=\"true\"><\/i><\/a>\n\n<\/div><\/article><article class=\"post project-odd visible post-4622 type-post status-publish format-standard has-post-thumbnail hentry category-news category-29 description-off\" data-name=\"&#8220;Fantastic for tech-savvy and security-conscious customers&#8221;\" data-date=\"2021-02-01T16:46:54+01:00\">\n\n<div class=\"post-thumbnail-wrap\">\n\t<div class=\"post-thumbnail\">\n\n\t\t\n\t\t\n\t\t<a href=\"https:\/\/itsmybike.com\/en\/fantastic-for-tech-savvy-and-security-conscious-customers\/\" class=\"post-thumbnail-rollover\" ><img loading=\"lazy\" decoding=\"async\" class=\"preload-me aspect\" src=\"https:\/\/itsmybike.com\/wp-content\/uploads\/2021\/02\/Bildschirmfoto-2021-02-01-um-14.28.57-598x598.png\" srcset=\"https:\/\/itsmybike.com\/wp-content\/uploads\/2021\/02\/Bildschirmfoto-2021-02-01-um-14.28.57-598x598.png 598w\" style=\"--ratio: 598 \/ 598\" sizes=\"auto, (max-width: 598px) 100vw, 598px\" alt=\"\" title=\"Bildschirmfoto 2021-02-01 um 14.28.57\" width=\"598\" height=\"598\"  \/><\/a>\n\t<\/div>\n<\/div>\n\n\n<div class=\"post-entry-content\">\n\n\t<h3 class=\"entry-title\">\n\t\t<a href=\"https:\/\/itsmybike.com\/en\/fantastic-for-tech-savvy-and-security-conscious-customers\/\" title=\"&#8220;Fantastic for tech-savvy and security-conscious customers&#8221;\" rel=\"bookmark\">&#8220;Fantastic for tech-savvy and security-conscious customers&#8221;<\/a>\n\t<\/h3>\n\n\t<div class=\"entry-meta\"><span class=\"category-link\"><a href=\"https:\/\/itsmybike.com\/category\/news\/\" >News<\/a><\/span><a href=\"https:\/\/itsmybike.com\/en\/2021\/02\/01\/\" title=\"16:46\" class=\"data-link\" rel=\"bookmark\"><time class=\"entry-date updated\" datetime=\"2021-02-01T16:46:54+01:00\">1. February 2021<\/time><\/a><\/div>\n\t<div class=\"entry-excerpt\"><p>We talked to Daniel Gediga, owner of Wiesbaden\u2019s City Bike, about experience with the product so far.<\/p>\n<\/div>\n\t\n<a href=\"https:\/\/itsmybike.com\/en\/fantastic-for-tech-savvy-and-security-conscious-customers\/\" class=\"dt-btn-s dt-btn post-details details-type-btn\" aria-label=\"Read more about &#8220;Fantastic for tech-savvy and security-conscious customers&#8221;\">Read more<i class=\"dt-icon-the7-arrow-03\" aria-hidden=\"true\"><\/i><\/a>\n\n<\/div><\/article><article class=\"post project-odd visible post-4429 type-post status-publish format-standard has-post-thumbnail hentry category-success-stories category-38 description-off\" data-name=\"Thief steals expensive premium e-bike during test ride\" data-date=\"2021-01-11T15:11:46+01:00\">\n\n<div class=\"post-thumbnail-wrap\">\n\t<div class=\"post-thumbnail\">\n\n\t\t\n\t\t\n\t\t<a href=\"https:\/\/itsmybike.com\/en\/thief-steals-expensive-premium-e-bike-during-test-ride\/\" class=\"post-thumbnail-rollover\" ><img loading=\"lazy\" decoding=\"async\" class=\"preload-me aspect\" src=\"https:\/\/itsmybike.com\/wp-content\/uploads\/2020\/12\/Diebstahl-Herne-768x768.png\" srcset=\"https:\/\/itsmybike.com\/wp-content\/uploads\/2020\/12\/Diebstahl-Herne-768x768.png 768w, https:\/\/itsmybike.com\/wp-content\/uploads\/2020\/12\/Diebstahl-Herne-1098x1098.png 1098w\" style=\"--ratio: 768 \/ 768\" sizes=\"auto, (max-width: 768px) 100vw, 768px\" alt=\"rotes Fahrrad liegt in einem Busch\" title=\"Diebstahl Herne\" width=\"768\" height=\"768\"  \/><\/a>\n\t<\/div>\n<\/div>\n\n\n<div class=\"post-entry-content\">\n\n\t<h3 class=\"entry-title\">\n\t\t<a href=\"https:\/\/itsmybike.com\/en\/thief-steals-expensive-premium-e-bike-during-test-ride\/\" title=\"Thief steals expensive premium e-bike during test ride\" rel=\"bookmark\">Thief steals expensive premium e-bike during test ride<\/a>\n\t<\/h3>\n\n\t<div class=\"entry-meta\"><span class=\"category-link\"><a href=\"https:\/\/itsmybike.com\/en\/category\/success-stories\/\" >Success stories<\/a><\/span><a href=\"https:\/\/itsmybike.com\/en\/2021\/01\/11\/\" title=\"15:11\" class=\"data-link\" rel=\"bookmark\"><time class=\"entry-date updated\" datetime=\"2021-01-11T15:11:46+01:00\">11. January 2021<\/time><\/a><\/div>\n\t<div class=\"entry-excerpt\"><p>An IT\u2019S MY BIKE GPS tracker quickly led police to the camouflaged hiding place<\/p>\n<\/div>\n\t\n<a href=\"https:\/\/itsmybike.com\/en\/thief-steals-expensive-premium-e-bike-during-test-ride\/\" class=\"dt-btn-s dt-btn post-details details-type-btn\" aria-label=\"Read more about Thief steals expensive premium e-bike during test ride\">Read more<i class=\"dt-icon-the7-arrow-03\" aria-hidden=\"true\"><\/i><\/a>\n\n<\/div><\/article><article class=\"post project-odd visible post-4416 type-post status-publish format-standard has-post-thumbnail hentry category-success-stories category-38 description-off\" data-name=\"L\u00fcbeck: stolen e-bike swiftly recovered\" data-date=\"2020-12-28T14:57:37+01:00\">\n\n<div class=\"post-thumbnail-wrap\">\n\t<div class=\"post-thumbnail\">\n\n\t\t\n\t\t\n\t\t<a href=\"https:\/\/itsmybike.com\/en\/luebeck-stolen-e-bike-swiftly-recovered\/\" class=\"post-thumbnail-rollover\" ><img loading=\"lazy\" decoding=\"async\" class=\"preload-me aspect\" src=\"https:\/\/itsmybike.com\/wp-content\/uploads\/2020\/12\/DSC_9933-scaled-768x768.jpg\" srcset=\"https:\/\/itsmybike.com\/wp-content\/uploads\/2020\/12\/DSC_9933-scaled-768x768.jpg 768w, https:\/\/itsmybike.com\/wp-content\/uploads\/2020\/12\/DSC_9933-scaled-1306x1306.jpg 1306w\" style=\"--ratio: 768 \/ 768\" sizes=\"auto, (max-width: 768px) 100vw, 768px\" alt=\"Zange durchtrennt ein Fahrradschloss \" title=\"DSC_9933\" width=\"768\" height=\"768\"  \/><\/a>\n\t<\/div>\n<\/div>\n\n\n<div class=\"post-entry-content\">\n\n\t<h3 class=\"entry-title\">\n\t\t<a href=\"https:\/\/itsmybike.com\/en\/luebeck-stolen-e-bike-swiftly-recovered\/\" title=\"L\u00fcbeck: stolen e-bike swiftly recovered\" rel=\"bookmark\">L\u00fcbeck: stolen e-bike swiftly recovered<\/a>\n\t<\/h3>\n\n\t<div class=\"entry-meta\"><span class=\"category-link\"><a href=\"https:\/\/itsmybike.com\/en\/category\/success-stories\/\" >Success stories<\/a><\/span><a href=\"https:\/\/itsmybike.com\/en\/2020\/12\/28\/\" title=\"14:57\" class=\"data-link\" rel=\"bookmark\"><time class=\"entry-date updated\" datetime=\"2020-12-28T14:57:37+01:00\">28. December 2020<\/time><\/a><\/div>\n\t<div class=\"entry-excerpt\"><p>Local police managed to solve the theft of a top-end e-bike successfully within a day thanks to a built-in GPS tracker.<\/p>\n<\/div>\n\t\n<a href=\"https:\/\/itsmybike.com\/en\/luebeck-stolen-e-bike-swiftly-recovered\/\" class=\"dt-btn-s dt-btn post-details details-type-btn\" aria-label=\"Read more about L\u00fcbeck: stolen e-bike swiftly recovered\">Read more<i class=\"dt-icon-the7-arrow-03\" aria-hidden=\"true\"><\/i><\/a>\n\n<\/div><\/article><article class=\"post project-odd visible post-4396 type-post status-publish format-standard has-post-thumbnail hentry category-success-stories category-38 description-off\" data-name=\"&#8220;GPS trackers provide added value for police work&#8221;\" data-date=\"2020-12-07T13:29:20+01:00\">\n\n<div class=\"post-thumbnail-wrap\">\n\t<div class=\"post-thumbnail\">\n\n\t\t\n\t\t\n\t\t<a href=\"https:\/\/itsmybike.com\/en\/gps-trackers-provide-added-value-for-police-work\/\" class=\"post-thumbnail-rollover\" ><img loading=\"lazy\" decoding=\"async\" class=\"preload-me aspect\" src=\"https:\/\/itsmybike.com\/wp-content\/uploads\/2020\/12\/AdobeStock_387735625-2-scaled-768x768.jpeg\" srcset=\"https:\/\/itsmybike.com\/wp-content\/uploads\/2020\/12\/AdobeStock_387735625-2-scaled-768x768.jpeg 768w, https:\/\/itsmybike.com\/wp-content\/uploads\/2020\/12\/AdobeStock_387735625-2-scaled-1306x1306.jpeg 1306w\" style=\"--ratio: 768 \/ 768\" sizes=\"auto, (max-width: 768px) 100vw, 768px\" alt=\"Person mit schwarzer Kleidung greift nach einem Fahrrad\" title=\"\u81ea\u8ee2\u8eca\u306e\u7a83\u76d7\u30a4\u30e1\u30fc\u30b8\" width=\"768\" height=\"768\"  \/><\/a>\n\t<\/div>\n<\/div>\n\n\n<div class=\"post-entry-content\">\n\n\t<h3 class=\"entry-title\">\n\t\t<a href=\"https:\/\/itsmybike.com\/en\/gps-trackers-provide-added-value-for-police-work\/\" title=\"&#8220;GPS trackers provide added value for police work&#8221;\" rel=\"bookmark\">&#8220;GPS trackers provide added value for police work&#8221;<\/a>\n\t<\/h3>\n\n\t<div class=\"entry-meta\"><span class=\"category-link\"><a href=\"https:\/\/itsmybike.com\/en\/category\/success-stories\/\" >Success stories<\/a><\/span><a href=\"https:\/\/itsmybike.com\/en\/2020\/12\/07\/\" title=\"13:29\" class=\"data-link\" rel=\"bookmark\"><time class=\"entry-date updated\" datetime=\"2020-12-07T13:29:20+01:00\">7. December 2020<\/time><\/a><\/div>\n\t<div class=\"entry-excerpt\"><p>D\u00fcsseldorf policeman fell victim to bike thieves not just once but twice. The device that saved the day, the IT&#8217;S MY BIKE tracker, was positioned in the e-bike.<\/p>\n<\/div>\n\t\n<a href=\"https:\/\/itsmybike.com\/en\/gps-trackers-provide-added-value-for-police-work\/\" class=\"dt-btn-s dt-btn post-details details-type-btn\" aria-label=\"Read more about &#8220;GPS trackers provide added value for police work&#8221;\">Read more<i class=\"dt-icon-the7-arrow-03\" aria-hidden=\"true\"><\/i><\/a>\n\n<\/div><\/article><article class=\"post project-odd visible post-3641 type-post status-publish format-standard has-post-thumbnail hentry category-press-releases category-26 description-off\" data-name=\"Digital emergency assistant: IT&#8217;S MY BIKE enters into partnership with AXA&#8217;s WayGuard\" data-date=\"2020-11-16T08:26:57+01:00\">\n\n<div class=\"post-thumbnail-wrap\">\n\t<div class=\"post-thumbnail\">\n\n\t\t\n\t\t\n\t\t<a href=\"https:\/\/itsmybike.com\/en\/digital-emergency-assistant-its-my-bike-enters-into-partnership-with-axas-wayguard\/\" class=\"post-thumbnail-rollover\" ><img loading=\"lazy\" decoding=\"async\" class=\"preload-me aspect\" src=\"https:\/\/itsmybike.com\/wp-content\/uploads\/2020\/11\/ITS_MY_BIKE_Notfallassistent-768x768.jpg\" srcset=\"https:\/\/itsmybike.com\/wp-content\/uploads\/2020\/11\/ITS_MY_BIKE_Notfallassistent-768x768.jpg 768w, https:\/\/itsmybike.com\/wp-content\/uploads\/2020\/11\/ITS_MY_BIKE_Notfallassistent-854x854.jpg 854w\" style=\"--ratio: 768 \/ 768\" sizes=\"auto, (max-width: 768px) 100vw, 768px\" alt=\"Digitaler emergency assistant from IT&#039;S MY BIKE and WayGuard\" title=\"ITS_MY_BIKE_Notfallassistent\" width=\"768\" height=\"768\"  \/><\/a>\n\t<\/div>\n<\/div>\n\n\n<div class=\"post-entry-content\">\n\n\t<h3 class=\"entry-title\">\n\t\t<a href=\"https:\/\/itsmybike.com\/en\/digital-emergency-assistant-its-my-bike-enters-into-partnership-with-axas-wayguard\/\" title=\"Digital emergency assistant: IT&#8217;S MY BIKE enters into partnership with AXA&#8217;s WayGuard\" rel=\"bookmark\">Digital emergency assistant: IT&#8217;S MY BIKE enters into partnership with AXA&#8217;s WayGuard<\/a>\n\t<\/h3>\n\n\t<div class=\"entry-meta\"><span class=\"category-link\"><a href=\"https:\/\/itsmybike.com\/en\/category\/press-releases\/\" >Press releases<\/a><\/span><a href=\"https:\/\/itsmybike.com\/en\/2020\/11\/16\/\" title=\"8:26\" class=\"data-link\" rel=\"bookmark\"><time class=\"entry-date updated\" datetime=\"2020-11-16T08:26:57+01:00\">16. November 2020<\/time><\/a><\/div>\n\t<div class=\"entry-excerpt\"><p>With the digital emergency assistant, e-bike riders with a built-in IT\u2019S MY BIKE GPS tracker who have contracted the service can rely on rapid assistance in the right location in&hellip;<\/p>\n<\/div>\n\t\n<a href=\"https:\/\/itsmybike.com\/en\/digital-emergency-assistant-its-my-bike-enters-into-partnership-with-axas-wayguard\/\" class=\"dt-btn-s dt-btn post-details details-type-btn\" aria-label=\"Read more about Digital emergency assistant: IT&#8217;S MY BIKE enters into partnership with AXA&#8217;s WayGuard\">Read more<i class=\"dt-icon-the7-arrow-03\" aria-hidden=\"true\"><\/i><\/a>\n\n<\/div><\/article><article class=\"post project-odd visible post-3852 type-post status-publish format-standard has-post-thumbnail hentry category-success-stories category-38 description-off\" data-name=\"Mannheim hot spot \u2013 e-cyclist robbed not once but twice\" data-date=\"2020-11-10T13:53:41+01:00\">\n\n<div class=\"post-thumbnail-wrap\">\n\t<div class=\"post-thumbnail\">\n\n\t\t\n\t\t\n\t\t<a href=\"https:\/\/itsmybike.com\/en\/mannheim-hot-spot-e-cyclist-robbed-not-once-but-twice\/\" class=\"post-thumbnail-rollover\" ><img loading=\"lazy\" decoding=\"async\" class=\"preload-me aspect\" src=\"https:\/\/itsmybike.com\/wp-content\/uploads\/2020\/11\/AdobeStock_88829591-scaled-768x768.jpeg\" srcset=\"https:\/\/itsmybike.com\/wp-content\/uploads\/2020\/11\/AdobeStock_88829591-scaled-768x768.jpeg 768w, https:\/\/itsmybike.com\/wp-content\/uploads\/2020\/11\/AdobeStock_88829591-scaled-1306x1306.jpeg 1306w\" style=\"--ratio: 768 \/ 768\" sizes=\"auto, (max-width: 768px) 100vw, 768px\" alt=\"Person in schwarzer Kleidung tr\u00e4gt ein Fahrrad davon \" title=\"Bike Theft\" width=\"768\" height=\"768\"  \/><\/a>\n\t<\/div>\n<\/div>\n\n\n<div class=\"post-entry-content\">\n\n\t<h3 class=\"entry-title\">\n\t\t<a href=\"https:\/\/itsmybike.com\/en\/mannheim-hot-spot-e-cyclist-robbed-not-once-but-twice\/\" title=\"Mannheim hot spot \u2013 e-cyclist robbed not once but twice\" rel=\"bookmark\">Mannheim hot spot \u2013 e-cyclist robbed not once but twice<\/a>\n\t<\/h3>\n\n\t<div class=\"entry-meta\"><span class=\"category-link\"><a href=\"https:\/\/itsmybike.com\/en\/category\/success-stories\/\" >Success stories<\/a><\/span><a href=\"https:\/\/itsmybike.com\/en\/2020\/11\/10\/\" title=\"13:53\" class=\"data-link\" rel=\"bookmark\"><time class=\"entry-date updated\" datetime=\"2020-11-10T13:53:41+01:00\">10. November 2020<\/time><\/a><\/div>\n\t<div class=\"entry-excerpt\"><p>Both thefts were quickly solved with the IT&#8217;S MY BIKE tracker<\/p>\n<\/div>\n\t\n<a href=\"https:\/\/itsmybike.com\/en\/mannheim-hot-spot-e-cyclist-robbed-not-once-but-twice\/\" class=\"dt-btn-s dt-btn post-details details-type-btn\" aria-label=\"Read more about Mannheim hot spot \u2013 e-cyclist robbed not once but twice\">Read more<i class=\"dt-icon-the7-arrow-03\" aria-hidden=\"true\"><\/i><\/a>\n\n<\/div><\/article><article class=\"post project-odd visible post-3845 type-post status-publish format-standard has-post-thumbnail hentry category-success-stories category-38 description-off\" data-name=\"&#8220;Success rate of over 80 percent&#8221;\" data-date=\"2020-11-05T13:41:46+01:00\">\n\n<div class=\"post-thumbnail-wrap\">\n\t<div class=\"post-thumbnail\">\n\n\t\t\n\t\t\n\t\t<a href=\"https:\/\/itsmybike.com\/en\/success-rate-of-over-80-percent\/\" class=\"post-thumbnail-rollover\" ><img loading=\"lazy\" decoding=\"async\" class=\"preload-me aspect\" src=\"https:\/\/itsmybike.com\/wp-content\/uploads\/2020\/11\/IMG_0068-394x394.jpeg\" srcset=\"https:\/\/itsmybike.com\/wp-content\/uploads\/2020\/11\/IMG_0068-394x394.jpeg 394w\" style=\"--ratio: 394 \/ 394\" sizes=\"auto, (max-width: 394px) 100vw, 394px\" alt=\"Sebastian Stoll, Bike Hunter, sitzt an seinem Arbeitplatz\" title=\"IMG_0068\" width=\"394\" height=\"394\"  \/><\/a>\n\t<\/div>\n<\/div>\n\n\n<div class=\"post-entry-content\">\n\n\t<h3 class=\"entry-title\">\n\t\t<a href=\"https:\/\/itsmybike.com\/en\/success-rate-of-over-80-percent\/\" title=\"&#8220;Success rate of over 80 percent&#8221;\" rel=\"bookmark\">&#8220;Success rate of over 80 percent&#8221;<\/a>\n\t<\/h3>\n\n\t<div class=\"entry-meta\"><span class=\"category-link\"><a href=\"https:\/\/itsmybike.com\/en\/category\/success-stories\/\" >Success stories<\/a><\/span><a href=\"https:\/\/itsmybike.com\/en\/2020\/11\/05\/\" title=\"13:41\" class=\"data-link\" rel=\"bookmark\"><time class=\"entry-date updated\" datetime=\"2020-11-05T13:41:46+01:00\">5. November 2020<\/time><\/a><\/div>\n\t<div class=\"entry-excerpt\"><p>IT&#8217;S MY BIKE supports customers and the police in searching and finding stolen e-bikes. But how exactly is a replacement made? In our news article we look behind the scenes.<\/p>\n<\/div>\n\t\n<a href=\"https:\/\/itsmybike.com\/en\/success-rate-of-over-80-percent\/\" class=\"dt-btn-s dt-btn post-details details-type-btn\" aria-label=\"Read more about &#8220;Success rate of over 80 percent&#8221;\">Read more<i class=\"dt-icon-the7-arrow-03\" aria-hidden=\"true\"><\/i><\/a>\n\n<\/div><\/article><article class=\"post project-odd visible post-3550 type-post status-publish format-standard has-post-thumbnail hentry category-press-releases category-26 description-off\" data-name=\"Leon Menge new Key Account Manager at IT&#8217;S MY BIKE\" data-date=\"2020-11-02T08:29:02+01:00\">\n\n<div class=\"post-thumbnail-wrap\">\n\t<div class=\"post-thumbnail\">\n\n\t\t\n\t\t\n\t\t<a href=\"https:\/\/itsmybike.com\/en\/leon-menge-new-key-account-manager-at-its-my-bike\/\" class=\"post-thumbnail-rollover\" ><img loading=\"lazy\" decoding=\"async\" class=\"preload-me aspect\" src=\"https:\/\/itsmybike.com\/wp-content\/uploads\/2020\/11\/leon_Menge_quer-scaled-768x768.jpg\" srcset=\"https:\/\/itsmybike.com\/wp-content\/uploads\/2020\/11\/leon_Menge_quer-scaled-768x768.jpg 768w, https:\/\/itsmybike.com\/wp-content\/uploads\/2020\/11\/leon_Menge_quer-scaled-1306x1306.jpg 1306w\" style=\"--ratio: 768 \/ 768\" sizes=\"auto, (max-width: 768px) 100vw, 768px\" alt=\"Leon Menge\" title=\"leon_Menge_quer\" width=\"768\" height=\"768\"  \/><\/a>\n\t<\/div>\n<\/div>\n\n\n<div class=\"post-entry-content\">\n\n\t<h3 class=\"entry-title\">\n\t\t<a href=\"https:\/\/itsmybike.com\/en\/leon-menge-new-key-account-manager-at-its-my-bike\/\" title=\"Leon Menge new Key Account Manager at IT&#8217;S MY BIKE\" rel=\"bookmark\">Leon Menge new Key Account Manager at IT&#8217;S MY BIKE<\/a>\n\t<\/h3>\n\n\t<div class=\"entry-meta\"><span class=\"category-link\"><a href=\"https:\/\/itsmybike.com\/en\/category\/press-releases\/\" >Press releases<\/a><\/span><a href=\"https:\/\/itsmybike.com\/en\/2020\/11\/02\/\" title=\"8:29\" class=\"data-link\" rel=\"bookmark\"><time class=\"entry-date updated\" datetime=\"2020-11-02T08:29:02+01:00\">2. November 2020<\/time><\/a><\/div>\n\t<div class=\"entry-excerpt\"><p>From now on Leon Menge will strengthen the team of IoT Venture GmbH and the IT&#8217;S MY BIKE brand as Key Account Manager.<\/p>\n<\/div>\n\t\n<a href=\"https:\/\/itsmybike.com\/en\/leon-menge-new-key-account-manager-at-its-my-bike\/\" class=\"dt-btn-s dt-btn post-details details-type-btn\" aria-label=\"Read more about Leon Menge new Key Account Manager at IT&#8217;S MY BIKE\">Read more<i class=\"dt-icon-the7-arrow-03\" aria-hidden=\"true\"><\/i><\/a>\n\n<\/div><\/article><article class=\"post project-odd visible post-3858 type-post status-publish format-standard has-post-thumbnail hentry category-success-stories category-38 description-off\" data-name=\"Success for IT&#8217;S MY BIKE in Hamburg: expensive cargo bike back with its elated owner within four hours\" data-date=\"2020-10-28T14:08:04+01:00\">\n\n<div class=\"post-thumbnail-wrap\">\n\t<div class=\"post-thumbnail\">\n\n\t\t\n\t\t\n\t\t<a href=\"https:\/\/itsmybike.com\/en\/success-for-its-my-bike-in-hamburg-expensive-cargo-bike-back-with-its-elated-owner-within-four-hours\/\" class=\"post-thumbnail-rollover\" ><img loading=\"lazy\" decoding=\"async\" class=\"preload-me aspect\" src=\"https:\/\/itsmybike.com\/wp-content\/uploads\/2020\/10\/AdobeStock_66697466-scaled-768x768.jpeg\" srcset=\"https:\/\/itsmybike.com\/wp-content\/uploads\/2020\/10\/AdobeStock_66697466-scaled-768x768.jpeg 768w, https:\/\/itsmybike.com\/wp-content\/uploads\/2020\/10\/AdobeStock_66697466-scaled-1306x1306.jpeg 1306w\" style=\"--ratio: 768 \/ 768\" sizes=\"auto, (max-width: 768px) 100vw, 768px\" alt=\"Polizeibeamtin\" title=\"Polizei im B\u00fcro\" width=\"768\" height=\"768\"  \/><\/a>\n\t<\/div>\n<\/div>\n\n\n<div class=\"post-entry-content\">\n\n\t<h3 class=\"entry-title\">\n\t\t<a href=\"https:\/\/itsmybike.com\/en\/success-for-its-my-bike-in-hamburg-expensive-cargo-bike-back-with-its-elated-owner-within-four-hours\/\" title=\"Success for IT&#8217;S MY BIKE in Hamburg: expensive cargo bike back with its elated owner within four hours\" rel=\"bookmark\">Success for IT&#8217;S MY BIKE in Hamburg: expensive cargo bike back with its elated owner within four hours<\/a>\n\t<\/h3>\n\n\t<div class=\"entry-meta\"><span class=\"category-link\"><a href=\"https:\/\/itsmybike.com\/en\/category\/success-stories\/\" >Success stories<\/a><\/span><a href=\"https:\/\/itsmybike.com\/en\/2020\/10\/28\/\" title=\"14:08\" class=\"data-link\" rel=\"bookmark\"><time class=\"entry-date updated\" datetime=\"2020-10-28T14:08:04+01:00\">28. October 2020<\/time><\/a><\/div>\n\t<div class=\"entry-excerpt\"><p>Thieves ensconced their &#8220;spoil&#8221; less than 500 metres away from the scene of the crime.<\/p>\n<\/div>\n\t\n<a href=\"https:\/\/itsmybike.com\/en\/success-for-its-my-bike-in-hamburg-expensive-cargo-bike-back-with-its-elated-owner-within-four-hours\/\" class=\"dt-btn-s dt-btn post-details details-type-btn\" aria-label=\"Read more about Success for IT&#8217;S MY BIKE in Hamburg: expensive cargo bike back with its elated owner within four hours\">Read more<i class=\"dt-icon-the7-arrow-03\" aria-hidden=\"true\"><\/i><\/a>\n\n<\/div><\/article><article class=\"post project-odd visible post-2214 type-post status-publish format-standard has-post-thumbnail hentry category-success-stories category-38 description-off\" data-name=\"Bicycle theft in Bremen: thief struck at night, not far from the Weser\" data-date=\"2020-08-11T12:56:17+02:00\">\n\n<div class=\"post-thumbnail-wrap\">\n\t<div class=\"post-thumbnail\">\n\n\t\t\n\t\t\n\t\t<a href=\"https:\/\/itsmybike.com\/en\/bicycle-theft-in-bremen-thief-struck-a-night-not-far-from-the-weser\/\" class=\"post-thumbnail-rollover\" ><img loading=\"lazy\" decoding=\"async\" class=\"preload-me aspect\" src=\"https:\/\/itsmybike.com\/wp-content\/uploads\/2020\/06\/BremenV4-768x768.png\" srcset=\"https:\/\/itsmybike.com\/wp-content\/uploads\/2020\/06\/BremenV4-768x768.png 768w, https:\/\/itsmybike.com\/wp-content\/uploads\/2020\/06\/BremenV4-964x964.png 964w\" style=\"--ratio: 768 \/ 768\" sizes=\"auto, (max-width: 768px) 100vw, 768px\" alt=\"IT&#039;S MY BIKE GPS Ausschnitt - Bremen\" title=\"BremenV4\" width=\"768\" height=\"768\"  \/><\/a>\n\t<\/div>\n<\/div>\n\n\n<div class=\"post-entry-content\">\n\n\t<h3 class=\"entry-title\">\n\t\t<a href=\"https:\/\/itsmybike.com\/en\/bicycle-theft-in-bremen-thief-struck-a-night-not-far-from-the-weser\/\" title=\"Bicycle theft in Bremen: thief struck at night, not far from the Weser\" rel=\"bookmark\">Bicycle theft in Bremen: thief struck at night, not far from the Weser<\/a>\n\t<\/h3>\n\n\t<div class=\"entry-meta\"><span class=\"category-link\"><a href=\"https:\/\/itsmybike.com\/en\/category\/success-stories\/\" >Success stories<\/a><\/span><a href=\"https:\/\/itsmybike.com\/en\/2020\/08\/11\/\" title=\"12:56\" class=\"data-link\" rel=\"bookmark\"><time class=\"entry-date updated\" datetime=\"2020-08-11T12:56:17+02:00\">11. August 2020<\/time><\/a><\/div>\n\t<div class=\"entry-excerpt\"><p>A search was launched immediately. A GPS tracker helped pinpoint the precise location where the bike was parked and it was retrieved a few hours later, just 1.7 kilometres away.<\/p>\n<\/div>\n\t\n<a href=\"https:\/\/itsmybike.com\/en\/bicycle-theft-in-bremen-thief-struck-a-night-not-far-from-the-weser\/\" class=\"dt-btn-s dt-btn post-details details-type-btn\" aria-label=\"Read more about Bicycle theft in Bremen: thief struck at night, not far from the Weser\">Read more<i class=\"dt-icon-the7-arrow-03\" aria-hidden=\"true\"><\/i><\/a>\n\n<\/div><\/article><article class=\"post project-odd visible post-2276 type-post status-publish format-standard has-post-thumbnail hentry category-news category-33 description-off\" data-name=\"New: e-bike insurance with GPS protection online \u2013 seminar for Alteos partner stores\" data-date=\"2020-08-11T12:53:33+02:00\">\n\n<div class=\"post-thumbnail-wrap\">\n\t<div class=\"post-thumbnail\">\n\n\t\t\n\t\t\n\t\t<a href=\"https:\/\/itsmybike.com\/en\/new-e-bike-insurance-with-gps-protection-online-seminar-for-alteos-partner-stores\/\" class=\"post-thumbnail-rollover\" ><img loading=\"lazy\" decoding=\"async\" class=\"preload-me aspect\" src=\"https:\/\/itsmybike.com\/wp-content\/uploads\/2020\/07\/IMB_Alteos-768x768.png\" srcset=\"https:\/\/itsmybike.com\/wp-content\/uploads\/2020\/07\/IMB_Alteos-768x768.png 768w, https:\/\/itsmybike.com\/wp-content\/uploads\/2020\/07\/IMB_Alteos-964x964.png 964w\" style=\"--ratio: 768 \/ 768\" sizes=\"auto, (max-width: 768px) 100vw, 768px\" alt=\"Alteos &amp; IT&#039;S MY BIKE - Die E-Bike-Versicherung mit GPS-Schutz\" title=\"IMB_Alteos\" width=\"768\" height=\"768\"  \/><\/a>\n\t<\/div>\n<\/div>\n\n\n<div class=\"post-entry-content\">\n\n\t<h3 class=\"entry-title\">\n\t\t<a href=\"https:\/\/itsmybike.com\/en\/new-e-bike-insurance-with-gps-protection-online-seminar-for-alteos-partner-stores\/\" title=\"New: e-bike insurance with GPS protection online \u2013 seminar for Alteos partner stores\" rel=\"bookmark\">New: e-bike insurance with GPS protection online \u2013 seminar for Alteos partner stores<\/a>\n\t<\/h3>\n\n\t<div class=\"entry-meta\"><span class=\"category-link\"><a href=\"https:\/\/itsmybike.com\/en\/category\/news\/\" >News<\/a><\/span><a href=\"https:\/\/itsmybike.com\/en\/2020\/08\/11\/\" title=\"12:53\" class=\"data-link\" rel=\"bookmark\"><time class=\"entry-date updated\" datetime=\"2020-08-11T12:53:33+02:00\">11. August 2020<\/time><\/a><\/div>\n\t<div class=\"entry-excerpt\"><p>Alteos\u2019s Managing Director and the CEO of IT\u2019S MY BIKE have held an online training seminar for the bicycle retail trade.<\/p>\n<\/div>\n\t\n<a href=\"https:\/\/itsmybike.com\/en\/new-e-bike-insurance-with-gps-protection-online-seminar-for-alteos-partner-stores\/\" class=\"dt-btn-s dt-btn post-details details-type-btn\" aria-label=\"Read more about New: e-bike insurance with GPS protection online \u2013 seminar for Alteos partner stores\">Read more<i class=\"dt-icon-the7-arrow-03\" aria-hidden=\"true\"><\/i><\/a>\n\n<\/div><\/article><article class=\"post project-odd visible post-3815 type-post status-publish format-standard has-post-thumbnail hentry category-news category-33 description-off\" data-name=\"&#8220;Fifteen minutes until the virtual coffee party.&#8221;\" data-date=\"2020-08-11T09:55:41+02:00\">\n\n<div class=\"post-thumbnail-wrap\">\n\t<div class=\"post-thumbnail\">\n\n\t\t\n\t\t\n\t\t<a href=\"https:\/\/itsmybike.com\/en\/fifteen-minutes-until-the-virtual-coffee-party\/\" class=\"post-thumbnail-rollover\" ><img loading=\"lazy\" decoding=\"async\" class=\"preload-me aspect\" src=\"https:\/\/itsmybike.com\/wp-content\/uploads\/2020\/08\/DSC_4359-scaled-768x768.jpg\" srcset=\"https:\/\/itsmybike.com\/wp-content\/uploads\/2020\/08\/DSC_4359-scaled-768x768.jpg 768w, https:\/\/itsmybike.com\/wp-content\/uploads\/2020\/08\/DSC_4359-scaled-1306x1306.jpg 1306w\" style=\"--ratio: 768 \/ 768\" sizes=\"auto, (max-width: 768px) 100vw, 768px\" alt=\"IT&#039;S MY BIKE Team mit Gesichtsmaske\" title=\"DSC_4359\" width=\"768\" height=\"768\"  \/><\/a>\n\t<\/div>\n<\/div>\n\n\n<div class=\"post-entry-content\">\n\n\t<h3 class=\"entry-title\">\n\t\t<a href=\"https:\/\/itsmybike.com\/en\/fifteen-minutes-until-the-virtual-coffee-party\/\" title=\"&#8220;Fifteen minutes until the virtual coffee party.&#8221;\" rel=\"bookmark\">&#8220;Fifteen minutes until the virtual coffee party.&#8221;<\/a>\n\t<\/h3>\n\n\t<div class=\"entry-meta\"><span class=\"category-link\"><a href=\"https:\/\/itsmybike.com\/en\/category\/news\/\" >News<\/a><\/span><a href=\"https:\/\/itsmybike.com\/en\/2020\/08\/11\/\" title=\"9:55\" class=\"data-link\" rel=\"bookmark\"><time class=\"entry-date updated\" datetime=\"2020-08-11T09:55:41+02:00\">11. August 2020<\/time><\/a><\/div>\n\t<div class=\"entry-excerpt\"><p>When I started at Wiesbaden-based IoT Venture GmbH as a working student in March 2020, my aim was to gain a deep insight into a digital company\u2019s corporate communications and&hellip;<\/p>\n<\/div>\n\t\n<a href=\"https:\/\/itsmybike.com\/en\/fifteen-minutes-until-the-virtual-coffee-party\/\" class=\"dt-btn-s dt-btn post-details details-type-btn\" aria-label=\"Read more about &#8220;Fifteen minutes until the virtual coffee party.&#8221;\">Read more<i class=\"dt-icon-the7-arrow-03\" aria-hidden=\"true\"><\/i><\/a>\n\n<\/div><\/article><article class=\"post project-odd visible post-4383 type-post status-publish format-standard has-post-thumbnail hentry category-news category-33 description-off\" data-name=\"IT&#8217;S MY BIKE is in the media\" data-date=\"2020-07-28T12:37:20+02:00\">\n\n<div class=\"post-thumbnail-wrap\">\n\t<div class=\"post-thumbnail\">\n\n\t\t\n\t\t\n\t\t<a href=\"https:\/\/itsmybike.com\/en\/its-my-bike-is-in-the-media\/\" class=\"post-thumbnail-rollover\" ><img loading=\"lazy\" decoding=\"async\" class=\"preload-me aspect\" src=\"https:\/\/itsmybike.com\/wp-content\/uploads\/2020\/07\/AdobeStock_107080445-768x768.jpeg\" srcset=\"https:\/\/itsmybike.com\/wp-content\/uploads\/2020\/07\/AdobeStock_107080445-768x768.jpeg 768w, https:\/\/itsmybike.com\/wp-content\/uploads\/2020\/07\/AdobeStock_107080445-1306x1306.jpeg 1306w\" style=\"--ratio: 768 \/ 768\" sizes=\"auto, (max-width: 768px) 100vw, 768px\" alt=\"Polizistin \" title=\"Police\" width=\"768\" height=\"768\"  \/><\/a>\n\t<\/div>\n<\/div>\n\n\n<div class=\"post-entry-content\">\n\n\t<h3 class=\"entry-title\">\n\t\t<a href=\"https:\/\/itsmybike.com\/en\/its-my-bike-is-in-the-media\/\" title=\"IT&#8217;S MY BIKE is in the media\" rel=\"bookmark\">IT&#8217;S MY BIKE is in the media<\/a>\n\t<\/h3>\n\n\t<div class=\"entry-meta\"><span class=\"category-link\"><a href=\"https:\/\/itsmybike.com\/en\/category\/news\/\" >News<\/a><\/span><a href=\"https:\/\/itsmybike.com\/en\/2020\/07\/28\/\" title=\"12:37\" class=\"data-link\" rel=\"bookmark\"><time class=\"entry-date updated\" datetime=\"2020-07-28T12:37:20+02:00\">28. July 2020<\/time><\/a><\/div>\n\t<div class=\"entry-excerpt\"><p>&#8220;Modern localisation technology uncovers e-bike thief in lakeland&#8221; was the headline of a report on a spectacular bicycle theft by the German news agency dpa on 7 July 2020. The&hellip;<\/p>\n<\/div>\n\t\n<a href=\"https:\/\/itsmybike.com\/en\/its-my-bike-is-in-the-media\/\" class=\"dt-btn-s dt-btn post-details details-type-btn\" aria-label=\"Read more about IT&#8217;S MY BIKE is in the media\">Read more<i class=\"dt-icon-the7-arrow-03\" aria-hidden=\"true\"><\/i><\/a>\n\n<\/div><\/article><article class=\"post project-odd visible post-3873 type-post status-publish format-standard has-post-thumbnail hentry category-news category-29 description-off\" data-name=\"IT&#8217;S MY BIKE guests on Vodafone Germany podcast Digital pioneer\" data-date=\"2020-07-24T16:03:00+02:00\">\n\n<div class=\"post-thumbnail-wrap\">\n\t<div class=\"post-thumbnail\">\n\n\t\t\n\t\t\n\t\t<a href=\"https:\/\/itsmybike.com\/en\/its-my-bike-guests-on-vodafone-germany-podcast-digital-pioneer\/\" class=\"post-thumbnail-rollover\" ><img loading=\"lazy\" decoding=\"async\" class=\"preload-me aspect\" src=\"https:\/\/itsmybike.com\/wp-content\/uploads\/2020\/07\/Digitale_Vorreiter_Podcast-768x768.png\" srcset=\"https:\/\/itsmybike.com\/wp-content\/uploads\/2020\/07\/Digitale_Vorreiter_Podcast-768x768.png 768w, https:\/\/itsmybike.com\/wp-content\/uploads\/2020\/07\/Digitale_Vorreiter_Podcast-964x964.png 964w\" style=\"--ratio: 768 \/ 768\" sizes=\"auto, (max-width: 768px) 100vw, 768px\" alt=\"Digitale Vorreiter - Vodafone Business Cases - Podcast\" title=\"podcast Digital Pioneer\" width=\"768\" height=\"768\"  \/><\/a>\n\t<\/div>\n<\/div>\n\n\n<div class=\"post-entry-content\">\n\n\t<h3 class=\"entry-title\">\n\t\t<a href=\"https:\/\/itsmybike.com\/en\/its-my-bike-guests-on-vodafone-germany-podcast-digital-pioneer\/\" title=\"IT&#8217;S MY BIKE guests on Vodafone Germany podcast Digital pioneer\" rel=\"bookmark\">IT&#8217;S MY BIKE guests on Vodafone Germany podcast Digital pioneer<\/a>\n\t<\/h3>\n\n\t<div class=\"entry-meta\"><span class=\"category-link\"><a href=\"https:\/\/itsmybike.com\/category\/news\/\" >News<\/a><\/span><a href=\"https:\/\/itsmybike.com\/en\/2020\/07\/24\/\" title=\"16:03\" class=\"data-link\" rel=\"bookmark\"><time class=\"entry-date updated\" datetime=\"2020-07-24T16:03:00+02:00\">24. July 2020<\/time><\/a><\/div>\n\t<div class=\"entry-excerpt\"><p>What things are really worth us knowing where they are?&#8221; In Vodafone Germany&#8217;s podcast Digital Pioneer, J\u00fcrgen Veith talks to Cristoph Burseg about the origins and the idea behind IT\u2019S&hellip;<\/p>\n<\/div>\n\t\n<a href=\"https:\/\/itsmybike.com\/en\/its-my-bike-guests-on-vodafone-germany-podcast-digital-pioneer\/\" class=\"dt-btn-s dt-btn post-details details-type-btn\" aria-label=\"Read more about IT&#8217;S MY BIKE guests on Vodafone Germany podcast Digital pioneer\">Read more<i class=\"dt-icon-the7-arrow-03\" aria-hidden=\"true\"><\/i><\/a>\n\n<\/div><\/article><article class=\"post project-odd visible post-4111 type-post status-publish format-standard has-post-thumbnail hentry category-success-stories category-38 description-off\" data-name=\"How GPS tracking is revolutionising the e-bike insurance segment\" data-date=\"2020-07-22T17:10:37+02:00\">\n\n<div class=\"post-thumbnail-wrap\">\n\t<div class=\"post-thumbnail\">\n\n\t\t\n\t\t\n\t\t<a href=\"https:\/\/itsmybike.com\/en\/how-gps-tracking-is-revolutionising-the-e-bike-insurance-segment\/\" class=\"post-thumbnail-rollover\" ><img loading=\"lazy\" decoding=\"async\" class=\"preload-me aspect\" src=\"https:\/\/itsmybike.com\/wp-content\/uploads\/2020\/07\/AdobeStock_212481571-scaled-768x768.jpeg\" srcset=\"https:\/\/itsmybike.com\/wp-content\/uploads\/2020\/07\/AdobeStock_212481571-scaled-768x768.jpeg 768w, https:\/\/itsmybike.com\/wp-content\/uploads\/2020\/07\/AdobeStock_212481571-scaled-1306x1306.jpeg 1306w\" style=\"--ratio: 768 \/ 768\" sizes=\"auto, (max-width: 768px) 100vw, 768px\" alt=\"Nahaufnahme Blaulicht eines Polizeiautos\" title=\"Close up blue light police car\" width=\"768\" height=\"768\"  \/><\/a>\n\t<\/div>\n<\/div>\n\n\n<div class=\"post-entry-content\">\n\n\t<h3 class=\"entry-title\">\n\t\t<a href=\"https:\/\/itsmybike.com\/en\/how-gps-tracking-is-revolutionising-the-e-bike-insurance-segment\/\" title=\"How GPS tracking is revolutionising the e-bike insurance segment\" rel=\"bookmark\">How GPS tracking is revolutionising the e-bike insurance segment<\/a>\n\t<\/h3>\n\n\t<div class=\"entry-meta\"><span class=\"category-link\"><a href=\"https:\/\/itsmybike.com\/en\/category\/success-stories\/\" >Success stories<\/a><\/span><a href=\"https:\/\/itsmybike.com\/en\/2020\/07\/22\/\" title=\"17:10\" class=\"data-link\" rel=\"bookmark\"><time class=\"entry-date updated\" datetime=\"2020-07-22T17:10:37+02:00\">22. July 2020<\/time><\/a><\/div>\n\t<div class=\"entry-excerpt\"><p>Rapid pursuit of e-bike thieves thanks to GPS tracking.<\/p>\n<\/div>\n\t\n<a href=\"https:\/\/itsmybike.com\/en\/how-gps-tracking-is-revolutionising-the-e-bike-insurance-segment\/\" class=\"dt-btn-s dt-btn post-details details-type-btn\" aria-label=\"Read more about How GPS tracking is revolutionising the e-bike insurance segment\">Read more<i class=\"dt-icon-the7-arrow-03\" aria-hidden=\"true\"><\/i><\/a>\n\n<\/div><\/article><article class=\"post project-odd visible post-4108 type-post status-publish format-standard has-post-thumbnail hentry category-news category-29 description-off\" data-name=\"J\u00fcrgen Veith of IT&#8217;S MY BIKE interviewed on the Technikshow\" data-date=\"2020-07-09T17:03:38+02:00\">\n\n<div class=\"post-thumbnail-wrap\">\n\t<div class=\"post-thumbnail\">\n\n\t\t\n\t\t\n\t\t<a href=\"https:\/\/itsmybike.com\/en\/juergen-veith-of-its-my-bike-interviewed-on-the-technikshow\/\" class=\"post-thumbnail-rollover\" ><img loading=\"lazy\" decoding=\"async\" class=\"preload-me aspect\" src=\"https:\/\/itsmybike.com\/wp-content\/uploads\/2020\/07\/oliver-heinze.1024x1024-768x768.jpg\" srcset=\"https:\/\/itsmybike.com\/wp-content\/uploads\/2020\/07\/oliver-heinze.1024x1024-768x768.jpg 768w, https:\/\/itsmybike.com\/wp-content\/uploads\/2020\/07\/oliver-heinze.1024x1024.jpg 1024w\" style=\"--ratio: 768 \/ 768\" sizes=\"auto, (max-width: 768px) 100vw, 768px\" alt=\"Oliver Heinze\" title=\"Oliver Heinze\" width=\"768\" height=\"768\"  \/><\/a>\n\t<\/div>\n<\/div>\n\n\n<div class=\"post-entry-content\">\n\n\t<h3 class=\"entry-title\">\n\t\t<a href=\"https:\/\/itsmybike.com\/en\/juergen-veith-of-its-my-bike-interviewed-on-the-technikshow\/\" title=\"J\u00fcrgen Veith of IT&#8217;S MY BIKE interviewed on the Technikshow\" rel=\"bookmark\">J\u00fcrgen Veith of IT&#8217;S MY BIKE interviewed on the Technikshow<\/a>\n\t<\/h3>\n\n\t<div class=\"entry-meta\"><span class=\"category-link\"><a href=\"https:\/\/itsmybike.com\/category\/news\/\" >News<\/a><\/span><a href=\"https:\/\/itsmybike.com\/en\/2020\/07\/09\/\" title=\"17:03\" class=\"data-link\" rel=\"bookmark\"><time class=\"entry-date updated\" datetime=\"2020-07-09T17:03:38+02:00\">9. July 2020<\/time><\/a><\/div>\n\t<div class=\"entry-excerpt\"><p>IT&#8217;S MY BIKE-CEO J\u00fcrgen Veith explains how modern technologies help to find stolen bicycles in an interview with presenter Oliver Heinze on the German radio programme Technikshow.<\/p>\n<\/div>\n\t\n<a href=\"https:\/\/itsmybike.com\/en\/juergen-veith-of-its-my-bike-interviewed-on-the-technikshow\/\" class=\"dt-btn-s dt-btn post-details details-type-btn\" aria-label=\"Read more about J\u00fcrgen Veith of IT&#8217;S MY BIKE interviewed on the Technikshow\">Read more<i class=\"dt-icon-the7-arrow-03\" aria-hidden=\"true\"><\/i><\/a>\n\n<\/div><\/article><article class=\"post project-odd visible post-2012 type-post status-publish format-standard has-post-thumbnail hentry category-news category-33 description-off\" data-name=\"World Bicycle Day on 3 June: cycling is fun, promotes health and helps protect the environment\" data-date=\"2020-06-22T10:50:41+02:00\">\n\n<div class=\"post-thumbnail-wrap\">\n\t<div class=\"post-thumbnail\">\n\n\t\t\n\t\t\n\t\t<a href=\"https:\/\/itsmybike.com\/en\/burkstaaken-gps-tracker-leads-police-to-stolen-e-bike\/\" class=\"post-thumbnail-rollover\" ><img loading=\"lazy\" decoding=\"async\" class=\"preload-me aspect\" src=\"https:\/\/itsmybike.com\/wp-content\/uploads\/2020\/06\/AdobeStock_302605406-768x768.jpeg\" srcset=\"https:\/\/itsmybike.com\/wp-content\/uploads\/2020\/06\/AdobeStock_302605406-768x768.jpeg 768w, https:\/\/itsmybike.com\/wp-content\/uploads\/2020\/06\/AdobeStock_302605406-1306x1306.jpeg 1306w\" style=\"--ratio: 768 \/ 768\" sizes=\"auto, (max-width: 768px) 100vw, 768px\" alt=\"Mann l\u00e4chelnd auf einem Fahrrad\" title=\"Cheerful blonde male looking straight at camera\" width=\"768\" height=\"768\"  \/><\/a>\n\t<\/div>\n<\/div>\n\n\n<div class=\"post-entry-content\">\n\n\t<h3 class=\"entry-title\">\n\t\t<a href=\"https:\/\/itsmybike.com\/en\/burkstaaken-gps-tracker-leads-police-to-stolen-e-bike\/\" title=\"World Bicycle Day on 3 June: cycling is fun, promotes health and helps protect the environment\" rel=\"bookmark\">World Bicycle Day on 3 June: cycling is fun, promotes health and helps protect the environment<\/a>\n\t<\/h3>\n\n\t<div class=\"entry-meta\"><span class=\"category-link\"><a href=\"https:\/\/itsmybike.com\/en\/category\/news\/\" >News<\/a><\/span><a href=\"https:\/\/itsmybike.com\/en\/2020\/06\/22\/\" title=\"10:50\" class=\"data-link\" rel=\"bookmark\"><time class=\"entry-date updated\" datetime=\"2020-06-22T10:50:41+02:00\">22. June 2020<\/time><\/a><\/div>\n\t<div class=\"entry-excerpt\"><p>IT&#8217;S MY BIKE employees cover an average of 850 km per week on their bikes, including leisure activities. The team thus saves almost 5,000 kilograms of greenhouse gases every year.<\/p>\n<\/div>\n\t\n<a href=\"https:\/\/itsmybike.com\/en\/burkstaaken-gps-tracker-leads-police-to-stolen-e-bike\/\" class=\"dt-btn-s dt-btn post-details details-type-btn\" aria-label=\"Read more about World Bicycle Day on 3 June: cycling is fun, promotes health and helps protect the environment\">Read more<i class=\"dt-icon-the7-arrow-03\" aria-hidden=\"true\"><\/i><\/a>\n\n<\/div><\/article><article class=\"post project-odd visible post-4444 type-post status-publish format-standard has-post-thumbnail hentry category-success-stories category-38 description-off\" data-name=\"Burkstaaken: GPS Tracker leads police to stolen e-bike\" data-date=\"2020-06-15T10:53:56+02:00\">\n\n<div class=\"post-thumbnail-wrap\">\n\t<div class=\"post-thumbnail\">\n\n\t\t\n\t\t\n\t\t<a href=\"https:\/\/itsmybike.com\/en\/burkstaaken-gps-tracker-fuehrte-polizei-zum-gestohlenen-e-bike\/\" class=\"post-thumbnail-rollover\" ><img loading=\"lazy\" decoding=\"async\" class=\"preload-me aspect\" src=\"https:\/\/itsmybike.com\/wp-content\/uploads\/2020\/06\/Burstaaken_Newsbild_fi-589x589.png\" srcset=\"https:\/\/itsmybike.com\/wp-content\/uploads\/2020\/06\/Burstaaken_Newsbild_fi-589x589.png 589w\" style=\"--ratio: 589 \/ 589\" sizes=\"auto, (max-width: 589px) 100vw, 589px\" alt=\"IT&#039;S MY BIKE GPS Ausschnitt - Burstaaken\" title=\"Burstaaken_Newsbild_fi\" width=\"589\" height=\"589\"  \/><\/a>\n\t<\/div>\n<\/div>\n\n\n<div class=\"post-entry-content\">\n\n\t<h3 class=\"entry-title\">\n\t\t<a href=\"https:\/\/itsmybike.com\/en\/burkstaaken-gps-tracker-fuehrte-polizei-zum-gestohlenen-e-bike\/\" title=\"Burkstaaken: GPS Tracker leads police to stolen e-bike\" rel=\"bookmark\">Burkstaaken: GPS Tracker leads police to stolen e-bike<\/a>\n\t<\/h3>\n\n\t<div class=\"entry-meta\"><span class=\"category-link\"><a href=\"https:\/\/itsmybike.com\/en\/category\/success-stories\/\" >Success stories<\/a><\/span><a href=\"https:\/\/itsmybike.com\/en\/2020\/06\/15\/\" title=\"10:53\" class=\"data-link\" rel=\"bookmark\"><time class=\"entry-date updated\" datetime=\"2020-06-15T10:53:56+02:00\">15. June 2020<\/time><\/a><\/div>\n\t<div class=\"entry-excerpt\"><p>Police apprehended an e-bike thief on the German island of Fehmarn in late May thanks to a GPS tracking module fitted to the bike.<\/p>\n<\/div>\n\t\n<a href=\"https:\/\/itsmybike.com\/en\/burkstaaken-gps-tracker-fuehrte-polizei-zum-gestohlenen-e-bike\/\" class=\"dt-btn-s dt-btn post-details details-type-btn\" aria-label=\"Read more about Burkstaaken: GPS Tracker leads police to stolen e-bike\">Read more<i class=\"dt-icon-the7-arrow-03\" aria-hidden=\"true\"><\/i><\/a>\n\n<\/div><\/article><article class=\"post project-odd visible post-3784 type-post status-publish format-standard has-post-thumbnail hentry category-presse category-23 description-off\" data-name=\"Cooperative partnership with Alteos to provide e-bike insurance: IT&#8217;S MY BIKE expands service portfolio further\" data-date=\"2020-05-27T09:52:17+02:00\">\n\n<div class=\"post-thumbnail-wrap\">\n\t<div class=\"post-thumbnail\">\n\n\t\t\n\t\t\n\t\t<a href=\"https:\/\/itsmybike.com\/en\/cooperative-partnership-with-alteos-to-provide-e-bike-insurance-its-my-bike-expands-service-portfolio-further-2\/\" class=\"post-thumbnail-rollover\" ><img loading=\"lazy\" decoding=\"async\" class=\"preload-me aspect\" src=\"https:\/\/itsmybike.com\/wp-content\/uploads\/2020\/05\/Screen_mitHand_Versicherungsservice-1-768x768.jpg\" srcset=\"https:\/\/itsmybike.com\/wp-content\/uploads\/2020\/05\/Screen_mitHand_Versicherungsservice-1-768x768.jpg 768w, https:\/\/itsmybike.com\/wp-content\/uploads\/2020\/05\/Screen_mitHand_Versicherungsservice-1-1306x1306.jpg 1306w\" style=\"--ratio: 768 \/ 768\" sizes=\"auto, (max-width: 768px) 100vw, 768px\" alt=\"\" title=\"Woman hand holding the black smartphone mockup for your design\" width=\"768\" height=\"768\"  \/><\/a>\n\t<\/div>\n<\/div>\n\n\n<div class=\"post-entry-content\">\n\n\t<h3 class=\"entry-title\">\n\t\t<a href=\"https:\/\/itsmybike.com\/en\/cooperative-partnership-with-alteos-to-provide-e-bike-insurance-its-my-bike-expands-service-portfolio-further-2\/\" title=\"Cooperative partnership with Alteos to provide e-bike insurance: IT&#8217;S MY BIKE expands service portfolio further\" rel=\"bookmark\">Cooperative partnership with Alteos to provide e-bike insurance: IT&#8217;S MY BIKE expands service portfolio further<\/a>\n\t<\/h3>\n\n\t<div class=\"entry-meta\"><span class=\"category-link\"><a href=\"https:\/\/itsmybike.com\/category\/presse\/\" >Pressemeldungen<\/a><\/span><a href=\"https:\/\/itsmybike.com\/en\/2020\/05\/27\/\" title=\"9:52\" class=\"data-link\" rel=\"bookmark\"><time class=\"entry-date updated\" datetime=\"2020-05-27T09:52:17+02:00\">27. May 2020<\/time><\/a><\/div>\n\t<div class=\"entry-excerpt\"><p>E-bike riders with an integrated IT&#8217;S MY BIKE GPS tracker can now enjoy a further option.<\/p>\n<\/div>\n\t\n<a href=\"https:\/\/itsmybike.com\/en\/cooperative-partnership-with-alteos-to-provide-e-bike-insurance-its-my-bike-expands-service-portfolio-further-2\/\" class=\"dt-btn-s dt-btn post-details details-type-btn\" aria-label=\"Read more about Cooperative partnership with Alteos to provide e-bike insurance: IT&#8217;S MY BIKE expands service portfolio further\">Read more<i class=\"dt-icon-the7-arrow-03\" aria-hidden=\"true\"><\/i><\/a>\n\n<\/div><\/article><article class=\"post project-odd visible post-3115 type-post status-publish format-standard has-post-thumbnail hentry category-success-stories category-38 description-off\" data-name=\"M\u00fcnster: stolen e-bike found using GPS localisation\" data-date=\"2020-05-05T10:06:38+02:00\">\n\n<div class=\"post-thumbnail-wrap\">\n\t<div class=\"post-thumbnail\">\n\n\t\t\n\t\t\n\t\t<a href=\"https:\/\/itsmybike.com\/en\/muenster-stolen-e-bike-found-using-gps-localisation\/\" class=\"post-thumbnail-rollover\" ><img loading=\"lazy\" decoding=\"async\" class=\"preload-me aspect\" src=\"https:\/\/itsmybike.com\/wp-content\/uploads\/2020\/07\/Diebstahl_Muenster-750x750.jpg\" srcset=\"https:\/\/itsmybike.com\/wp-content\/uploads\/2020\/07\/Diebstahl_Muenster-750x750.jpg 750w\" style=\"--ratio: 750 \/ 750\" sizes=\"auto, (max-width: 750px) 100vw, 750px\" alt=\"Mann mit Riese &amp; M\u00fcller Lastenrad\" title=\"Muenster_Theft\" width=\"750\" height=\"750\"  \/><\/a>\n\t<\/div>\n<\/div>\n\n\n<div class=\"post-entry-content\">\n\n\t<h3 class=\"entry-title\">\n\t\t<a href=\"https:\/\/itsmybike.com\/en\/muenster-stolen-e-bike-found-using-gps-localisation\/\" title=\"M\u00fcnster: stolen e-bike found using GPS localisation\" rel=\"bookmark\">M\u00fcnster: stolen e-bike found using GPS localisation<\/a>\n\t<\/h3>\n\n\t<div class=\"entry-meta\"><span class=\"category-link\"><a href=\"https:\/\/itsmybike.com\/en\/category\/success-stories\/\" >Success stories<\/a><\/span><a href=\"https:\/\/itsmybike.com\/en\/2020\/05\/05\/\" title=\"10:06\" class=\"data-link\" rel=\"bookmark\"><time class=\"entry-date updated\" datetime=\"2020-05-05T10:06:38+02:00\">5. May 2020<\/time><\/a><\/div>\n\t<div class=\"entry-excerpt\"><p>Sometimes not even the most effective lock can help: thieves managed to appropriate a firmly secured e-bike under the cover of the night in the German city of M\u00fcnster.<\/p>\n<\/div>\n\t\n<a href=\"https:\/\/itsmybike.com\/en\/muenster-stolen-e-bike-found-using-gps-localisation\/\" class=\"dt-btn-s dt-btn post-details details-type-btn\" aria-label=\"Read more about M\u00fcnster: stolen e-bike found using GPS localisation\">Read more<i class=\"dt-icon-the7-arrow-03\" aria-hidden=\"true\"><\/i><\/a>\n\n<\/div><\/article><article class=\"post project-odd visible post-1687 type-post status-publish format-standard has-post-thumbnail hentry category-success-stories category-38 description-off\" data-name=\"Halle (Saale): GPS tracker led to bicycle thief\" data-date=\"2020-03-12T15:17:51+01:00\">\n\n<div class=\"post-thumbnail-wrap\">\n\t<div class=\"post-thumbnail\">\n\n\t\t\n\t\t\n\t\t<a href=\"https:\/\/itsmybike.com\/en\/halle-saale-gps-tracker-led-to-bicycle-thief\/\" class=\"post-thumbnail-rollover\" ><img loading=\"lazy\" decoding=\"async\" class=\"preload-me aspect\" src=\"https:\/\/itsmybike.com\/wp-content\/uploads\/2020\/03\/DSC_0017-768x768.jpg\" srcset=\"https:\/\/itsmybike.com\/wp-content\/uploads\/2020\/03\/DSC_0017-768x768.jpg 768w, https:\/\/itsmybike.com\/wp-content\/uploads\/2020\/03\/DSC_0017-1306x1306.jpg 1306w\" style=\"--ratio: 768 \/ 768\" sizes=\"auto, (max-width: 768px) 100vw, 768px\" alt=\"GPS-Tracked Aufkleber auf einem Fahrradrahmen\" title=\"DSC_0017\" width=\"768\" height=\"768\"  \/><\/a>\n\t<\/div>\n<\/div>\n\n\n<div class=\"post-entry-content\">\n\n\t<h3 class=\"entry-title\">\n\t\t<a href=\"https:\/\/itsmybike.com\/en\/halle-saale-gps-tracker-led-to-bicycle-thief\/\" title=\"Halle (Saale): GPS tracker led to bicycle thief\" rel=\"bookmark\">Halle (Saale): GPS tracker led to bicycle thief<\/a>\n\t<\/h3>\n\n\t<div class=\"entry-meta\"><span class=\"category-link\"><a href=\"https:\/\/itsmybike.com\/en\/category\/success-stories\/\" >Success stories<\/a><\/span><a href=\"https:\/\/itsmybike.com\/en\/2020\/03\/12\/\" title=\"15:17\" class=\"data-link\" rel=\"bookmark\"><time class=\"entry-date updated\" datetime=\"2020-03-12T15:17:51+01:00\">12. March 2020<\/time><\/a><\/div>\n\t<div class=\"entry-excerpt\"><p>Police managed to apprehend an e-bike thief in the German city of Halle (Saale) in early March thanks to a GPS tracking module fitted to the bicycle. The bike owner&hellip;<\/p>\n<\/div>\n\t\n<a href=\"https:\/\/itsmybike.com\/en\/halle-saale-gps-tracker-led-to-bicycle-thief\/\" class=\"dt-btn-s dt-btn post-details details-type-btn\" aria-label=\"Read more about Halle (Saale): GPS tracker led to bicycle thief\">Read more<i class=\"dt-icon-the7-arrow-03\" aria-hidden=\"true\"><\/i><\/a>\n\n<\/div><\/article><article class=\"post project-odd visible post-1445 type-post status-publish format-standard has-post-thumbnail hentry category-press-releases category-26 description-off\" data-name=\"Eurobike 2019: IoT technology opens up new e-bike service world\" data-date=\"2019-09-05T14:41:21+02:00\">\n\n<div class=\"post-thumbnail-wrap\">\n\t<div class=\"post-thumbnail\">\n\n\t\t\n\t\t\n\t\t<a href=\"https:\/\/itsmybike.com\/en\/eurobike-2019-iot-technology-opens-up-new-e-bike-service-world\/\" class=\"post-thumbnail-rollover\" ><img loading=\"lazy\" decoding=\"async\" class=\"preload-me aspect\" src=\"https:\/\/itsmybike.com\/wp-content\/uploads\/2018\/12\/DSC_9980-768x768.jpg\" srcset=\"https:\/\/itsmybike.com\/wp-content\/uploads\/2018\/12\/DSC_9980-768x768.jpg 768w, https:\/\/itsmybike.com\/wp-content\/uploads\/2018\/12\/DSC_9980-1306x1306.jpg 1306w\" style=\"--ratio: 768 \/ 768\" sizes=\"auto, (max-width: 768px) 100vw, 768px\" alt=\"Mann f\u00e4hrt mit Fahrrad davon, aufgetrenntes Fahrradschloss liegt mit Zange auf dem Boden\" title=\"DSC_9980\" width=\"768\" height=\"768\"  \/><\/a>\n\t<\/div>\n<\/div>\n\n\n<div class=\"post-entry-content\">\n\n\t<h3 class=\"entry-title\">\n\t\t<a href=\"https:\/\/itsmybike.com\/en\/eurobike-2019-iot-technology-opens-up-new-e-bike-service-world\/\" title=\"Eurobike 2019: IoT technology opens up new e-bike service world\" rel=\"bookmark\">Eurobike 2019: IoT technology opens up new e-bike service world<\/a>\n\t<\/h3>\n\n\t<div class=\"entry-meta\"><span class=\"category-link\"><a href=\"https:\/\/itsmybike.com\/en\/category\/press-releases\/\" >Press releases<\/a><\/span><a href=\"https:\/\/itsmybike.com\/en\/2019\/09\/05\/\" title=\"14:41\" class=\"data-link\" rel=\"bookmark\"><time class=\"entry-date updated\" datetime=\"2019-09-05T14:41:21+02:00\">5. September 2019<\/time><\/a><\/div>\n\t<div class=\"entry-excerpt\"><p>The IT&#8217;S MY BIKE brand will present an innovative service\u00a0world for e-bikes at the leading bike trade fair Eurobike in Friedrichshafen between 4 and 7\u00a0September.<\/p>\n<\/div>\n\t\n<a href=\"https:\/\/itsmybike.com\/en\/eurobike-2019-iot-technology-opens-up-new-e-bike-service-world\/\" class=\"dt-btn-s dt-btn post-details details-type-btn\" aria-label=\"Read more about Eurobike 2019: IoT technology opens up new e-bike service world\">Read more<i class=\"dt-icon-the7-arrow-03\" aria-hidden=\"true\"><\/i><\/a>\n\n<\/div><\/article><\/div>[\/vc_column][\/vc_row]<\/p>\n<\/div>","protected":false},"excerpt":{"rendered":"<p>[vc_row full_height=&#8221;yes&#8221; columns_placement=&#8221;top&#8221; css=&#8221;.vc_custom_1576252725273{padding-top: 80px !important;padding-bottom: 140px !important;}&#8221;][vc_column][\/vc_column][\/vc_row]<\/p>\n","protected":false},"author":1,"featured_media":0,"parent":0,"menu_order":30,"comment_status":"closed","ping_status":"closed","template":"","meta":{"inline_featured_image":false,"footnotes":""},"class_list":["post-1187","page","type-page","status-publish","hentry","description-off"],"yoast_head":"<!-- This site is optimized with the Yoast SEO plugin v27.5 - https:\/\/yoast.com\/product\/yoast-seo-wordpress\/ -->\n<title>News &#8211; IT&#039;S MY BIKE<\/title>\n<meta name=\"robots\" content=\"index, follow, max-snippet:-1, max-image-preview:large, max-video-preview:-1\" \/>\n<link rel=\"canonical\" href=\"https:\/\/itsmybike.com\/en\/news\/\" \/>\n<meta property=\"og:locale\" content=\"en_US\" \/>\n<meta property=\"og:type\" content=\"article\" \/>\n<meta property=\"og:title\" content=\"News &#8211; IT&#039;S MY BIKE\" \/>\n<meta property=\"og:description\" content=\"[vc_row full_height=&#8221;yes&#8221; columns_placement=&#8221;top&#8221; css=&#8221;.vc_custom_1576252725273{padding-top: 80px !important;padding-bottom: 140px !important;}&#8221;][vc_column][\/vc_column][\/vc_row]\" \/>\n<meta property=\"og:url\" content=\"https:\/\/itsmybike.com\/en\/news\/\" \/>\n<meta property=\"og:site_name\" content=\"IT&#039;S MY BIKE\" \/>\n<meta property=\"article:publisher\" content=\"https:\/\/www.facebook.com\/itsmybike.de\/\" \/>\n<meta property=\"article:modified_time\" content=\"2021-03-08T10:21:18+00:00\" \/>\n<meta name=\"twitter:card\" content=\"summary_large_image\" \/>\n<meta name=\"twitter:label1\" content=\"Est. reading time\" \/>\n\t<meta name=\"twitter:data1\" content=\"1 minute\" \/>\n<script type=\"application\/ld+json\" class=\"yoast-schema-graph\">{\"@context\":\"https:\\\/\\\/schema.org\",\"@graph\":[{\"@type\":\"WebPage\",\"@id\":\"https:\\\/\\\/itsmybike.com\\\/en\\\/news\\\/\",\"url\":\"https:\\\/\\\/itsmybike.com\\\/en\\\/news\\\/\",\"name\":\"News &#8211; IT&#039;S MY BIKE\",\"isPartOf\":{\"@id\":\"https:\\\/\\\/itsmybike.com\\\/en\\\/#website\"},\"datePublished\":\"2019-12-13T13:42:32+00:00\",\"dateModified\":\"2021-03-08T10:21:18+00:00\",\"breadcrumb\":{\"@id\":\"https:\\\/\\\/itsmybike.com\\\/en\\\/news\\\/#breadcrumb\"},\"inLanguage\":\"en-US\",\"potentialAction\":[{\"@type\":\"ReadAction\",\"target\":[\"https:\\\/\\\/itsmybike.com\\\/en\\\/news\\\/\"]}]},{\"@type\":\"BreadcrumbList\",\"@id\":\"https:\\\/\\\/itsmybike.com\\\/en\\\/news\\\/#breadcrumb\",\"itemListElement\":[{\"@type\":\"ListItem\",\"position\":1,\"name\":\"Startseite\",\"item\":\"https:\\\/\\\/itsmybike.com\\\/en\\\/\"},{\"@type\":\"ListItem\",\"position\":2,\"name\":\"News\"}]},{\"@type\":\"WebSite\",\"@id\":\"https:\\\/\\\/itsmybike.com\\\/en\\\/#website\",\"url\":\"https:\\\/\\\/itsmybike.com\\\/en\\\/\",\"name\":\"IT&#039;S MY BIKE\",\"description\":\"Track and Protect\",\"publisher\":{\"@id\":\"https:\\\/\\\/itsmybike.com\\\/en\\\/#organization\"},\"potentialAction\":[{\"@type\":\"SearchAction\",\"target\":{\"@type\":\"EntryPoint\",\"urlTemplate\":\"https:\\\/\\\/itsmybike.com\\\/en\\\/?s={search_term_string}\"},\"query-input\":{\"@type\":\"PropertyValueSpecification\",\"valueRequired\":true,\"valueName\":\"search_term_string\"}}],\"inLanguage\":\"en-US\"},{\"@type\":\"Organization\",\"@id\":\"https:\\\/\\\/itsmybike.com\\\/en\\\/#organization\",\"name\":\"IT'S MY BIKE\",\"url\":\"https:\\\/\\\/itsmybike.com\\\/en\\\/\",\"logo\":{\"@type\":\"ImageObject\",\"inLanguage\":\"en-US\",\"@id\":\"https:\\\/\\\/itsmybike.com\\\/en\\\/#\\\/schema\\\/logo\\\/image\\\/\",\"url\":\"https:\\\/\\\/itsmybike.com\\\/wp-content\\\/uploads\\\/2019\\\/05\\\/IMB_logo-@1x-1.png\",\"contentUrl\":\"https:\\\/\\\/itsmybike.com\\\/wp-content\\\/uploads\\\/2019\\\/05\\\/IMB_logo-@1x-1.png\",\"width\":281,\"height\":140,\"caption\":\"IT'S MY BIKE\"},\"image\":{\"@id\":\"https:\\\/\\\/itsmybike.com\\\/en\\\/#\\\/schema\\\/logo\\\/image\\\/\"},\"sameAs\":[\"https:\\\/\\\/www.facebook.com\\\/itsmybike.de\\\/\",\"https:\\\/\\\/www.youtube.com\\\/watch?v=Dfj-yYhbvSE\"]}]}<\/script>\n<!-- \/ Yoast SEO plugin. -->","yoast_head_json":{"title":"News &#8211; IT&#039;S MY BIKE","robots":{"index":"index","follow":"follow","max-snippet":"max-snippet:-1","max-image-preview":"max-image-preview:large","max-video-preview":"max-video-preview:-1"},"canonical":"https:\/\/itsmybike.com\/en\/news\/","og_locale":"en_US","og_type":"article","og_title":"News &#8211; IT&#039;S MY BIKE","og_description":"[vc_row full_height=&#8221;yes&#8221; columns_placement=&#8221;top&#8221; css=&#8221;.vc_custom_1576252725273{padding-top: 80px !important;padding-bottom: 140px !important;}&#8221;][vc_column][\/vc_column][\/vc_row]","og_url":"https:\/\/itsmybike.com\/en\/news\/","og_site_name":"IT&#039;S MY BIKE","article_publisher":"https:\/\/www.facebook.com\/itsmybike.de\/","article_modified_time":"2021-03-08T10:21:18+00:00","twitter_card":"summary_large_image","twitter_misc":{"Est. reading time":"1 minute"},"schema":{"@context":"https:\/\/schema.org","@graph":[{"@type":"WebPage","@id":"https:\/\/itsmybike.com\/en\/news\/","url":"https:\/\/itsmybike.com\/en\/news\/","name":"News &#8211; IT&#039;S MY BIKE","isPartOf":{"@id":"https:\/\/itsmybike.com\/en\/#website"},"datePublished":"2019-12-13T13:42:32+00:00","dateModified":"2021-03-08T10:21:18+00:00","breadcrumb":{"@id":"https:\/\/itsmybike.com\/en\/news\/#breadcrumb"},"inLanguage":"en-US","potentialAction":[{"@type":"ReadAction","target":["https:\/\/itsmybike.com\/en\/news\/"]}]},{"@type":"BreadcrumbList","@id":"https:\/\/itsmybike.com\/en\/news\/#breadcrumb","itemListElement":[{"@type":"ListItem","position":1,"name":"Startseite","item":"https:\/\/itsmybike.com\/en\/"},{"@type":"ListItem","position":2,"name":"News"}]},{"@type":"WebSite","@id":"https:\/\/itsmybike.com\/en\/#website","url":"https:\/\/itsmybike.com\/en\/","name":"IT&#039;S MY BIKE","description":"Track and Protect","publisher":{"@id":"https:\/\/itsmybike.com\/en\/#organization"},"potentialAction":[{"@type":"SearchAction","target":{"@type":"EntryPoint","urlTemplate":"https:\/\/itsmybike.com\/en\/?s={search_term_string}"},"query-input":{"@type":"PropertyValueSpecification","valueRequired":true,"valueName":"search_term_string"}}],"inLanguage":"en-US"},{"@type":"Organization","@id":"https:\/\/itsmybike.com\/en\/#organization","name":"IT'S MY BIKE","url":"https:\/\/itsmybike.com\/en\/","logo":{"@type":"ImageObject","inLanguage":"en-US","@id":"https:\/\/itsmybike.com\/en\/#\/schema\/logo\/image\/","url":"https:\/\/itsmybike.com\/wp-content\/uploads\/2019\/05\/IMB_logo-@1x-1.png","contentUrl":"https:\/\/itsmybike.com\/wp-content\/uploads\/2019\/05\/IMB_logo-@1x-1.png","width":281,"height":140,"caption":"IT'S MY BIKE"},"image":{"@id":"https:\/\/itsmybike.com\/en\/#\/schema\/logo\/image\/"},"sameAs":["https:\/\/www.facebook.com\/itsmybike.de\/","https:\/\/www.youtube.com\/watch?v=Dfj-yYhbvSE"]}]}},"_links":{"self":[{"href":"https:\/\/itsmybike.com\/en\/wp-json\/wp\/v2\/pages\/1187","targetHints":{"allow":["GET"]}}],"collection":[{"href":"https:\/\/itsmybike.com\/en\/wp-json\/wp\/v2\/pages"}],"about":[{"href":"https:\/\/itsmybike.com\/en\/wp-json\/wp\/v2\/types\/page"}],"author":[{"embeddable":true,"href":"https:\/\/itsmybike.com\/en\/wp-json\/wp\/v2\/users\/1"}],"replies":[{"embeddable":true,"href":"https:\/\/itsmybike.com\/en\/wp-json\/wp\/v2\/comments?post=1187"}],"version-history":[{"count":0,"href":"https:\/\/itsmybike.com\/en\/wp-json\/wp\/v2\/pages\/1187\/revisions"}],"wp:attachment":[{"href":"https:\/\/itsmybike.com\/en\/wp-json\/wp\/v2\/media?parent=1187"}],"curies":[{"name":"wp","href":"https:\/\/api.w.org\/{rel}","templated":true}]}}